{"id":11540,"date":"2016-07-20T17:15:27","date_gmt":"2016-07-20T17:15:27","guid":{"rendered":"http:\/\/alquezarbuenaventura.com\/los-mejores-restaurantes-de-alquezar-y-de-la-sierra-de-guara\/"},"modified":"2018-04-06T23:07:06","modified_gmt":"2018-04-06T23:07:06","slug":"alquezarbestrestaurants","status":"publish","type":"page","link":"https:\/\/alquezarbuenaventura.com\/en\/alquezarbestrestaurants\/","title":{"rendered":"Alqu\u00e9zar and Sierra de Guara Restaurants"},"content":{"rendered":"\n<style type=\"text\/css\" data-created_by=\"avia_inline_auto\" id=\"style-css-av-av_section-fbe98dfc84a48595fe0194dcbec71924\">\n.avia-section.av-av_section-fbe98dfc84a48595fe0194dcbec71924{\nbackground-color:#5f8789;\n}\n.avia-section.av-av_section-fbe98dfc84a48595fe0194dcbec71924 .av-extra-border-element .av-extra-border-inner{\nbackground-color:#5f8789;\n}\n<\/style>\n<div id='av_section_1'  class='avia-section av-av_section-fbe98dfc84a48595fe0194dcbec71924 main_color avia-section-default avia-no-shadow  avia-builder-el-0  el_before_av_section  avia-builder-el-first  avia-bg-style-parallax av-arrow-down-section container_wrap sidebar_right'  ><div class='container av-section-cont-open' ><main  role=\"main\" itemprop=\"mainContentOfPage\"  class='template-page content  av-content-small alpha units'><div class='post-entry post-entry-type-page post-entry-11540'><div class='entry-content-wrapper clearfix'>\n\n<style type=\"text\/css\" data-created_by=\"avia_inline_auto\" id=\"style-css-av-av_heading-b1e4338f48e6b48a9f1f27b7c26f5ec5\">\n#top .av-special-heading.av-av_heading-b1e4338f48e6b48a9f1f27b7c26f5ec5{\npadding-bottom:0px;\ncolor:#ffffff;\nfont-size:60px;\n}\nbody .av-special-heading.av-av_heading-b1e4338f48e6b48a9f1f27b7c26f5ec5 .av-special-heading-tag .heading-char{\nfont-size:25px;\n}\n#top #wrap_all .av-special-heading.av-av_heading-b1e4338f48e6b48a9f1f27b7c26f5ec5 .av-special-heading-tag{\nfont-size:60px;\n}\n.av-special-heading.av-av_heading-b1e4338f48e6b48a9f1f27b7c26f5ec5 .special-heading-inner-border{\nborder-color:#ffffff;\n}\n.av-special-heading.av-av_heading-b1e4338f48e6b48a9f1f27b7c26f5ec5 .av-subheading{\nfont-size:18px;\n}\n<\/style>\n<div  class='av-special-heading av-av_heading-b1e4338f48e6b48a9f1f27b7c26f5ec5 av-special-heading-h1 custom-color-heading blockquote modern-quote  avia-builder-el-1  avia-builder-el-no-sibling  av-thin-font av-inherit-size'><h1 class='av-special-heading-tag'  itemprop=\"headline\"  >Where<strong> to Eat?<\/strong><\/h1><div class='av_custom_color av-subheading av-subheading_below'><p>One of the main attractions of Alqu\u00e9zar is its varied gastronomy.<\/p>\n<\/div><div class=\"special-heading-border\"><div class=\"special-heading-inner-border\"><\/div><\/div><\/div>\n\n<\/div><\/div><\/main><!-- close content main element --><\/div><div class='av-extra-border-element border-extra-arrow-down'><div class='av-extra-border-outer'><div class='av-extra-border-inner'><\/div><\/div><\/div><\/div><div id='about-us'  class='avia-section av-av_section-58a307c45ad05918d8ca6f7f4a09679f alternate_color avia-section-large avia-shadow  avia-builder-el-2  el_after_av_section  el_before_av_section  avia-bg-style-scroll container_wrap sidebar_right'  ><div class='container av-section-cont-open' ><div class='template-page content  av-content-small alpha units'><div class='post-entry post-entry-type-page post-entry-11540'><div class='entry-content-wrapper clearfix'>\n<div class='flex_column av-av_one_half-2a9015ff38129c418a3f2eafba3e9512 av_one_half  avia-builder-el-3  el_before_av_one_half  avia-builder-el-first  first flex_column_div '   ><section  class='av_textblock_section av-av_textblock-0366cc7376be6c9e82a3e9cc8987b64f'  itemscope=\"itemscope\" itemtype=\"https:\/\/schema.org\/CreativeWork\" ><div class='avia_textblock'  itemprop=\"text\" ><h2 style=\"text-align: right;\">Restaurante Cueva Reina<\/h2>\n<\/div><\/section><br \/>\n<div  class='hr av-av_hr-7036307108800bfe489471e1c9c1d5a1 hr-short  avia-builder-el-5  el_after_av_textblock  el_before_av_slideshow  hr-right'><span class='hr-inner '><span class=\"hr-inner-style\"><\/span><\/span><\/div><br \/>\n<div  class='avia-slideshow av-av_slideshow-eed457ba97235b72f6f060999a135a29 avia-slideshow-no scaling av_slideshow avia-fade-slider  avia-builder-el-6  el_after_av_hr  el_before_av_hr  av-default-height-applied avia-slideshow-1'  data-size='no scaling'  data-lightbox_size='large'  data-animation='fade'  data-conditional_play=''  data-ids='7876,7875,7877'  data-video_counter='0'  data-autoplay='true'  data-bg_slider='false'  data-slide_height=''  data-handle='av_slideshow'  data-interval='3'  data-class=' avia-builder-el-6  el_after_av_hr  el_before_av_hr '  data-extra_class=''  data-el_id=''  data-css_id=''  data-scroll_down=''  data-control_layout=''  data-custom_markup=''  data-perma_caption=''  data-autoplay_stopper=''  data-image_attachment=''  data-min_height='0px'  data-lazy_loading='disabled'  data-default-height='107.93650793651'  data-img_scrset=''  data-av-desktop-hide=''  data-av-medium-hide=''  data-av-small-hide=''  data-av-mini-hide=''  data-alb_description=''  data-id=''  data-custom_class=''  data-template_class=''  data-av_uid=''  data-sc_version='1.0'  data-heading_tag=''  data-heading_class=''   itemprop=\"image\" itemscope=\"itemscope\" itemtype=\"https:\/\/schema.org\/ImageObject\" ><ul class='avia-slideshow-inner ' style='padding-bottom: 107.93650793651%;'><li  class='avia-slideshow-slide av-av_slideshow-eed457ba97235b72f6f060999a135a29__0  slide-1 ' ><div data-rel='slideshow-1' class='avia-slide-wrap '   ><img decoding=\"async\" class=\"wp-image-16320 avia-img-lazy-loading-not-16320\"  src=\"https:\/\/alquezarbuenaventura.com\/wp-content\/uploads\/CUEVA-REINA2.jpg\" width=\"567\" height=\"612\" title='CUEVA REINA2' alt=''  itemprop=\"thumbnailUrl\" srcset=\"https:\/\/alquezarbuenaventura.com\/wp-content\/uploads\/CUEVA-REINA2.jpg 567w, https:\/\/alquezarbuenaventura.com\/wp-content\/uploads\/CUEVA-REINA2-278x300.jpg 278w, https:\/\/alquezarbuenaventura.com\/wp-content\/uploads\/CUEVA-REINA2-450x486.jpg 450w\" sizes=\"(max-width: 567px) 100vw, 567px\" \/><\/div><\/li><li  class='avia-slideshow-slide av-av_slideshow-eed457ba97235b72f6f060999a135a29__1  slide-2 ' ><div data-rel='slideshow-1' class='avia-slide-wrap '   ><img decoding=\"async\" class=\"wp-image-16318 avia-img-lazy-loading-not-16318\"  src=\"https:\/\/alquezarbuenaventura.com\/wp-content\/uploads\/CUEVA-REINA1.jpg\" width=\"567\" height=\"612\" title='CUEVA REINA1' alt=''  itemprop=\"thumbnailUrl\" srcset=\"https:\/\/alquezarbuenaventura.com\/wp-content\/uploads\/CUEVA-REINA1.jpg 567w, https:\/\/alquezarbuenaventura.com\/wp-content\/uploads\/CUEVA-REINA1-278x300.jpg 278w, https:\/\/alquezarbuenaventura.com\/wp-content\/uploads\/CUEVA-REINA1-450x486.jpg 450w\" sizes=\"(max-width: 567px) 100vw, 567px\" \/><\/div><\/li><li  class='avia-slideshow-slide av-av_slideshow-eed457ba97235b72f6f060999a135a29__2  slide-3 ' ><div data-rel='slideshow-1' class='avia-slide-wrap '   ><img decoding=\"async\" class=\"wp-image-16322 avia-img-lazy-loading-not-16322\"  src=\"https:\/\/alquezarbuenaventura.com\/wp-content\/uploads\/cueva-reina.jpg\" width=\"567\" height=\"612\" title='cueva reina' alt=''  itemprop=\"thumbnailUrl\" srcset=\"https:\/\/alquezarbuenaventura.com\/wp-content\/uploads\/cueva-reina.jpg 567w, https:\/\/alquezarbuenaventura.com\/wp-content\/uploads\/cueva-reina-278x300.jpg 278w, https:\/\/alquezarbuenaventura.com\/wp-content\/uploads\/cueva-reina-450x486.jpg 450w\" sizes=\"(max-width: 567px) 100vw, 567px\" \/><\/div><\/li><\/ul><div class='avia-slideshow-arrows avia-slideshow-controls' ><a href='#prev' class='prev-slide ' aria-hidden='true' data-av_icon='\ue87c' data-av_iconfont='entypo-fontello'  tabindex='-1'>Previous<\/a><a href='#next' class='next-slide ' aria-hidden='true' data-av_icon='\ue87d' data-av_iconfont='entypo-fontello'  tabindex='-1'>Next<\/a><\/div><div class='avia-slideshow-dots avia-slideshow-controls'><a href='#1' class='goto-slide active' >1<\/a><a href='#2' class='goto-slide ' >2<\/a><a href='#3' class='goto-slide ' >3<\/a><\/div><\/div><br \/>\n<div  class='hr av-av_hr-7036307108800bfe489471e1c9c1d5a1 hr-short  avia-builder-el-7  el_after_av_slideshow  el_before_av_button  hr-right'><span class='hr-inner '><span class=\"hr-inner-style\"><\/span><\/span><\/div><br \/>\n<div  class='avia-button-wrap avia-button-right  avia-builder-el-8  el_after_av_hr  avia-builder-el-last ' ><a href='https:\/\/www.google.es\/maps\/dir\/\/Restaurante+Cueva+Reina,+Calle+Baja,+Alqu%C3%A9zar\/@42.1715796,-0.0080975,13z\/data=!3m1!4b1!4m8!4m7!1m0!1m5!1m1!1s0x12a78a3a18f6f54f:0x88b56b226b156f38!2m2!1d0.0269218!2d42.1715849' class='avia-button av-av_button-5bfb88d957fdd16fc57f2277180a32da avia-icon_select-yes-left-icon avia-size-large avia-position-right avia-color-theme-color-subtle' target=\"_blank\" rel=\"noopener noreferrer\"><span class='avia_button_icon avia_button_icon_left' aria-hidden='true' data-av_icon='\ue80b' data-av_iconfont='entypo-fontello'><\/span><span class='avia_iconbox_title' >Como Llegar<\/span><\/a><\/div><\/p><\/div>\n<style type=\"text\/css\" data-created_by=\"avia_inline_auto\" id=\"style-css-av-av_one_half-9c1d454dc06f7247226bc4e8f931daae\">\n.flex_column.av-av_one_half-9c1d454dc06f7247226bc4e8f931daae{\nborder-radius:0px 0px 0px 0px;\n-webkit-border-radius:0px 0px 0px 0px;\n-moz-border-radius:0px 0px 0px 0px;\n}\n<\/style>\n<div class='flex_column av-av_one_half-9c1d454dc06f7247226bc4e8f931daae av_one_half  avia-builder-el-9  el_after_av_one_half  avia-builder-el-last  flex_column_div av-zero-column-padding '   ><div  class='avia-icon-list-container av-av_iconlist-c9265973fe37925e1675fd541a8fb5d9  avia-builder-el-10  avia-builder-el-no-sibling '><ul class='avia-icon-list avia_animate_when_almost_visible avia-icon-list-left av-iconlist-big av-av_iconlist-c9265973fe37925e1675fd541a8fb5d9 avia-iconlist-animate'>\n<li><div class='iconlist_icon av-av_iconlist_item-d596de65be8ea4de00d4f0207df433ff avia-font-entypo-fontello'><span class='iconlist-char' aria-hidden='true' data-av_icon='\ue81f' data-av_iconfont='entypo-fontello'><\/span><\/div><article class=\"article-icon-entry \"  itemscope=\"itemscope\" itemtype=\"https:\/\/schema.org\/CreativeWork\" ><div class=\"iconlist_content_wrap\"><header class=\"entry-content-header\"><h4 class='av_iconlist_title iconlist_title  '  itemprop=\"headline\" >DESCRIPCION<\/h4><\/header><div class='iconlist_content '  itemprop=\"text\" ><p>El Restaurante Cueva Reina es sin duda un establecimiento \u00fanico por sus excepcionales vistas al ca\u00f1\u00f3n del R\u00edo Vero dentro de un ambiente c\u00e1lido y familiar que no dejar\u00e1 a nadie indiferente. Apuesta por una propuesta culinaria tradicional con toques de autor que combinan t\u00e9cnicas de la cocina m\u00e1s vanguardista.<\/p>\n<p>Dispone de un men\u00fa de degustaci\u00f3n con los productos de temporada.<\/p>\n<p>Tambi\u00e9n ofrece un men\u00fa infantil\u00a0 y una selecta carta.<\/p>\n<p>Previa reserva elabora men\u00fas concertados para grupos \u00a0y tambi\u00e9n adaptados para celiacos, sin sal o todo tipo de al\u00e9rgicos.<\/p>\n<\/div><\/div><footer class=\"entry-footer\"><\/footer><\/article><div class=\"iconlist-timeline\"><\/div><\/li>\n<li><div class='iconlist_icon av-av_iconlist_item-c0b1b61df5915bb546117865fddafcc6 avia-font-entypo-fontello'><span class='iconlist-char' aria-hidden='true' data-av_icon='\ue827' data-av_iconfont='entypo-fontello'><\/span><\/div><article class=\"article-icon-entry \"  itemscope=\"itemscope\" itemtype=\"https:\/\/schema.org\/CreativeWork\" ><div class=\"iconlist_content_wrap\"><header class=\"entry-content-header\"><h4 class='av_iconlist_title iconlist_title  '  itemprop=\"headline\" >\u00bfCUANTO CUESTA?<\/h4><\/header><div class='iconlist_content '  itemprop=\"text\" ><p>Men\u00fa degustaci\u00f3n, fin de semana: 26 euros.<\/p>\n<p>Men\u00fa de lunes a viernes: 16\u20ac<\/p>\n<\/div><\/div><footer class=\"entry-footer\"><\/footer><\/article><div class=\"iconlist-timeline\"><\/div><\/li>\n<li><div class='iconlist_icon av-av_iconlist_item-3698e561bf8f78df04d36e5f1cdae446 avia-font-entypo-fontello'><span class='iconlist-char' aria-hidden='true' data-av_icon='\ue821' data-av_iconfont='entypo-fontello'><\/span><\/div><article class=\"article-icon-entry \"  itemscope=\"itemscope\" itemtype=\"https:\/\/schema.org\/CreativeWork\" ><div class=\"iconlist_content_wrap\"><header class=\"entry-content-header\"><h4 class='av_iconlist_title iconlist_title  '  itemprop=\"headline\" >CAPACIDAD<\/h4><\/header><div class='iconlist_content '  itemprop=\"text\" ><p><span class=\"subr\">\u00a035\u00a0\u00a0y 55 plazas repartidas en dos comedores.<\/span><\/p>\n<\/div><\/div><footer class=\"entry-footer\"><\/footer><\/article><div class=\"iconlist-timeline\"><\/div><\/li>\n<li><div class='iconlist_icon av-av_iconlist_item-504aa16cc853dfcb087f3eb17863ed4a avia-font-entypo-fontello'><span class='iconlist-char' aria-hidden='true' data-av_icon='\ue82b' data-av_iconfont='entypo-fontello'><\/span><\/div><article class=\"article-icon-entry \"  itemscope=\"itemscope\" itemtype=\"https:\/\/schema.org\/CreativeWork\" ><div class=\"iconlist_content_wrap\"><header class=\"entry-content-header\"><h4 class='av_iconlist_title iconlist_title  '  itemprop=\"headline\" >TIENES QUE PROBAR<\/h4><\/header><div class='iconlist_content '  itemprop=\"text\" ><p>Su Risotto de queso de cabra con higos, el Ternasco de Arag\u00f3n a baja Temperatura y sus espectaculares patatas bravas.<\/p>\n<\/div><\/div><footer class=\"entry-footer\"><\/footer><\/article><div class=\"iconlist-timeline\"><\/div><\/li>\n<li><div class='iconlist_icon av-av_iconlist_item-25ab24d6bc8e262b62fe6cc2965e4e23 avia-font-entypo-fontello'><span class='iconlist-char' aria-hidden='true' data-av_icon='\ue805' data-av_iconfont='entypo-fontello'><\/span><\/div><article class=\"article-icon-entry \"  itemscope=\"itemscope\" itemtype=\"https:\/\/schema.org\/CreativeWork\" ><div class=\"iconlist_content_wrap\"><header class=\"entry-content-header\"><h4 class='av_iconlist_title iconlist_title  '  itemprop=\"headline\" >Reservalo!<\/h4><\/header><div class='iconlist_content '  itemprop=\"text\" ><p>Llama al 687.240610 escribe un email felipebanon@gmail.com<\/p>\n<\/div><\/div><footer class=\"entry-footer\"><\/footer><\/article><div class=\"iconlist-timeline\"><\/div><\/li>\n<\/ul><\/div><\/div>\n\n<\/div><\/div><\/div><!-- close content main div --><\/div><\/div><div id='about-us'  class='avia-section av-av_section-5ed245d3e1edc50ad4248185fc2bf457 alternate_color avia-section-large avia-shadow  avia-builder-el-11  el_after_av_section  el_before_av_section  avia-bg-style-scroll container_wrap sidebar_right'  ><div class='container av-section-cont-open' ><div class='template-page content  av-content-small alpha units'><div class='post-entry post-entry-type-page post-entry-11540'><div class='entry-content-wrapper clearfix'>\n<div class='flex_column av-av_one_half-2a9015ff38129c418a3f2eafba3e9512 av_one_half  avia-builder-el-12  el_before_av_one_half  avia-builder-el-first  first flex_column_div '   ><section  class='av_textblock_section av-av_textblock-0366cc7376be6c9e82a3e9cc8987b64f'  itemscope=\"itemscope\" itemtype=\"https:\/\/schema.org\/CreativeWork\" ><div class='avia_textblock'  itemprop=\"text\" ><h2 style=\"text-align: right;\">Casa Gervasio<\/h2>\n<\/div><\/section><br \/>\n<div  class='hr av-av_hr-7036307108800bfe489471e1c9c1d5a1 hr-short  avia-builder-el-14  el_after_av_textblock  el_before_av_slideshow  hr-right'><span class='hr-inner '><span class=\"hr-inner-style\"><\/span><\/span><\/div><br \/>\n<div  class='avia-slideshow av-av_slideshow-215ba16fbd577a32ac72cde402fefd60 avia-slideshow-no scaling av_slideshow avia-slide-slider  avia-builder-el-15  el_after_av_hr  el_before_av_hr  av-default-height-applied avia-slideshow-2'  data-size='no scaling'  data-lightbox_size='large'  data-animation='slide'  data-conditional_play=''  data-ids='7872,7874,7873'  data-video_counter='0'  data-autoplay='true'  data-bg_slider='false'  data-slide_height=''  data-handle='av_slideshow'  data-interval='3'  data-class=' avia-builder-el-15  el_after_av_hr  el_before_av_hr '  data-extra_class=''  data-el_id=''  data-css_id=''  data-scroll_down=''  data-control_layout=''  data-custom_markup=''  data-perma_caption=''  data-autoplay_stopper=''  data-image_attachment=''  data-min_height='0px'  data-lazy_loading='disabled'  data-default-height='107.93650793651'  data-img_scrset=''  data-av-desktop-hide=''  data-av-medium-hide=''  data-av-small-hide=''  data-av-mini-hide=''  data-alb_description=''  data-id=''  data-custom_class=''  data-template_class=''  data-av_uid=''  data-sc_version='1.0'  data-heading_tag=''  data-heading_class=''   itemprop=\"image\" itemscope=\"itemscope\" itemtype=\"https:\/\/schema.org\/ImageObject\" ><ul class='avia-slideshow-inner ' style='padding-bottom: 107.93650793651%;'><li  class='avia-slideshow-slide av-av_slideshow-215ba16fbd577a32ac72cde402fefd60__0  slide-1 ' ><div data-rel='slideshow-2' class='avia-slide-wrap '   ><img decoding=\"async\" class=\"wp-image-16312 avia-img-lazy-loading-not-16312\"  src=\"https:\/\/alquezarbuenaventura.com\/wp-content\/uploads\/1.-Terraza-Casa-Gervasio.jpg\" width=\"567\" height=\"612\" title='1.-Terraza-Casa-Gervasio' alt=''  itemprop=\"thumbnailUrl\" srcset=\"https:\/\/alquezarbuenaventura.com\/wp-content\/uploads\/1.-Terraza-Casa-Gervasio.jpg 567w, https:\/\/alquezarbuenaventura.com\/wp-content\/uploads\/1.-Terraza-Casa-Gervasio-278x300.jpg 278w, https:\/\/alquezarbuenaventura.com\/wp-content\/uploads\/1.-Terraza-Casa-Gervasio-450x486.jpg 450w\" sizes=\"(max-width: 567px) 100vw, 567px\" \/><\/div><\/li><li  class='avia-slideshow-slide av-av_slideshow-215ba16fbd577a32ac72cde402fefd60__1  slide-2 ' ><div data-rel='slideshow-2' class='avia-slide-wrap '   ><img decoding=\"async\" class=\"wp-image-16316 avia-img-lazy-loading-not-16316\"  src=\"https:\/\/alquezarbuenaventura.com\/wp-content\/uploads\/8.-Terraza-Casa-Gervasio.jpg\" width=\"567\" height=\"612\" title='8.-Terraza-Casa-Gervasio' alt=''  itemprop=\"thumbnailUrl\" srcset=\"https:\/\/alquezarbuenaventura.com\/wp-content\/uploads\/8.-Terraza-Casa-Gervasio.jpg 567w, https:\/\/alquezarbuenaventura.com\/wp-content\/uploads\/8.-Terraza-Casa-Gervasio-278x300.jpg 278w, https:\/\/alquezarbuenaventura.com\/wp-content\/uploads\/8.-Terraza-Casa-Gervasio-450x486.jpg 450w\" sizes=\"(max-width: 567px) 100vw, 567px\" \/><\/div><\/li><li  class='avia-slideshow-slide av-av_slideshow-215ba16fbd577a32ac72cde402fefd60__2  slide-3 ' ><div data-rel='slideshow-2' class='avia-slide-wrap '   ><img decoding=\"async\" class=\"wp-image-16314 avia-img-lazy-loading-not-16314\"  src=\"https:\/\/alquezarbuenaventura.com\/wp-content\/uploads\/12.-Restaurante-Casa-Gervasio-Alquezar.jpg\" width=\"567\" height=\"612\" title='12.-Restaurante-Casa-Gervasio-Alquezar' alt=''  itemprop=\"thumbnailUrl\" srcset=\"https:\/\/alquezarbuenaventura.com\/wp-content\/uploads\/12.-Restaurante-Casa-Gervasio-Alquezar.jpg 567w, https:\/\/alquezarbuenaventura.com\/wp-content\/uploads\/12.-Restaurante-Casa-Gervasio-Alquezar-278x300.jpg 278w, https:\/\/alquezarbuenaventura.com\/wp-content\/uploads\/12.-Restaurante-Casa-Gervasio-Alquezar-450x486.jpg 450w\" sizes=\"(max-width: 567px) 100vw, 567px\" \/><\/div><\/li><\/ul><div class='avia-slideshow-arrows avia-slideshow-controls' ><a href='#prev' class='prev-slide ' aria-hidden='true' data-av_icon='\ue87c' data-av_iconfont='entypo-fontello'  tabindex='-1'>Previous<\/a><a href='#next' class='next-slide ' aria-hidden='true' data-av_icon='\ue87d' data-av_iconfont='entypo-fontello'  tabindex='-1'>Next<\/a><\/div><div class='avia-slideshow-dots avia-slideshow-controls'><a href='#1' class='goto-slide active' >1<\/a><a href='#2' class='goto-slide ' >2<\/a><a href='#3' class='goto-slide ' >3<\/a><\/div><\/div><br \/>\n<div  class='hr av-av_hr-7036307108800bfe489471e1c9c1d5a1 hr-short  avia-builder-el-16  el_after_av_slideshow  el_before_av_button  hr-right'><span class='hr-inner '><span class=\"hr-inner-style\"><\/span><\/span><\/div><br \/>\n<div  class='avia-button-wrap avia-button-right  avia-builder-el-17  el_after_av_hr  avia-builder-el-last ' ><a href='https:\/\/www.google.es\/maps\/dir\/\/Casa+Gervasio,+Calle+Pedro+Arnal+Cavero,+13,+22145+Alqu%C3%A9zar,+Huesca\/@42.1728628,-0.0094423,13z\/data=!3m1!4b1!4m8!4m7!1m0!1m5!1m1!1s0x12a78a3979b76841:0x4516617566ddd2e2!2m2!1d0.025577!2d42.1728681' class='avia-button av-av_button-45cd355dadcfd24ce4de947a2b906b80 avia-icon_select-yes-left-icon avia-size-large avia-position-right avia-color-theme-color-subtle' target=\"_blank\" rel=\"noopener noreferrer\"><span class='avia_button_icon avia_button_icon_left' aria-hidden='true' data-av_icon='\ue80b' data-av_iconfont='entypo-fontello'><\/span><span class='avia_iconbox_title' >Como llegar<\/span><\/a><\/div><\/p><\/div>\n<style type=\"text\/css\" data-created_by=\"avia_inline_auto\" id=\"style-css-av-av_one_half-9c1d454dc06f7247226bc4e8f931daae\">\n.flex_column.av-av_one_half-9c1d454dc06f7247226bc4e8f931daae{\nborder-radius:0px 0px 0px 0px;\n-webkit-border-radius:0px 0px 0px 0px;\n-moz-border-radius:0px 0px 0px 0px;\n}\n<\/style>\n<div class='flex_column av-av_one_half-9c1d454dc06f7247226bc4e8f931daae av_one_half  avia-builder-el-18  el_after_av_one_half  avia-builder-el-last  flex_column_div av-zero-column-padding '   ><div  class='avia-icon-list-container av-av_iconlist-c9265973fe37925e1675fd541a8fb5d9  avia-builder-el-19  avia-builder-el-no-sibling '><ul class='avia-icon-list avia_animate_when_almost_visible avia-icon-list-left av-iconlist-big av-av_iconlist-c9265973fe37925e1675fd541a8fb5d9 avia-iconlist-animate'>\n<li><div class='iconlist_icon av-av_iconlist_item-d596de65be8ea4de00d4f0207df433ff avia-font-entypo-fontello'><span class='iconlist-char' aria-hidden='true' data-av_icon='\ue81f' data-av_iconfont='entypo-fontello'><\/span><\/div><article class=\"article-icon-entry \"  itemscope=\"itemscope\" itemtype=\"https:\/\/schema.org\/CreativeWork\" ><div class=\"iconlist_content_wrap\"><header class=\"entry-content-header\"><h4 class='av_iconlist_title iconlist_title  '  itemprop=\"headline\" >DESCRIPCION<\/h4><\/header><div class='iconlist_content '  itemprop=\"text\" ><p>El restaurante<span class=\"bold\"> Casa Gervasio<\/span> lleva desde los a\u00f1os 80 sin modificar su filosof\u00eda de trabajo, siendo la propietaria, Maribel, la encargada de que la tecnolog\u00eda no haya influenciado en sus fogones, transportando el paladar 30 a\u00f1os atr\u00e1s.<\/p>\n<p>La comida resulta de una calidad sorprendente: un generoso men\u00fa degustaci\u00f3n que empieza con una tabla de embutidos, quesos y p\u00e2t\u00e9 casero para continuar con un gran bacalao ajoarriero, unas legumbres de lujo (judiones y garbanzos), canalones, conejo con salsa de almendras y chuletillas de cordero. Termina con un delicioso postre casero e incluye el caf\u00e9 y chupito. Todo un homenaje a la gastronom\u00eda del Somontano.<\/p>\n<\/div><\/div><footer class=\"entry-footer\"><\/footer><\/article><div class=\"iconlist-timeline\"><\/div><\/li>\n<li><div class='iconlist_icon av-av_iconlist_item-7b1500eaae49536826c7a708f3d04e86 avia-font-entypo-fontello'><span class='iconlist-char' aria-hidden='true' data-av_icon='\ue80b' data-av_iconfont='entypo-fontello'><\/span><\/div><article class=\"article-icon-entry \"  itemscope=\"itemscope\" itemtype=\"https:\/\/schema.org\/CreativeWork\" ><div class=\"iconlist_content_wrap\"><header class=\"entry-content-header\"><h4 class='av_iconlist_title iconlist_title  '  itemprop=\"headline\" >CAPACIDAD<\/h4><\/header><div class='iconlist_content '  itemprop=\"text\" ><p>180 plazas<\/p>\n<\/div><\/div><footer class=\"entry-footer\"><\/footer><\/article><div class=\"iconlist-timeline\"><\/div><\/li>\n<li><div class='iconlist_icon av-av_iconlist_item-c0b1b61df5915bb546117865fddafcc6 avia-font-entypo-fontello'><span class='iconlist-char' aria-hidden='true' data-av_icon='\ue827' data-av_iconfont='entypo-fontello'><\/span><\/div><article class=\"article-icon-entry \"  itemscope=\"itemscope\" itemtype=\"https:\/\/schema.org\/CreativeWork\" ><div class=\"iconlist_content_wrap\"><header class=\"entry-content-header\"><h4 class='av_iconlist_title iconlist_title  '  itemprop=\"headline\" >\u00bfCUANTO CUESTA?<\/h4><\/header><div class='iconlist_content '  itemprop=\"text\" ><p>15\u20ac- 30\u20ac\/persona<\/p>\n<\/div><\/div><footer class=\"entry-footer\"><\/footer><\/article><div class=\"iconlist-timeline\"><\/div><\/li>\n<li><div class='iconlist_icon av-av_iconlist_item-23c8d4963ede30356b4ec440450f8bd7 avia-font-entypo-fontello'><span class='iconlist-char' aria-hidden='true' data-av_icon='\ue800' data-av_iconfont='entypo-fontello'><\/span><\/div><article class=\"article-icon-entry \"  itemscope=\"itemscope\" itemtype=\"https:\/\/schema.org\/CreativeWork\" ><div class=\"iconlist_content_wrap\"><header class=\"entry-content-header\"><h4 class='av_iconlist_title iconlist_title  '  itemprop=\"headline\" >TIENES QUE PROBAR..<\/h4><\/header><div class='iconlist_content '  itemprop=\"text\" ><p>Los canalones fritos a la cerveza, las jud\u00edas blancas , garbanzos con sepia, ajoarriero. Carnes guisadas, conejo en salsa de almendras, cordero a la pastora, jabal\u00ed, costillas de cordero con patatas fritas para todos.<br \/>\nEl vino casero es de propia cosecha, elaborado por ellos mismos.<\/p>\n<\/div><\/div><footer class=\"entry-footer\"><\/footer><\/article><div class=\"iconlist-timeline\"><\/div><\/li>\n<li><div class='iconlist_icon av-av_iconlist_item-fe1f14b5f4a6a0d207ec7fc77a2b85ee avia-font-entypo-fontello'><span class='iconlist-char' aria-hidden='true' data-av_icon='\ue805' data-av_iconfont='entypo-fontello'><\/span><\/div><article class=\"article-icon-entry \"  itemscope=\"itemscope\" itemtype=\"https:\/\/schema.org\/CreativeWork\" ><div class=\"iconlist_content_wrap\"><header class=\"entry-content-header\"><h4 class='av_iconlist_title iconlist_title  '  itemprop=\"headline\" >CONTACTO<\/h4><\/header><div class='iconlist_content '  itemprop=\"text\" ><p>Tel: 34 974 318 979 | + 34 620 220 390 | <a href=\"mailto:info@grupogervasio.com\">info@grupogervasio.com<\/a><\/p>\n<\/div><\/div><footer class=\"entry-footer\"><\/footer><\/article><div class=\"iconlist-timeline\"><\/div><\/li>\n<\/ul><\/div><\/div>\n\n<\/div><\/div><\/div><!-- close content main div --><\/div><\/div>\n<style type=\"text\/css\" data-created_by=\"avia_inline_auto\" id=\"style-css-av-av_section-2a391a6c761092c76e8993d60aa83e13\">\n.avia-section.av-av_section-2a391a6c761092c76e8993d60aa83e13{\nbackground-color:#f2f2f2;\n}\n<\/style>\n<div id='about-us'  class='avia-section av-av_section-2a391a6c761092c76e8993d60aa83e13 alternate_color avia-section-large avia-shadow  avia-builder-el-20  el_after_av_section  el_before_av_section  avia-bg-style-scroll container_wrap sidebar_right'  ><div class='container av-section-cont-open' ><div class='template-page content  av-content-small alpha units'><div class='post-entry post-entry-type-page post-entry-11540'><div class='entry-content-wrapper clearfix'>\n<div class='flex_column av-av_one_half-2a9015ff38129c418a3f2eafba3e9512 av_one_half  avia-builder-el-21  el_before_av_one_half  avia-builder-el-first  first flex_column_div '   ><section  class='av_textblock_section av-av_textblock-0366cc7376be6c9e82a3e9cc8987b64f'  itemscope=\"itemscope\" itemtype=\"https:\/\/schema.org\/CreativeWork\" ><div class='avia_textblock'  itemprop=\"text\" ><h2 style=\"text-align: right;\">La Marmita de Guara<\/h2>\n<\/div><\/section><br \/>\n<div  class='hr av-av_hr-7036307108800bfe489471e1c9c1d5a1 hr-short  avia-builder-el-23  el_after_av_textblock  el_before_av_slideshow  hr-right'><span class='hr-inner '><span class=\"hr-inner-style\"><\/span><\/span><\/div><br \/>\n<div  class='avia-slideshow av-av_slideshow-215ba16fbd577a32ac72cde402fefd60 avia-slideshow-no scaling av_slideshow avia-slide-slider  avia-builder-el-24  el_after_av_hr  el_before_av_hr  av-default-height-applied avia-slideshow-3'  data-size='no scaling'  data-lightbox_size='large'  data-animation='slide'  data-conditional_play=''  data-ids='7872,7874,7873'  data-video_counter='0'  data-autoplay='true'  data-bg_slider='false'  data-slide_height=''  data-handle='av_slideshow'  data-interval='3'  data-class=' avia-builder-el-24  el_after_av_hr  el_before_av_hr '  data-extra_class=''  data-el_id=''  data-css_id=''  data-scroll_down=''  data-control_layout=''  data-custom_markup=''  data-perma_caption=''  data-autoplay_stopper=''  data-image_attachment=''  data-min_height='0px'  data-lazy_loading='disabled'  data-default-height='107.93650793651'  data-img_scrset=''  data-av-desktop-hide=''  data-av-medium-hide=''  data-av-small-hide=''  data-av-mini-hide=''  data-alb_description=''  data-id=''  data-custom_class=''  data-template_class=''  data-av_uid=''  data-sc_version='1.0'  data-heading_tag=''  data-heading_class=''   itemprop=\"image\" itemscope=\"itemscope\" itemtype=\"https:\/\/schema.org\/ImageObject\" ><ul class='avia-slideshow-inner ' style='padding-bottom: 107.93650793651%;'><li  class='avia-slideshow-slide av-av_slideshow-215ba16fbd577a32ac72cde402fefd60__0  slide-1 ' ><div data-rel='slideshow-3' class='avia-slide-wrap '   ><img decoding=\"async\" class=\"wp-image-16312 avia-img-lazy-loading-not-16312\"  src=\"https:\/\/alquezarbuenaventura.com\/wp-content\/uploads\/1.-Terraza-Casa-Gervasio.jpg\" width=\"567\" height=\"612\" title='1.-Terraza-Casa-Gervasio' alt=''  itemprop=\"thumbnailUrl\" srcset=\"https:\/\/alquezarbuenaventura.com\/wp-content\/uploads\/1.-Terraza-Casa-Gervasio.jpg 567w, https:\/\/alquezarbuenaventura.com\/wp-content\/uploads\/1.-Terraza-Casa-Gervasio-278x300.jpg 278w, https:\/\/alquezarbuenaventura.com\/wp-content\/uploads\/1.-Terraza-Casa-Gervasio-450x486.jpg 450w\" sizes=\"(max-width: 567px) 100vw, 567px\" \/><\/div><\/li><li  class='avia-slideshow-slide av-av_slideshow-215ba16fbd577a32ac72cde402fefd60__1  slide-2 ' ><div data-rel='slideshow-3' class='avia-slide-wrap '   ><img decoding=\"async\" class=\"wp-image-16316 avia-img-lazy-loading-not-16316\"  src=\"https:\/\/alquezarbuenaventura.com\/wp-content\/uploads\/8.-Terraza-Casa-Gervasio.jpg\" width=\"567\" height=\"612\" title='8.-Terraza-Casa-Gervasio' alt=''  itemprop=\"thumbnailUrl\" srcset=\"https:\/\/alquezarbuenaventura.com\/wp-content\/uploads\/8.-Terraza-Casa-Gervasio.jpg 567w, https:\/\/alquezarbuenaventura.com\/wp-content\/uploads\/8.-Terraza-Casa-Gervasio-278x300.jpg 278w, https:\/\/alquezarbuenaventura.com\/wp-content\/uploads\/8.-Terraza-Casa-Gervasio-450x486.jpg 450w\" sizes=\"(max-width: 567px) 100vw, 567px\" \/><\/div><\/li><li  class='avia-slideshow-slide av-av_slideshow-215ba16fbd577a32ac72cde402fefd60__2  slide-3 ' ><div data-rel='slideshow-3' class='avia-slide-wrap '   ><img decoding=\"async\" class=\"wp-image-16314 avia-img-lazy-loading-not-16314\"  src=\"https:\/\/alquezarbuenaventura.com\/wp-content\/uploads\/12.-Restaurante-Casa-Gervasio-Alquezar.jpg\" width=\"567\" height=\"612\" title='12.-Restaurante-Casa-Gervasio-Alquezar' alt=''  itemprop=\"thumbnailUrl\" srcset=\"https:\/\/alquezarbuenaventura.com\/wp-content\/uploads\/12.-Restaurante-Casa-Gervasio-Alquezar.jpg 567w, https:\/\/alquezarbuenaventura.com\/wp-content\/uploads\/12.-Restaurante-Casa-Gervasio-Alquezar-278x300.jpg 278w, https:\/\/alquezarbuenaventura.com\/wp-content\/uploads\/12.-Restaurante-Casa-Gervasio-Alquezar-450x486.jpg 450w\" sizes=\"(max-width: 567px) 100vw, 567px\" \/><\/div><\/li><\/ul><div class='avia-slideshow-arrows avia-slideshow-controls' ><a href='#prev' class='prev-slide ' aria-hidden='true' data-av_icon='\ue87c' data-av_iconfont='entypo-fontello'  tabindex='-1'>Previous<\/a><a href='#next' class='next-slide ' aria-hidden='true' data-av_icon='\ue87d' data-av_iconfont='entypo-fontello'  tabindex='-1'>Next<\/a><\/div><div class='avia-slideshow-dots avia-slideshow-controls'><a href='#1' class='goto-slide active' >1<\/a><a href='#2' class='goto-slide ' >2<\/a><a href='#3' class='goto-slide ' >3<\/a><\/div><\/div><br \/>\n<div  class='hr av-av_hr-7036307108800bfe489471e1c9c1d5a1 hr-short  avia-builder-el-25  el_after_av_slideshow  el_before_av_button  hr-right'><span class='hr-inner '><span class=\"hr-inner-style\"><\/span><\/span><\/div><br \/>\n<div  class='avia-button-wrap avia-button-right  avia-builder-el-26  el_after_av_hr  avia-builder-el-last ' ><a href='https:\/\/www.google.es\/maps\/dir\/\/La+Marmita+de+Guara,+Av.+San+Hipolito,+s%2Fn,+22145+Alqu%C3%A9zar,+Huesca\/@42.1709047,-0.0110493,13z\/data=!3m1!4b1!4m8!4m7!1m0!1m5!1m1!1s0x405c5492bab79aa1:0x1e14944a728f6176!2m2!1d0.02397!2d42.17091' class='avia-button av-av_button-540d2661f47a86d76885d680e41149ea avia-icon_select-yes-left-icon avia-size-large avia-position-right avia-color-theme-color-subtle' target=\"_blank\" rel=\"noopener noreferrer\"><span class='avia_button_icon avia_button_icon_left' aria-hidden='true' data-av_icon='\ue80b' data-av_iconfont='entypo-fontello'><\/span><span class='avia_iconbox_title' >Como llegar<\/span><\/a><\/div><\/p><\/div>\n<style type=\"text\/css\" data-created_by=\"avia_inline_auto\" id=\"style-css-av-av_one_half-9c1d454dc06f7247226bc4e8f931daae\">\n.flex_column.av-av_one_half-9c1d454dc06f7247226bc4e8f931daae{\nborder-radius:0px 0px 0px 0px;\n-webkit-border-radius:0px 0px 0px 0px;\n-moz-border-radius:0px 0px 0px 0px;\n}\n<\/style>\n<div class='flex_column av-av_one_half-9c1d454dc06f7247226bc4e8f931daae av_one_half  avia-builder-el-27  el_after_av_one_half  avia-builder-el-last  flex_column_div av-zero-column-padding '   ><div  class='avia-icon-list-container av-av_iconlist-c9265973fe37925e1675fd541a8fb5d9  avia-builder-el-28  avia-builder-el-no-sibling '><ul class='avia-icon-list avia_animate_when_almost_visible avia-icon-list-left av-iconlist-big av-av_iconlist-c9265973fe37925e1675fd541a8fb5d9 avia-iconlist-animate'>\n<li><div class='iconlist_icon av-av_iconlist_item-d596de65be8ea4de00d4f0207df433ff avia-font-entypo-fontello'><span class='iconlist-char' aria-hidden='true' data-av_icon='\ue81f' data-av_iconfont='entypo-fontello'><\/span><\/div><article class=\"article-icon-entry \"  itemscope=\"itemscope\" itemtype=\"https:\/\/schema.org\/CreativeWork\" ><div class=\"iconlist_content_wrap\"><header class=\"entry-content-header\"><h4 class='av_iconlist_title iconlist_title  '  itemprop=\"headline\" >DESCRIPCION<\/h4><\/header><div class='iconlist_content '  itemprop=\"text\" ><p>La Marmita ofrece tres acogedores ambientes para disfrutar de las creativas propuestas gastron\u00f3micas de Manel Cano: un gastrobar en la planta baja, una refrescante terraza o un peque\u00f1o y\u00a0 coqueto comedor en la primera planta.Y todos ellos con espectaculares vistas a la Colegiata de Santa Mar\u00eda de Alqu\u00e9zar&#8230;<\/p>\n<p>Ofrece un amplio surtido de tapas, raciones y vinos de la D.O. Somontano en un clima relajado y en un ambiente r\u00fastico de la zona con toques de vanguardia. Se sirve un \u00a0variado men\u00fa \u00a0que fusiona a la perfecci\u00f3n la cocina tradicional con la cocina de vanguardia.<\/p>\n<\/div><\/div><footer class=\"entry-footer\"><\/footer><\/article><div class=\"iconlist-timeline\"><\/div><\/li>\n<li><div class='iconlist_icon av-av_iconlist_item-c0b1b61df5915bb546117865fddafcc6 avia-font-entypo-fontello'><span class='iconlist-char' aria-hidden='true' data-av_icon='\ue827' data-av_iconfont='entypo-fontello'><\/span><\/div><article class=\"article-icon-entry \"  itemscope=\"itemscope\" itemtype=\"https:\/\/schema.org\/CreativeWork\" ><div class=\"iconlist_content_wrap\"><header class=\"entry-content-header\"><h4 class='av_iconlist_title iconlist_title  '  itemprop=\"headline\" >\u00bfCUANTO CUESTA?<\/h4><\/header><div class='iconlist_content '  itemprop=\"text\" ><p>Carta con raciones y tapas<\/p>\n<\/div><\/div><footer class=\"entry-footer\"><\/footer><\/article><div class=\"iconlist-timeline\"><\/div><\/li>\n<li><div class='iconlist_icon av-av_iconlist_item-3698e561bf8f78df04d36e5f1cdae446 avia-font-entypo-fontello'><span class='iconlist-char' aria-hidden='true' data-av_icon='\ue821' data-av_iconfont='entypo-fontello'><\/span><\/div><article class=\"article-icon-entry \"  itemscope=\"itemscope\" itemtype=\"https:\/\/schema.org\/CreativeWork\" ><div class=\"iconlist_content_wrap\"><header class=\"entry-content-header\"><h4 class='av_iconlist_title iconlist_title  '  itemprop=\"headline\" >CAPACIDAD<\/h4><\/header><div class='iconlist_content '  itemprop=\"text\" ><p>20 comensales en comedor, 45 en terraza.<\/p>\n<\/div><\/div><footer class=\"entry-footer\"><\/footer><\/article><div class=\"iconlist-timeline\"><\/div><\/li>\n<li><div class='iconlist_icon av-av_iconlist_item-2f69efd9f3c85a6151c8d194fd99e42f avia-font-entypo-fontello'><span class='iconlist-char' aria-hidden='true' data-av_icon='\ue82b' data-av_iconfont='entypo-fontello'><\/span><\/div><article class=\"article-icon-entry \"  itemscope=\"itemscope\" itemtype=\"https:\/\/schema.org\/CreativeWork\" ><div class=\"iconlist_content_wrap\"><header class=\"entry-content-header\"><h4 class='av_iconlist_title iconlist_title  '  itemprop=\"headline\" >TE GUSTARA POR...<\/h4><\/header><div class='iconlist_content '  itemprop=\"text\" ><p><span style=\"color: #808080;\">Toda la comida exquisita, muy bien elaborada y presentada.<\/span><\/p>\n<p><span style=\"color: #808080;\">El restaurante dispone de una peque\u00f1a y calida cavidad \u201cLa cueva\u201dpara un n\u00famero reducido de clientes, entre ocho \u00f3 diez m\u00e1ximo, en la que disponen de una variedad de vinos de alta gama para degustar, junto a otros productos de gourmet de la zona.<\/span><\/p>\n<p><span style=\"color: #808080;\">Te recomendamos probar los caracoles, la fideua, el bacalao con muselina de ali-oli y el ternasco cocinado a baja temperatura.<\/span><\/p>\n<\/div><\/div><footer class=\"entry-footer\"><\/footer><\/article><div class=\"iconlist-timeline\"><\/div><\/li>\n<li><div class='iconlist_icon av-av_iconlist_item-25ab24d6bc8e262b62fe6cc2965e4e23 avia-font-entypo-fontello'><span class='iconlist-char' aria-hidden='true' data-av_icon='\ue805' data-av_iconfont='entypo-fontello'><\/span><\/div><article class=\"article-icon-entry \"  itemscope=\"itemscope\" itemtype=\"https:\/\/schema.org\/CreativeWork\" ><div class=\"iconlist_content_wrap\"><header class=\"entry-content-header\"><h4 class='av_iconlist_title iconlist_title  '  itemprop=\"headline\" >Reservalo!<\/h4><\/header><div class='iconlist_content '  itemprop=\"text\" ><p>Tel\u00e9fono de reservas : 696 826 312, email:<b>\u00a0<\/b>rte.lamarmita@gmail.com<\/p>\n<\/div><\/div><footer class=\"entry-footer\"><\/footer><\/article><div class=\"iconlist-timeline\"><\/div><\/li>\n<\/ul><\/div><\/div>\n\n<\/div><\/div><\/div><!-- close content main div --><\/div><\/div><div id='about-us'  class='avia-section av-av_section-5ed245d3e1edc50ad4248185fc2bf457 alternate_color avia-section-large avia-shadow  avia-builder-el-29  el_after_av_section  el_before_av_section  avia-bg-style-scroll container_wrap sidebar_right'  ><div class='container av-section-cont-open' ><div class='template-page content  av-content-small alpha units'><div class='post-entry post-entry-type-page post-entry-11540'><div class='entry-content-wrapper clearfix'>\n<div class='flex_column av-av_one_half-2a9015ff38129c418a3f2eafba3e9512 av_one_half  avia-builder-el-30  el_before_av_one_half  avia-builder-el-first  first flex_column_div '   ><section  class='av_textblock_section av-av_textblock-0366cc7376be6c9e82a3e9cc8987b64f'  itemscope=\"itemscope\" itemtype=\"https:\/\/schema.org\/CreativeWork\" ><div class='avia_textblock'  itemprop=\"text\" ><h2 style=\"text-align: right;\">Panader\u00eda l\u00b4 artica<\/h2>\n<\/div><\/section><br \/>\n<div  class='hr av-av_hr-7036307108800bfe489471e1c9c1d5a1 hr-short  avia-builder-el-32  el_after_av_textblock  el_before_av_slideshow  hr-right'><span class='hr-inner '><span class=\"hr-inner-style\"><\/span><\/span><\/div><br \/>\n<div  class='avia-slideshow av-av_slideshow-4f7b2b5f417e5e1a781935034c419496 avia-slideshow-no scaling av_slideshow avia-slide-slider  avia-builder-el-33  el_after_av_hr  el_before_av_hr  av-default-height-applied avia-slideshow-4'  data-size='no scaling'  data-lightbox_size='large'  data-animation='slide'  data-conditional_play=''  data-ids='7803,7802'  data-video_counter='0'  data-autoplay='true'  data-bg_slider='false'  data-slide_height=''  data-handle='av_slideshow'  data-interval='5'  data-class=' avia-builder-el-33  el_after_av_hr  el_before_av_hr '  data-extra_class=''  data-el_id=''  data-css_id=''  data-scroll_down=''  data-control_layout=''  data-custom_markup=''  data-perma_caption=''  data-autoplay_stopper=''  data-image_attachment=''  data-min_height='0px'  data-lazy_loading='disabled'  data-default-height='92.672998643148'  data-img_scrset=''  data-av-desktop-hide=''  data-av-medium-hide=''  data-av-small-hide=''  data-av-mini-hide=''  data-alb_description=''  data-id=''  data-custom_class=''  data-template_class=''  data-av_uid=''  data-sc_version='1.0'  data-heading_tag=''  data-heading_class=''   itemprop=\"image\" itemscope=\"itemscope\" itemtype=\"https:\/\/schema.org\/ImageObject\" ><ul class='avia-slideshow-inner ' style='padding-bottom: 92.672998643148%;'><li  class='avia-slideshow-slide av-av_slideshow-4f7b2b5f417e5e1a781935034c419496__0  slide-1 ' ><div data-rel='slideshow-4' class='avia-slide-wrap '   ><img decoding=\"async\" class=\"wp-image-16178 avia-img-lazy-loading-not-16178\"  src=\"https:\/\/alquezarbuenaventura.com\/wp-content\/uploads\/comedorartica.jpg\" width=\"737\" height=\"683\" title='Comedor Artica Alquezar' alt=''  itemprop=\"thumbnailUrl\" srcset=\"https:\/\/alquezarbuenaventura.com\/wp-content\/uploads\/comedorartica.jpg 737w, https:\/\/alquezarbuenaventura.com\/wp-content\/uploads\/comedorartica-300x278.jpg 300w, https:\/\/alquezarbuenaventura.com\/wp-content\/uploads\/comedorartica-705x653.jpg 705w, https:\/\/alquezarbuenaventura.com\/wp-content\/uploads\/comedorartica-450x417.jpg 450w\" sizes=\"(max-width: 737px) 100vw, 737px\" \/><\/div><\/li><li  class='avia-slideshow-slide av-av_slideshow-4f7b2b5f417e5e1a781935034c419496__1  slide-2 ' ><div data-rel='slideshow-4' class='avia-slide-wrap '   ><img decoding=\"async\" class=\"wp-image-16176 avia-img-lazy-loading-not-16176\"  src=\"https:\/\/alquezarbuenaventura.com\/wp-content\/uploads\/hamburguesaartica.jpg\" width=\"810\" height=\"750\" title='Hamburguesa Artica Alquezar' alt=''  itemprop=\"thumbnailUrl\" srcset=\"https:\/\/alquezarbuenaventura.com\/wp-content\/uploads\/hamburguesaartica.jpg 810w, https:\/\/alquezarbuenaventura.com\/wp-content\/uploads\/hamburguesaartica-300x278.jpg 300w, https:\/\/alquezarbuenaventura.com\/wp-content\/uploads\/hamburguesaartica-705x653.jpg 705w, https:\/\/alquezarbuenaventura.com\/wp-content\/uploads\/hamburguesaartica-450x417.jpg 450w\" sizes=\"(max-width: 810px) 100vw, 810px\" \/><\/div><\/li><\/ul><div class='avia-slideshow-arrows avia-slideshow-controls' ><a href='#prev' class='prev-slide ' aria-hidden='true' data-av_icon='\ue87c' data-av_iconfont='entypo-fontello'  tabindex='-1'>Previous<\/a><a href='#next' class='next-slide ' aria-hidden='true' data-av_icon='\ue87d' data-av_iconfont='entypo-fontello'  tabindex='-1'>Next<\/a><\/div><div class='avia-slideshow-dots avia-slideshow-controls'><a href='#1' class='goto-slide active' >1<\/a><a href='#2' class='goto-slide ' >2<\/a><\/div><\/div><br \/>\n<div  class='hr av-av_hr-7036307108800bfe489471e1c9c1d5a1 hr-short  avia-builder-el-34  el_after_av_slideshow  el_before_av_button  hr-right'><span class='hr-inner '><span class=\"hr-inner-style\"><\/span><\/span><\/div><br \/>\n<div  class='avia-button-wrap avia-button-right  avia-builder-el-35  el_after_av_hr  avia-builder-el-last ' ><a href='https:\/\/www.google.es\/maps\/dir\/\/Panader%C3%ADa+L\u2019Artica,+Calle+la+Iglesia,+1,+22145+Alqu%C3%A9zar,+Huesca\/@42.1727077,-0.0435005,12z\/data=!3m1!4b1!4m8!4m7!1m0!1m5!1m1!1s0x12a78a3991fe84e7:0x220cd0fcb34a4e5d!2m2!1d0.02654!2d42.172729' class='avia-button av-av_button-c0ab8906cf860b1e754df0cffac85a7d avia-icon_select-yes-left-icon avia-size-large avia-position-right avia-color-theme-color-subtle' target=\"_blank\" rel=\"noopener noreferrer\"><span class='avia_button_icon avia_button_icon_left' aria-hidden='true' data-av_icon='\ue80b' data-av_iconfont='entypo-fontello'><\/span><span class='avia_iconbox_title' >Como llegar<\/span><\/a><\/div><\/p><\/div>\n<style type=\"text\/css\" data-created_by=\"avia_inline_auto\" id=\"style-css-av-av_one_half-9c1d454dc06f7247226bc4e8f931daae\">\n.flex_column.av-av_one_half-9c1d454dc06f7247226bc4e8f931daae{\nborder-radius:0px 0px 0px 0px;\n-webkit-border-radius:0px 0px 0px 0px;\n-moz-border-radius:0px 0px 0px 0px;\n}\n<\/style>\n<div class='flex_column av-av_one_half-9c1d454dc06f7247226bc4e8f931daae av_one_half  avia-builder-el-36  el_after_av_one_half  avia-builder-el-last  flex_column_div av-zero-column-padding '   ><p><div  class='hr av-av_hr-7036307108800bfe489471e1c9c1d5a1 hr-short  avia-builder-el-37  el_before_av_iconlist  avia-builder-el-first  hr-right'><span class='hr-inner '><span class=\"hr-inner-style\"><\/span><\/span><\/div><br \/>\n<div  class='avia-icon-list-container av-av_iconlist-c9265973fe37925e1675fd541a8fb5d9  avia-builder-el-38  el_after_av_hr  avia-builder-el-last '><ul class='avia-icon-list avia_animate_when_almost_visible avia-icon-list-left av-iconlist-big av-av_iconlist-c9265973fe37925e1675fd541a8fb5d9 avia-iconlist-animate'>\n<li><div class='iconlist_icon av-av_iconlist_item-d596de65be8ea4de00d4f0207df433ff avia-font-entypo-fontello'><span class='iconlist-char' aria-hidden='true' data-av_icon='\ue81f' data-av_iconfont='entypo-fontello'><\/span><\/div><article class=\"article-icon-entry \"  itemscope=\"itemscope\" itemtype=\"https:\/\/schema.org\/CreativeWork\" ><div class=\"iconlist_content_wrap\"><header class=\"entry-content-header\"><h4 class='av_iconlist_title iconlist_title  '  itemprop=\"headline\" >DESCRIPCION<\/h4><\/header><div class='iconlist_content '  itemprop=\"text\" ><p><span class=\"sub-txt\">L\u2019Artica es un obrador de pan y cafeter\u00eda con <\/span>degustaci\u00f3n de productos tanto dulces como salados.<\/p>\n<p>Sus dos terrazas, con extraordinarias vistas panor\u00e1micas al barranco del rio Vero y a la Colegiata de Sta. M\u00aa La Mayor, son ideales para un desayuno o comida.<\/p>\n<\/div><\/div><footer class=\"entry-footer\"><\/footer><\/article><div class=\"iconlist-timeline\"><\/div><\/li>\n<li><div class='iconlist_icon av-av_iconlist_item-3698e561bf8f78df04d36e5f1cdae446 avia-font-entypo-fontello'><span class='iconlist-char' aria-hidden='true' data-av_icon='\ue821' data-av_iconfont='entypo-fontello'><\/span><\/div><article class=\"article-icon-entry \"  itemscope=\"itemscope\" itemtype=\"https:\/\/schema.org\/CreativeWork\" ><div class=\"iconlist_content_wrap\"><header class=\"entry-content-header\"><h4 class='av_iconlist_title iconlist_title  '  itemprop=\"headline\" >CAPACIDAD<\/h4><\/header><div class='iconlist_content '  itemprop=\"text\" ><p>Con capacidad\u00a0 para 65 personas en dos plantas, 30 en la planta calle y 35 en la superior.<\/p>\n<\/div><\/div><footer class=\"entry-footer\"><\/footer><\/article><div class=\"iconlist-timeline\"><\/div><\/li>\n<li><div class='iconlist_icon av-av_iconlist_item-2f69efd9f3c85a6151c8d194fd99e42f avia-font-entypo-fontello'><span class='iconlist-char' aria-hidden='true' data-av_icon='\ue82b' data-av_iconfont='entypo-fontello'><\/span><\/div><article class=\"article-icon-entry \"  itemscope=\"itemscope\" itemtype=\"https:\/\/schema.org\/CreativeWork\" ><div class=\"iconlist_content_wrap\"><header class=\"entry-content-header\"><h4 class='av_iconlist_title iconlist_title  '  itemprop=\"headline\" >TE GUSTARA POR...<\/h4><\/header><div class='iconlist_content '  itemprop=\"text\" ><p>L\u00b4Artica tiene una carta ideal para comer hamburguesas, pizzas, tostadas y ensaladas. Os recomendamos probar el bocadillo &#8220;Espartero&#8221;, la hamburguesa y los dobladillos de almendra.<\/p>\n<\/div><\/div><footer class=\"entry-footer\"><\/footer><\/article><div class=\"iconlist-timeline\"><\/div><\/li>\n<li><div class='iconlist_icon av-av_iconlist_item-533ebb7f5f570d209dbc04cf75de3bd7 avia-font-entypo-fontello'><span class='iconlist-char' aria-hidden='true' data-av_icon='\ue805' data-av_iconfont='entypo-fontello'><\/span><\/div><article class=\"article-icon-entry \"  itemscope=\"itemscope\" itemtype=\"https:\/\/schema.org\/CreativeWork\" ><div class=\"iconlist_content_wrap\"><header class=\"entry-content-header\"><h4 class='av_iconlist_title iconlist_title  '  itemprop=\"headline\" >RESERVAS<\/h4><\/header><div class='iconlist_content '  itemprop=\"text\" ><p>Llama a (+34)615 417 396 escribe un email: info@panaderialartica.com<\/p>\n<\/div><\/div><footer class=\"entry-footer\"><\/footer><\/article><div class=\"iconlist-timeline\"><\/div><\/li>\n<\/ul><\/div><\/p><\/div>\n\n<\/div><\/div><\/div><!-- close content main div --><\/div><\/div><div id='about-us'  class='avia-section av-av_section-5ed245d3e1edc50ad4248185fc2bf457 alternate_color avia-section-large avia-shadow  avia-builder-el-39  el_after_av_section  el_before_av_section  avia-bg-style-scroll container_wrap sidebar_right'  ><div class='container av-section-cont-open' ><div class='template-page content  av-content-small alpha units'><div class='post-entry post-entry-type-page post-entry-11540'><div class='entry-content-wrapper clearfix'>\n<div class='flex_column av-av_one_half-2a9015ff38129c418a3f2eafba3e9512 av_one_half  avia-builder-el-40  el_before_av_one_half  avia-builder-el-first  first flex_column_div '   ><section  class='av_textblock_section av-av_textblock-0366cc7376be6c9e82a3e9cc8987b64f'  itemscope=\"itemscope\" itemtype=\"https:\/\/schema.org\/CreativeWork\" ><div class='avia_textblock'  itemprop=\"text\" ><h2 style=\"text-align: right;\">Casa Pardina<\/h2>\n<\/div><\/section><br \/>\n<div  class='hr av-av_hr-7036307108800bfe489471e1c9c1d5a1 hr-short  avia-builder-el-42  el_after_av_textblock  el_before_av_slideshow  hr-right'><span class='hr-inner '><span class=\"hr-inner-style\"><\/span><\/span><\/div><br \/>\n<div  class='avia-slideshow av-av_slideshow-215ba16fbd577a32ac72cde402fefd60 avia-slideshow-no scaling av_slideshow avia-slide-slider  avia-builder-el-43  el_after_av_hr  el_before_av_hr  av-default-height-applied avia-slideshow-5'  data-size='no scaling'  data-lightbox_size='large'  data-animation='slide'  data-conditional_play=''  data-ids='7872,7874,7873'  data-video_counter='0'  data-autoplay='true'  data-bg_slider='false'  data-slide_height=''  data-handle='av_slideshow'  data-interval='3'  data-class=' avia-builder-el-43  el_after_av_hr  el_before_av_hr '  data-extra_class=''  data-el_id=''  data-css_id=''  data-scroll_down=''  data-control_layout=''  data-custom_markup=''  data-perma_caption=''  data-autoplay_stopper=''  data-image_attachment=''  data-min_height='0px'  data-lazy_loading='disabled'  data-default-height='107.93650793651'  data-img_scrset=''  data-av-desktop-hide=''  data-av-medium-hide=''  data-av-small-hide=''  data-av-mini-hide=''  data-alb_description=''  data-id=''  data-custom_class=''  data-template_class=''  data-av_uid=''  data-sc_version='1.0'  data-heading_tag=''  data-heading_class=''   itemprop=\"image\" itemscope=\"itemscope\" itemtype=\"https:\/\/schema.org\/ImageObject\" ><ul class='avia-slideshow-inner ' style='padding-bottom: 107.93650793651%;'><li  class='avia-slideshow-slide av-av_slideshow-215ba16fbd577a32ac72cde402fefd60__0  slide-1 ' ><div data-rel='slideshow-5' class='avia-slide-wrap '   ><img decoding=\"async\" class=\"wp-image-16312 avia-img-lazy-loading-not-16312\"  src=\"https:\/\/alquezarbuenaventura.com\/wp-content\/uploads\/1.-Terraza-Casa-Gervasio.jpg\" width=\"567\" height=\"612\" title='1.-Terraza-Casa-Gervasio' alt=''  itemprop=\"thumbnailUrl\" srcset=\"https:\/\/alquezarbuenaventura.com\/wp-content\/uploads\/1.-Terraza-Casa-Gervasio.jpg 567w, https:\/\/alquezarbuenaventura.com\/wp-content\/uploads\/1.-Terraza-Casa-Gervasio-278x300.jpg 278w, https:\/\/alquezarbuenaventura.com\/wp-content\/uploads\/1.-Terraza-Casa-Gervasio-450x486.jpg 450w\" sizes=\"(max-width: 567px) 100vw, 567px\" \/><\/div><\/li><li  class='avia-slideshow-slide av-av_slideshow-215ba16fbd577a32ac72cde402fefd60__1  slide-2 ' ><div data-rel='slideshow-5' class='avia-slide-wrap '   ><img decoding=\"async\" class=\"wp-image-16316 avia-img-lazy-loading-not-16316\"  src=\"https:\/\/alquezarbuenaventura.com\/wp-content\/uploads\/8.-Terraza-Casa-Gervasio.jpg\" width=\"567\" height=\"612\" title='8.-Terraza-Casa-Gervasio' alt=''  itemprop=\"thumbnailUrl\" srcset=\"https:\/\/alquezarbuenaventura.com\/wp-content\/uploads\/8.-Terraza-Casa-Gervasio.jpg 567w, https:\/\/alquezarbuenaventura.com\/wp-content\/uploads\/8.-Terraza-Casa-Gervasio-278x300.jpg 278w, https:\/\/alquezarbuenaventura.com\/wp-content\/uploads\/8.-Terraza-Casa-Gervasio-450x486.jpg 450w\" sizes=\"(max-width: 567px) 100vw, 567px\" \/><\/div><\/li><li  class='avia-slideshow-slide av-av_slideshow-215ba16fbd577a32ac72cde402fefd60__2  slide-3 ' ><div data-rel='slideshow-5' class='avia-slide-wrap '   ><img decoding=\"async\" class=\"wp-image-16314 avia-img-lazy-loading-not-16314\"  src=\"https:\/\/alquezarbuenaventura.com\/wp-content\/uploads\/12.-Restaurante-Casa-Gervasio-Alquezar.jpg\" width=\"567\" height=\"612\" title='12.-Restaurante-Casa-Gervasio-Alquezar' alt=''  itemprop=\"thumbnailUrl\" srcset=\"https:\/\/alquezarbuenaventura.com\/wp-content\/uploads\/12.-Restaurante-Casa-Gervasio-Alquezar.jpg 567w, https:\/\/alquezarbuenaventura.com\/wp-content\/uploads\/12.-Restaurante-Casa-Gervasio-Alquezar-278x300.jpg 278w, https:\/\/alquezarbuenaventura.com\/wp-content\/uploads\/12.-Restaurante-Casa-Gervasio-Alquezar-450x486.jpg 450w\" sizes=\"(max-width: 567px) 100vw, 567px\" \/><\/div><\/li><\/ul><div class='avia-slideshow-arrows avia-slideshow-controls' ><a href='#prev' class='prev-slide ' aria-hidden='true' data-av_icon='\ue87c' data-av_iconfont='entypo-fontello'  tabindex='-1'>Previous<\/a><a href='#next' class='next-slide ' aria-hidden='true' data-av_icon='\ue87d' data-av_iconfont='entypo-fontello'  tabindex='-1'>Next<\/a><\/div><div class='avia-slideshow-dots avia-slideshow-controls'><a href='#1' class='goto-slide active' >1<\/a><a href='#2' class='goto-slide ' >2<\/a><a href='#3' class='goto-slide ' >3<\/a><\/div><\/div><br \/>\n<div  class='hr av-av_hr-7036307108800bfe489471e1c9c1d5a1 hr-short  avia-builder-el-44  el_after_av_slideshow  el_before_av_button  hr-right'><span class='hr-inner '><span class=\"hr-inner-style\"><\/span><\/span><\/div><br \/>\n<div  class='avia-button-wrap avia-button-right  avia-builder-el-45  el_after_av_hr  avia-builder-el-last ' ><a href='https:\/\/www.google.es\/maps\/dir\/\/Restaurante+Casa+Pardina,+Calle+Medio,+22145+Alqu%C3%A9zar,+Huesca\/@42.1724177,-0.0095143,13z\/data=!3m1!4b1!4m8!4m7!1m0!1m5!1m1!1s0xd5875f40304bdb7:0x90f060cc7091d225!2m2!1d0.025505!2d42.172423' class='avia-button av-av_button-f8aa1165268b8667e81e435823a097d4 avia-icon_select-yes-left-icon avia-size-large avia-position-right avia-color-theme-color-subtle' target=\"_blank\" rel=\"noopener noreferrer\"><span class='avia_button_icon avia_button_icon_left' aria-hidden='true' data-av_icon='\ue80b' data-av_iconfont='entypo-fontello'><\/span><span class='avia_iconbox_title' >Como llegar<\/span><\/a><\/div><\/p><\/div>\n<style type=\"text\/css\" data-created_by=\"avia_inline_auto\" id=\"style-css-av-av_one_half-9c1d454dc06f7247226bc4e8f931daae\">\n.flex_column.av-av_one_half-9c1d454dc06f7247226bc4e8f931daae{\nborder-radius:0px 0px 0px 0px;\n-webkit-border-radius:0px 0px 0px 0px;\n-moz-border-radius:0px 0px 0px 0px;\n}\n<\/style>\n<div class='flex_column av-av_one_half-9c1d454dc06f7247226bc4e8f931daae av_one_half  avia-builder-el-46  el_after_av_one_half  avia-builder-el-last  flex_column_div av-zero-column-padding '   ><div  class='avia-icon-list-container av-av_iconlist-c9265973fe37925e1675fd541a8fb5d9  avia-builder-el-47  avia-builder-el-no-sibling '><ul class='avia-icon-list avia_animate_when_almost_visible avia-icon-list-left av-iconlist-big av-av_iconlist-c9265973fe37925e1675fd541a8fb5d9 avia-iconlist-animate'>\n<li><div class='iconlist_icon av-av_iconlist_item-d596de65be8ea4de00d4f0207df433ff avia-font-entypo-fontello'><span class='iconlist-char' aria-hidden='true' data-av_icon='\ue81f' data-av_iconfont='entypo-fontello'><\/span><\/div><article class=\"article-icon-entry \"  itemscope=\"itemscope\" itemtype=\"https:\/\/schema.org\/CreativeWork\" ><div class=\"iconlist_content_wrap\"><header class=\"entry-content-header\"><h4 class='av_iconlist_title iconlist_title  '  itemprop=\"headline\" >DESCRIPCION<\/h4><\/header><div class='iconlist_content '  itemprop=\"text\" ><p>Casa Pardina apuesta por los platos que representan las tradiciones locales, utiliza fant\u00e1sticos productos de la tierra, cocinados a la perfecci\u00f3n y servidos en uno de los restaurantes con m\u00e1s encanto de Alqu\u00e9zar.<\/p>\n<\/div><\/div><footer class=\"entry-footer\"><\/footer><\/article><div class=\"iconlist-timeline\"><\/div><\/li>\n<li><div class='iconlist_icon av-av_iconlist_item-c0b1b61df5915bb546117865fddafcc6 avia-font-entypo-fontello'><span class='iconlist-char' aria-hidden='true' data-av_icon='\ue827' data-av_iconfont='entypo-fontello'><\/span><\/div><article class=\"article-icon-entry \"  itemscope=\"itemscope\" itemtype=\"https:\/\/schema.org\/CreativeWork\" ><div class=\"iconlist_content_wrap\"><header class=\"entry-content-header\"><h4 class='av_iconlist_title iconlist_title  '  itemprop=\"headline\" >\u00bfCUANTO CUESTA?<\/h4><\/header><div class='iconlist_content '  itemprop=\"text\" ><p>28\u20ac- 37\u20ac<\/p>\n<\/div><\/div><footer class=\"entry-footer\"><\/footer><\/article><div class=\"iconlist-timeline\"><\/div><\/li>\n<li><div class='iconlist_icon av-av_iconlist_item-3698e561bf8f78df04d36e5f1cdae446 avia-font-entypo-fontello'><span class='iconlist-char' aria-hidden='true' data-av_icon='\ue821' data-av_iconfont='entypo-fontello'><\/span><\/div><article class=\"article-icon-entry \"  itemscope=\"itemscope\" itemtype=\"https:\/\/schema.org\/CreativeWork\" ><div class=\"iconlist_content_wrap\"><header class=\"entry-content-header\"><h4 class='av_iconlist_title iconlist_title  '  itemprop=\"headline\" >CAPACIDAD<\/h4><\/header><div class='iconlist_content '  itemprop=\"text\" ><p>40 comensales\u00a0exterior (terraza) \/y 50 interior.<\/p>\n<\/div><\/div><footer class=\"entry-footer\"><\/footer><\/article><div class=\"iconlist-timeline\"><\/div><\/li>\n<li><div class='iconlist_icon av-av_iconlist_item-9a69d3dad6037ae147e7c8c1bd3547bd avia-font-entypo-fontello'><span class='iconlist-char' aria-hidden='true' data-av_icon='\ue82b' data-av_iconfont='entypo-fontello'><\/span><\/div><article class=\"article-icon-entry \"  itemscope=\"itemscope\" itemtype=\"https:\/\/schema.org\/CreativeWork\" ><div class=\"iconlist_content_wrap\"><header class=\"entry-content-header\"><h4 class='av_iconlist_title iconlist_title  '  itemprop=\"headline\" >TE GUSTARA ...<\/h4><\/header><div class='iconlist_content '  itemprop=\"text\" ><p>La terraza para cenar en Verano con un ambiente relajado, tranquilo, rodeados de olivos, plantas y unas vistas inmejorables. La comida excelente.<\/p>\n<p>Vas a poder degustar platos tradicionales como\u00a0\u201cChanflaina con chireta\u201d, las tortetas, los caracoles con ajoaceite, y tambi\u00e9n te recomendamos los champi\u00f1ones rellenos al horno, el bacalao a la muselina y el cordero a la brasa.<\/p>\n<div><\/div>\n<\/div><\/div><footer class=\"entry-footer\"><\/footer><\/article><div class=\"iconlist-timeline\"><\/div><\/li>\n<li><div class='iconlist_icon av-av_iconlist_item-25ab24d6bc8e262b62fe6cc2965e4e23 avia-font-entypo-fontello'><span class='iconlist-char' aria-hidden='true' data-av_icon='\ue805' data-av_iconfont='entypo-fontello'><\/span><\/div><article class=\"article-icon-entry \"  itemscope=\"itemscope\" itemtype=\"https:\/\/schema.org\/CreativeWork\" ><div class=\"iconlist_content_wrap\"><header class=\"entry-content-header\"><h4 class='av_iconlist_title iconlist_title  '  itemprop=\"headline\" >Reservalo!<\/h4><\/header><div class='iconlist_content '  itemprop=\"text\" ><p>Llama al 974 318 425 o escribe un email: restaurante@casapardina.com<\/p>\n<\/div><\/div><footer class=\"entry-footer\"><\/footer><\/article><div class=\"iconlist-timeline\"><\/div><\/li>\n<\/ul><\/div><\/div>\n\n<\/div><\/div><\/div><!-- close content main div --><\/div><\/div><div id='about-us'  class='avia-section av-av_section-5ed245d3e1edc50ad4248185fc2bf457 alternate_color avia-section-large avia-shadow  avia-builder-el-48  el_after_av_section  el_before_av_section  avia-bg-style-scroll container_wrap sidebar_right'  ><div class='container av-section-cont-open' ><div class='template-page content  av-content-small alpha units'><div class='post-entry post-entry-type-page post-entry-11540'><div class='entry-content-wrapper clearfix'>\n<div class='flex_column av-av_one_half-2a9015ff38129c418a3f2eafba3e9512 av_one_half  avia-builder-el-49  el_before_av_one_half  avia-builder-el-first  first flex_column_div '   ><section  class='av_textblock_section av-av_textblock-0366cc7376be6c9e82a3e9cc8987b64f'  itemscope=\"itemscope\" itemtype=\"https:\/\/schema.org\/CreativeWork\" ><div class='avia_textblock'  itemprop=\"text\" ><h2 style=\"text-align: right;\">Cafeter\u00eda &#8211; Bar Villacantal<\/h2>\n<\/div><\/section><br \/>\n<div  class='hr av-av_hr-7036307108800bfe489471e1c9c1d5a1 hr-short  avia-builder-el-51  el_after_av_textblock  el_before_av_slideshow  hr-right'><span class='hr-inner '><span class=\"hr-inner-style\"><\/span><\/span><\/div><br \/>\n<div  class='avia-slideshow av-av_slideshow-d89d64e912d318562444fe5e6fc92606 avia-slideshow-gallery av_slideshow avia-slide-slider  avia-builder-el-52  el_after_av_hr  el_before_av_hr  av-default-height-applied avia-slideshow-6'  data-size='gallery'  data-lightbox_size='large'  data-animation='slide'  data-conditional_play=''  data-ids='7202,7204,7203'  data-video_counter='0'  data-autoplay='true'  data-bg_slider='false'  data-slide_height=''  data-handle='av_slideshow'  data-interval='3'  data-class=' avia-builder-el-52  el_after_av_hr  el_before_av_hr '  data-extra_class=''  data-el_id=''  data-css_id=''  data-scroll_down=''  data-control_layout=''  data-custom_markup=''  data-perma_caption=''  data-autoplay_stopper=''  data-image_attachment=''  data-min_height='0px'  data-lazy_loading='disabled'  data-default-height='80.94674556213'  data-img_scrset=''  data-av-desktop-hide=''  data-av-medium-hide=''  data-av-small-hide=''  data-av-mini-hide=''  data-alb_description=''  data-id=''  data-custom_class=''  data-template_class=''  data-av_uid=''  data-sc_version='1.0'  data-heading_tag=''  data-heading_class=''   itemprop=\"image\" itemscope=\"itemscope\" itemtype=\"https:\/\/schema.org\/ImageObject\" ><ul class='avia-slideshow-inner ' style='padding-bottom: 80.94674556213%;'><\/ul><\/div><br \/>\n<div  class='hr av-av_hr-7036307108800bfe489471e1c9c1d5a1 hr-short  avia-builder-el-53  el_after_av_slideshow  el_before_av_button  hr-right'><span class='hr-inner '><span class=\"hr-inner-style\"><\/span><\/span><\/div><br \/>\n<div  class='avia-button-wrap avia-button-right  avia-builder-el-54  el_after_av_hr  avia-builder-el-last ' ><a href='https:\/\/www.google.es\/maps\/dir\/\/Bar+VillaCantal,+Plaza+Rafael+Ayerbe,+Alqu%C3%A9zar\/@42.1729499,-0.0088649,13z\/data=!3m1!4b1!4m8!4m7!1m0!1m5!1m1!1s0x12a78a399a3c339f:0xa6a29a45f2549478!2m2!1d0.0261544!2d42.1729552' class='avia-button av-av_button-903dc93c4fa347fd190fc6fc423e7383 avia-icon_select-yes-left-icon avia-size-large avia-position-right avia-color-theme-color-subtle' target=\"_blank\" rel=\"noopener noreferrer\"><span class='avia_button_icon avia_button_icon_left' aria-hidden='true' data-av_icon='\ue80b' data-av_iconfont='entypo-fontello'><\/span><span class='avia_iconbox_title' >Como llegar<\/span><\/a><\/div><\/p><\/div>\n<style type=\"text\/css\" data-created_by=\"avia_inline_auto\" id=\"style-css-av-av_one_half-9c1d454dc06f7247226bc4e8f931daae\">\n.flex_column.av-av_one_half-9c1d454dc06f7247226bc4e8f931daae{\nborder-radius:0px 0px 0px 0px;\n-webkit-border-radius:0px 0px 0px 0px;\n-moz-border-radius:0px 0px 0px 0px;\n}\n<\/style>\n<div class='flex_column av-av_one_half-9c1d454dc06f7247226bc4e8f931daae av_one_half  avia-builder-el-55  el_after_av_one_half  avia-builder-el-last  flex_column_div av-zero-column-padding '   ><div  class='avia-icon-list-container av-av_iconlist-c9265973fe37925e1675fd541a8fb5d9  avia-builder-el-56  avia-builder-el-no-sibling '><ul class='avia-icon-list avia_animate_when_almost_visible avia-icon-list-left av-iconlist-big av-av_iconlist-c9265973fe37925e1675fd541a8fb5d9 avia-iconlist-animate'>\n<li><div class='iconlist_icon av-av_iconlist_item-d596de65be8ea4de00d4f0207df433ff avia-font-entypo-fontello'><span class='iconlist-char' aria-hidden='true' data-av_icon='\ue81f' data-av_iconfont='entypo-fontello'><\/span><\/div><article class=\"article-icon-entry \"  itemscope=\"itemscope\" itemtype=\"https:\/\/schema.org\/CreativeWork\" ><div class=\"iconlist_content_wrap\"><header class=\"entry-content-header\"><h4 class='av_iconlist_title iconlist_title  '  itemprop=\"headline\" >DESCRIPCION<\/h4><\/header><div class='iconlist_content '  itemprop=\"text\" ><p>Situado en la Plaza Mayor de Alqu\u00e9zar esta cafeter\u00eda os encantar\u00e1 por sus inmejorables vistas a la Pe\u00f1a Castibian y el Barranco de la Fuente.<\/p>\n<\/div><\/div><footer class=\"entry-footer\"><\/footer><\/article><div class=\"iconlist-timeline\"><\/div><\/li>\n<li><div class='iconlist_icon av-av_iconlist_item-3698e561bf8f78df04d36e5f1cdae446 avia-font-entypo-fontello'><span class='iconlist-char' aria-hidden='true' data-av_icon='\ue821' data-av_iconfont='entypo-fontello'><\/span><\/div><article class=\"article-icon-entry \"  itemscope=\"itemscope\" itemtype=\"https:\/\/schema.org\/CreativeWork\" ><div class=\"iconlist_content_wrap\"><header class=\"entry-content-header\"><h4 class='av_iconlist_title iconlist_title  '  itemprop=\"headline\" >CAPACIDAD<\/h4><\/header><div class='iconlist_content '  itemprop=\"text\" ><p>Comedor 40 plazas y terraza 50 plazas aprox.<\/p>\n<\/div><\/div><footer class=\"entry-footer\"><\/footer><\/article><div class=\"iconlist-timeline\"><\/div><\/li>\n<li><div class='iconlist_icon av-av_iconlist_item-13934271bfe4c3d41f87f4baae5c6557 avia-font-entypo-fontello'><span class='iconlist-char' aria-hidden='true' data-av_icon='\ue8ba' data-av_iconfont='entypo-fontello'><\/span><\/div><article class=\"article-icon-entry \"  itemscope=\"itemscope\" itemtype=\"https:\/\/schema.org\/CreativeWork\" ><div class=\"iconlist_content_wrap\"><header class=\"entry-content-header\"><h4 class='av_iconlist_title iconlist_title  '  itemprop=\"headline\" >\u00bfCUANTO CUESTA?<\/h4><\/header><div class='iconlist_content '  itemprop=\"text\" ><p>8\u20ac-12\u20ac<\/p>\n<\/div><\/div><footer class=\"entry-footer\"><\/footer><\/article><div class=\"iconlist-timeline\"><\/div><\/li>\n<li><div class='iconlist_icon av-av_iconlist_item-2f69efd9f3c85a6151c8d194fd99e42f avia-font-entypo-fontello'><span class='iconlist-char' aria-hidden='true' data-av_icon='\ue82b' data-av_iconfont='entypo-fontello'><\/span><\/div><article class=\"article-icon-entry \"  itemscope=\"itemscope\" itemtype=\"https:\/\/schema.org\/CreativeWork\" ><div class=\"iconlist_content_wrap\"><header class=\"entry-content-header\"><h4 class='av_iconlist_title iconlist_title  '  itemprop=\"headline\" >TE GUSTARA POR...<\/h4><\/header><div class='iconlist_content '  itemprop=\"text\" ><p>Su terraza con incre\u00edbles visitas donde se para el tiempo, mientras disfrutas de una carta muy variada de ensaladas, bocadillos, raciones y platos combinados.<\/p>\n<\/div><\/div><footer class=\"entry-footer\"><\/footer><\/article><div class=\"iconlist-timeline\"><\/div><\/li>\n<li><div class='iconlist_icon av-av_iconlist_item-25ab24d6bc8e262b62fe6cc2965e4e23 avia-font-entypo-fontello'><span class='iconlist-char' aria-hidden='true' data-av_icon='\ue805' data-av_iconfont='entypo-fontello'><\/span><\/div><article class=\"article-icon-entry \"  itemscope=\"itemscope\" itemtype=\"https:\/\/schema.org\/CreativeWork\" ><div class=\"iconlist_content_wrap\"><header class=\"entry-content-header\"><h4 class='av_iconlist_title iconlist_title  '  itemprop=\"headline\" >Reservalo!<\/h4><\/header><div class='iconlist_content '  itemprop=\"text\" ><p>LLama al 974 318 995 o escribe un email a: villacantal@orange.fr<\/p>\n<\/div><\/div><footer class=\"entry-footer\"><\/footer><\/article><div class=\"iconlist-timeline\"><\/div><\/li>\n<\/ul><\/div><\/div>\n\n<\/div><\/div><\/div><!-- close content main div --><\/div><\/div><div id='about-us'  class='avia-section av-av_section-5ed245d3e1edc50ad4248185fc2bf457 alternate_color avia-section-large avia-shadow  avia-builder-el-57  el_after_av_section  el_before_av_section  avia-bg-style-scroll container_wrap sidebar_right'  ><div class='container av-section-cont-open' ><div class='template-page content  av-content-small alpha units'><div class='post-entry post-entry-type-page post-entry-11540'><div class='entry-content-wrapper clearfix'>\n<div class='flex_column av-av_one_half-2a9015ff38129c418a3f2eafba3e9512 av_one_half  avia-builder-el-58  el_before_av_one_half  avia-builder-el-first  first flex_column_div '   ><section  class='av_textblock_section av-av_textblock-0366cc7376be6c9e82a3e9cc8987b64f'  itemscope=\"itemscope\" itemtype=\"https:\/\/schema.org\/CreativeWork\" ><div class='avia_textblock'  itemprop=\"text\" ><h2 style=\"text-align: right;\">Casa Jabonero<\/h2>\n<\/div><\/section><br \/>\n<div  class='hr av-av_hr-7036307108800bfe489471e1c9c1d5a1 hr-short  avia-builder-el-60  el_after_av_textblock  el_before_av_slideshow  hr-right'><span class='hr-inner '><span class=\"hr-inner-style\"><\/span><\/span><\/div><br \/>\n<div  class='avia-slideshow av-av_slideshow-215ba16fbd577a32ac72cde402fefd60 avia-slideshow-no scaling av_slideshow avia-slide-slider  avia-builder-el-61  el_after_av_hr  el_before_av_hr  av-default-height-applied avia-slideshow-7'  data-size='no scaling'  data-lightbox_size='large'  data-animation='slide'  data-conditional_play=''  data-ids='7872,7874,7873'  data-video_counter='0'  data-autoplay='true'  data-bg_slider='false'  data-slide_height=''  data-handle='av_slideshow'  data-interval='3'  data-class=' avia-builder-el-61  el_after_av_hr  el_before_av_hr '  data-extra_class=''  data-el_id=''  data-css_id=''  data-scroll_down=''  data-control_layout=''  data-custom_markup=''  data-perma_caption=''  data-autoplay_stopper=''  data-image_attachment=''  data-min_height='0px'  data-lazy_loading='disabled'  data-default-height='107.93650793651'  data-img_scrset=''  data-av-desktop-hide=''  data-av-medium-hide=''  data-av-small-hide=''  data-av-mini-hide=''  data-alb_description=''  data-id=''  data-custom_class=''  data-template_class=''  data-av_uid=''  data-sc_version='1.0'  data-heading_tag=''  data-heading_class=''   itemprop=\"image\" itemscope=\"itemscope\" itemtype=\"https:\/\/schema.org\/ImageObject\" ><ul class='avia-slideshow-inner ' style='padding-bottom: 107.93650793651%;'><li  class='avia-slideshow-slide av-av_slideshow-215ba16fbd577a32ac72cde402fefd60__0  slide-1 ' ><div data-rel='slideshow-7' class='avia-slide-wrap '   ><img decoding=\"async\" class=\"wp-image-16312 avia-img-lazy-loading-not-16312\"  src=\"https:\/\/alquezarbuenaventura.com\/wp-content\/uploads\/1.-Terraza-Casa-Gervasio.jpg\" width=\"567\" height=\"612\" title='1.-Terraza-Casa-Gervasio' alt=''  itemprop=\"thumbnailUrl\" srcset=\"https:\/\/alquezarbuenaventura.com\/wp-content\/uploads\/1.-Terraza-Casa-Gervasio.jpg 567w, https:\/\/alquezarbuenaventura.com\/wp-content\/uploads\/1.-Terraza-Casa-Gervasio-278x300.jpg 278w, https:\/\/alquezarbuenaventura.com\/wp-content\/uploads\/1.-Terraza-Casa-Gervasio-450x486.jpg 450w\" sizes=\"(max-width: 567px) 100vw, 567px\" \/><\/div><\/li><li  class='avia-slideshow-slide av-av_slideshow-215ba16fbd577a32ac72cde402fefd60__1  slide-2 ' ><div data-rel='slideshow-7' class='avia-slide-wrap '   ><img decoding=\"async\" class=\"wp-image-16316 avia-img-lazy-loading-not-16316\"  src=\"https:\/\/alquezarbuenaventura.com\/wp-content\/uploads\/8.-Terraza-Casa-Gervasio.jpg\" width=\"567\" height=\"612\" title='8.-Terraza-Casa-Gervasio' alt=''  itemprop=\"thumbnailUrl\" srcset=\"https:\/\/alquezarbuenaventura.com\/wp-content\/uploads\/8.-Terraza-Casa-Gervasio.jpg 567w, https:\/\/alquezarbuenaventura.com\/wp-content\/uploads\/8.-Terraza-Casa-Gervasio-278x300.jpg 278w, https:\/\/alquezarbuenaventura.com\/wp-content\/uploads\/8.-Terraza-Casa-Gervasio-450x486.jpg 450w\" sizes=\"(max-width: 567px) 100vw, 567px\" \/><\/div><\/li><li  class='avia-slideshow-slide av-av_slideshow-215ba16fbd577a32ac72cde402fefd60__2  slide-3 ' ><div data-rel='slideshow-7' class='avia-slide-wrap '   ><img decoding=\"async\" class=\"wp-image-16314 avia-img-lazy-loading-not-16314\"  src=\"https:\/\/alquezarbuenaventura.com\/wp-content\/uploads\/12.-Restaurante-Casa-Gervasio-Alquezar.jpg\" width=\"567\" height=\"612\" title='12.-Restaurante-Casa-Gervasio-Alquezar' alt=''  itemprop=\"thumbnailUrl\" srcset=\"https:\/\/alquezarbuenaventura.com\/wp-content\/uploads\/12.-Restaurante-Casa-Gervasio-Alquezar.jpg 567w, https:\/\/alquezarbuenaventura.com\/wp-content\/uploads\/12.-Restaurante-Casa-Gervasio-Alquezar-278x300.jpg 278w, https:\/\/alquezarbuenaventura.com\/wp-content\/uploads\/12.-Restaurante-Casa-Gervasio-Alquezar-450x486.jpg 450w\" sizes=\"(max-width: 567px) 100vw, 567px\" \/><\/div><\/li><\/ul><div class='avia-slideshow-arrows avia-slideshow-controls' ><a href='#prev' class='prev-slide ' aria-hidden='true' data-av_icon='\ue87c' data-av_iconfont='entypo-fontello'  tabindex='-1'>Previous<\/a><a href='#next' class='next-slide ' aria-hidden='true' data-av_icon='\ue87d' data-av_iconfont='entypo-fontello'  tabindex='-1'>Next<\/a><\/div><div class='avia-slideshow-dots avia-slideshow-controls'><a href='#1' class='goto-slide active' >1<\/a><a href='#2' class='goto-slide ' >2<\/a><a href='#3' class='goto-slide ' >3<\/a><\/div><\/div><br \/>\n<div  class='hr av-av_hr-7036307108800bfe489471e1c9c1d5a1 hr-short  avia-builder-el-62  el_after_av_slideshow  el_before_av_button  hr-right'><span class='hr-inner '><span class=\"hr-inner-style\"><\/span><\/span><\/div><br \/>\n<div  class='avia-button-wrap avia-button-right  avia-builder-el-63  el_after_av_hr  avia-builder-el-last ' ><a href='https:\/\/www.google.es\/maps\/place\/Casa+Jabonero\/@42.1725309,0.0228607,17z\/data=!3m1!4b1!4m5!3m4!1s0x12a78a3964d6bb0b:0x58e16e6a8d47e05c!8m2!3d42.1725309!4d0.0250494' class='avia-button av-av_button-84907cd64e2c3fe5d39c445025f81660 avia-icon_select-yes-left-icon avia-size-large avia-position-right avia-color-theme-color-subtle' target=\"_blank\" rel=\"noopener noreferrer\"><span class='avia_button_icon avia_button_icon_left' aria-hidden='true' data-av_icon='\ue80b' data-av_iconfont='entypo-fontello'><\/span><span class='avia_iconbox_title' >Como llegar<\/span><\/a><\/div><\/p><\/div>\n<style type=\"text\/css\" data-created_by=\"avia_inline_auto\" id=\"style-css-av-av_one_half-9c1d454dc06f7247226bc4e8f931daae\">\n.flex_column.av-av_one_half-9c1d454dc06f7247226bc4e8f931daae{\nborder-radius:0px 0px 0px 0px;\n-webkit-border-radius:0px 0px 0px 0px;\n-moz-border-radius:0px 0px 0px 0px;\n}\n<\/style>\n<div class='flex_column av-av_one_half-9c1d454dc06f7247226bc4e8f931daae av_one_half  avia-builder-el-64  el_after_av_one_half  avia-builder-el-last  flex_column_div av-zero-column-padding '   ><p><div  class='hr av-av_hr-7036307108800bfe489471e1c9c1d5a1 hr-short  avia-builder-el-65  el_before_av_iconlist  avia-builder-el-first  hr-right'><span class='hr-inner '><span class=\"hr-inner-style\"><\/span><\/span><\/div><br \/>\n<div  class='avia-icon-list-container av-av_iconlist-c9265973fe37925e1675fd541a8fb5d9  avia-builder-el-66  el_after_av_hr  avia-builder-el-last '><ul class='avia-icon-list avia_animate_when_almost_visible avia-icon-list-left av-iconlist-big av-av_iconlist-c9265973fe37925e1675fd541a8fb5d9 avia-iconlist-animate'>\n<li><div class='iconlist_icon av-av_iconlist_item-d596de65be8ea4de00d4f0207df433ff avia-font-entypo-fontello'><span class='iconlist-char' aria-hidden='true' data-av_icon='\ue81f' data-av_iconfont='entypo-fontello'><\/span><\/div><article class=\"article-icon-entry \"  itemscope=\"itemscope\" itemtype=\"https:\/\/schema.org\/CreativeWork\" ><div class=\"iconlist_content_wrap\"><header class=\"entry-content-header\"><h4 class='av_iconlist_title iconlist_title  '  itemprop=\"headline\" >DESCRIPCION<\/h4><\/header><div class='iconlist_content '  itemprop=\"text\" ><p>La Casa Jabonero ofrece cocina tradicional en pleno centro de la Villa de Alqu\u00e9zar. Dispone de bar y restaurante con terraza exterior.<\/p>\n<p>Men\u00fa casero y trato familiar \u00a0por parte de los due\u00f1os que te hacen sentir como en casa.<\/p>\n<\/div><\/div><footer class=\"entry-footer\"><\/footer><\/article><div class=\"iconlist-timeline\"><\/div><\/li>\n<li><div class='iconlist_icon av-av_iconlist_item-3698e561bf8f78df04d36e5f1cdae446 avia-font-entypo-fontello'><span class='iconlist-char' aria-hidden='true' data-av_icon='\ue821' data-av_iconfont='entypo-fontello'><\/span><\/div><article class=\"article-icon-entry \"  itemscope=\"itemscope\" itemtype=\"https:\/\/schema.org\/CreativeWork\" ><div class=\"iconlist_content_wrap\"><header class=\"entry-content-header\"><h4 class='av_iconlist_title iconlist_title  '  itemprop=\"headline\" >CAPACIDAD<\/h4><\/header><div class='iconlist_content '  itemprop=\"text\" ><p>Consultar<\/p>\n<\/div><\/div><footer class=\"entry-footer\"><\/footer><\/article><div class=\"iconlist-timeline\"><\/div><\/li>\n<li><div class='iconlist_icon av-av_iconlist_item-c0b1b61df5915bb546117865fddafcc6 avia-font-entypo-fontello'><span class='iconlist-char' aria-hidden='true' data-av_icon='\ue827' data-av_iconfont='entypo-fontello'><\/span><\/div><article class=\"article-icon-entry \"  itemscope=\"itemscope\" itemtype=\"https:\/\/schema.org\/CreativeWork\" ><div class=\"iconlist_content_wrap\"><header class=\"entry-content-header\"><h4 class='av_iconlist_title iconlist_title  '  itemprop=\"headline\" >\u00bfCUANTO CUESTA?<\/h4><\/header><div class='iconlist_content '  itemprop=\"text\" ><p>Men\u00fa 15\u20ac<\/p>\n<\/div><\/div><footer class=\"entry-footer\"><\/footer><\/article><div class=\"iconlist-timeline\"><\/div><\/li>\n<li><div class='iconlist_icon av-av_iconlist_item-504aa16cc853dfcb087f3eb17863ed4a avia-font-entypo-fontello'><span class='iconlist-char' aria-hidden='true' data-av_icon='\ue82b' data-av_iconfont='entypo-fontello'><\/span><\/div><article class=\"article-icon-entry \"  itemscope=\"itemscope\" itemtype=\"https:\/\/schema.org\/CreativeWork\" ><div class=\"iconlist_content_wrap\"><header class=\"entry-content-header\"><h4 class='av_iconlist_title iconlist_title  '  itemprop=\"headline\" >TIENES QUE PROBAR<\/h4><\/header><div class='iconlist_content '  itemprop=\"text\" ><p>Especialidad en carne a la brasa , cordero, chulet\u00f3n, churrasco, longaniza, picant\u00f3n, etc.<\/p>\n<p>Tambi\u00e9n tienes que probar las alcachofas salteadas, la tostada de escalibada , la sepia a la plancha y el delicioso flan de cafe casero.<\/p>\n<div class=\"review_item_review_content\"><\/div>\n<div class=\"destination-review-item\"><\/div>\n<\/div><\/div><footer class=\"entry-footer\"><\/footer><\/article><div class=\"iconlist-timeline\"><\/div><\/li>\n<li><div class='iconlist_icon av-av_iconlist_item-eb030586b76f9bf1c8b550041a1c6247 avia-font-entypo-fontello'><span class='iconlist-char' aria-hidden='true' data-av_icon='\ue800' data-av_iconfont='entypo-fontello'><\/span><\/div><article class=\"article-icon-entry \"  itemscope=\"itemscope\" itemtype=\"https:\/\/schema.org\/CreativeWork\" ><div class=\"iconlist_content_wrap\"><header class=\"entry-content-header\"><h4 class='av_iconlist_title iconlist_title  '  itemprop=\"headline\" >RESERVARLO!<\/h4><\/header><div class='iconlist_content '  itemprop=\"text\" ><p>Tel\u00e9fonos \u00a0974 318 908 &#8211; 630 067 616<\/p>\n<\/div><\/div><footer class=\"entry-footer\"><\/footer><\/article><div class=\"iconlist-timeline\"><\/div><\/li>\n<\/ul><\/div><\/p><\/div>\n\n<\/div><\/div><\/div><!-- close content main div --><\/div><\/div><div id='about-us'  class='avia-section av-av_section-5ed245d3e1edc50ad4248185fc2bf457 alternate_color avia-section-large avia-shadow  avia-builder-el-67  el_after_av_section  el_before_av_section  avia-bg-style-scroll container_wrap sidebar_right'  ><div class='container av-section-cont-open' ><div class='template-page content  av-content-small alpha units'><div class='post-entry post-entry-type-page post-entry-11540'><div class='entry-content-wrapper clearfix'>\n<div class='flex_column av-av_one_half-2a9015ff38129c418a3f2eafba3e9512 av_one_half  avia-builder-el-68  el_before_av_one_half  avia-builder-el-first  first flex_column_div '   ><section  class='av_textblock_section av-av_textblock-0366cc7376be6c9e82a3e9cc8987b64f'  itemscope=\"itemscope\" itemtype=\"https:\/\/schema.org\/CreativeWork\" ><div class='avia_textblock'  itemprop=\"text\" ><h2 style=\"text-align: right;\">Mes\u00f3n del Vero<\/h2>\n<\/div><\/section><br \/>\n<div  class='hr av-av_hr-7036307108800bfe489471e1c9c1d5a1 hr-short  avia-builder-el-70  el_after_av_textblock  el_before_av_slideshow  hr-right'><span class='hr-inner '><span class=\"hr-inner-style\"><\/span><\/span><\/div><br \/>\n<div  class='avia-slideshow av-av_slideshow-215ba16fbd577a32ac72cde402fefd60 avia-slideshow-no scaling av_slideshow avia-slide-slider  avia-builder-el-71  el_after_av_hr  el_before_av_hr  av-default-height-applied avia-slideshow-8'  data-size='no scaling'  data-lightbox_size='large'  data-animation='slide'  data-conditional_play=''  data-ids='7872,7874,7873'  data-video_counter='0'  data-autoplay='true'  data-bg_slider='false'  data-slide_height=''  data-handle='av_slideshow'  data-interval='3'  data-class=' avia-builder-el-71  el_after_av_hr  el_before_av_hr '  data-extra_class=''  data-el_id=''  data-css_id=''  data-scroll_down=''  data-control_layout=''  data-custom_markup=''  data-perma_caption=''  data-autoplay_stopper=''  data-image_attachment=''  data-min_height='0px'  data-lazy_loading='disabled'  data-default-height='107.93650793651'  data-img_scrset=''  data-av-desktop-hide=''  data-av-medium-hide=''  data-av-small-hide=''  data-av-mini-hide=''  data-alb_description=''  data-id=''  data-custom_class=''  data-template_class=''  data-av_uid=''  data-sc_version='1.0'  data-heading_tag=''  data-heading_class=''   itemprop=\"image\" itemscope=\"itemscope\" itemtype=\"https:\/\/schema.org\/ImageObject\" ><ul class='avia-slideshow-inner ' style='padding-bottom: 107.93650793651%;'><li  class='avia-slideshow-slide av-av_slideshow-215ba16fbd577a32ac72cde402fefd60__0  slide-1 ' ><div data-rel='slideshow-8' class='avia-slide-wrap '   ><img decoding=\"async\" class=\"wp-image-16312 avia-img-lazy-loading-not-16312\"  src=\"https:\/\/alquezarbuenaventura.com\/wp-content\/uploads\/1.-Terraza-Casa-Gervasio.jpg\" width=\"567\" height=\"612\" title='1.-Terraza-Casa-Gervasio' alt=''  itemprop=\"thumbnailUrl\" srcset=\"https:\/\/alquezarbuenaventura.com\/wp-content\/uploads\/1.-Terraza-Casa-Gervasio.jpg 567w, https:\/\/alquezarbuenaventura.com\/wp-content\/uploads\/1.-Terraza-Casa-Gervasio-278x300.jpg 278w, https:\/\/alquezarbuenaventura.com\/wp-content\/uploads\/1.-Terraza-Casa-Gervasio-450x486.jpg 450w\" sizes=\"(max-width: 567px) 100vw, 567px\" \/><\/div><\/li><li  class='avia-slideshow-slide av-av_slideshow-215ba16fbd577a32ac72cde402fefd60__1  slide-2 ' ><div data-rel='slideshow-8' class='avia-slide-wrap '   ><img decoding=\"async\" class=\"wp-image-16316 avia-img-lazy-loading-not-16316\"  src=\"https:\/\/alquezarbuenaventura.com\/wp-content\/uploads\/8.-Terraza-Casa-Gervasio.jpg\" width=\"567\" height=\"612\" title='8.-Terraza-Casa-Gervasio' alt=''  itemprop=\"thumbnailUrl\" srcset=\"https:\/\/alquezarbuenaventura.com\/wp-content\/uploads\/8.-Terraza-Casa-Gervasio.jpg 567w, https:\/\/alquezarbuenaventura.com\/wp-content\/uploads\/8.-Terraza-Casa-Gervasio-278x300.jpg 278w, https:\/\/alquezarbuenaventura.com\/wp-content\/uploads\/8.-Terraza-Casa-Gervasio-450x486.jpg 450w\" sizes=\"(max-width: 567px) 100vw, 567px\" \/><\/div><\/li><li  class='avia-slideshow-slide av-av_slideshow-215ba16fbd577a32ac72cde402fefd60__2  slide-3 ' ><div data-rel='slideshow-8' class='avia-slide-wrap '   ><img decoding=\"async\" class=\"wp-image-16314 avia-img-lazy-loading-not-16314\"  src=\"https:\/\/alquezarbuenaventura.com\/wp-content\/uploads\/12.-Restaurante-Casa-Gervasio-Alquezar.jpg\" width=\"567\" height=\"612\" title='12.-Restaurante-Casa-Gervasio-Alquezar' alt=''  itemprop=\"thumbnailUrl\" srcset=\"https:\/\/alquezarbuenaventura.com\/wp-content\/uploads\/12.-Restaurante-Casa-Gervasio-Alquezar.jpg 567w, https:\/\/alquezarbuenaventura.com\/wp-content\/uploads\/12.-Restaurante-Casa-Gervasio-Alquezar-278x300.jpg 278w, https:\/\/alquezarbuenaventura.com\/wp-content\/uploads\/12.-Restaurante-Casa-Gervasio-Alquezar-450x486.jpg 450w\" sizes=\"(max-width: 567px) 100vw, 567px\" \/><\/div><\/li><\/ul><div class='avia-slideshow-arrows avia-slideshow-controls' ><a href='#prev' class='prev-slide ' aria-hidden='true' data-av_icon='\ue87c' data-av_iconfont='entypo-fontello'  tabindex='-1'>Previous<\/a><a href='#next' class='next-slide ' aria-hidden='true' data-av_icon='\ue87d' data-av_iconfont='entypo-fontello'  tabindex='-1'>Next<\/a><\/div><div class='avia-slideshow-dots avia-slideshow-controls'><a href='#1' class='goto-slide active' >1<\/a><a href='#2' class='goto-slide ' >2<\/a><a href='#3' class='goto-slide ' >3<\/a><\/div><\/div><br \/>\n<div  class='hr av-av_hr-7036307108800bfe489471e1c9c1d5a1 hr-short  avia-builder-el-72  el_after_av_slideshow  el_before_av_button  hr-right'><span class='hr-inner '><span class=\"hr-inner-style\"><\/span><\/span><\/div><br \/>\n<div  class='avia-button-wrap avia-button-right  avia-builder-el-73  el_after_av_hr  avia-builder-el-last ' ><a href='https:\/\/www.google.es\/maps\/dir\/\/Mes%C3%B3n+del+Vero+S.L,+Barrio+Arrabal,+Alqu%C3%A9zar\/@42.1715333,-0.0108748,13z\/data=!3m1!4b1!4m8!4m7!1m0!1m5!1m1!1s0x12a78a3bf2d3b1cb:0x6d0a74ac8c48a8f9!2m2!1d0.0241445!2d42.1715386' class='avia-button av-av_button-a18d0b85674d5b0b467daa331420a43d avia-icon_select-yes-left-icon avia-size-large avia-position-right avia-color-theme-color-subtle' target=\"_blank\" rel=\"noopener noreferrer\"><span class='avia_button_icon avia_button_icon_left' aria-hidden='true' data-av_icon='\ue80b' data-av_iconfont='entypo-fontello'><\/span><span class='avia_iconbox_title' >Como llegar<\/span><\/a><\/div><\/p><\/div>\n<style type=\"text\/css\" data-created_by=\"avia_inline_auto\" id=\"style-css-av-av_one_half-9c1d454dc06f7247226bc4e8f931daae\">\n.flex_column.av-av_one_half-9c1d454dc06f7247226bc4e8f931daae{\nborder-radius:0px 0px 0px 0px;\n-webkit-border-radius:0px 0px 0px 0px;\n-moz-border-radius:0px 0px 0px 0px;\n}\n<\/style>\n<div class='flex_column av-av_one_half-9c1d454dc06f7247226bc4e8f931daae av_one_half  avia-builder-el-74  el_after_av_one_half  avia-builder-el-last  flex_column_div av-zero-column-padding '   ><p>\n<style type=\"text\/css\" data-created_by=\"avia_inline_auto\" id=\"style-css-av-av_hr-879f897e0c774200876c570ccbab0ca7\">\n#top .hr.hr-invisible.av-av_hr-879f897e0c774200876c570ccbab0ca7{\nheight:70px;\n}\n<\/style>\n<div  class='hr av-av_hr-879f897e0c774200876c570ccbab0ca7 hr-invisible  avia-builder-el-75  el_before_av_iconlist  avia-builder-el-first '><span class='hr-inner '><span class=\"hr-inner-style\"><\/span><\/span><\/div><br \/>\n<div  class='avia-icon-list-container av-av_iconlist-c9265973fe37925e1675fd541a8fb5d9  avia-builder-el-76  el_after_av_hr  avia-builder-el-last '><ul class='avia-icon-list avia_animate_when_almost_visible avia-icon-list-left av-iconlist-big av-av_iconlist-c9265973fe37925e1675fd541a8fb5d9 avia-iconlist-animate'>\n<li><div class='iconlist_icon av-av_iconlist_item-d596de65be8ea4de00d4f0207df433ff avia-font-entypo-fontello'><span class='iconlist-char' aria-hidden='true' data-av_icon='\ue81f' data-av_iconfont='entypo-fontello'><\/span><\/div><article class=\"article-icon-entry \"  itemscope=\"itemscope\" itemtype=\"https:\/\/schema.org\/CreativeWork\" ><div class=\"iconlist_content_wrap\"><header class=\"entry-content-header\"><h4 class='av_iconlist_title iconlist_title  '  itemprop=\"headline\" >DESCRIPCION<\/h4><\/header><div class='iconlist_content '  itemprop=\"text\" ><p>El \u00a0Mes\u00f3n del Vero es un restaurante especializado en cocina t\u00edpica aragonesa con un men\u00fa muy variado. Dispone de una terraza con bonitas vistas y capacidad para acoger grupos grandes.<\/p>\n<\/div><\/div><footer class=\"entry-footer\"><\/footer><\/article><div class=\"iconlist-timeline\"><\/div><\/li>\n<li><div class='iconlist_icon av-av_iconlist_item-3698e561bf8f78df04d36e5f1cdae446 avia-font-entypo-fontello'><span class='iconlist-char' aria-hidden='true' data-av_icon='\ue821' data-av_iconfont='entypo-fontello'><\/span><\/div><article class=\"article-icon-entry \"  itemscope=\"itemscope\" itemtype=\"https:\/\/schema.org\/CreativeWork\" ><div class=\"iconlist_content_wrap\"><header class=\"entry-content-header\"><h4 class='av_iconlist_title iconlist_title  '  itemprop=\"headline\" >CAPACIDAD<\/h4><\/header><div class='iconlist_content '  itemprop=\"text\" ><p>90-100 INTERIOR Y 80 TERRAZA<\/p>\n<\/div><\/div><footer class=\"entry-footer\"><\/footer><\/article><div class=\"iconlist-timeline\"><\/div><\/li>\n<li><div class='iconlist_icon av-av_iconlist_item-c0b1b61df5915bb546117865fddafcc6 avia-font-entypo-fontello'><span class='iconlist-char' aria-hidden='true' data-av_icon='\ue827' data-av_iconfont='entypo-fontello'><\/span><\/div><article class=\"article-icon-entry \"  itemscope=\"itemscope\" itemtype=\"https:\/\/schema.org\/CreativeWork\" ><div class=\"iconlist_content_wrap\"><header class=\"entry-content-header\"><h4 class='av_iconlist_title iconlist_title  '  itemprop=\"headline\" >\u00bfCUANTO CUESTA?<\/h4><\/header><div class='iconlist_content '  itemprop=\"text\" ><p>Men\u00fa 15 \u20ac<\/p>\n<\/div><\/div><footer class=\"entry-footer\"><\/footer><\/article><div class=\"iconlist-timeline\"><\/div><\/li>\n<li><div class='iconlist_icon av-av_iconlist_item-c09257fa4f6cc9d44dd8e2b614ff0ad7 avia-font-entypo-fontello'><span class='iconlist-char' aria-hidden='true' data-av_icon='\ue82b' data-av_iconfont='entypo-fontello'><\/span><\/div><article class=\"article-icon-entry \"  itemscope=\"itemscope\" itemtype=\"https:\/\/schema.org\/CreativeWork\" ><div class=\"iconlist_content_wrap\"><header class=\"entry-content-header\"><h4 class='av_iconlist_title iconlist_title  '  itemprop=\"headline\" >TIENES QUE PROBAR...<\/h4><\/header><div class='iconlist_content '  itemprop=\"text\" ><p>Alcachofas con jam\u00f3n, arroz negro, estofado de Jabal\u00ed, longaniza de graus y cordero a la brasa.<\/p>\n<\/div><\/div><footer class=\"entry-footer\"><\/footer><\/article><div class=\"iconlist-timeline\"><\/div><\/li>\n<li><div class='iconlist_icon av-av_iconlist_item-25ab24d6bc8e262b62fe6cc2965e4e23 avia-font-entypo-fontello'><span class='iconlist-char' aria-hidden='true' data-av_icon='\ue805' data-av_iconfont='entypo-fontello'><\/span><\/div><article class=\"article-icon-entry \"  itemscope=\"itemscope\" itemtype=\"https:\/\/schema.org\/CreativeWork\" ><div class=\"iconlist_content_wrap\"><header class=\"entry-content-header\"><h4 class='av_iconlist_title iconlist_title  '  itemprop=\"headline\" >Reservalo!<\/h4><\/header><div class='iconlist_content '  itemprop=\"text\" ><p>Reservas llamando al\u00a0\u00a0654 78 94 33<\/p>\n<\/div><\/div><footer class=\"entry-footer\"><\/footer><\/article><div class=\"iconlist-timeline\"><\/div><\/li>\n<\/ul><\/div><\/p><\/div>\n\n<\/div><\/div><\/div><!-- close content main div --><\/div><\/div><div id='about-us'  class='avia-section av-av_section-5ed245d3e1edc50ad4248185fc2bf457 alternate_color avia-section-large avia-shadow  avia-builder-el-77  el_after_av_section  el_before_av_section  avia-bg-style-scroll container_wrap sidebar_right'  ><div class='container av-section-cont-open' ><div class='template-page content  av-content-small alpha units'><div class='post-entry post-entry-type-page post-entry-11540'><div class='entry-content-wrapper clearfix'>\n<div class='flex_column av-av_one_half-2a9015ff38129c418a3f2eafba3e9512 av_one_half  avia-builder-el-78  el_before_av_one_half  avia-builder-el-first  first flex_column_div '   ><section  class='av_textblock_section av-av_textblock-0366cc7376be6c9e82a3e9cc8987b64f'  itemscope=\"itemscope\" itemtype=\"https:\/\/schema.org\/CreativeWork\" ><div class='avia_textblock'  itemprop=\"text\" ><h2 style=\"text-align: right;\">Bodegas Moncl\u00fas. Radiquero.<\/h2>\n<\/div><\/section><br \/>\n<div  class='hr av-av_hr-7036307108800bfe489471e1c9c1d5a1 hr-short  avia-builder-el-80  el_after_av_textblock  el_before_av_slideshow  hr-right'><span class='hr-inner '><span class=\"hr-inner-style\"><\/span><\/span><\/div><br \/>\n<div  class='avia-slideshow av-av_slideshow-215ba16fbd577a32ac72cde402fefd60 avia-slideshow-no scaling av_slideshow avia-slide-slider  avia-builder-el-81  el_after_av_hr  el_before_av_hr  av-default-height-applied avia-slideshow-9'  data-size='no scaling'  data-lightbox_size='large'  data-animation='slide'  data-conditional_play=''  data-ids='7872,7874,7873'  data-video_counter='0'  data-autoplay='true'  data-bg_slider='false'  data-slide_height=''  data-handle='av_slideshow'  data-interval='3'  data-class=' avia-builder-el-81  el_after_av_hr  el_before_av_hr '  data-extra_class=''  data-el_id=''  data-css_id=''  data-scroll_down=''  data-control_layout=''  data-custom_markup=''  data-perma_caption=''  data-autoplay_stopper=''  data-image_attachment=''  data-min_height='0px'  data-lazy_loading='disabled'  data-default-height='107.93650793651'  data-img_scrset=''  data-av-desktop-hide=''  data-av-medium-hide=''  data-av-small-hide=''  data-av-mini-hide=''  data-alb_description=''  data-id=''  data-custom_class=''  data-template_class=''  data-av_uid=''  data-sc_version='1.0'  data-heading_tag=''  data-heading_class=''   itemprop=\"image\" itemscope=\"itemscope\" itemtype=\"https:\/\/schema.org\/ImageObject\" ><ul class='avia-slideshow-inner ' style='padding-bottom: 107.93650793651%;'><li  class='avia-slideshow-slide av-av_slideshow-215ba16fbd577a32ac72cde402fefd60__0  slide-1 ' ><div data-rel='slideshow-9' class='avia-slide-wrap '   ><img decoding=\"async\" class=\"wp-image-16312 avia-img-lazy-loading-not-16312\"  src=\"https:\/\/alquezarbuenaventura.com\/wp-content\/uploads\/1.-Terraza-Casa-Gervasio.jpg\" width=\"567\" height=\"612\" title='1.-Terraza-Casa-Gervasio' alt=''  itemprop=\"thumbnailUrl\" srcset=\"https:\/\/alquezarbuenaventura.com\/wp-content\/uploads\/1.-Terraza-Casa-Gervasio.jpg 567w, https:\/\/alquezarbuenaventura.com\/wp-content\/uploads\/1.-Terraza-Casa-Gervasio-278x300.jpg 278w, https:\/\/alquezarbuenaventura.com\/wp-content\/uploads\/1.-Terraza-Casa-Gervasio-450x486.jpg 450w\" sizes=\"(max-width: 567px) 100vw, 567px\" \/><\/div><\/li><li  class='avia-slideshow-slide av-av_slideshow-215ba16fbd577a32ac72cde402fefd60__1  slide-2 ' ><div data-rel='slideshow-9' class='avia-slide-wrap '   ><img decoding=\"async\" class=\"wp-image-16316 avia-img-lazy-loading-not-16316\"  src=\"https:\/\/alquezarbuenaventura.com\/wp-content\/uploads\/8.-Terraza-Casa-Gervasio.jpg\" width=\"567\" height=\"612\" title='8.-Terraza-Casa-Gervasio' alt=''  itemprop=\"thumbnailUrl\" srcset=\"https:\/\/alquezarbuenaventura.com\/wp-content\/uploads\/8.-Terraza-Casa-Gervasio.jpg 567w, https:\/\/alquezarbuenaventura.com\/wp-content\/uploads\/8.-Terraza-Casa-Gervasio-278x300.jpg 278w, https:\/\/alquezarbuenaventura.com\/wp-content\/uploads\/8.-Terraza-Casa-Gervasio-450x486.jpg 450w\" sizes=\"(max-width: 567px) 100vw, 567px\" \/><\/div><\/li><li  class='avia-slideshow-slide av-av_slideshow-215ba16fbd577a32ac72cde402fefd60__2  slide-3 ' ><div data-rel='slideshow-9' class='avia-slide-wrap '   ><img decoding=\"async\" class=\"wp-image-16314 avia-img-lazy-loading-not-16314\"  src=\"https:\/\/alquezarbuenaventura.com\/wp-content\/uploads\/12.-Restaurante-Casa-Gervasio-Alquezar.jpg\" width=\"567\" height=\"612\" title='12.-Restaurante-Casa-Gervasio-Alquezar' alt=''  itemprop=\"thumbnailUrl\" srcset=\"https:\/\/alquezarbuenaventura.com\/wp-content\/uploads\/12.-Restaurante-Casa-Gervasio-Alquezar.jpg 567w, https:\/\/alquezarbuenaventura.com\/wp-content\/uploads\/12.-Restaurante-Casa-Gervasio-Alquezar-278x300.jpg 278w, https:\/\/alquezarbuenaventura.com\/wp-content\/uploads\/12.-Restaurante-Casa-Gervasio-Alquezar-450x486.jpg 450w\" sizes=\"(max-width: 567px) 100vw, 567px\" \/><\/div><\/li><\/ul><div class='avia-slideshow-arrows avia-slideshow-controls' ><a href='#prev' class='prev-slide ' aria-hidden='true' data-av_icon='\ue87c' data-av_iconfont='entypo-fontello'  tabindex='-1'>Previous<\/a><a href='#next' class='next-slide ' aria-hidden='true' data-av_icon='\ue87d' data-av_iconfont='entypo-fontello'  tabindex='-1'>Next<\/a><\/div><div class='avia-slideshow-dots avia-slideshow-controls'><a href='#1' class='goto-slide active' >1<\/a><a href='#2' class='goto-slide ' >2<\/a><a href='#3' class='goto-slide ' >3<\/a><\/div><\/div><br \/>\n<div  class='hr av-av_hr-7036307108800bfe489471e1c9c1d5a1 hr-short  avia-builder-el-82  el_after_av_slideshow  el_before_av_button  hr-right'><span class='hr-inner '><span class=\"hr-inner-style\"><\/span><\/span><\/div><br \/>\n<div  class='avia-button-wrap avia-button-right  avia-builder-el-83  el_after_av_hr  avia-builder-el-last ' ><a href='https:\/\/www.google.es\/maps\/dir\/\/Restaurante+Bodegas+Moncl%C3%BAs,+Carretera+Alquezar,+4,+22145+Radiquero,+Huesca\/@42.170848,-0.0039967,17z\/data=!4m15!1m6!3m5!1s0xd5875f667667ab5:0xe6638c9de43bc1e0!2sRestaurante+Bodegas+Moncl%C3%BAs!8m2!3d42.170848!4d-0.001808!4m7!1m0!1m5!1m1!1s0xd5875f667667ab5:0xe6638c9de43bc1e0!2m2!1d-0.001808!2d42.170848' class='avia-button av-av_button-bee671daf148bc88df964309590ee022 avia-icon_select-yes-left-icon avia-size-large avia-position-right avia-color-theme-color-subtle' target=\"_blank\" rel=\"noopener noreferrer\"><span class='avia_button_icon avia_button_icon_left' aria-hidden='true' data-av_icon='\ue80b' data-av_iconfont='entypo-fontello'><\/span><span class='avia_iconbox_title' >Como llegar<\/span><\/a><\/div><\/p><\/div>\n<style type=\"text\/css\" data-created_by=\"avia_inline_auto\" id=\"style-css-av-av_one_half-9c1d454dc06f7247226bc4e8f931daae\">\n.flex_column.av-av_one_half-9c1d454dc06f7247226bc4e8f931daae{\nborder-radius:0px 0px 0px 0px;\n-webkit-border-radius:0px 0px 0px 0px;\n-moz-border-radius:0px 0px 0px 0px;\n}\n<\/style>\n<div class='flex_column av-av_one_half-9c1d454dc06f7247226bc4e8f931daae av_one_half  avia-builder-el-84  el_after_av_one_half  avia-builder-el-last  flex_column_div av-zero-column-padding '   ><div  class='avia-icon-list-container av-av_iconlist-c9265973fe37925e1675fd541a8fb5d9  avia-builder-el-85  avia-builder-el-no-sibling '><ul class='avia-icon-list avia_animate_when_almost_visible avia-icon-list-left av-iconlist-big av-av_iconlist-c9265973fe37925e1675fd541a8fb5d9 avia-iconlist-animate'>\n<li><div class='iconlist_icon av-av_iconlist_item-d596de65be8ea4de00d4f0207df433ff avia-font-entypo-fontello'><span class='iconlist-char' aria-hidden='true' data-av_icon='\ue81f' data-av_iconfont='entypo-fontello'><\/span><\/div><article class=\"article-icon-entry \"  itemscope=\"itemscope\" itemtype=\"https:\/\/schema.org\/CreativeWork\" ><div class=\"iconlist_content_wrap\"><header class=\"entry-content-header\"><h4 class='av_iconlist_title iconlist_title  '  itemprop=\"headline\" >DESCRIPCION<\/h4><\/header><div class='iconlist_content '  itemprop=\"text\" ><p>Familiar y emblem\u00e1tico restaurante que de la mano de Javier Joan, nos deleita d\u00eda a d\u00eda con su filosof\u00eda de las cosas bien hechas. Cocina de autor, acompa\u00f1ada de los vinos de In\u00e9s de Moncl\u00fas, en el coraz\u00f3n de la Sierra de Guara.<\/p>\n<\/div><\/div><footer class=\"entry-footer\"><\/footer><\/article><div class=\"iconlist-timeline\"><\/div><\/li>\n<li><div class='iconlist_icon av-av_iconlist_item-3698e561bf8f78df04d36e5f1cdae446 avia-font-entypo-fontello'><span class='iconlist-char' aria-hidden='true' data-av_icon='\ue821' data-av_iconfont='entypo-fontello'><\/span><\/div><article class=\"article-icon-entry \"  itemscope=\"itemscope\" itemtype=\"https:\/\/schema.org\/CreativeWork\" ><div class=\"iconlist_content_wrap\"><header class=\"entry-content-header\"><h4 class='av_iconlist_title iconlist_title  '  itemprop=\"headline\" >CAPACIDAD<\/h4><\/header><div class='iconlist_content '  itemprop=\"text\" ><p>30 plazas.<\/p>\n<\/div><\/div><footer class=\"entry-footer\"><\/footer><\/article><div class=\"iconlist-timeline\"><\/div><\/li>\n<li><div class='iconlist_icon av-av_iconlist_item-c0b1b61df5915bb546117865fddafcc6 avia-font-entypo-fontello'><span class='iconlist-char' aria-hidden='true' data-av_icon='\ue827' data-av_iconfont='entypo-fontello'><\/span><\/div><article class=\"article-icon-entry \"  itemscope=\"itemscope\" itemtype=\"https:\/\/schema.org\/CreativeWork\" ><div class=\"iconlist_content_wrap\"><header class=\"entry-content-header\"><h4 class='av_iconlist_title iconlist_title  '  itemprop=\"headline\" >\u00bfCUANTO CUESTA?<\/h4><\/header><div class='iconlist_content '  itemprop=\"text\" ><p>Menu 27.50\u20ac<\/p>\n<\/div><\/div><footer class=\"entry-footer\"><\/footer><\/article><div class=\"iconlist-timeline\"><\/div><\/li>\n<li><div class='iconlist_icon av-av_iconlist_item-2f69efd9f3c85a6151c8d194fd99e42f avia-font-entypo-fontello'><span class='iconlist-char' aria-hidden='true' data-av_icon='\ue82b' data-av_iconfont='entypo-fontello'><\/span><\/div><article class=\"article-icon-entry \"  itemscope=\"itemscope\" itemtype=\"https:\/\/schema.org\/CreativeWork\" ><div class=\"iconlist_content_wrap\"><header class=\"entry-content-header\"><h4 class='av_iconlist_title iconlist_title  '  itemprop=\"headline\" >TE GUSTARA POR...<\/h4><\/header><div class='iconlist_content '  itemprop=\"text\" ><p>La bodega y la tienda\u00a0donde poder comprar vino y sobre todo quesos caseros. Al lado de la bodega se encuentra una encina dem\u00e1s de 500 a\u00f1os, un \u00e1rbol de gran belleza, que ha sido escenario de celebraciones y fiestas, bailes y banquetes.<\/p>\n<p>Su comedor ambientado con muebles y decoraci\u00f3n de \u00e9poca, es un espacio donde \u00a0el tiempo se detiene, permitiendo disfrutar de la comida y los magn\u00edficos vinos de Mercedes In\u00e9s Moncl\u00fas.<\/p>\n<p>Te recomendamos probar la Costilla de cerdo DO Teruel, a baja temperatura, con miel y mostaza, el bacalao gratinado con base de manzana, espinacas y suave alioli y todos sus postres! en especial la torrija y la mini tatin de manzana.<\/p>\n<\/div><\/div><footer class=\"entry-footer\"><\/footer><\/article><div class=\"iconlist-timeline\"><\/div><\/li>\n<li><div class='iconlist_icon av-av_iconlist_item-25ab24d6bc8e262b62fe6cc2965e4e23 avia-font-entypo-fontello'><span class='iconlist-char' aria-hidden='true' data-av_icon='\ue805' data-av_iconfont='entypo-fontello'><\/span><\/div><article class=\"article-icon-entry \"  itemscope=\"itemscope\" itemtype=\"https:\/\/schema.org\/CreativeWork\" ><div class=\"iconlist_content_wrap\"><header class=\"entry-content-header\"><h4 class='av_iconlist_title iconlist_title  '  itemprop=\"headline\" >Reservalo!<\/h4><\/header><div class='iconlist_content '  itemprop=\"text\" ><p>Cerrado temporalmente. Consultar apertura llamando al 636 717 202 o envia un email a: info@restaurantebodegasmoncl\u00fas.com<\/p>\n<\/div><\/div><footer class=\"entry-footer\"><\/footer><\/article><div class=\"iconlist-timeline\"><\/div><\/li>\n<\/ul><\/div><\/div>\n\n<\/div><\/div><\/div><!-- close content main div --><\/div><\/div><div id='about-us'  class='avia-section av-av_section-5ed245d3e1edc50ad4248185fc2bf457 alternate_color avia-section-large avia-shadow  avia-builder-el-86  el_after_av_section  el_before_av_section  avia-bg-style-scroll container_wrap sidebar_right'  ><div class='container av-section-cont-open' ><div class='template-page content  av-content-small alpha units'><div class='post-entry post-entry-type-page post-entry-11540'><div class='entry-content-wrapper clearfix'>\n<div class='flex_column av-av_one_half-2a9015ff38129c418a3f2eafba3e9512 av_one_half  avia-builder-el-87  el_before_av_one_half  avia-builder-el-first  first flex_column_div '   ><section  class='av_textblock_section av-av_textblock-0366cc7376be6c9e82a3e9cc8987b64f'  itemscope=\"itemscope\" itemtype=\"https:\/\/schema.org\/CreativeWork\" ><div class='avia_textblock'  itemprop=\"text\" ><h2 style=\"text-align: right;\">Casa Patro. Radiquero.<\/h2>\n<\/div><\/section><br \/>\n<div  class='hr av-av_hr-7036307108800bfe489471e1c9c1d5a1 hr-short  avia-builder-el-89  el_after_av_textblock  el_before_av_slideshow  hr-right'><span class='hr-inner '><span class=\"hr-inner-style\"><\/span><\/span><\/div><br \/>\n<div  class='avia-slideshow av-av_slideshow-47612b1078f05eaea62f06e03c12a546 avia-slideshow-masonry av_slideshow avia-slide-slider  avia-builder-el-90  el_after_av_hr  el_before_av_hr  av-default-height-applied avia-slideshow-10'  data-size='masonry'  data-lightbox_size='large'  data-animation='slide'  data-conditional_play=''  data-ids='8772,8774,8773'  data-video_counter='0'  data-autoplay='true'  data-bg_slider='false'  data-slide_height=''  data-handle='av_slideshow'  data-interval='3'  data-class=' avia-builder-el-90  el_after_av_hr  el_before_av_hr '  data-extra_class=''  data-el_id=''  data-css_id=''  data-scroll_down=''  data-control_layout=''  data-custom_markup=''  data-perma_caption=''  data-autoplay_stopper=''  data-image_attachment=''  data-min_height='0px'  data-lazy_loading='disabled'  data-default-height='108.0985915493'  data-img_scrset=''  data-av-desktop-hide=''  data-av-medium-hide=''  data-av-small-hide=''  data-av-mini-hide=''  data-alb_description=''  data-id=''  data-custom_class=''  data-template_class=''  data-av_uid=''  data-sc_version='1.0'  data-heading_tag=''  data-heading_class=''   itemprop=\"image\" itemscope=\"itemscope\" itemtype=\"https:\/\/schema.org\/ImageObject\" ><ul class='avia-slideshow-inner ' style='padding-bottom: 108.0985915493%;'><li  class='avia-slideshow-slide av-av_slideshow-47612b1078f05eaea62f06e03c12a546__0  slide-1 ' ><div data-rel='slideshow-10' class='avia-slide-wrap '   ><img decoding=\"async\" class=\"wp-image-17190 avia-img-lazy-loading-not-17190\"  src=\"https:\/\/alquezarbuenaventura.com\/wp-content\/uploads\/casapatro1.jpg\" width=\"568\" height=\"614\" title='casapatro1' alt=''  itemprop=\"thumbnailUrl\" srcset=\"https:\/\/alquezarbuenaventura.com\/wp-content\/uploads\/casapatro1.jpg 568w, https:\/\/alquezarbuenaventura.com\/wp-content\/uploads\/casapatro1-450x486.jpg 450w\" sizes=\"(max-width: 568px) 100vw, 568px\" \/><\/div><\/li><li  class='avia-slideshow-slide av-av_slideshow-47612b1078f05eaea62f06e03c12a546__1  slide-2 ' ><div data-rel='slideshow-10' class='avia-slide-wrap '   ><img decoding=\"async\" class=\"wp-image-17194 avia-img-lazy-loading-not-17194\"  src=\"https:\/\/alquezarbuenaventura.com\/wp-content\/uploads\/patro3.jpg\" width=\"568\" height=\"614\" title='patro3' alt=''  itemprop=\"thumbnailUrl\" srcset=\"https:\/\/alquezarbuenaventura.com\/wp-content\/uploads\/patro3.jpg 568w, https:\/\/alquezarbuenaventura.com\/wp-content\/uploads\/patro3-450x486.jpg 450w\" sizes=\"(max-width: 568px) 100vw, 568px\" \/><\/div><\/li><li  class='avia-slideshow-slide av-av_slideshow-47612b1078f05eaea62f06e03c12a546__2  slide-3 ' ><div data-rel='slideshow-10' class='avia-slide-wrap '   ><img decoding=\"async\" class=\"wp-image-17192 avia-img-lazy-loading-not-17192\"  src=\"https:\/\/alquezarbuenaventura.com\/wp-content\/uploads\/patro2.jpg\" width=\"568\" height=\"614\" title='patro2' alt=''  itemprop=\"thumbnailUrl\" srcset=\"https:\/\/alquezarbuenaventura.com\/wp-content\/uploads\/patro2.jpg 568w, https:\/\/alquezarbuenaventura.com\/wp-content\/uploads\/patro2-450x486.jpg 450w\" sizes=\"(max-width: 568px) 100vw, 568px\" \/><\/div><\/li><\/ul><div class='avia-slideshow-arrows avia-slideshow-controls' ><a href='#prev' class='prev-slide ' aria-hidden='true' data-av_icon='\ue87c' data-av_iconfont='entypo-fontello'  tabindex='-1'>Previous<\/a><a href='#next' class='next-slide ' aria-hidden='true' data-av_icon='\ue87d' data-av_iconfont='entypo-fontello'  tabindex='-1'>Next<\/a><\/div><div class='avia-slideshow-dots avia-slideshow-controls'><a href='#1' class='goto-slide active' >1<\/a><a href='#2' class='goto-slide ' >2<\/a><a href='#3' class='goto-slide ' >3<\/a><\/div><\/div><br \/>\n<div  class='hr av-av_hr-7036307108800bfe489471e1c9c1d5a1 hr-short  avia-builder-el-91  el_after_av_slideshow  el_before_av_button  hr-right'><span class='hr-inner '><span class=\"hr-inner-style\"><\/span><\/span><\/div><br \/>\n<div  class='avia-button-wrap avia-button-right  avia-builder-el-92  el_after_av_hr  avia-builder-el-last ' ><a href='https:\/\/www.google.es\/maps\/dir\/\/Casa+patro,+Calle+la+Iglesia,+9,+22145+Radiquero,+Huesca\/@42.1729454,-0.0740752,12z\/data=!3m1!4b1!4m8!4m7!1m0!1m5!1m1!1s0xd5875f411efad57:0x5b68731019ef272f!2m2!1d-0.0040347!2d42.1729667' class='avia-button av-av_button-f5ec339109a6a481350fd8cb2cf862f6 avia-icon_select-yes-left-icon avia-size-large avia-position-right avia-color-theme-color-subtle' target=\"_blank\" rel=\"noopener noreferrer\"><span class='avia_button_icon avia_button_icon_left' aria-hidden='true' data-av_icon='\ue80b' data-av_iconfont='entypo-fontello'><\/span><span class='avia_iconbox_title' >Como llegar<\/span><\/a><\/div><\/p><\/div>\n<style type=\"text\/css\" data-created_by=\"avia_inline_auto\" id=\"style-css-av-av_one_half-9c1d454dc06f7247226bc4e8f931daae\">\n.flex_column.av-av_one_half-9c1d454dc06f7247226bc4e8f931daae{\nborder-radius:0px 0px 0px 0px;\n-webkit-border-radius:0px 0px 0px 0px;\n-moz-border-radius:0px 0px 0px 0px;\n}\n<\/style>\n<div class='flex_column av-av_one_half-9c1d454dc06f7247226bc4e8f931daae av_one_half  avia-builder-el-93  el_after_av_one_half  avia-builder-el-last  flex_column_div av-zero-column-padding '   ><div  class='avia-icon-list-container av-av_iconlist-c9265973fe37925e1675fd541a8fb5d9  avia-builder-el-94  avia-builder-el-no-sibling '><ul class='avia-icon-list avia_animate_when_almost_visible avia-icon-list-left av-iconlist-big av-av_iconlist-c9265973fe37925e1675fd541a8fb5d9 avia-iconlist-animate'>\n<li><div class='iconlist_icon av-av_iconlist_item-d596de65be8ea4de00d4f0207df433ff avia-font-entypo-fontello'><span class='iconlist-char' aria-hidden='true' data-av_icon='\ue81f' data-av_iconfont='entypo-fontello'><\/span><\/div><article class=\"article-icon-entry \"  itemscope=\"itemscope\" itemtype=\"https:\/\/schema.org\/CreativeWork\" ><div class=\"iconlist_content_wrap\"><header class=\"entry-content-header\"><h4 class='av_iconlist_title iconlist_title  '  itemprop=\"headline\" >DESCRIPCION<\/h4><\/header><div class='iconlist_content '  itemprop=\"text\" ><p>Desde \u00a0el bar O Coronazo, su excelente cocinera Patro presenta\u00a0una cocina sencilla, con recetas caseras basadas en una materia prima de alta calidad y productos del territorio con sabores tan reconocibles como deliciosos.<\/p>\n<\/div><\/div><footer class=\"entry-footer\"><\/footer><\/article><div class=\"iconlist-timeline\"><\/div><\/li>\n<li><div class='iconlist_icon av-av_iconlist_item-3698e561bf8f78df04d36e5f1cdae446 avia-font-entypo-fontello'><span class='iconlist-char' aria-hidden='true' data-av_icon='\ue821' data-av_iconfont='entypo-fontello'><\/span><\/div><article class=\"article-icon-entry \"  itemscope=\"itemscope\" itemtype=\"https:\/\/schema.org\/CreativeWork\" ><div class=\"iconlist_content_wrap\"><header class=\"entry-content-header\"><h4 class='av_iconlist_title iconlist_title  '  itemprop=\"headline\" >CAPACIDAD<\/h4><\/header><div class='iconlist_content '  itemprop=\"text\" ><p>50 plazas<\/p>\n<\/div><\/div><footer class=\"entry-footer\"><\/footer><\/article><div class=\"iconlist-timeline\"><\/div><\/li>\n<li><div class='iconlist_icon av-av_iconlist_item-c0b1b61df5915bb546117865fddafcc6 avia-font-entypo-fontello'><span class='iconlist-char' aria-hidden='true' data-av_icon='\ue827' data-av_iconfont='entypo-fontello'><\/span><\/div><article class=\"article-icon-entry \"  itemscope=\"itemscope\" itemtype=\"https:\/\/schema.org\/CreativeWork\" ><div class=\"iconlist_content_wrap\"><header class=\"entry-content-header\"><h4 class='av_iconlist_title iconlist_title  '  itemprop=\"headline\" >\u00bfCUANTO CUESTA?<\/h4><\/header><div class='iconlist_content '  itemprop=\"text\" ><p>Menu 14\u20ac<\/p>\n<\/div><\/div><footer class=\"entry-footer\"><\/footer><\/article><div class=\"iconlist-timeline\"><\/div><\/li>\n<li><div class='iconlist_icon av-av_iconlist_item-c09257fa4f6cc9d44dd8e2b614ff0ad7 avia-font-entypo-fontello'><span class='iconlist-char' aria-hidden='true' data-av_icon='\ue82b' data-av_iconfont='entypo-fontello'><\/span><\/div><article class=\"article-icon-entry \"  itemscope=\"itemscope\" itemtype=\"https:\/\/schema.org\/CreativeWork\" ><div class=\"iconlist_content_wrap\"><header class=\"entry-content-header\"><h4 class='av_iconlist_title iconlist_title  '  itemprop=\"headline\" >TIENES QUE PROBAR...<\/h4><\/header><div class='iconlist_content '  itemprop=\"text\" ><p>Alubias con aceite<\/p>\n<p>El ternasco guisado o a la brasa<\/p>\n<p>Guiso de conejo<\/p>\n<p>Patatas fritas con ajillo, espectaculares<\/p>\n<\/div><\/div><footer class=\"entry-footer\"><\/footer><\/article><div class=\"iconlist-timeline\"><\/div><\/li>\n<li><div class='iconlist_icon av-av_iconlist_item-25ab24d6bc8e262b62fe6cc2965e4e23 avia-font-entypo-fontello'><span class='iconlist-char' aria-hidden='true' data-av_icon='\ue805' data-av_iconfont='entypo-fontello'><\/span><\/div><article class=\"article-icon-entry \"  itemscope=\"itemscope\" itemtype=\"https:\/\/schema.org\/CreativeWork\" ><div class=\"iconlist_content_wrap\"><header class=\"entry-content-header\"><h4 class='av_iconlist_title iconlist_title  '  itemprop=\"headline\" >Reservalo!<\/h4><\/header><div class='iconlist_content '  itemprop=\"text\" ><p>Llama al 689 279 201<\/p>\n<\/div><\/div><footer class=\"entry-footer\"><\/footer><\/article><div class=\"iconlist-timeline\"><\/div><\/li>\n<\/ul><\/div><\/div>\n\n<\/div><\/div><\/div><!-- close content main div --><\/div><\/div><div id='about-us'  class='avia-section av-av_section-5ed245d3e1edc50ad4248185fc2bf457 alternate_color avia-section-large avia-shadow  avia-builder-el-95  el_after_av_section  el_before_av_section  avia-bg-style-scroll container_wrap sidebar_right'  ><div class='container av-section-cont-open' ><div class='template-page content  av-content-small alpha units'><div class='post-entry post-entry-type-page post-entry-11540'><div class='entry-content-wrapper clearfix'>\n<div class='flex_column av-av_one_half-2a9015ff38129c418a3f2eafba3e9512 av_one_half  avia-builder-el-96  el_before_av_one_half  avia-builder-el-first  first flex_column_div '   ><section  class='av_textblock_section av-av_textblock-0366cc7376be6c9e82a3e9cc8987b64f'  itemscope=\"itemscope\" itemtype=\"https:\/\/schema.org\/CreativeWork\" ><div class='avia_textblock'  itemprop=\"text\" ><h2 style=\"text-align: right;\">Ordio. Adahuesca.<\/h2>\n<\/div><\/section><br \/>\n<div  class='hr av-av_hr-7036307108800bfe489471e1c9c1d5a1 hr-short  avia-builder-el-98  el_after_av_textblock  el_before_av_slideshow  hr-right'><span class='hr-inner '><span class=\"hr-inner-style\"><\/span><\/span><\/div><br \/>\n<div  class='avia-slideshow av-av_slideshow-215ba16fbd577a32ac72cde402fefd60 avia-slideshow-no scaling av_slideshow avia-slide-slider  avia-builder-el-99  el_after_av_hr  el_before_av_hr  av-default-height-applied avia-slideshow-11'  data-size='no scaling'  data-lightbox_size='large'  data-animation='slide'  data-conditional_play=''  data-ids='7872,7874,7873'  data-video_counter='0'  data-autoplay='true'  data-bg_slider='false'  data-slide_height=''  data-handle='av_slideshow'  data-interval='3'  data-class=' avia-builder-el-99  el_after_av_hr  el_before_av_hr '  data-extra_class=''  data-el_id=''  data-css_id=''  data-scroll_down=''  data-control_layout=''  data-custom_markup=''  data-perma_caption=''  data-autoplay_stopper=''  data-image_attachment=''  data-min_height='0px'  data-lazy_loading='disabled'  data-default-height='107.93650793651'  data-img_scrset=''  data-av-desktop-hide=''  data-av-medium-hide=''  data-av-small-hide=''  data-av-mini-hide=''  data-alb_description=''  data-id=''  data-custom_class=''  data-template_class=''  data-av_uid=''  data-sc_version='1.0'  data-heading_tag=''  data-heading_class=''   itemprop=\"image\" itemscope=\"itemscope\" itemtype=\"https:\/\/schema.org\/ImageObject\" ><ul class='avia-slideshow-inner ' style='padding-bottom: 107.93650793651%;'><li  class='avia-slideshow-slide av-av_slideshow-215ba16fbd577a32ac72cde402fefd60__0  slide-1 ' ><div data-rel='slideshow-11' class='avia-slide-wrap '   ><img decoding=\"async\" class=\"wp-image-16312 avia-img-lazy-loading-not-16312\"  src=\"https:\/\/alquezarbuenaventura.com\/wp-content\/uploads\/1.-Terraza-Casa-Gervasio.jpg\" width=\"567\" height=\"612\" title='1.-Terraza-Casa-Gervasio' alt=''  itemprop=\"thumbnailUrl\" srcset=\"https:\/\/alquezarbuenaventura.com\/wp-content\/uploads\/1.-Terraza-Casa-Gervasio.jpg 567w, https:\/\/alquezarbuenaventura.com\/wp-content\/uploads\/1.-Terraza-Casa-Gervasio-278x300.jpg 278w, https:\/\/alquezarbuenaventura.com\/wp-content\/uploads\/1.-Terraza-Casa-Gervasio-450x486.jpg 450w\" sizes=\"(max-width: 567px) 100vw, 567px\" \/><\/div><\/li><li  class='avia-slideshow-slide av-av_slideshow-215ba16fbd577a32ac72cde402fefd60__1  slide-2 ' ><div data-rel='slideshow-11' class='avia-slide-wrap '   ><img decoding=\"async\" class=\"wp-image-16316 avia-img-lazy-loading-not-16316\"  src=\"https:\/\/alquezarbuenaventura.com\/wp-content\/uploads\/8.-Terraza-Casa-Gervasio.jpg\" width=\"567\" height=\"612\" title='8.-Terraza-Casa-Gervasio' alt=''  itemprop=\"thumbnailUrl\" srcset=\"https:\/\/alquezarbuenaventura.com\/wp-content\/uploads\/8.-Terraza-Casa-Gervasio.jpg 567w, https:\/\/alquezarbuenaventura.com\/wp-content\/uploads\/8.-Terraza-Casa-Gervasio-278x300.jpg 278w, https:\/\/alquezarbuenaventura.com\/wp-content\/uploads\/8.-Terraza-Casa-Gervasio-450x486.jpg 450w\" sizes=\"(max-width: 567px) 100vw, 567px\" \/><\/div><\/li><li  class='avia-slideshow-slide av-av_slideshow-215ba16fbd577a32ac72cde402fefd60__2  slide-3 ' ><div data-rel='slideshow-11' class='avia-slide-wrap '   ><img decoding=\"async\" class=\"wp-image-16314 avia-img-lazy-loading-not-16314\"  src=\"https:\/\/alquezarbuenaventura.com\/wp-content\/uploads\/12.-Restaurante-Casa-Gervasio-Alquezar.jpg\" width=\"567\" height=\"612\" title='12.-Restaurante-Casa-Gervasio-Alquezar' alt=''  itemprop=\"thumbnailUrl\" srcset=\"https:\/\/alquezarbuenaventura.com\/wp-content\/uploads\/12.-Restaurante-Casa-Gervasio-Alquezar.jpg 567w, https:\/\/alquezarbuenaventura.com\/wp-content\/uploads\/12.-Restaurante-Casa-Gervasio-Alquezar-278x300.jpg 278w, https:\/\/alquezarbuenaventura.com\/wp-content\/uploads\/12.-Restaurante-Casa-Gervasio-Alquezar-450x486.jpg 450w\" sizes=\"(max-width: 567px) 100vw, 567px\" \/><\/div><\/li><\/ul><div class='avia-slideshow-arrows avia-slideshow-controls' ><a href='#prev' class='prev-slide ' aria-hidden='true' data-av_icon='\ue87c' data-av_iconfont='entypo-fontello'  tabindex='-1'>Previous<\/a><a href='#next' class='next-slide ' aria-hidden='true' data-av_icon='\ue87d' data-av_iconfont='entypo-fontello'  tabindex='-1'>Next<\/a><\/div><div class='avia-slideshow-dots avia-slideshow-controls'><a href='#1' class='goto-slide active' >1<\/a><a href='#2' class='goto-slide ' >2<\/a><a href='#3' class='goto-slide ' >3<\/a><\/div><\/div><br \/>\n<div  class='hr av-av_hr-7036307108800bfe489471e1c9c1d5a1 hr-short  avia-builder-el-100  el_after_av_slideshow  el_before_av_button  hr-right'><span class='hr-inner '><span class=\"hr-inner-style\"><\/span><\/span><\/div><br \/>\n<div  class='avia-button-wrap avia-button-right  avia-builder-el-101  el_after_av_hr  avia-builder-el-last ' ><a href='https:\/\/www.google.es\/maps\/place\/Calle+Villa,+22147+Adahuesca,+Huesca\/@42.1468646,-0.0090218,19z\/data=!3m1!4b1!4m5!3m4!1s0xd58761ab0dd0cd7:0x42b29b6d401695d2!8m2!3d42.1468646!4d-0.0084746' class='avia-button av-av_button-51fae7bd425bfaf13abd741ff76fb7e3 avia-icon_select-yes-left-icon avia-size-large avia-position-right avia-color-theme-color-subtle' target=\"_blank\" rel=\"noopener noreferrer\"><span class='avia_button_icon avia_button_icon_left' aria-hidden='true' data-av_icon='\ue80b' data-av_iconfont='entypo-fontello'><\/span><span class='avia_iconbox_title' >Como Llegar<\/span><\/a><\/div><\/p><\/div>\n<style type=\"text\/css\" data-created_by=\"avia_inline_auto\" id=\"style-css-av-av_one_half-9c1d454dc06f7247226bc4e8f931daae\">\n.flex_column.av-av_one_half-9c1d454dc06f7247226bc4e8f931daae{\nborder-radius:0px 0px 0px 0px;\n-webkit-border-radius:0px 0px 0px 0px;\n-moz-border-radius:0px 0px 0px 0px;\n}\n<\/style>\n<div class='flex_column av-av_one_half-9c1d454dc06f7247226bc4e8f931daae av_one_half  avia-builder-el-102  el_after_av_one_half  avia-builder-el-last  flex_column_div av-zero-column-padding '   ><p>\n<style type=\"text\/css\" data-created_by=\"avia_inline_auto\" id=\"style-css-av-av_hr-879f897e0c774200876c570ccbab0ca7\">\n#top .hr.hr-invisible.av-av_hr-879f897e0c774200876c570ccbab0ca7{\nheight:70px;\n}\n<\/style>\n<div  class='hr av-av_hr-879f897e0c774200876c570ccbab0ca7 hr-invisible  avia-builder-el-103  el_before_av_iconlist  avia-builder-el-first '><span class='hr-inner '><span class=\"hr-inner-style\"><\/span><\/span><\/div><br \/>\n<div  class='avia-icon-list-container av-av_iconlist-c9265973fe37925e1675fd541a8fb5d9  avia-builder-el-104  el_after_av_hr  avia-builder-el-last '><ul class='avia-icon-list avia_animate_when_almost_visible avia-icon-list-left av-iconlist-big av-av_iconlist-c9265973fe37925e1675fd541a8fb5d9 avia-iconlist-animate'>\n<li><div class='iconlist_icon av-av_iconlist_item-d596de65be8ea4de00d4f0207df433ff avia-font-entypo-fontello'><span class='iconlist-char' aria-hidden='true' data-av_icon='\ue81f' data-av_iconfont='entypo-fontello'><\/span><\/div><article class=\"article-icon-entry \"  itemscope=\"itemscope\" itemtype=\"https:\/\/schema.org\/CreativeWork\" ><div class=\"iconlist_content_wrap\"><header class=\"entry-content-header\"><h4 class='av_iconlist_title iconlist_title  '  itemprop=\"headline\" >DESCRIPCION<\/h4><\/header><div class='iconlist_content '  itemprop=\"text\" ><p>Ordio apuesta por un menu degustaci\u00f3n lleno de sabor, con un excelente producto cocinado a la perfecci\u00f3n y servido en uno de los restaurantes con m\u00e1s encanto de Adahuesca.<\/p>\n<\/div><\/div><footer class=\"entry-footer\"><\/footer><\/article><div class=\"iconlist-timeline\"><\/div><\/li>\n<li><div class='iconlist_icon av-av_iconlist_item-3698e561bf8f78df04d36e5f1cdae446 avia-font-entypo-fontello'><span class='iconlist-char' aria-hidden='true' data-av_icon='\ue821' data-av_iconfont='entypo-fontello'><\/span><\/div><article class=\"article-icon-entry \"  itemscope=\"itemscope\" itemtype=\"https:\/\/schema.org\/CreativeWork\" ><div class=\"iconlist_content_wrap\"><header class=\"entry-content-header\"><h4 class='av_iconlist_title iconlist_title  '  itemprop=\"headline\" >CAPACIDAD<\/h4><\/header><div class='iconlist_content '  itemprop=\"text\" ><p>30 plazas.<\/p>\n<\/div><\/div><footer class=\"entry-footer\"><\/footer><\/article><div class=\"iconlist-timeline\"><\/div><\/li>\n<li><div class='iconlist_icon av-av_iconlist_item-c0b1b61df5915bb546117865fddafcc6 avia-font-entypo-fontello'><span class='iconlist-char' aria-hidden='true' data-av_icon='\ue827' data-av_iconfont='entypo-fontello'><\/span><\/div><article class=\"article-icon-entry \"  itemscope=\"itemscope\" itemtype=\"https:\/\/schema.org\/CreativeWork\" ><div class=\"iconlist_content_wrap\"><header class=\"entry-content-header\"><h4 class='av_iconlist_title iconlist_title  '  itemprop=\"headline\" >\u00bfCUANTO CUESTA?<\/h4><\/header><div class='iconlist_content '  itemprop=\"text\" ><p>Menu 22.50\u20ac<\/p>\n<\/div><\/div><footer class=\"entry-footer\"><\/footer><\/article><div class=\"iconlist-timeline\"><\/div><\/li>\n<li><div class='iconlist_icon av-av_iconlist_item-c09257fa4f6cc9d44dd8e2b614ff0ad7 avia-font-entypo-fontello'><span class='iconlist-char' aria-hidden='true' data-av_icon='\ue82b' data-av_iconfont='entypo-fontello'><\/span><\/div><article class=\"article-icon-entry \"  itemscope=\"itemscope\" itemtype=\"https:\/\/schema.org\/CreativeWork\" ><div class=\"iconlist_content_wrap\"><header class=\"entry-content-header\"><h4 class='av_iconlist_title iconlist_title  '  itemprop=\"headline\" >TIENES QUE PROBAR...<\/h4><\/header><div class='iconlist_content '  itemprop=\"text\" ><p>La calidad de la comida y a un buen precio. Sin duda, lugar para comer o cenar visitando la sierra de Guara!<\/p>\n<p>Tienes que probar cualquiera de sus riqu\u00edsimas hamburguesas, las chiretas y callos caseros.<\/p>\n<p>El men\u00fa degustaci\u00f3n es excelente, destacamos el tartar de fuet, el bacalao y sus deliciosos raviolis de calabac\u00edn, las \u00a0croquetas de jam\u00f3n y el espectacular solomillo.<\/p>\n<\/div><\/div><footer class=\"entry-footer\"><\/footer><\/article><div class=\"iconlist-timeline\"><\/div><\/li>\n<li><div class='iconlist_icon av-av_iconlist_item-25ab24d6bc8e262b62fe6cc2965e4e23 avia-font-entypo-fontello'><span class='iconlist-char' aria-hidden='true' data-av_icon='\ue805' data-av_iconfont='entypo-fontello'><\/span><\/div><article class=\"article-icon-entry \"  itemscope=\"itemscope\" itemtype=\"https:\/\/schema.org\/CreativeWork\" ><div class=\"iconlist_content_wrap\"><header class=\"entry-content-header\"><h4 class='av_iconlist_title iconlist_title  '  itemprop=\"headline\" >Reservalo!<\/h4><\/header><div class='iconlist_content '  itemprop=\"text\" ><p><strong>Tel: 974 31 83 98\u00a0<\/strong><\/p>\n<\/div><\/div><footer class=\"entry-footer\"><\/footer><\/article><div class=\"iconlist-timeline\"><\/div><\/li>\n<\/ul><\/div><\/p><\/div>\n\n<\/div><\/div><\/div><!-- close content main div --><\/div><\/div><div id='about-us'  class='avia-section av-av_section-5ed245d3e1edc50ad4248185fc2bf457 alternate_color avia-section-large avia-shadow  avia-builder-el-105  el_after_av_section  el_before_av_section  avia-bg-style-scroll container_wrap sidebar_right'  ><div class='container av-section-cont-open' ><div class='template-page content  av-content-small alpha units'><div class='post-entry post-entry-type-page post-entry-11540'><div class='entry-content-wrapper clearfix'>\n<div class='flex_column av-av_one_half-2a9015ff38129c418a3f2eafba3e9512 av_one_half  avia-builder-el-106  el_before_av_one_half  avia-builder-el-first  first flex_column_div '   ><section  class='av_textblock_section av-av_textblock-0366cc7376be6c9e82a3e9cc8987b64f'  itemscope=\"itemscope\" itemtype=\"https:\/\/schema.org\/CreativeWork\" ><div class='avia_textblock'  itemprop=\"text\" ><h2 style=\"text-align: right;\">El Alca\u00f1\u00f3n de Alodia. Adahuesca.<\/h2>\n<\/div><\/section><br \/>\n<div  class='hr av-av_hr-7036307108800bfe489471e1c9c1d5a1 hr-short  avia-builder-el-108  el_after_av_textblock  el_before_av_slideshow  hr-right'><span class='hr-inner '><span class=\"hr-inner-style\"><\/span><\/span><\/div><br \/>\n<div  class='avia-slideshow av-av_slideshow-215ba16fbd577a32ac72cde402fefd60 avia-slideshow-no scaling av_slideshow avia-slide-slider  avia-builder-el-109  el_after_av_hr  el_before_av_hr  av-default-height-applied avia-slideshow-12'  data-size='no scaling'  data-lightbox_size='large'  data-animation='slide'  data-conditional_play=''  data-ids='7872,7874,7873'  data-video_counter='0'  data-autoplay='true'  data-bg_slider='false'  data-slide_height=''  data-handle='av_slideshow'  data-interval='3'  data-class=' avia-builder-el-109  el_after_av_hr  el_before_av_hr '  data-extra_class=''  data-el_id=''  data-css_id=''  data-scroll_down=''  data-control_layout=''  data-custom_markup=''  data-perma_caption=''  data-autoplay_stopper=''  data-image_attachment=''  data-min_height='0px'  data-lazy_loading='disabled'  data-default-height='107.93650793651'  data-img_scrset=''  data-av-desktop-hide=''  data-av-medium-hide=''  data-av-small-hide=''  data-av-mini-hide=''  data-alb_description=''  data-id=''  data-custom_class=''  data-template_class=''  data-av_uid=''  data-sc_version='1.0'  data-heading_tag=''  data-heading_class=''   itemprop=\"image\" itemscope=\"itemscope\" itemtype=\"https:\/\/schema.org\/ImageObject\" ><ul class='avia-slideshow-inner ' style='padding-bottom: 107.93650793651%;'><li  class='avia-slideshow-slide av-av_slideshow-215ba16fbd577a32ac72cde402fefd60__0  slide-1 ' ><div data-rel='slideshow-12' class='avia-slide-wrap '   ><img decoding=\"async\" class=\"wp-image-16312 avia-img-lazy-loading-not-16312\"  src=\"https:\/\/alquezarbuenaventura.com\/wp-content\/uploads\/1.-Terraza-Casa-Gervasio.jpg\" width=\"567\" height=\"612\" title='1.-Terraza-Casa-Gervasio' alt=''  itemprop=\"thumbnailUrl\" srcset=\"https:\/\/alquezarbuenaventura.com\/wp-content\/uploads\/1.-Terraza-Casa-Gervasio.jpg 567w, https:\/\/alquezarbuenaventura.com\/wp-content\/uploads\/1.-Terraza-Casa-Gervasio-278x300.jpg 278w, https:\/\/alquezarbuenaventura.com\/wp-content\/uploads\/1.-Terraza-Casa-Gervasio-450x486.jpg 450w\" sizes=\"(max-width: 567px) 100vw, 567px\" \/><\/div><\/li><li  class='avia-slideshow-slide av-av_slideshow-215ba16fbd577a32ac72cde402fefd60__1  slide-2 ' ><div data-rel='slideshow-12' class='avia-slide-wrap '   ><img decoding=\"async\" class=\"wp-image-16316 avia-img-lazy-loading-not-16316\"  src=\"https:\/\/alquezarbuenaventura.com\/wp-content\/uploads\/8.-Terraza-Casa-Gervasio.jpg\" width=\"567\" height=\"612\" title='8.-Terraza-Casa-Gervasio' alt=''  itemprop=\"thumbnailUrl\" srcset=\"https:\/\/alquezarbuenaventura.com\/wp-content\/uploads\/8.-Terraza-Casa-Gervasio.jpg 567w, https:\/\/alquezarbuenaventura.com\/wp-content\/uploads\/8.-Terraza-Casa-Gervasio-278x300.jpg 278w, https:\/\/alquezarbuenaventura.com\/wp-content\/uploads\/8.-Terraza-Casa-Gervasio-450x486.jpg 450w\" sizes=\"(max-width: 567px) 100vw, 567px\" \/><\/div><\/li><li  class='avia-slideshow-slide av-av_slideshow-215ba16fbd577a32ac72cde402fefd60__2  slide-3 ' ><div data-rel='slideshow-12' class='avia-slide-wrap '   ><img decoding=\"async\" class=\"wp-image-16314 avia-img-lazy-loading-not-16314\"  src=\"https:\/\/alquezarbuenaventura.com\/wp-content\/uploads\/12.-Restaurante-Casa-Gervasio-Alquezar.jpg\" width=\"567\" height=\"612\" title='12.-Restaurante-Casa-Gervasio-Alquezar' alt=''  itemprop=\"thumbnailUrl\" srcset=\"https:\/\/alquezarbuenaventura.com\/wp-content\/uploads\/12.-Restaurante-Casa-Gervasio-Alquezar.jpg 567w, https:\/\/alquezarbuenaventura.com\/wp-content\/uploads\/12.-Restaurante-Casa-Gervasio-Alquezar-278x300.jpg 278w, https:\/\/alquezarbuenaventura.com\/wp-content\/uploads\/12.-Restaurante-Casa-Gervasio-Alquezar-450x486.jpg 450w\" sizes=\"(max-width: 567px) 100vw, 567px\" \/><\/div><\/li><\/ul><div class='avia-slideshow-arrows avia-slideshow-controls' ><a href='#prev' class='prev-slide ' aria-hidden='true' data-av_icon='\ue87c' data-av_iconfont='entypo-fontello'  tabindex='-1'>Previous<\/a><a href='#next' class='next-slide ' aria-hidden='true' data-av_icon='\ue87d' data-av_iconfont='entypo-fontello'  tabindex='-1'>Next<\/a><\/div><div class='avia-slideshow-dots avia-slideshow-controls'><a href='#1' class='goto-slide active' >1<\/a><a href='#2' class='goto-slide ' >2<\/a><a href='#3' class='goto-slide ' >3<\/a><\/div><\/div><br \/>\n<div  class='hr av-av_hr-7036307108800bfe489471e1c9c1d5a1 hr-short  avia-builder-el-110  el_after_av_slideshow  el_before_av_button  hr-right'><span class='hr-inner '><span class=\"hr-inner-style\"><\/span><\/span><\/div><br \/>\n<div  class='avia-button-wrap avia-button-right  avia-builder-el-111  el_after_av_hr  avia-builder-el-last ' ><a href='https:\/\/www.google.es\/maps\/dir\/\/Bodegas+Alodia,+Carretera+A-1229,+km.+11,3,+22147+Adahuesca,+Huesca\/@42.1458218,-0.0070263,17z\/data=!4m15!1m6!3m5!1s0xd58761a89aa3e33:0xfc5e5da4431484d9!2sBodegas+Alodia!8m2!3d42.1458218!4d-0.0048376!4m7!1m0!1m5!1m1!1s0xd58761a89aa3e33:0xfc5e5da4431484d9!2m2!1d-0.0048376!2d42.1458218' class='avia-button av-av_button-c89a92812a937bf52e49c91413c3404b avia-icon_select-yes-left-icon avia-size-large avia-position-right avia-color-theme-color-subtle' target=\"_blank\" rel=\"noopener noreferrer\"><span class='avia_button_icon avia_button_icon_left' aria-hidden='true' data-av_icon='\ue80b' data-av_iconfont='entypo-fontello'><\/span><span class='avia_iconbox_title' >Como Llegar<\/span><\/a><\/div><\/p><\/div>\n<style type=\"text\/css\" data-created_by=\"avia_inline_auto\" id=\"style-css-av-av_one_half-9c1d454dc06f7247226bc4e8f931daae\">\n.flex_column.av-av_one_half-9c1d454dc06f7247226bc4e8f931daae{\nborder-radius:0px 0px 0px 0px;\n-webkit-border-radius:0px 0px 0px 0px;\n-moz-border-radius:0px 0px 0px 0px;\n}\n<\/style>\n<div class='flex_column av-av_one_half-9c1d454dc06f7247226bc4e8f931daae av_one_half  avia-builder-el-112  el_after_av_one_half  avia-builder-el-last  flex_column_div av-zero-column-padding '   ><div  class='avia-icon-list-container av-av_iconlist-c9265973fe37925e1675fd541a8fb5d9  avia-builder-el-113  avia-builder-el-no-sibling '><ul class='avia-icon-list avia_animate_when_almost_visible avia-icon-list-left av-iconlist-big av-av_iconlist-c9265973fe37925e1675fd541a8fb5d9 avia-iconlist-animate'>\n<li><div class='iconlist_icon av-av_iconlist_item-d596de65be8ea4de00d4f0207df433ff avia-font-entypo-fontello'><span class='iconlist-char' aria-hidden='true' data-av_icon='\ue81f' data-av_iconfont='entypo-fontello'><\/span><\/div><article class=\"article-icon-entry \"  itemscope=\"itemscope\" itemtype=\"https:\/\/schema.org\/CreativeWork\" ><div class=\"iconlist_content_wrap\"><header class=\"entry-content-header\"><h4 class='av_iconlist_title iconlist_title  '  itemprop=\"headline\" >DESCRIPCION<\/h4><\/header><div class='iconlist_content '  itemprop=\"text\" ><p>El Alca\u00f1\u00f3n de Alodia ofrece la posibilidad de comer en la propia bodega, en un ambiente familiar, con las mejores vistas a Alquezar y la Sierra de Guara. Un men\u00fa en el que prima la calidad de sus productos, platos del\u00a0Alto Arag\u00f3n con alg\u00fan gui\u00f1o a platos tradicionales del mundo y una presentaci\u00f3n muy cuidada, bajo la direcci\u00f3n de Oscar Salazar.<\/p>\n<\/div><\/div><footer class=\"entry-footer\"><\/footer><\/article><div class=\"iconlist-timeline\"><\/div><\/li>\n<li><div class='iconlist_icon av-av_iconlist_item-3698e561bf8f78df04d36e5f1cdae446 avia-font-entypo-fontello'><span class='iconlist-char' aria-hidden='true' data-av_icon='\ue821' data-av_iconfont='entypo-fontello'><\/span><\/div><article class=\"article-icon-entry \"  itemscope=\"itemscope\" itemtype=\"https:\/\/schema.org\/CreativeWork\" ><div class=\"iconlist_content_wrap\"><header class=\"entry-content-header\"><h4 class='av_iconlist_title iconlist_title  '  itemprop=\"headline\" >CAPACIDAD<\/h4><\/header><div class='iconlist_content '  itemprop=\"text\" ><p>Dispone de dos comedores independientes, con las mejores vistas a la Sierra de Sevil,\u00a0Alqu\u00e9zar y Guara. Ideales para celebraciones entre amigos, familiares, asociaciones. Uno de ellos con capacidad para 25 personas y otro mayor, de hasta 80 comensales.<\/p>\n<\/div><\/div><footer class=\"entry-footer\"><\/footer><\/article><div class=\"iconlist-timeline\"><\/div><\/li>\n<li><div class='iconlist_icon av-av_iconlist_item-c0b1b61df5915bb546117865fddafcc6 avia-font-entypo-fontello'><span class='iconlist-char' aria-hidden='true' data-av_icon='\ue827' data-av_iconfont='entypo-fontello'><\/span><\/div><article class=\"article-icon-entry \"  itemscope=\"itemscope\" itemtype=\"https:\/\/schema.org\/CreativeWork\" ><div class=\"iconlist_content_wrap\"><header class=\"entry-content-header\"><h4 class='av_iconlist_title iconlist_title  '  itemprop=\"headline\" >\u00bfCUANTO CUESTA?<\/h4><\/header><div class='iconlist_content '  itemprop=\"text\" ><p>Menu 22.50\u20ac<\/p>\n<\/div><\/div><footer class=\"entry-footer\"><\/footer><\/article><div class=\"iconlist-timeline\"><\/div><\/li>\n<li><div class='iconlist_icon av-av_iconlist_item-c09257fa4f6cc9d44dd8e2b614ff0ad7 avia-font-entypo-fontello'><span class='iconlist-char' aria-hidden='true' data-av_icon='\ue82b' data-av_iconfont='entypo-fontello'><\/span><\/div><article class=\"article-icon-entry \"  itemscope=\"itemscope\" itemtype=\"https:\/\/schema.org\/CreativeWork\" ><div class=\"iconlist_content_wrap\"><header class=\"entry-content-header\"><h4 class='av_iconlist_title iconlist_title  '  itemprop=\"headline\" >TIENES QUE PROBAR...<\/h4><\/header><div class='iconlist_content '  itemprop=\"text\" ><p>En la carta de oto\u00f1o se pueden degustar las pochas con Boletus Edulis y aceite de trufa, el cardo en salsa de salmorrejo de blanco Alca\u00f1\u00f3n y matac\u00eda, \u00a0Rulito de Pularda con chipirones en su tinta y gamba a la brasa, Codillo de Lat\u00f3n de la Fueva \u00a0y para terminar una Tarta fina de manzana con espuma de canela y helado de nata fresca entre otros deliciosos postres<\/p>\n<\/div><\/div><footer class=\"entry-footer\"><\/footer><\/article><div class=\"iconlist-timeline\"><\/div><\/li>\n<li><div class='iconlist_icon av-av_iconlist_item-25ab24d6bc8e262b62fe6cc2965e4e23 avia-font-entypo-fontello'><span class='iconlist-char' aria-hidden='true' data-av_icon='\ue805' data-av_iconfont='entypo-fontello'><\/span><\/div><article class=\"article-icon-entry \"  itemscope=\"itemscope\" itemtype=\"https:\/\/schema.org\/CreativeWork\" ><div class=\"iconlist_content_wrap\"><header class=\"entry-content-header\"><h4 class='av_iconlist_title iconlist_title  '  itemprop=\"headline\" >Reservalo!<\/h4><\/header><div class='iconlist_content '  itemprop=\"text\" ><p><strong>Tel: 974 318 265 ,\u00a0<\/strong><strong>contacto@alodia.es<\/strong><\/p>\n<\/div><\/div><footer class=\"entry-footer\"><\/footer><\/article><div class=\"iconlist-timeline\"><\/div><\/li>\n<\/ul><\/div><\/div>\n\n<\/div><\/div><\/div><!-- close content main div --><\/div><\/div><div id='about-us'  class='avia-section av-av_section-5ed245d3e1edc50ad4248185fc2bf457 alternate_color avia-section-large avia-shadow  avia-builder-el-114  el_after_av_section  el_before_av_section  avia-bg-style-scroll container_wrap sidebar_right'  ><div class='container av-section-cont-open' ><div class='template-page content  av-content-small alpha units'><div class='post-entry post-entry-type-page post-entry-11540'><div class='entry-content-wrapper clearfix'>\n<div class='flex_column av-av_one_half-2a9015ff38129c418a3f2eafba3e9512 av_one_half  avia-builder-el-115  el_before_av_one_half  avia-builder-el-first  first flex_column_div '   ><section  class='av_textblock_section av-av_textblock-0366cc7376be6c9e82a3e9cc8987b64f'  itemscope=\"itemscope\" itemtype=\"https:\/\/schema.org\/CreativeWork\" ><div class='avia_textblock'  itemprop=\"text\" ><h2 style=\"text-align: right;\">Restaurante la Olla. Colungo.<\/h2>\n<\/div><\/section><br \/>\n<div  class='hr av-av_hr-7036307108800bfe489471e1c9c1d5a1 hr-short  avia-builder-el-117  el_after_av_textblock  el_before_av_slideshow  hr-right'><span class='hr-inner '><span class=\"hr-inner-style\"><\/span><\/span><\/div><br \/>\n<div  class='avia-slideshow av-av_slideshow-215ba16fbd577a32ac72cde402fefd60 avia-slideshow-no scaling av_slideshow avia-slide-slider  avia-builder-el-118  el_after_av_hr  el_before_av_hr  av-default-height-applied avia-slideshow-13'  data-size='no scaling'  data-lightbox_size='large'  data-animation='slide'  data-conditional_play=''  data-ids='7872,7874,7873'  data-video_counter='0'  data-autoplay='true'  data-bg_slider='false'  data-slide_height=''  data-handle='av_slideshow'  data-interval='3'  data-class=' avia-builder-el-118  el_after_av_hr  el_before_av_hr '  data-extra_class=''  data-el_id=''  data-css_id=''  data-scroll_down=''  data-control_layout=''  data-custom_markup=''  data-perma_caption=''  data-autoplay_stopper=''  data-image_attachment=''  data-min_height='0px'  data-lazy_loading='disabled'  data-default-height='107.93650793651'  data-img_scrset=''  data-av-desktop-hide=''  data-av-medium-hide=''  data-av-small-hide=''  data-av-mini-hide=''  data-alb_description=''  data-id=''  data-custom_class=''  data-template_class=''  data-av_uid=''  data-sc_version='1.0'  data-heading_tag=''  data-heading_class=''   itemprop=\"image\" itemscope=\"itemscope\" itemtype=\"https:\/\/schema.org\/ImageObject\" ><ul class='avia-slideshow-inner ' style='padding-bottom: 107.93650793651%;'><li  class='avia-slideshow-slide av-av_slideshow-215ba16fbd577a32ac72cde402fefd60__0  slide-1 ' ><div data-rel='slideshow-13' class='avia-slide-wrap '   ><img decoding=\"async\" class=\"wp-image-16312 avia-img-lazy-loading-not-16312\"  src=\"https:\/\/alquezarbuenaventura.com\/wp-content\/uploads\/1.-Terraza-Casa-Gervasio.jpg\" width=\"567\" height=\"612\" title='1.-Terraza-Casa-Gervasio' alt=''  itemprop=\"thumbnailUrl\" srcset=\"https:\/\/alquezarbuenaventura.com\/wp-content\/uploads\/1.-Terraza-Casa-Gervasio.jpg 567w, https:\/\/alquezarbuenaventura.com\/wp-content\/uploads\/1.-Terraza-Casa-Gervasio-278x300.jpg 278w, https:\/\/alquezarbuenaventura.com\/wp-content\/uploads\/1.-Terraza-Casa-Gervasio-450x486.jpg 450w\" sizes=\"(max-width: 567px) 100vw, 567px\" \/><\/div><\/li><li  class='avia-slideshow-slide av-av_slideshow-215ba16fbd577a32ac72cde402fefd60__1  slide-2 ' ><div data-rel='slideshow-13' class='avia-slide-wrap '   ><img decoding=\"async\" class=\"wp-image-16316 avia-img-lazy-loading-not-16316\"  src=\"https:\/\/alquezarbuenaventura.com\/wp-content\/uploads\/8.-Terraza-Casa-Gervasio.jpg\" width=\"567\" height=\"612\" title='8.-Terraza-Casa-Gervasio' alt=''  itemprop=\"thumbnailUrl\" srcset=\"https:\/\/alquezarbuenaventura.com\/wp-content\/uploads\/8.-Terraza-Casa-Gervasio.jpg 567w, https:\/\/alquezarbuenaventura.com\/wp-content\/uploads\/8.-Terraza-Casa-Gervasio-278x300.jpg 278w, https:\/\/alquezarbuenaventura.com\/wp-content\/uploads\/8.-Terraza-Casa-Gervasio-450x486.jpg 450w\" sizes=\"(max-width: 567px) 100vw, 567px\" \/><\/div><\/li><li  class='avia-slideshow-slide av-av_slideshow-215ba16fbd577a32ac72cde402fefd60__2  slide-3 ' ><div data-rel='slideshow-13' class='avia-slide-wrap '   ><img decoding=\"async\" class=\"wp-image-16314 avia-img-lazy-loading-not-16314\"  src=\"https:\/\/alquezarbuenaventura.com\/wp-content\/uploads\/12.-Restaurante-Casa-Gervasio-Alquezar.jpg\" width=\"567\" height=\"612\" title='12.-Restaurante-Casa-Gervasio-Alquezar' alt=''  itemprop=\"thumbnailUrl\" srcset=\"https:\/\/alquezarbuenaventura.com\/wp-content\/uploads\/12.-Restaurante-Casa-Gervasio-Alquezar.jpg 567w, https:\/\/alquezarbuenaventura.com\/wp-content\/uploads\/12.-Restaurante-Casa-Gervasio-Alquezar-278x300.jpg 278w, https:\/\/alquezarbuenaventura.com\/wp-content\/uploads\/12.-Restaurante-Casa-Gervasio-Alquezar-450x486.jpg 450w\" sizes=\"(max-width: 567px) 100vw, 567px\" \/><\/div><\/li><\/ul><div class='avia-slideshow-arrows avia-slideshow-controls' ><a href='#prev' class='prev-slide ' aria-hidden='true' data-av_icon='\ue87c' data-av_iconfont='entypo-fontello'  tabindex='-1'>Previous<\/a><a href='#next' class='next-slide ' aria-hidden='true' data-av_icon='\ue87d' data-av_iconfont='entypo-fontello'  tabindex='-1'>Next<\/a><\/div><div class='avia-slideshow-dots avia-slideshow-controls'><a href='#1' class='goto-slide active' >1<\/a><a href='#2' class='goto-slide ' >2<\/a><a href='#3' class='goto-slide ' >3<\/a><\/div><\/div><br \/>\n<div  class='hr av-av_hr-7036307108800bfe489471e1c9c1d5a1 hr-short  avia-builder-el-119  el_after_av_slideshow  el_before_av_button  hr-right'><span class='hr-inner '><span class=\"hr-inner-style\"><\/span><\/span><\/div><br \/>\n<div  class='avia-button-wrap avia-button-right  avia-builder-el-120  el_after_av_hr  avia-builder-el-last ' ><a href='https:\/\/www.google.es\/maps\/dir\/\/A+OLLA,+Calle+el+Val,+20B,+22148+Colungo,+Huesca\/@42.1727231,0.0301894,13z\/data=!3m1!4b1!4m8!4m7!1m0!1m5!1m1!1s0x12a78bedf79b5d2d:0xb4b4b734e5b69493!2m2!1d0.0652087!2d42.1727284' class='avia-button av-av_button-c818221de548defd872433efd8bdf6a0 avia-icon_select-yes-left-icon avia-size-large avia-position-right avia-color-theme-color-subtle' target=\"_blank\" rel=\"noopener noreferrer\"><span class='avia_button_icon avia_button_icon_left' aria-hidden='true' data-av_icon='\ue80b' data-av_iconfont='entypo-fontello'><\/span><span class='avia_iconbox_title' >Como llegar<\/span><\/a><\/div><\/p><\/div>\n<style type=\"text\/css\" data-created_by=\"avia_inline_auto\" id=\"style-css-av-av_one_half-9c1d454dc06f7247226bc4e8f931daae\">\n.flex_column.av-av_one_half-9c1d454dc06f7247226bc4e8f931daae{\nborder-radius:0px 0px 0px 0px;\n-webkit-border-radius:0px 0px 0px 0px;\n-moz-border-radius:0px 0px 0px 0px;\n}\n<\/style>\n<div class='flex_column av-av_one_half-9c1d454dc06f7247226bc4e8f931daae av_one_half  avia-builder-el-121  el_after_av_one_half  avia-builder-el-last  flex_column_div av-zero-column-padding '   ><div  class='avia-icon-list-container av-av_iconlist-c9265973fe37925e1675fd541a8fb5d9  avia-builder-el-122  avia-builder-el-no-sibling '><ul class='avia-icon-list avia_animate_when_almost_visible avia-icon-list-left av-iconlist-big av-av_iconlist-c9265973fe37925e1675fd541a8fb5d9 avia-iconlist-animate'>\n<li><div class='iconlist_icon av-av_iconlist_item-d596de65be8ea4de00d4f0207df433ff avia-font-entypo-fontello'><span class='iconlist-char' aria-hidden='true' data-av_icon='\ue81f' data-av_iconfont='entypo-fontello'><\/span><\/div><article class=\"article-icon-entry \"  itemscope=\"itemscope\" itemtype=\"https:\/\/schema.org\/CreativeWork\" ><div class=\"iconlist_content_wrap\"><header class=\"entry-content-header\"><h4 class='av_iconlist_title iconlist_title  '  itemprop=\"headline\" >DESCRIPCION<\/h4><\/header><div class='iconlist_content '  itemprop=\"text\" ><p>Restaurante situado junto a la carretera A-2205 que va desde Colungo a Ainsa y cuenta con bar-cafeter\u00eda y terraza.<\/p>\n<p>Especializado en \u00a0los platos t\u00edpicos de la zona como, Tortetas, Chiretas, Borrajas regadas con aceite de oliva de elaboraci\u00f3n propia y \u00a0excelente carne a la brasa.<\/p>\n<\/div><\/div><footer class=\"entry-footer\"><\/footer><\/article><div class=\"iconlist-timeline\"><\/div><\/li>\n<li><div class='iconlist_icon av-av_iconlist_item-3698e561bf8f78df04d36e5f1cdae446 avia-font-entypo-fontello'><span class='iconlist-char' aria-hidden='true' data-av_icon='\ue821' data-av_iconfont='entypo-fontello'><\/span><\/div><article class=\"article-icon-entry \"  itemscope=\"itemscope\" itemtype=\"https:\/\/schema.org\/CreativeWork\" ><div class=\"iconlist_content_wrap\"><header class=\"entry-content-header\"><h4 class='av_iconlist_title iconlist_title  '  itemprop=\"headline\" >CAPACIDAD<\/h4><\/header><div class='iconlist_content '  itemprop=\"text\" ><p>60 plazas<\/p>\n<\/div><\/div><footer class=\"entry-footer\"><\/footer><\/article><div class=\"iconlist-timeline\"><\/div><\/li>\n<li><div class='iconlist_icon av-av_iconlist_item-c0b1b61df5915bb546117865fddafcc6 avia-font-entypo-fontello'><span class='iconlist-char' aria-hidden='true' data-av_icon='\ue827' data-av_iconfont='entypo-fontello'><\/span><\/div><article class=\"article-icon-entry \"  itemscope=\"itemscope\" itemtype=\"https:\/\/schema.org\/CreativeWork\" ><div class=\"iconlist_content_wrap\"><header class=\"entry-content-header\"><h4 class='av_iconlist_title iconlist_title  '  itemprop=\"headline\" >\u00bfCUANTO CUESTA?<\/h4><\/header><div class='iconlist_content '  itemprop=\"text\" ><p>Men\u00fa: 14\u20ac<\/p>\n<\/div><\/div><footer class=\"entry-footer\"><\/footer><\/article><div class=\"iconlist-timeline\"><\/div><\/li>\n<li><div class='iconlist_icon av-av_iconlist_item-c09257fa4f6cc9d44dd8e2b614ff0ad7 avia-font-entypo-fontello'><span class='iconlist-char' aria-hidden='true' data-av_icon='\ue82b' data-av_iconfont='entypo-fontello'><\/span><\/div><article class=\"article-icon-entry \"  itemscope=\"itemscope\" itemtype=\"https:\/\/schema.org\/CreativeWork\" ><div class=\"iconlist_content_wrap\"><header class=\"entry-content-header\"><h4 class='av_iconlist_title iconlist_title  '  itemprop=\"headline\" >TIENES QUE PROBAR...<\/h4><\/header><div class='iconlist_content '  itemprop=\"text\" ><p>Sus deliciosas chiretas, plato t\u00edpico de la cocina del Somontano.<\/p>\n<\/div><\/div><footer class=\"entry-footer\"><\/footer><\/article><div class=\"iconlist-timeline\"><\/div><\/li>\n<li><div class='iconlist_icon av-av_iconlist_item-25ab24d6bc8e262b62fe6cc2965e4e23 avia-font-entypo-fontello'><span class='iconlist-char' aria-hidden='true' data-av_icon='\ue805' data-av_iconfont='entypo-fontello'><\/span><\/div><article class=\"article-icon-entry \"  itemscope=\"itemscope\" itemtype=\"https:\/\/schema.org\/CreativeWork\" ><div class=\"iconlist_content_wrap\"><header class=\"entry-content-header\"><h4 class='av_iconlist_title iconlist_title  '  itemprop=\"headline\" >Reservalo!<\/h4><\/header><div class='iconlist_content '  itemprop=\"text\" ><p>Llama al\u00a0<strong>974 318 193 <\/strong>o bien <strong>laeradecasacapellan@hotmail.com<\/strong><\/p>\n<\/div><\/div><footer class=\"entry-footer\"><\/footer><\/article><div class=\"iconlist-timeline\"><\/div><\/li>\n<\/ul><\/div><\/div>\n\n<\/div><\/div><\/div><!-- close content main div --><\/div><\/div><div id='about-us'  class='avia-section av-av_section-5ed245d3e1edc50ad4248185fc2bf457 alternate_color avia-section-large avia-shadow  avia-builder-el-123  el_after_av_section  el_before_av_section  avia-bg-style-scroll container_wrap sidebar_right'  ><div class='container av-section-cont-open' ><div class='template-page content  av-content-small alpha units'><div class='post-entry post-entry-type-page post-entry-11540'><div class='entry-content-wrapper clearfix'>\n<div class='flex_column av-av_one_half-2a9015ff38129c418a3f2eafba3e9512 av_one_half  avia-builder-el-124  el_before_av_one_half  avia-builder-el-first  first flex_column_div '   ><section  class='av_textblock_section av-av_textblock-0366cc7376be6c9e82a3e9cc8987b64f'  itemscope=\"itemscope\" itemtype=\"https:\/\/schema.org\/CreativeWork\" ><div class='avia_textblock'  itemprop=\"text\" ><h2 style=\"text-align: right;\">La Jayma del Arte. Asque<\/h2>\n<\/div><\/section><br \/>\n<div  class='hr av-av_hr-7036307108800bfe489471e1c9c1d5a1 hr-short  avia-builder-el-126  el_after_av_textblock  el_before_av_slideshow  hr-right'><span class='hr-inner '><span class=\"hr-inner-style\"><\/span><\/span><\/div><br \/>\n<div  class='avia-slideshow av-av_slideshow-4f7b2b5f417e5e1a781935034c419496 avia-slideshow-no scaling av_slideshow avia-slide-slider  avia-builder-el-127  el_after_av_hr  el_before_av_hr  av-default-height-applied avia-slideshow-14'  data-size='no scaling'  data-lightbox_size='large'  data-animation='slide'  data-conditional_play=''  data-ids='7803,7802'  data-video_counter='0'  data-autoplay='true'  data-bg_slider='false'  data-slide_height=''  data-handle='av_slideshow'  data-interval='5'  data-class=' avia-builder-el-127  el_after_av_hr  el_before_av_hr '  data-extra_class=''  data-el_id=''  data-css_id=''  data-scroll_down=''  data-control_layout=''  data-custom_markup=''  data-perma_caption=''  data-autoplay_stopper=''  data-image_attachment=''  data-min_height='0px'  data-lazy_loading='disabled'  data-default-height='92.672998643148'  data-img_scrset=''  data-av-desktop-hide=''  data-av-medium-hide=''  data-av-small-hide=''  data-av-mini-hide=''  data-alb_description=''  data-id=''  data-custom_class=''  data-template_class=''  data-av_uid=''  data-sc_version='1.0'  data-heading_tag=''  data-heading_class=''   itemprop=\"image\" itemscope=\"itemscope\" itemtype=\"https:\/\/schema.org\/ImageObject\" ><ul class='avia-slideshow-inner ' style='padding-bottom: 92.672998643148%;'><li  class='avia-slideshow-slide av-av_slideshow-4f7b2b5f417e5e1a781935034c419496__0  slide-1 ' ><div data-rel='slideshow-14' class='avia-slide-wrap '   ><img decoding=\"async\" class=\"wp-image-16178 avia-img-lazy-loading-not-16178\"  src=\"https:\/\/alquezarbuenaventura.com\/wp-content\/uploads\/comedorartica.jpg\" width=\"737\" height=\"683\" title='Comedor Artica Alquezar' alt=''  itemprop=\"thumbnailUrl\" srcset=\"https:\/\/alquezarbuenaventura.com\/wp-content\/uploads\/comedorartica.jpg 737w, https:\/\/alquezarbuenaventura.com\/wp-content\/uploads\/comedorartica-300x278.jpg 300w, https:\/\/alquezarbuenaventura.com\/wp-content\/uploads\/comedorartica-705x653.jpg 705w, https:\/\/alquezarbuenaventura.com\/wp-content\/uploads\/comedorartica-450x417.jpg 450w\" sizes=\"(max-width: 737px) 100vw, 737px\" \/><\/div><\/li><li  class='avia-slideshow-slide av-av_slideshow-4f7b2b5f417e5e1a781935034c419496__1  slide-2 ' ><div data-rel='slideshow-14' class='avia-slide-wrap '   ><img decoding=\"async\" class=\"wp-image-16176 avia-img-lazy-loading-not-16176\"  src=\"https:\/\/alquezarbuenaventura.com\/wp-content\/uploads\/hamburguesaartica.jpg\" width=\"810\" height=\"750\" title='Hamburguesa Artica Alquezar' alt=''  itemprop=\"thumbnailUrl\" srcset=\"https:\/\/alquezarbuenaventura.com\/wp-content\/uploads\/hamburguesaartica.jpg 810w, https:\/\/alquezarbuenaventura.com\/wp-content\/uploads\/hamburguesaartica-300x278.jpg 300w, https:\/\/alquezarbuenaventura.com\/wp-content\/uploads\/hamburguesaartica-705x653.jpg 705w, https:\/\/alquezarbuenaventura.com\/wp-content\/uploads\/hamburguesaartica-450x417.jpg 450w\" sizes=\"(max-width: 810px) 100vw, 810px\" \/><\/div><\/li><\/ul><div class='avia-slideshow-arrows avia-slideshow-controls' ><a href='#prev' class='prev-slide ' aria-hidden='true' data-av_icon='\ue87c' data-av_iconfont='entypo-fontello'  tabindex='-1'>Previous<\/a><a href='#next' class='next-slide ' aria-hidden='true' data-av_icon='\ue87d' data-av_iconfont='entypo-fontello'  tabindex='-1'>Next<\/a><\/div><div class='avia-slideshow-dots avia-slideshow-controls'><a href='#1' class='goto-slide active' >1<\/a><a href='#2' class='goto-slide ' >2<\/a><\/div><\/div><br \/>\n<div  class='hr av-av_hr-7036307108800bfe489471e1c9c1d5a1 hr-short  avia-builder-el-128  el_after_av_slideshow  el_before_av_button  hr-right'><span class='hr-inner '><span class=\"hr-inner-style\"><\/span><\/span><\/div><br \/>\n<div  class='avia-button-wrap avia-button-right  avia-builder-el-129  el_after_av_hr  avia-builder-el-last ' ><a href='https:\/\/www.google.es\/maps\/dir\/\/Restaurante+la+Jayma+del+Arte,+Calle+Baja,+3,+22148+Asque,+Huesca\/@42.1760867,0.0508063,17z\/data=!4m15!1m6!3m5!1s0x12a78bc08f51ade7:0x82e1312a9afcbfa8!2sRestaurante+la+Jayma+del+Arte!8m2!3d42.1760867!4d0.052995!4m7!1m0!1m5!1m1!1s0x12a78bc08f51ade7:0x82e1312a9afcbfa8!2m2!1d0.052995!2d42.1760867' class='avia-button av-av_button-c79f8f16d1df921227f80cbbfaea57df avia-icon_select-yes-left-icon avia-size-large avia-position-right avia-color-theme-color-subtle' target=\"_blank\" rel=\"noopener noreferrer\"><span class='avia_button_icon avia_button_icon_left' aria-hidden='true' data-av_icon='\ue80b' data-av_iconfont='entypo-fontello'><\/span><span class='avia_iconbox_title' >Como llegar<\/span><\/a><\/div><\/p><\/div>\n<style type=\"text\/css\" data-created_by=\"avia_inline_auto\" id=\"style-css-av-av_one_half-9c1d454dc06f7247226bc4e8f931daae\">\n.flex_column.av-av_one_half-9c1d454dc06f7247226bc4e8f931daae{\nborder-radius:0px 0px 0px 0px;\n-webkit-border-radius:0px 0px 0px 0px;\n-moz-border-radius:0px 0px 0px 0px;\n}\n<\/style>\n<div class='flex_column av-av_one_half-9c1d454dc06f7247226bc4e8f931daae av_one_half  avia-builder-el-130  el_after_av_one_half  avia-builder-el-last  flex_column_div av-zero-column-padding '   ><div  class='avia-icon-list-container av-av_iconlist-c9265973fe37925e1675fd541a8fb5d9  avia-builder-el-131  avia-builder-el-no-sibling '><ul class='avia-icon-list avia_animate_when_almost_visible avia-icon-list-left av-iconlist-big av-av_iconlist-c9265973fe37925e1675fd541a8fb5d9 avia-iconlist-animate'>\n<li><div class='iconlist_icon av-av_iconlist_item-d596de65be8ea4de00d4f0207df433ff avia-font-entypo-fontello'><span class='iconlist-char' aria-hidden='true' data-av_icon='\ue81f' data-av_iconfont='entypo-fontello'><\/span><\/div><article class=\"article-icon-entry \"  itemscope=\"itemscope\" itemtype=\"https:\/\/schema.org\/CreativeWork\" ><div class=\"iconlist_content_wrap\"><header class=\"entry-content-header\"><h4 class='av_iconlist_title iconlist_title  '  itemprop=\"headline\" >DESCRIPCION<\/h4><\/header><div class='iconlist_content '  itemprop=\"text\" ><p>La Jayma del Arte es un maravilloso complejo que se encuentra situado en un verdadero oasis dentro del Parque Natural de la Sierra y los Ca\u00f1ones de Guara, cuna del arte rupestre y de los descensos de los barrancos del r\u00edo Vero<\/p>\n<p>En la estupenda\u00a0terraza chill-out\u00a0el cliente podr\u00e1 disfrutar de la quietud mientras contempla en paisaje o mientras se da un chapuz\u00f3n en la piscina con vistas a la sierra.<\/p>\n<p>El complejo, se completa con el\u00a0restaurante\u00a0Jayma del Arte, un espacio original y diferente en un entorno natural para disfrutar de la exquisita comida casera con los sabores y aromas de aqu\u00ed y de all\u00e1.<\/p>\n<p>Dispone adem\u00e1s de una terraza exterior con vistas espectaculares a una zona de almendros y olivos milenarios. Ofrece WiFi gratuito, jard\u00edn y piscina al aire libre disponible durante todo el a\u00f1o.<\/p>\n<\/div><\/div><footer class=\"entry-footer\"><\/footer><\/article><div class=\"iconlist-timeline\"><\/div><\/li>\n<li><div class='iconlist_icon av-av_iconlist_item-c0b1b61df5915bb546117865fddafcc6 avia-font-entypo-fontello'><span class='iconlist-char' aria-hidden='true' data-av_icon='\ue827' data-av_iconfont='entypo-fontello'><\/span><\/div><article class=\"article-icon-entry \"  itemscope=\"itemscope\" itemtype=\"https:\/\/schema.org\/CreativeWork\" ><div class=\"iconlist_content_wrap\"><header class=\"entry-content-header\"><h4 class='av_iconlist_title iconlist_title  '  itemprop=\"headline\" >\u00bfCUANTO CUESTA?<\/h4><\/header><div class='iconlist_content '  itemprop=\"text\" ><p>Consultar<\/p>\n<\/div><\/div><footer class=\"entry-footer\"><\/footer><\/article><div class=\"iconlist-timeline\"><\/div><\/li>\n<li><div class='iconlist_icon av-av_iconlist_item-3698e561bf8f78df04d36e5f1cdae446 avia-font-entypo-fontello'><span class='iconlist-char' aria-hidden='true' data-av_icon='\ue821' data-av_iconfont='entypo-fontello'><\/span><\/div><article class=\"article-icon-entry \"  itemscope=\"itemscope\" itemtype=\"https:\/\/schema.org\/CreativeWork\" ><div class=\"iconlist_content_wrap\"><header class=\"entry-content-header\"><h4 class='av_iconlist_title iconlist_title  '  itemprop=\"headline\" >CAPACIDAD<\/h4><\/header><div class='iconlist_content '  itemprop=\"text\" ><p>La Jayma tiene capacidad para 75 personas.<\/p>\n<\/div><\/div><footer class=\"entry-footer\"><\/footer><\/article><div class=\"iconlist-timeline\"><\/div><\/li>\n<li><div class='iconlist_icon av-av_iconlist_item-c09257fa4f6cc9d44dd8e2b614ff0ad7 avia-font-entypo-fontello'><span class='iconlist-char' aria-hidden='true' data-av_icon='\ue82b' data-av_iconfont='entypo-fontello'><\/span><\/div><article class=\"article-icon-entry \"  itemscope=\"itemscope\" itemtype=\"https:\/\/schema.org\/CreativeWork\" ><div class=\"iconlist_content_wrap\"><header class=\"entry-content-header\"><h4 class='av_iconlist_title iconlist_title  '  itemprop=\"headline\" >TIENES QUE PROBAR...<\/h4><\/header><div class='iconlist_content '  itemprop=\"text\" ><p>El men\u00fa, compuesto de una degustaci\u00f3n de quesos, ensalada tropical y un espl\u00e9ndido cusc\u00fas con verduritas y cordero.<\/p>\n<\/div><\/div><footer class=\"entry-footer\"><\/footer><\/article><div class=\"iconlist-timeline\"><\/div><\/li>\n<li><div class='iconlist_icon av-av_iconlist_item-25ab24d6bc8e262b62fe6cc2965e4e23 avia-font-entypo-fontello'><span class='iconlist-char' aria-hidden='true' data-av_icon='\ue805' data-av_iconfont='entypo-fontello'><\/span><\/div><article class=\"article-icon-entry \"  itemscope=\"itemscope\" itemtype=\"https:\/\/schema.org\/CreativeWork\" ><div class=\"iconlist_content_wrap\"><header class=\"entry-content-header\"><h4 class='av_iconlist_title iconlist_title  '  itemprop=\"headline\" >Reservalo!<\/h4><\/header><div class='iconlist_content '  itemprop=\"text\" ><p>Llama a 974 943 106 \u2013 664 701 783 escribe un email: patriestebanr@gmail.com<\/p>\n<\/div><\/div><footer class=\"entry-footer\"><\/footer><\/article><div class=\"iconlist-timeline\"><\/div><\/li>\n<\/ul><\/div><\/div>\n\n<\/div><\/div><\/div><!-- close content main div --><\/div><\/div><div id='about-us'  class='avia-section av-av_section-5ed245d3e1edc50ad4248185fc2bf457 alternate_color avia-section-large avia-shadow  avia-builder-el-132  el_after_av_section  el_before_av_section  avia-bg-style-scroll container_wrap sidebar_right'  ><div class='container av-section-cont-open' ><div class='template-page content  av-content-small alpha units'><div class='post-entry post-entry-type-page post-entry-11540'><div class='entry-content-wrapper clearfix'>\n<div class='flex_column av-av_one_half-2a9015ff38129c418a3f2eafba3e9512 av_one_half  avia-builder-el-133  el_before_av_one_half  avia-builder-el-first  first flex_column_div '   ><section  class='av_textblock_section av-av_textblock-0366cc7376be6c9e82a3e9cc8987b64f'  itemscope=\"itemscope\" itemtype=\"https:\/\/schema.org\/CreativeWork\" ><div class='avia_textblock'  itemprop=\"text\" ><h2 style=\"text-align: right;\">\u00a0Restaurante Bodega del Vero. Barbastro.<\/h2>\n<\/div><\/section><br \/>\n<div  class='hr av-av_hr-7036307108800bfe489471e1c9c1d5a1 hr-short  avia-builder-el-135  el_after_av_textblock  el_before_av_slideshow  hr-right'><span class='hr-inner '><span class=\"hr-inner-style\"><\/span><\/span><\/div><br \/>\n<div  class='avia-slideshow av-av_slideshow-215ba16fbd577a32ac72cde402fefd60 avia-slideshow-no scaling av_slideshow avia-slide-slider  avia-builder-el-136  el_after_av_hr  el_before_av_hr  av-default-height-applied avia-slideshow-15'  data-size='no scaling'  data-lightbox_size='large'  data-animation='slide'  data-conditional_play=''  data-ids='7872,7874,7873'  data-video_counter='0'  data-autoplay='true'  data-bg_slider='false'  data-slide_height=''  data-handle='av_slideshow'  data-interval='3'  data-class=' avia-builder-el-136  el_after_av_hr  el_before_av_hr '  data-extra_class=''  data-el_id=''  data-css_id=''  data-scroll_down=''  data-control_layout=''  data-custom_markup=''  data-perma_caption=''  data-autoplay_stopper=''  data-image_attachment=''  data-min_height='0px'  data-lazy_loading='disabled'  data-default-height='107.93650793651'  data-img_scrset=''  data-av-desktop-hide=''  data-av-medium-hide=''  data-av-small-hide=''  data-av-mini-hide=''  data-alb_description=''  data-id=''  data-custom_class=''  data-template_class=''  data-av_uid=''  data-sc_version='1.0'  data-heading_tag=''  data-heading_class=''   itemprop=\"image\" itemscope=\"itemscope\" itemtype=\"https:\/\/schema.org\/ImageObject\" ><ul class='avia-slideshow-inner ' style='padding-bottom: 107.93650793651%;'><li  class='avia-slideshow-slide av-av_slideshow-215ba16fbd577a32ac72cde402fefd60__0  slide-1 ' ><div data-rel='slideshow-15' class='avia-slide-wrap '   ><img decoding=\"async\" class=\"wp-image-16312 avia-img-lazy-loading-not-16312\"  src=\"https:\/\/alquezarbuenaventura.com\/wp-content\/uploads\/1.-Terraza-Casa-Gervasio.jpg\" width=\"567\" height=\"612\" title='1.-Terraza-Casa-Gervasio' alt=''  itemprop=\"thumbnailUrl\" srcset=\"https:\/\/alquezarbuenaventura.com\/wp-content\/uploads\/1.-Terraza-Casa-Gervasio.jpg 567w, https:\/\/alquezarbuenaventura.com\/wp-content\/uploads\/1.-Terraza-Casa-Gervasio-278x300.jpg 278w, https:\/\/alquezarbuenaventura.com\/wp-content\/uploads\/1.-Terraza-Casa-Gervasio-450x486.jpg 450w\" sizes=\"(max-width: 567px) 100vw, 567px\" \/><\/div><\/li><li  class='avia-slideshow-slide av-av_slideshow-215ba16fbd577a32ac72cde402fefd60__1  slide-2 ' ><div data-rel='slideshow-15' class='avia-slide-wrap '   ><img decoding=\"async\" class=\"wp-image-16316 avia-img-lazy-loading-not-16316\"  src=\"https:\/\/alquezarbuenaventura.com\/wp-content\/uploads\/8.-Terraza-Casa-Gervasio.jpg\" width=\"567\" height=\"612\" title='8.-Terraza-Casa-Gervasio' alt=''  itemprop=\"thumbnailUrl\" srcset=\"https:\/\/alquezarbuenaventura.com\/wp-content\/uploads\/8.-Terraza-Casa-Gervasio.jpg 567w, https:\/\/alquezarbuenaventura.com\/wp-content\/uploads\/8.-Terraza-Casa-Gervasio-278x300.jpg 278w, https:\/\/alquezarbuenaventura.com\/wp-content\/uploads\/8.-Terraza-Casa-Gervasio-450x486.jpg 450w\" sizes=\"(max-width: 567px) 100vw, 567px\" \/><\/div><\/li><li  class='avia-slideshow-slide av-av_slideshow-215ba16fbd577a32ac72cde402fefd60__2  slide-3 ' ><div data-rel='slideshow-15' class='avia-slide-wrap '   ><img decoding=\"async\" class=\"wp-image-16314 avia-img-lazy-loading-not-16314\"  src=\"https:\/\/alquezarbuenaventura.com\/wp-content\/uploads\/12.-Restaurante-Casa-Gervasio-Alquezar.jpg\" width=\"567\" height=\"612\" title='12.-Restaurante-Casa-Gervasio-Alquezar' alt=''  itemprop=\"thumbnailUrl\" srcset=\"https:\/\/alquezarbuenaventura.com\/wp-content\/uploads\/12.-Restaurante-Casa-Gervasio-Alquezar.jpg 567w, https:\/\/alquezarbuenaventura.com\/wp-content\/uploads\/12.-Restaurante-Casa-Gervasio-Alquezar-278x300.jpg 278w, https:\/\/alquezarbuenaventura.com\/wp-content\/uploads\/12.-Restaurante-Casa-Gervasio-Alquezar-450x486.jpg 450w\" sizes=\"(max-width: 567px) 100vw, 567px\" \/><\/div><\/li><\/ul><div class='avia-slideshow-arrows avia-slideshow-controls' ><a href='#prev' class='prev-slide ' aria-hidden='true' data-av_icon='\ue87c' data-av_iconfont='entypo-fontello'  tabindex='-1'>Previous<\/a><a href='#next' class='next-slide ' aria-hidden='true' data-av_icon='\ue87d' data-av_iconfont='entypo-fontello'  tabindex='-1'>Next<\/a><\/div><div class='avia-slideshow-dots avia-slideshow-controls'><a href='#1' class='goto-slide active' >1<\/a><a href='#2' class='goto-slide ' >2<\/a><a href='#3' class='goto-slide ' >3<\/a><\/div><\/div><br \/>\n<div  class='hr av-av_hr-7036307108800bfe489471e1c9c1d5a1 hr-short  avia-builder-el-137  el_after_av_slideshow  el_before_av_button  hr-right'><span class='hr-inner '><span class=\"hr-inner-style\"><\/span><\/span><\/div><br \/>\n<div  class='avia-button-wrap avia-button-right  avia-builder-el-138  el_after_av_hr  avia-builder-el-last ' ><a href='https:\/\/www.google.es\/maps\/dir\/\/Restaurante+Bodega+del+Vero,+Calle+Romero,+Barbastro\/@42.0358733,0.0901495,13z\/data=!3m1!4b1!4m9!4m8!1m0!1m5!1m1!1s0x12a784e23767578f:0x292d7f191084f6a3!2m2!1d0.1251688!2d42.0358786!3e0' class='avia-button av-av_button-f55187d59b77563b218aa90439560582 avia-icon_select-yes-left-icon avia-size-large avia-position-right avia-color-theme-color-subtle' target=\"_blank\" rel=\"noopener noreferrer\"><span class='avia_button_icon avia_button_icon_left' aria-hidden='true' data-av_icon='\ue80b' data-av_iconfont='entypo-fontello'><\/span><span class='avia_iconbox_title' >Como llegar<\/span><\/a><\/div><\/p><\/div>\n<style type=\"text\/css\" data-created_by=\"avia_inline_auto\" id=\"style-css-av-av_one_half-9c1d454dc06f7247226bc4e8f931daae\">\n.flex_column.av-av_one_half-9c1d454dc06f7247226bc4e8f931daae{\nborder-radius:0px 0px 0px 0px;\n-webkit-border-radius:0px 0px 0px 0px;\n-moz-border-radius:0px 0px 0px 0px;\n}\n<\/style>\n<div class='flex_column av-av_one_half-9c1d454dc06f7247226bc4e8f931daae av_one_half  avia-builder-el-139  el_after_av_one_half  avia-builder-el-last  flex_column_div av-zero-column-padding '   ><div  class='avia-icon-list-container av-av_iconlist-c9265973fe37925e1675fd541a8fb5d9  avia-builder-el-140  avia-builder-el-no-sibling '><ul class='avia-icon-list avia_animate_when_almost_visible avia-icon-list-left av-iconlist-big av-av_iconlist-c9265973fe37925e1675fd541a8fb5d9 avia-iconlist-animate'>\n<li><div class='iconlist_icon av-av_iconlist_item-d596de65be8ea4de00d4f0207df433ff avia-font-entypo-fontello'><span class='iconlist-char' aria-hidden='true' data-av_icon='\ue81f' data-av_iconfont='entypo-fontello'><\/span><\/div><article class=\"article-icon-entry \"  itemscope=\"itemscope\" itemtype=\"https:\/\/schema.org\/CreativeWork\" ><div class=\"iconlist_content_wrap\"><header class=\"entry-content-header\"><h4 class='av_iconlist_title iconlist_title  '  itemprop=\"headline\" >DESCRIPCION<\/h4><\/header><div class='iconlist_content '  itemprop=\"text\" ><p>Un sitio con much\u00edsimo encanto, donde comer sin prisas y en un ambiente \u00fanico. La cocina es muy especial, con muchos productos de la zona y de trato exquisito.<\/p>\n<p>Jam\u00f3n, quesos, pat\u00e9s, foies, ensaladas de todo tipo, vieiras ahumadas o magret escabechado, guiso de cap\u00f3n casero o un buen chulet\u00f3n de buey a la brasa, una fondue de frutas con chocolate artesano\u2026<\/p>\n<p>Es un edificio antiguo que alberga una tienda de fruter\u00eda y ultramarinos en su planta calle y tiene su restaurante en una cueva, antigua f\u00e1brica de chocolate, muy bonita y acogedora.<\/p>\n<p>Cocina tradicional con ingredientes de la zona de una calidad incre\u00edble y un trato muy familiar. Espectacular&#8230;<\/p>\n<\/div><\/div><footer class=\"entry-footer\"><\/footer><\/article><div class=\"iconlist-timeline\"><\/div><\/li>\n<li><div class='iconlist_icon av-av_iconlist_item-3698e561bf8f78df04d36e5f1cdae446 avia-font-entypo-fontello'><span class='iconlist-char' aria-hidden='true' data-av_icon='\ue821' data-av_iconfont='entypo-fontello'><\/span><\/div><article class=\"article-icon-entry \"  itemscope=\"itemscope\" itemtype=\"https:\/\/schema.org\/CreativeWork\" ><div class=\"iconlist_content_wrap\"><header class=\"entry-content-header\"><h4 class='av_iconlist_title iconlist_title  '  itemprop=\"headline\" >CAPACIDAD<\/h4><\/header><div class='iconlist_content '  itemprop=\"text\" ><p>50 plazas<\/p>\n<\/div><\/div><footer class=\"entry-footer\"><\/footer><\/article><div class=\"iconlist-timeline\"><\/div><\/li>\n<li><div class='iconlist_icon av-av_iconlist_item-c0b1b61df5915bb546117865fddafcc6 avia-font-entypo-fontello'><span class='iconlist-char' aria-hidden='true' data-av_icon='\ue827' data-av_iconfont='entypo-fontello'><\/span><\/div><article class=\"article-icon-entry \"  itemscope=\"itemscope\" itemtype=\"https:\/\/schema.org\/CreativeWork\" ><div class=\"iconlist_content_wrap\"><header class=\"entry-content-header\"><h4 class='av_iconlist_title iconlist_title  '  itemprop=\"headline\" >\u00bfCUANTO CUESTA?<\/h4><\/header><div class='iconlist_content '  itemprop=\"text\" ><p>45-50\u20ac<\/p>\n<\/div><\/div><footer class=\"entry-footer\"><\/footer><\/article><div class=\"iconlist-timeline\"><\/div><\/li>\n<li><div class='iconlist_icon av-av_iconlist_item-2f69efd9f3c85a6151c8d194fd99e42f avia-font-entypo-fontello'><span class='iconlist-char' aria-hidden='true' data-av_icon='\ue82b' data-av_iconfont='entypo-fontello'><\/span><\/div><article class=\"article-icon-entry \"  itemscope=\"itemscope\" itemtype=\"https:\/\/schema.org\/CreativeWork\" ><div class=\"iconlist_content_wrap\"><header class=\"entry-content-header\"><h4 class='av_iconlist_title iconlist_title  '  itemprop=\"headline\" >TE GUSTARA POR...<\/h4><\/header><div class='iconlist_content '  itemprop=\"text\" ><p>Curiosea, huele, adquiere si te apetece una gran variedad de productos de la tierra y de importaci\u00f3n. Y si te atrapa el exquisito olor y el lujoso desorden, disfruta de una comida o cena con todos esos productos en su m\u00e1gico s\u00f3tano.<\/p>\n<p>Todo a la luz de las velas, m\u00fasica y un embriagador ambiente de s\u00f3tano tricentenario.<\/p>\n<p>Tienes que probar las tablas de quesos, son espectaculares, con mucha variedad, y las ensaladas de tomate rosa de Barbastro con ventresca ,son deliciosas. En cuanto a los segundos, el bacalao con aceite de trufa est\u00e1 delicioso, pero si os gusta la carne mejor pedir un buen chulet\u00f3n! Te lo bajan en piedra y t\u00fa mismo te lo acabas de hacer&#8230; mmmmmm.<\/p>\n<div><\/div>\n<\/div><\/div><footer class=\"entry-footer\"><\/footer><\/article><div class=\"iconlist-timeline\"><\/div><\/li>\n<li><div class='iconlist_icon av-av_iconlist_item-25ab24d6bc8e262b62fe6cc2965e4e23 avia-font-entypo-fontello'><span class='iconlist-char' aria-hidden='true' data-av_icon='\ue805' data-av_iconfont='entypo-fontello'><\/span><\/div><article class=\"article-icon-entry \"  itemscope=\"itemscope\" itemtype=\"https:\/\/schema.org\/CreativeWork\" ><div class=\"iconlist_content_wrap\"><header class=\"entry-content-header\"><h4 class='av_iconlist_title iconlist_title  '  itemprop=\"headline\" >Reservalo!<\/h4><\/header><div class='iconlist_content '  itemprop=\"text\" ><p>Llama al\u00a0974 31 11 83 o escribe un mail a:\u00a0info@casaruralconencanto.es<\/p>\n<\/div><\/div><footer class=\"entry-footer\"><\/footer><\/article><div class=\"iconlist-timeline\"><\/div><\/li>\n<\/ul><\/div><\/div>\n\n<\/div><\/div><\/div><!-- close content main div --><\/div><\/div><div id='about-us'  class='avia-section av-av_section-5ed245d3e1edc50ad4248185fc2bf457 alternate_color avia-section-large avia-shadow  avia-builder-el-141  el_after_av_section  el_before_av_section  avia-bg-style-scroll container_wrap sidebar_right'  ><div class='container av-section-cont-open' ><div class='template-page content  av-content-small alpha units'><div class='post-entry post-entry-type-page post-entry-11540'><div class='entry-content-wrapper clearfix'>\n<div class='flex_column av-av_one_half-2a9015ff38129c418a3f2eafba3e9512 av_one_half  avia-builder-el-142  el_before_av_one_half  avia-builder-el-first  first flex_column_div '   ><section  class='av_textblock_section av-av_textblock-0366cc7376be6c9e82a3e9cc8987b64f'  itemscope=\"itemscope\" itemtype=\"https:\/\/schema.org\/CreativeWork\" ><div class='avia_textblock'  itemprop=\"text\" ><h2 style=\"text-align: right;\">Restaurante Callizo. Ainsa.<\/h2>\n<\/div><\/section><br \/>\n<div  class='hr av-av_hr-7036307108800bfe489471e1c9c1d5a1 hr-short  avia-builder-el-144  el_after_av_textblock  el_before_av_slideshow  hr-right'><span class='hr-inner '><span class=\"hr-inner-style\"><\/span><\/span><\/div><br \/>\n<div  class='avia-slideshow av-av_slideshow-215ba16fbd577a32ac72cde402fefd60 avia-slideshow-no scaling av_slideshow avia-slide-slider  avia-builder-el-145  el_after_av_hr  el_before_av_hr  av-default-height-applied avia-slideshow-16'  data-size='no scaling'  data-lightbox_size='large'  data-animation='slide'  data-conditional_play=''  data-ids='7872,7874,7873'  data-video_counter='0'  data-autoplay='true'  data-bg_slider='false'  data-slide_height=''  data-handle='av_slideshow'  data-interval='3'  data-class=' avia-builder-el-145  el_after_av_hr  el_before_av_hr '  data-extra_class=''  data-el_id=''  data-css_id=''  data-scroll_down=''  data-control_layout=''  data-custom_markup=''  data-perma_caption=''  data-autoplay_stopper=''  data-image_attachment=''  data-min_height='0px'  data-lazy_loading='disabled'  data-default-height='107.93650793651'  data-img_scrset=''  data-av-desktop-hide=''  data-av-medium-hide=''  data-av-small-hide=''  data-av-mini-hide=''  data-alb_description=''  data-id=''  data-custom_class=''  data-template_class=''  data-av_uid=''  data-sc_version='1.0'  data-heading_tag=''  data-heading_class=''   itemprop=\"image\" itemscope=\"itemscope\" itemtype=\"https:\/\/schema.org\/ImageObject\" ><ul class='avia-slideshow-inner ' style='padding-bottom: 107.93650793651%;'><li  class='avia-slideshow-slide av-av_slideshow-215ba16fbd577a32ac72cde402fefd60__0  slide-1 ' ><div data-rel='slideshow-16' class='avia-slide-wrap '   ><img decoding=\"async\" class=\"wp-image-16312 avia-img-lazy-loading-not-16312\"  src=\"https:\/\/alquezarbuenaventura.com\/wp-content\/uploads\/1.-Terraza-Casa-Gervasio.jpg\" width=\"567\" height=\"612\" title='1.-Terraza-Casa-Gervasio' alt=''  itemprop=\"thumbnailUrl\" srcset=\"https:\/\/alquezarbuenaventura.com\/wp-content\/uploads\/1.-Terraza-Casa-Gervasio.jpg 567w, https:\/\/alquezarbuenaventura.com\/wp-content\/uploads\/1.-Terraza-Casa-Gervasio-278x300.jpg 278w, https:\/\/alquezarbuenaventura.com\/wp-content\/uploads\/1.-Terraza-Casa-Gervasio-450x486.jpg 450w\" sizes=\"(max-width: 567px) 100vw, 567px\" \/><\/div><\/li><li  class='avia-slideshow-slide av-av_slideshow-215ba16fbd577a32ac72cde402fefd60__1  slide-2 ' ><div data-rel='slideshow-16' class='avia-slide-wrap '   ><img decoding=\"async\" class=\"wp-image-16316 avia-img-lazy-loading-not-16316\"  src=\"https:\/\/alquezarbuenaventura.com\/wp-content\/uploads\/8.-Terraza-Casa-Gervasio.jpg\" width=\"567\" height=\"612\" title='8.-Terraza-Casa-Gervasio' alt=''  itemprop=\"thumbnailUrl\" srcset=\"https:\/\/alquezarbuenaventura.com\/wp-content\/uploads\/8.-Terraza-Casa-Gervasio.jpg 567w, https:\/\/alquezarbuenaventura.com\/wp-content\/uploads\/8.-Terraza-Casa-Gervasio-278x300.jpg 278w, https:\/\/alquezarbuenaventura.com\/wp-content\/uploads\/8.-Terraza-Casa-Gervasio-450x486.jpg 450w\" sizes=\"(max-width: 567px) 100vw, 567px\" \/><\/div><\/li><li  class='avia-slideshow-slide av-av_slideshow-215ba16fbd577a32ac72cde402fefd60__2  slide-3 ' ><div data-rel='slideshow-16' class='avia-slide-wrap '   ><img decoding=\"async\" class=\"wp-image-16314 avia-img-lazy-loading-not-16314\"  src=\"https:\/\/alquezarbuenaventura.com\/wp-content\/uploads\/12.-Restaurante-Casa-Gervasio-Alquezar.jpg\" width=\"567\" height=\"612\" title='12.-Restaurante-Casa-Gervasio-Alquezar' alt=''  itemprop=\"thumbnailUrl\" srcset=\"https:\/\/alquezarbuenaventura.com\/wp-content\/uploads\/12.-Restaurante-Casa-Gervasio-Alquezar.jpg 567w, https:\/\/alquezarbuenaventura.com\/wp-content\/uploads\/12.-Restaurante-Casa-Gervasio-Alquezar-278x300.jpg 278w, https:\/\/alquezarbuenaventura.com\/wp-content\/uploads\/12.-Restaurante-Casa-Gervasio-Alquezar-450x486.jpg 450w\" sizes=\"(max-width: 567px) 100vw, 567px\" \/><\/div><\/li><\/ul><div class='avia-slideshow-arrows avia-slideshow-controls' ><a href='#prev' class='prev-slide ' aria-hidden='true' data-av_icon='\ue87c' data-av_iconfont='entypo-fontello'  tabindex='-1'>Previous<\/a><a href='#next' class='next-slide ' aria-hidden='true' data-av_icon='\ue87d' data-av_iconfont='entypo-fontello'  tabindex='-1'>Next<\/a><\/div><div class='avia-slideshow-dots avia-slideshow-controls'><a href='#1' class='goto-slide active' >1<\/a><a href='#2' class='goto-slide ' >2<\/a><a href='#3' class='goto-slide ' >3<\/a><\/div><\/div><br \/>\n<div  class='hr av-av_hr-7036307108800bfe489471e1c9c1d5a1 hr-short  avia-builder-el-146  el_after_av_slideshow  el_before_av_button  hr-right'><span class='hr-inner '><span class=\"hr-inner-style\"><\/span><\/span><\/div><br \/>\n<div  class='avia-button-wrap avia-button-right  avia-builder-el-147  el_after_av_hr  avia-builder-el-last ' ><a href='https:\/\/www.google.es\/maps\/dir\/\/Restaurante+Callizo,+Plaza+Mayor,+s%2Fn,+22330+A%C3%ADnsa,+Huesca\/@42.1664034,-0.0960924,10z\/data=!4m9!4m8!1m0!1m5!1m1!1s0x12a7fac6669ff343:0x8573d7fcaacfb63a!2m2!1d0.1380062!2d42.4177383!3e0' class='avia-button av-av_button-32725a83edb44ec4a5c4669b47494748 avia-icon_select-yes-left-icon avia-size-large avia-position-right avia-color-theme-color-subtle' target=\"_blank\" rel=\"noopener noreferrer\"><span class='avia_button_icon avia_button_icon_left' aria-hidden='true' data-av_icon='\ue80b' data-av_iconfont='entypo-fontello'><\/span><span class='avia_iconbox_title' >Como llegar<\/span><\/a><\/div><\/p><\/div>\n<style type=\"text\/css\" data-created_by=\"avia_inline_auto\" id=\"style-css-av-av_one_half-9c1d454dc06f7247226bc4e8f931daae\">\n.flex_column.av-av_one_half-9c1d454dc06f7247226bc4e8f931daae{\nborder-radius:0px 0px 0px 0px;\n-webkit-border-radius:0px 0px 0px 0px;\n-moz-border-radius:0px 0px 0px 0px;\n}\n<\/style>\n<div class='flex_column av-av_one_half-9c1d454dc06f7247226bc4e8f931daae av_one_half  avia-builder-el-148  el_after_av_one_half  avia-builder-el-last  flex_column_div av-zero-column-padding '   ><p>\n<style type=\"text\/css\" data-created_by=\"avia_inline_auto\" id=\"style-css-av-av_hr-879f897e0c774200876c570ccbab0ca7\">\n#top .hr.hr-invisible.av-av_hr-879f897e0c774200876c570ccbab0ca7{\nheight:70px;\n}\n<\/style>\n<div  class='hr av-av_hr-879f897e0c774200876c570ccbab0ca7 hr-invisible  avia-builder-el-149  el_before_av_iconlist  avia-builder-el-first '><span class='hr-inner '><span class=\"hr-inner-style\"><\/span><\/span><\/div><br \/>\n<div  class='avia-icon-list-container av-av_iconlist-c9265973fe37925e1675fd541a8fb5d9  avia-builder-el-150  el_after_av_hr  avia-builder-el-last '><ul class='avia-icon-list avia_animate_when_almost_visible avia-icon-list-left av-iconlist-big av-av_iconlist-c9265973fe37925e1675fd541a8fb5d9 avia-iconlist-animate'>\n<li><div class='iconlist_icon av-av_iconlist_item-d596de65be8ea4de00d4f0207df433ff avia-font-entypo-fontello'><span class='iconlist-char' aria-hidden='true' data-av_icon='\ue81f' data-av_iconfont='entypo-fontello'><\/span><\/div><article class=\"article-icon-entry \"  itemscope=\"itemscope\" itemtype=\"https:\/\/schema.org\/CreativeWork\" ><div class=\"iconlist_content_wrap\"><header class=\"entry-content-header\"><h4 class='av_iconlist_title iconlist_title  '  itemprop=\"headline\" >DESCRIPCION<\/h4><\/header><div class='iconlist_content '  itemprop=\"text\" ><p>El restaurante Callizo se halla situado en la plaza mayor de la localidad oscense de Ainsa, en pleno Pirineo Aragon\u00e9s.<\/p>\n<p>Callizo presenta una cocina aragonesa tradicional con toques vanguardistas, de calidad.<\/p>\n<p>Excelente experiencia gastron\u00f3mica.<\/p>\n<\/div><\/div><footer class=\"entry-footer\"><\/footer><\/article><div class=\"iconlist-timeline\"><\/div><\/li>\n<li><div class='iconlist_icon av-av_iconlist_item-3698e561bf8f78df04d36e5f1cdae446 avia-font-entypo-fontello'><span class='iconlist-char' aria-hidden='true' data-av_icon='\ue821' data-av_iconfont='entypo-fontello'><\/span><\/div><article class=\"article-icon-entry \"  itemscope=\"itemscope\" itemtype=\"https:\/\/schema.org\/CreativeWork\" ><div class=\"iconlist_content_wrap\"><header class=\"entry-content-header\"><h4 class='av_iconlist_title iconlist_title  '  itemprop=\"headline\" >CAPACIDAD<\/h4><\/header><div class='iconlist_content '  itemprop=\"text\" ><p>110 plazas<\/p>\n<\/div><\/div><footer class=\"entry-footer\"><\/footer><\/article><div class=\"iconlist-timeline\"><\/div><\/li>\n<li><div class='iconlist_icon av-av_iconlist_item-c0b1b61df5915bb546117865fddafcc6 avia-font-entypo-fontello'><span class='iconlist-char' aria-hidden='true' data-av_icon='\ue827' data-av_iconfont='entypo-fontello'><\/span><\/div><article class=\"article-icon-entry \"  itemscope=\"itemscope\" itemtype=\"https:\/\/schema.org\/CreativeWork\" ><div class=\"iconlist_content_wrap\"><header class=\"entry-content-header\"><h4 class='av_iconlist_title iconlist_title  '  itemprop=\"headline\" >\u00bfCUANTO CUESTA?<\/h4><\/header><div class='iconlist_content '  itemprop=\"text\" ><p>45\u20ac-65\u20ac<\/p>\n<\/div><\/div><footer class=\"entry-footer\"><\/footer><\/article><div class=\"iconlist-timeline\"><\/div><\/li>\n<li><div class='iconlist_icon av-av_iconlist_item-c09257fa4f6cc9d44dd8e2b614ff0ad7 avia-font-entypo-fontello'><span class='iconlist-char' aria-hidden='true' data-av_icon='\ue82b' data-av_iconfont='entypo-fontello'><\/span><\/div><article class=\"article-icon-entry \"  itemscope=\"itemscope\" itemtype=\"https:\/\/schema.org\/CreativeWork\" ><div class=\"iconlist_content_wrap\"><header class=\"entry-content-header\"><h4 class='av_iconlist_title iconlist_title  '  itemprop=\"headline\" >TIENES QUE PROBAR...<\/h4><\/header><div class='iconlist_content '  itemprop=\"text\" ><p>El men\u00fa \u00a0Tierra excelente, sorprendente y para disfrutar de una experiencia \u00fanica, una gran cantidad de platos a cada cual m\u00e1s sabroso y original.<\/p>\n<p>Una muy buena experiencia culinaria , producto de la tierra incre\u00edblemente trabajado, calidad extrema,<\/p>\n<\/div><\/div><footer class=\"entry-footer\"><\/footer><\/article><div class=\"iconlist-timeline\"><\/div><\/li>\n<li><div class='iconlist_icon av-av_iconlist_item-25ab24d6bc8e262b62fe6cc2965e4e23 avia-font-entypo-fontello'><span class='iconlist-char' aria-hidden='true' data-av_icon='\ue805' data-av_iconfont='entypo-fontello'><\/span><\/div><article class=\"article-icon-entry \"  itemscope=\"itemscope\" itemtype=\"https:\/\/schema.org\/CreativeWork\" ><div class=\"iconlist_content_wrap\"><header class=\"entry-content-header\"><h4 class='av_iconlist_title iconlist_title  '  itemprop=\"headline\" >Reservalo!<\/h4><\/header><div class='iconlist_content '  itemprop=\"text\" ><p>Llama al\u00a0974 50 03 85.Cerrado en temporada baja.<\/p>\n<\/div><\/div><footer class=\"entry-footer\"><\/footer><\/article><div class=\"iconlist-timeline\"><\/div><\/li>\n<\/ul><\/div><\/p><\/div>\n\n<\/div><\/div><\/div><!-- close content main div --><\/div><\/div><div id='about-us'  class='avia-section av-av_section-5ed245d3e1edc50ad4248185fc2bf457 alternate_color avia-section-large avia-shadow  avia-builder-el-151  el_after_av_section  el_before_av_section  avia-bg-style-scroll container_wrap sidebar_right'  ><div class='container av-section-cont-open' ><div class='template-page content  av-content-small alpha units'><div class='post-entry post-entry-type-page post-entry-11540'><div class='entry-content-wrapper clearfix'>\n<div class='flex_column av-av_one_half-2a9015ff38129c418a3f2eafba3e9512 av_one_half  avia-builder-el-152  el_before_av_one_half  avia-builder-el-first  first flex_column_div '   ><section  class='av_textblock_section av-av_textblock-0366cc7376be6c9e82a3e9cc8987b64f'  itemscope=\"itemscope\" itemtype=\"https:\/\/schema.org\/CreativeWork\" ><div class='avia_textblock'  itemprop=\"text\" ><h2 style=\"text-align: right;\">\u00a0Tatau Bistro. Huesca.<\/h2>\n<\/div><\/section><br \/>\n<div  class='hr av-av_hr-7036307108800bfe489471e1c9c1d5a1 hr-short  avia-builder-el-154  el_after_av_textblock  el_before_av_slideshow  hr-right'><span class='hr-inner '><span class=\"hr-inner-style\"><\/span><\/span><\/div><br \/>\n<div  class='avia-slideshow av-av_slideshow-215ba16fbd577a32ac72cde402fefd60 avia-slideshow-no scaling av_slideshow avia-slide-slider  avia-builder-el-155  el_after_av_hr  el_before_av_hr  av-default-height-applied avia-slideshow-17'  data-size='no scaling'  data-lightbox_size='large'  data-animation='slide'  data-conditional_play=''  data-ids='7872,7874,7873'  data-video_counter='0'  data-autoplay='true'  data-bg_slider='false'  data-slide_height=''  data-handle='av_slideshow'  data-interval='3'  data-class=' avia-builder-el-155  el_after_av_hr  el_before_av_hr '  data-extra_class=''  data-el_id=''  data-css_id=''  data-scroll_down=''  data-control_layout=''  data-custom_markup=''  data-perma_caption=''  data-autoplay_stopper=''  data-image_attachment=''  data-min_height='0px'  data-lazy_loading='disabled'  data-default-height='107.93650793651'  data-img_scrset=''  data-av-desktop-hide=''  data-av-medium-hide=''  data-av-small-hide=''  data-av-mini-hide=''  data-alb_description=''  data-id=''  data-custom_class=''  data-template_class=''  data-av_uid=''  data-sc_version='1.0'  data-heading_tag=''  data-heading_class=''   itemprop=\"image\" itemscope=\"itemscope\" itemtype=\"https:\/\/schema.org\/ImageObject\" ><ul class='avia-slideshow-inner ' style='padding-bottom: 107.93650793651%;'><li  class='avia-slideshow-slide av-av_slideshow-215ba16fbd577a32ac72cde402fefd60__0  slide-1 ' ><div data-rel='slideshow-17' class='avia-slide-wrap '   ><img decoding=\"async\" class=\"wp-image-16312 avia-img-lazy-loading-not-16312\"  src=\"https:\/\/alquezarbuenaventura.com\/wp-content\/uploads\/1.-Terraza-Casa-Gervasio.jpg\" width=\"567\" height=\"612\" title='1.-Terraza-Casa-Gervasio' alt=''  itemprop=\"thumbnailUrl\" srcset=\"https:\/\/alquezarbuenaventura.com\/wp-content\/uploads\/1.-Terraza-Casa-Gervasio.jpg 567w, https:\/\/alquezarbuenaventura.com\/wp-content\/uploads\/1.-Terraza-Casa-Gervasio-278x300.jpg 278w, https:\/\/alquezarbuenaventura.com\/wp-content\/uploads\/1.-Terraza-Casa-Gervasio-450x486.jpg 450w\" sizes=\"(max-width: 567px) 100vw, 567px\" \/><\/div><\/li><li  class='avia-slideshow-slide av-av_slideshow-215ba16fbd577a32ac72cde402fefd60__1  slide-2 ' ><div data-rel='slideshow-17' class='avia-slide-wrap '   ><img decoding=\"async\" class=\"wp-image-16316 avia-img-lazy-loading-not-16316\"  src=\"https:\/\/alquezarbuenaventura.com\/wp-content\/uploads\/8.-Terraza-Casa-Gervasio.jpg\" width=\"567\" height=\"612\" title='8.-Terraza-Casa-Gervasio' alt=''  itemprop=\"thumbnailUrl\" srcset=\"https:\/\/alquezarbuenaventura.com\/wp-content\/uploads\/8.-Terraza-Casa-Gervasio.jpg 567w, https:\/\/alquezarbuenaventura.com\/wp-content\/uploads\/8.-Terraza-Casa-Gervasio-278x300.jpg 278w, https:\/\/alquezarbuenaventura.com\/wp-content\/uploads\/8.-Terraza-Casa-Gervasio-450x486.jpg 450w\" sizes=\"(max-width: 567px) 100vw, 567px\" \/><\/div><\/li><li  class='avia-slideshow-slide av-av_slideshow-215ba16fbd577a32ac72cde402fefd60__2  slide-3 ' ><div data-rel='slideshow-17' class='avia-slide-wrap '   ><img decoding=\"async\" class=\"wp-image-16314 avia-img-lazy-loading-not-16314\"  src=\"https:\/\/alquezarbuenaventura.com\/wp-content\/uploads\/12.-Restaurante-Casa-Gervasio-Alquezar.jpg\" width=\"567\" height=\"612\" title='12.-Restaurante-Casa-Gervasio-Alquezar' alt=''  itemprop=\"thumbnailUrl\" srcset=\"https:\/\/alquezarbuenaventura.com\/wp-content\/uploads\/12.-Restaurante-Casa-Gervasio-Alquezar.jpg 567w, https:\/\/alquezarbuenaventura.com\/wp-content\/uploads\/12.-Restaurante-Casa-Gervasio-Alquezar-278x300.jpg 278w, https:\/\/alquezarbuenaventura.com\/wp-content\/uploads\/12.-Restaurante-Casa-Gervasio-Alquezar-450x486.jpg 450w\" sizes=\"(max-width: 567px) 100vw, 567px\" \/><\/div><\/li><\/ul><div class='avia-slideshow-arrows avia-slideshow-controls' ><a href='#prev' class='prev-slide ' aria-hidden='true' data-av_icon='\ue87c' data-av_iconfont='entypo-fontello'  tabindex='-1'>Previous<\/a><a href='#next' class='next-slide ' aria-hidden='true' data-av_icon='\ue87d' data-av_iconfont='entypo-fontello'  tabindex='-1'>Next<\/a><\/div><div class='avia-slideshow-dots avia-slideshow-controls'><a href='#1' class='goto-slide active' >1<\/a><a href='#2' class='goto-slide ' >2<\/a><a href='#3' class='goto-slide ' >3<\/a><\/div><\/div><br \/>\n<div  class='hr av-av_hr-7036307108800bfe489471e1c9c1d5a1 hr-short  avia-builder-el-156  el_after_av_slideshow  el_before_av_button  hr-right'><span class='hr-inner '><span class=\"hr-inner-style\"><\/span><\/span><\/div><br \/>\n<div  class='avia-button-wrap avia-button-right  avia-builder-el-157  el_after_av_hr  avia-builder-el-last ' ><a href='https:\/\/www.google.es\/maps\/dir\/\/Tatau+Bistro,+Plaza+San+Lorenzo,+4,+22002+Huesca\/@42.1365307,-0.4413478,13z\/data=!3m1!4b1!4m9!4m8!1m0!1m5!1m1!1s0xd584449dbc95dbd:0x536b6399f6326cd5!2m2!1d-0.4063285!2d42.136536!3e0' class='avia-button av-av_button-bf81d7b56a7bd2c0e277c24e165274ca avia-icon_select-yes-left-icon avia-size-large avia-position-right avia-color-theme-color-subtle' target=\"_blank\" rel=\"noopener noreferrer\"><span class='avia_button_icon avia_button_icon_left' aria-hidden='true' data-av_icon='\ue80b' data-av_iconfont='entypo-fontello'><\/span><span class='avia_iconbox_title' >Como llegar<\/span><\/a><\/div><\/p><\/div>\n<style type=\"text\/css\" data-created_by=\"avia_inline_auto\" id=\"style-css-av-av_one_half-9c1d454dc06f7247226bc4e8f931daae\">\n.flex_column.av-av_one_half-9c1d454dc06f7247226bc4e8f931daae{\nborder-radius:0px 0px 0px 0px;\n-webkit-border-radius:0px 0px 0px 0px;\n-moz-border-radius:0px 0px 0px 0px;\n}\n<\/style>\n<div class='flex_column av-av_one_half-9c1d454dc06f7247226bc4e8f931daae av_one_half  avia-builder-el-158  el_after_av_one_half  avia-builder-el-last  flex_column_div av-zero-column-padding '   ><p>\n<style type=\"text\/css\" data-created_by=\"avia_inline_auto\" id=\"style-css-av-av_hr-879f897e0c774200876c570ccbab0ca7\">\n#top .hr.hr-invisible.av-av_hr-879f897e0c774200876c570ccbab0ca7{\nheight:70px;\n}\n<\/style>\n<div  class='hr av-av_hr-879f897e0c774200876c570ccbab0ca7 hr-invisible  avia-builder-el-159  el_before_av_iconlist  avia-builder-el-first '><span class='hr-inner '><span class=\"hr-inner-style\"><\/span><\/span><\/div><br \/>\n<div  class='avia-icon-list-container av-av_iconlist-c9265973fe37925e1675fd541a8fb5d9  avia-builder-el-160  el_after_av_hr  avia-builder-el-last '><ul class='avia-icon-list avia_animate_when_almost_visible avia-icon-list-left av-iconlist-big av-av_iconlist-c9265973fe37925e1675fd541a8fb5d9 avia-iconlist-animate'>\n<li><div class='iconlist_icon av-av_iconlist_item-d596de65be8ea4de00d4f0207df433ff avia-font-entypo-fontello'><span class='iconlist-char' aria-hidden='true' data-av_icon='\ue81f' data-av_iconfont='entypo-fontello'><\/span><\/div><article class=\"article-icon-entry \"  itemscope=\"itemscope\" itemtype=\"https:\/\/schema.org\/CreativeWork\" ><div class=\"iconlist_content_wrap\"><header class=\"entry-content-header\"><h4 class='av_iconlist_title iconlist_title  '  itemprop=\"headline\" >DESCRIPCION<\/h4><\/header><div class='iconlist_content '  itemprop=\"text\" ><p>Un gastrobar llevado con amabilidad, pasi\u00f3n e&#8230; \u00a1inequ\u00edvoca personalidad! Presenta una bulliciosa zona de bar, la cocina vista y un saloncito al fondo. Imagine el men\u00fa degustaci\u00f3n de un gran restaurante pero en peque\u00f1o formato, con elaboraciones de elevado nivel t\u00e9cnico, productos de calidad y precios razonables<\/p>\n<p>Sabores cl\u00e1sicos con mezclas sorprendentes. Una experiencia gastron\u00f3mica<\/p>\n<\/div><\/div><footer class=\"entry-footer\"><\/footer><\/article><div class=\"iconlist-timeline\"><\/div><\/li>\n<li><div class='iconlist_icon av-av_iconlist_item-3698e561bf8f78df04d36e5f1cdae446 avia-font-entypo-fontello'><span class='iconlist-char' aria-hidden='true' data-av_icon='\ue821' data-av_iconfont='entypo-fontello'><\/span><\/div><article class=\"article-icon-entry \"  itemscope=\"itemscope\" itemtype=\"https:\/\/schema.org\/CreativeWork\" ><div class=\"iconlist_content_wrap\"><header class=\"entry-content-header\"><h4 class='av_iconlist_title iconlist_title  '  itemprop=\"headline\" >CAPACIDAD<\/h4><\/header><div class='iconlist_content '  itemprop=\"text\" ><p>30 pax<\/p>\n<\/div><\/div><footer class=\"entry-footer\"><\/footer><\/article><div class=\"iconlist-timeline\"><\/div><\/li>\n<li><div class='iconlist_icon av-av_iconlist_item-c0b1b61df5915bb546117865fddafcc6 avia-font-entypo-fontello'><span class='iconlist-char' aria-hidden='true' data-av_icon='\ue827' data-av_iconfont='entypo-fontello'><\/span><\/div><article class=\"article-icon-entry \"  itemscope=\"itemscope\" itemtype=\"https:\/\/schema.org\/CreativeWork\" ><div class=\"iconlist_content_wrap\"><header class=\"entry-content-header\"><h4 class='av_iconlist_title iconlist_title  '  itemprop=\"headline\" >\u00bfCUANTO CUESTA?<\/h4><\/header><div class='iconlist_content '  itemprop=\"text\" ><p>20\u20ac-35\u20ac<\/p>\n<\/div><\/div><footer class=\"entry-footer\"><\/footer><\/article><div class=\"iconlist-timeline\"><\/div><\/li>\n<li><div class='iconlist_icon av-av_iconlist_item-2f69efd9f3c85a6151c8d194fd99e42f avia-font-entypo-fontello'><span class='iconlist-char' aria-hidden='true' data-av_icon='\ue82b' data-av_iconfont='entypo-fontello'><\/span><\/div><article class=\"article-icon-entry \"  itemscope=\"itemscope\" itemtype=\"https:\/\/schema.org\/CreativeWork\" ><div class=\"iconlist_content_wrap\"><header class=\"entry-content-header\"><h4 class='av_iconlist_title iconlist_title  '  itemprop=\"headline\" >TE GUSTARA POR...<\/h4><\/header><div class='iconlist_content '  itemprop=\"text\" ><p>Productos de primera calidad, una evidente fineza en la elaboraci\u00f3n, sabores marcados y una notable regularidad en la confecci\u00f3n de los\u00a0platos<\/p>\n<\/div><\/div><footer class=\"entry-footer\"><\/footer><\/article><div class=\"iconlist-timeline\"><\/div><\/li>\n<li><div class='iconlist_icon av-av_iconlist_item-25ab24d6bc8e262b62fe6cc2965e4e23 avia-font-entypo-fontello'><span class='iconlist-char' aria-hidden='true' data-av_icon='\ue805' data-av_iconfont='entypo-fontello'><\/span><\/div><article class=\"article-icon-entry \"  itemscope=\"itemscope\" itemtype=\"https:\/\/schema.org\/CreativeWork\" ><div class=\"iconlist_content_wrap\"><header class=\"entry-content-header\"><h4 class='av_iconlist_title iconlist_title  '  itemprop=\"headline\" >Reservalo!<\/h4><\/header><div class='iconlist_content '  itemprop=\"text\" ><p>Llama al\u00a0+34 974 04 20 78<\/p>\n<\/div><\/div><footer class=\"entry-footer\"><\/footer><\/article><div class=\"iconlist-timeline\"><\/div><\/li>\n<\/ul><\/div><\/p><\/div>\n\n<\/div><\/div><\/div><!-- close content main div --><\/div><\/div><div id='about-us'  class='avia-section av-av_section-5ed245d3e1edc50ad4248185fc2bf457 alternate_color avia-section-large avia-shadow  avia-builder-el-161  el_after_av_section  avia-builder-el-last  avia-bg-style-scroll container_wrap sidebar_right'  ><div class='container av-section-cont-open' ><div class='template-page content  av-content-small alpha units'><div class='post-entry post-entry-type-page post-entry-11540'><div class='entry-content-wrapper clearfix'>\n<div class='flex_column av-av_one_half-2a9015ff38129c418a3f2eafba3e9512 av_one_half  avia-builder-el-162  el_before_av_one_half  avia-builder-el-first  first flex_column_div '   ><section  class='av_textblock_section av-av_textblock-0366cc7376be6c9e82a3e9cc8987b64f'  itemscope=\"itemscope\" itemtype=\"https:\/\/schema.org\/CreativeWork\" ><div class='avia_textblock'  itemprop=\"text\" ><h2 style=\"text-align: right;\">Las Torres. Huesca.<\/h2>\n<\/div><\/section><br \/>\n<div  class='hr av-av_hr-7036307108800bfe489471e1c9c1d5a1 hr-short  avia-builder-el-164  el_after_av_textblock  el_before_av_slideshow  hr-right'><span class='hr-inner '><span class=\"hr-inner-style\"><\/span><\/span><\/div><br \/>\n<div  class='avia-slideshow av-av_slideshow-215ba16fbd577a32ac72cde402fefd60 avia-slideshow-no scaling av_slideshow avia-slide-slider  avia-builder-el-165  el_after_av_hr  el_before_av_hr  av-default-height-applied avia-slideshow-18'  data-size='no scaling'  data-lightbox_size='large'  data-animation='slide'  data-conditional_play=''  data-ids='7872,7874,7873'  data-video_counter='0'  data-autoplay='true'  data-bg_slider='false'  data-slide_height=''  data-handle='av_slideshow'  data-interval='3'  data-class=' avia-builder-el-165  el_after_av_hr  el_before_av_hr '  data-extra_class=''  data-el_id=''  data-css_id=''  data-scroll_down=''  data-control_layout=''  data-custom_markup=''  data-perma_caption=''  data-autoplay_stopper=''  data-image_attachment=''  data-min_height='0px'  data-lazy_loading='disabled'  data-default-height='107.93650793651'  data-img_scrset=''  data-av-desktop-hide=''  data-av-medium-hide=''  data-av-small-hide=''  data-av-mini-hide=''  data-alb_description=''  data-id=''  data-custom_class=''  data-template_class=''  data-av_uid=''  data-sc_version='1.0'  data-heading_tag=''  data-heading_class=''   itemprop=\"image\" itemscope=\"itemscope\" itemtype=\"https:\/\/schema.org\/ImageObject\" ><ul class='avia-slideshow-inner ' style='padding-bottom: 107.93650793651%;'><li  class='avia-slideshow-slide av-av_slideshow-215ba16fbd577a32ac72cde402fefd60__0  slide-1 ' ><div data-rel='slideshow-18' class='avia-slide-wrap '   ><img decoding=\"async\" class=\"wp-image-16312 avia-img-lazy-loading-not-16312\"  src=\"https:\/\/alquezarbuenaventura.com\/wp-content\/uploads\/1.-Terraza-Casa-Gervasio.jpg\" width=\"567\" height=\"612\" title='1.-Terraza-Casa-Gervasio' alt=''  itemprop=\"thumbnailUrl\" srcset=\"https:\/\/alquezarbuenaventura.com\/wp-content\/uploads\/1.-Terraza-Casa-Gervasio.jpg 567w, https:\/\/alquezarbuenaventura.com\/wp-content\/uploads\/1.-Terraza-Casa-Gervasio-278x300.jpg 278w, https:\/\/alquezarbuenaventura.com\/wp-content\/uploads\/1.-Terraza-Casa-Gervasio-450x486.jpg 450w\" sizes=\"(max-width: 567px) 100vw, 567px\" \/><\/div><\/li><li  class='avia-slideshow-slide av-av_slideshow-215ba16fbd577a32ac72cde402fefd60__1  slide-2 ' ><div data-rel='slideshow-18' class='avia-slide-wrap '   ><img decoding=\"async\" class=\"wp-image-16316 avia-img-lazy-loading-not-16316\"  src=\"https:\/\/alquezarbuenaventura.com\/wp-content\/uploads\/8.-Terraza-Casa-Gervasio.jpg\" width=\"567\" height=\"612\" title='8.-Terraza-Casa-Gervasio' alt=''  itemprop=\"thumbnailUrl\" srcset=\"https:\/\/alquezarbuenaventura.com\/wp-content\/uploads\/8.-Terraza-Casa-Gervasio.jpg 567w, https:\/\/alquezarbuenaventura.com\/wp-content\/uploads\/8.-Terraza-Casa-Gervasio-278x300.jpg 278w, https:\/\/alquezarbuenaventura.com\/wp-content\/uploads\/8.-Terraza-Casa-Gervasio-450x486.jpg 450w\" sizes=\"(max-width: 567px) 100vw, 567px\" \/><\/div><\/li><li  class='avia-slideshow-slide av-av_slideshow-215ba16fbd577a32ac72cde402fefd60__2  slide-3 ' ><div data-rel='slideshow-18' class='avia-slide-wrap '   ><img decoding=\"async\" class=\"wp-image-16314 avia-img-lazy-loading-not-16314\"  src=\"https:\/\/alquezarbuenaventura.com\/wp-content\/uploads\/12.-Restaurante-Casa-Gervasio-Alquezar.jpg\" width=\"567\" height=\"612\" title='12.-Restaurante-Casa-Gervasio-Alquezar' alt=''  itemprop=\"thumbnailUrl\" srcset=\"https:\/\/alquezarbuenaventura.com\/wp-content\/uploads\/12.-Restaurante-Casa-Gervasio-Alquezar.jpg 567w, https:\/\/alquezarbuenaventura.com\/wp-content\/uploads\/12.-Restaurante-Casa-Gervasio-Alquezar-278x300.jpg 278w, https:\/\/alquezarbuenaventura.com\/wp-content\/uploads\/12.-Restaurante-Casa-Gervasio-Alquezar-450x486.jpg 450w\" sizes=\"(max-width: 567px) 100vw, 567px\" \/><\/div><\/li><\/ul><div class='avia-slideshow-arrows avia-slideshow-controls' ><a href='#prev' class='prev-slide ' aria-hidden='true' data-av_icon='\ue87c' data-av_iconfont='entypo-fontello'  tabindex='-1'>Previous<\/a><a href='#next' class='next-slide ' aria-hidden='true' data-av_icon='\ue87d' data-av_iconfont='entypo-fontello'  tabindex='-1'>Next<\/a><\/div><div class='avia-slideshow-dots avia-slideshow-controls'><a href='#1' class='goto-slide active' >1<\/a><a href='#2' class='goto-slide ' >2<\/a><a href='#3' class='goto-slide ' >3<\/a><\/div><\/div><br \/>\n<div  class='hr av-av_hr-7036307108800bfe489471e1c9c1d5a1 hr-short  avia-builder-el-166  el_after_av_slideshow  el_before_av_button  hr-right'><span class='hr-inner '><span class=\"hr-inner-style\"><\/span><\/span><\/div><br \/>\n<div  class='avia-button-wrap avia-button-right  avia-builder-el-167  el_after_av_hr  avia-builder-el-last ' ><a href='https:\/\/www.google.es\/maps\/dir\/\/Las+Torres,+Calle+de+Mar%C3%ADa+Auxiliadora,+3,+22003+Huesca\/@42.1392473,-0.4163463,17z\/data=!4m9!4m8!1m0!1m5!1m1!1s0xd584434b442ef0d:0xba272aa00fb62ee3!2m2!1d-0.4129231!2d42.140976!3e0' class='avia-button av-av_button-b2cd02c5d640d9dee7d516c5c5839315 avia-icon_select-yes-left-icon avia-size-large avia-position-right avia-color-theme-color-subtle' target=\"_blank\" rel=\"noopener noreferrer\"><span class='avia_button_icon avia_button_icon_left' aria-hidden='true' data-av_icon='\ue80b' data-av_iconfont='entypo-fontello'><\/span><span class='avia_iconbox_title' >Como Llegar<\/span><\/a><\/div><\/p><\/div>\n<style type=\"text\/css\" data-created_by=\"avia_inline_auto\" id=\"style-css-av-av_one_half-9c1d454dc06f7247226bc4e8f931daae\">\n.flex_column.av-av_one_half-9c1d454dc06f7247226bc4e8f931daae{\nborder-radius:0px 0px 0px 0px;\n-webkit-border-radius:0px 0px 0px 0px;\n-moz-border-radius:0px 0px 0px 0px;\n}\n<\/style>\n<div class='flex_column av-av_one_half-9c1d454dc06f7247226bc4e8f931daae av_one_half  avia-builder-el-168  el_after_av_one_half  avia-builder-el-last  flex_column_div av-zero-column-padding '   ><p>\n<style type=\"text\/css\" data-created_by=\"avia_inline_auto\" id=\"style-css-av-av_hr-879f897e0c774200876c570ccbab0ca7\">\n#top .hr.hr-invisible.av-av_hr-879f897e0c774200876c570ccbab0ca7{\nheight:70px;\n}\n<\/style>\n<div  class='hr av-av_hr-879f897e0c774200876c570ccbab0ca7 hr-invisible  avia-builder-el-169  el_before_av_iconlist  avia-builder-el-first '><span class='hr-inner '><span class=\"hr-inner-style\"><\/span><\/span><\/div><br \/>\n<div  class='avia-icon-list-container av-av_iconlist-c9265973fe37925e1675fd541a8fb5d9  avia-builder-el-170  el_after_av_hr  avia-builder-el-last '><ul class='avia-icon-list avia_animate_when_almost_visible avia-icon-list-left av-iconlist-big av-av_iconlist-c9265973fe37925e1675fd541a8fb5d9 avia-iconlist-animate'>\n<li><div class='iconlist_icon av-av_iconlist_item-d596de65be8ea4de00d4f0207df433ff avia-font-entypo-fontello'><span class='iconlist-char' aria-hidden='true' data-av_icon='\ue81f' data-av_iconfont='entypo-fontello'><\/span><\/div><article class=\"article-icon-entry \"  itemscope=\"itemscope\" itemtype=\"https:\/\/schema.org\/CreativeWork\" ><div class=\"iconlist_content_wrap\"><header class=\"entry-content-header\"><h4 class='av_iconlist_title iconlist_title  '  itemprop=\"headline\" >DESCRIPCION<\/h4><\/header><div class='iconlist_content '  itemprop=\"text\" ><p>He aqu\u00ed un restaurante familiar que destaca tanto por su elegancia como por su excelente montaje, mostrando un interior de l\u00ednea cl\u00e1sica-actual y diferentes ambientes en su distribuci\u00f3n. Desde los fogones apuestan por una carta de cocina actual y bases tradicionales, siempre bien complementada por varios men\u00fas degustaci\u00f3n.<\/p>\n<\/div><\/div><footer class=\"entry-footer\"><\/footer><\/article><div class=\"iconlist-timeline\"><\/div><\/li>\n<li><div class='iconlist_icon av-av_iconlist_item-3698e561bf8f78df04d36e5f1cdae446 avia-font-entypo-fontello'><span class='iconlist-char' aria-hidden='true' data-av_icon='\ue821' data-av_iconfont='entypo-fontello'><\/span><\/div><article class=\"article-icon-entry \"  itemscope=\"itemscope\" itemtype=\"https:\/\/schema.org\/CreativeWork\" ><div class=\"iconlist_content_wrap\"><header class=\"entry-content-header\"><h4 class='av_iconlist_title iconlist_title  '  itemprop=\"headline\" >CAPACIDAD<\/h4><\/header><div class='iconlist_content '  itemprop=\"text\" ><p>80 plazas<\/p>\n<\/div><\/div><footer class=\"entry-footer\"><\/footer><\/article><div class=\"iconlist-timeline\"><\/div><\/li>\n<li><div class='iconlist_icon av-av_iconlist_item-c0b1b61df5915bb546117865fddafcc6 avia-font-entypo-fontello'><span class='iconlist-char' aria-hidden='true' data-av_icon='\ue827' data-av_iconfont='entypo-fontello'><\/span><\/div><article class=\"article-icon-entry \"  itemscope=\"itemscope\" itemtype=\"https:\/\/schema.org\/CreativeWork\" ><div class=\"iconlist_content_wrap\"><header class=\"entry-content-header\"><h4 class='av_iconlist_title iconlist_title  '  itemprop=\"headline\" >\u00bfCUANTO CUESTA?<\/h4><\/header><div class='iconlist_content '  itemprop=\"text\" ><p>Men\u00fa degustaci\u00f3n 70\u20ac.<\/p>\n<\/div><\/div><footer class=\"entry-footer\"><\/footer><\/article><div class=\"iconlist-timeline\"><\/div><\/li>\n<li><div class='iconlist_icon av-av_iconlist_item-c09257fa4f6cc9d44dd8e2b614ff0ad7 avia-font-entypo-fontello'><span class='iconlist-char' aria-hidden='true' data-av_icon='\ue82b' data-av_iconfont='entypo-fontello'><\/span><\/div><article class=\"article-icon-entry \"  itemscope=\"itemscope\" itemtype=\"https:\/\/schema.org\/CreativeWork\" ><div class=\"iconlist_content_wrap\"><header class=\"entry-content-header\"><h4 class='av_iconlist_title iconlist_title  '  itemprop=\"headline\" >TIENES QUE PROBAR...<\/h4><\/header><div class='iconlist_content '  itemprop=\"text\" ><p>Su men\u00fa degustaci\u00f3n largu\u00edsimo y lleno de sabores ,acompa\u00f1ado de un buen vino, \u00a0platos deliciosos, excelente producto y excelente elaboraci\u00f3n.<\/p>\n<\/div><\/div><footer class=\"entry-footer\"><\/footer><\/article><div class=\"iconlist-timeline\"><\/div><\/li>\n<li><div class='iconlist_icon av-av_iconlist_item-25ab24d6bc8e262b62fe6cc2965e4e23 avia-font-entypo-fontello'><span class='iconlist-char' aria-hidden='true' data-av_icon='\ue805' data-av_iconfont='entypo-fontello'><\/span><\/div><article class=\"article-icon-entry \"  itemscope=\"itemscope\" itemtype=\"https:\/\/schema.org\/CreativeWork\" ><div class=\"iconlist_content_wrap\"><header class=\"entry-content-header\"><h4 class='av_iconlist_title iconlist_title  '  itemprop=\"headline\" >Reservalo!<\/h4><\/header><div class='iconlist_content '  itemprop=\"text\" ><p>Llama al\u00a0<a href=\"tel:+34974228213\">+3497422821<\/a>, email\u00a0<a href=\"mailto:lastorres@lastorres-restaurante.com\">lastorres@lastorres-restaurante.com<\/a><\/p>\n<\/div><\/div><footer class=\"entry-footer\"><\/footer><\/article><div class=\"iconlist-timeline\"><\/div><\/li>\n<\/ul><\/div><\/p><\/div>\n<\/div><\/div><\/div><!-- close content main div --><\/div><\/div><div id='after_section_19'  class='main_color av_default_container_wrap container_wrap sidebar_right'  ><div class='container av-section-cont-open' ><div class='template-page content  av-content-small alpha units'><div class='post-entry post-entry-type-page post-entry-11540'><div class='entry-content-wrapper clearfix'>\n","protected":false},"excerpt":{"rendered":"","protected":false},"author":1,"featured_media":0,"parent":0,"menu_order":0,"comment_status":"closed","ping_status":"closed","template":"","meta":{"footnotes":""},"aioseo_notices":[],"_links":{"self":[{"href":"https:\/\/alquezarbuenaventura.com\/en\/wp-json\/wp\/v2\/pages\/11540"}],"collection":[{"href":"https:\/\/alquezarbuenaventura.com\/en\/wp-json\/wp\/v2\/pages"}],"about":[{"href":"https:\/\/alquezarbuenaventura.com\/en\/wp-json\/wp\/v2\/types\/page"}],"author":[{"embeddable":true,"href":"https:\/\/alquezarbuenaventura.com\/en\/wp-json\/wp\/v2\/users\/1"}],"replies":[{"embeddable":true,"href":"https:\/\/alquezarbuenaventura.com\/en\/wp-json\/wp\/v2\/comments?post=11540"}],"version-history":[{"count":0,"href":"https:\/\/alquezarbuenaventura.com\/en\/wp-json\/wp\/v2\/pages\/11540\/revisions"}],"wp:attachment":[{"href":"https:\/\/alquezarbuenaventura.com\/en\/wp-json\/wp\/v2\/media?parent=11540"}],"curies":[{"name":"wp","href":"https:\/\/api.w.org\/{rel}","templated":true}]}}