{"id":11550,"date":"2016-07-17T22:56:12","date_gmt":"2016-07-17T22:56:12","guid":{"rendered":"http:\/\/alquezarbuenaventura.com\/donde-alojarte\/"},"modified":"2022-06-07T23:41:44","modified_gmt":"2022-06-07T23:41:44","slug":"alquezarhotels","status":"publish","type":"page","link":"https:\/\/alquezarbuenaventura.com\/en\/alquezarhotels\/","title":{"rendered":"ALQUEZAR ACCOMMODATION"},"content":{"rendered":"\n<style type=\"text\/css\" data-created_by=\"avia_inline_auto\" id=\"style-css-av-av_section-fbe98dfc84a48595fe0194dcbec71924\">\n.avia-section.av-av_section-fbe98dfc84a48595fe0194dcbec71924{\nbackground-color:#5f8789;\n}\n.avia-section.av-av_section-fbe98dfc84a48595fe0194dcbec71924 .av-extra-border-element .av-extra-border-inner{\nbackground-color:#5f8789;\n}\n<\/style>\n<div id='av_section_1'  class='avia-section av-av_section-fbe98dfc84a48595fe0194dcbec71924 main_color avia-section-default avia-no-shadow  avia-builder-el-0  el_before_av_section  avia-builder-el-first  avia-bg-style-parallax av-arrow-down-section container_wrap sidebar_right'  ><div class='container av-section-cont-open' ><main  role=\"main\" itemprop=\"mainContentOfPage\"  class='template-page content  av-content-small alpha units'><div class='post-entry post-entry-type-page post-entry-11550'><div class='entry-content-wrapper clearfix'>\n\n<style type=\"text\/css\" data-created_by=\"avia_inline_auto\" id=\"style-css-av-av_heading-133b770dd11641979df809ef48223196\">\n#top .av-special-heading.av-av_heading-133b770dd11641979df809ef48223196{\npadding-bottom:0px;\ncolor:#ffffff;\nfont-size:60px;\n}\nbody .av-special-heading.av-av_heading-133b770dd11641979df809ef48223196 .av-special-heading-tag .heading-char{\nfont-size:25px;\n}\n#top #wrap_all .av-special-heading.av-av_heading-133b770dd11641979df809ef48223196 .av-special-heading-tag{\nfont-size:60px;\n}\n.av-special-heading.av-av_heading-133b770dd11641979df809ef48223196 .special-heading-inner-border{\nborder-color:#ffffff;\n}\n.av-special-heading.av-av_heading-133b770dd11641979df809ef48223196 .av-subheading{\nfont-size:18px;\n}\n<\/style>\n<div  class='av-special-heading av-av_heading-133b770dd11641979df809ef48223196 av-special-heading-h1 custom-color-heading blockquote modern-quote  avia-builder-el-1  avia-builder-el-no-sibling  av-thin-font av-inherit-size'><h1 class='av-special-heading-tag'  itemprop=\"headline\"  >Where<strong> to stay?<\/strong><\/h1><div class='av_custom_color av-subheading av-subheading_below'><p>Alquezar has an infinite variety of quality accommodation, hotels, hostels, campings&#8230;<\/p>\n<\/div><div class=\"special-heading-border\"><div class=\"special-heading-inner-border\"><\/div><\/div><\/div>\n\n<\/div><\/div><\/main><!-- close content main element --><\/div><div class='av-extra-border-element border-extra-arrow-down'><div class='av-extra-border-outer'><div class='av-extra-border-inner'><\/div><\/div><\/div><\/div><div id='about-us'  class='avia-section av-av_section-5ed245d3e1edc50ad4248185fc2bf457 alternate_color avia-section-large avia-shadow  avia-builder-el-2  el_after_av_section  el_before_av_section  avia-bg-style-scroll container_wrap sidebar_right'  ><div class='container av-section-cont-open' ><div class='template-page content  av-content-small alpha units'><div class='post-entry post-entry-type-page post-entry-11550'><div class='entry-content-wrapper clearfix'>\n<div class='flex_column av-av_one_half-2a9015ff38129c418a3f2eafba3e9512 av_one_half  avia-builder-el-3  el_before_av_one_half  avia-builder-el-first  first flex_column_div '   ><section  class='av_textblock_section av-av_textblock-0366cc7376be6c9e82a3e9cc8987b64f'  itemscope=\"itemscope\" itemtype=\"https:\/\/schema.org\/CreativeWork\" ><div class='avia_textblock'  itemprop=\"text\" ><h2 style=\"text-align: right;\">Hortal de la Payuala. Alqu\u00e9zar<\/h2>\n<\/div><\/section><br \/>\n<div  class='hr av-av_hr-7036307108800bfe489471e1c9c1d5a1 hr-short  avia-builder-el-5  el_after_av_textblock  el_before_av_slideshow  hr-right'><span class='hr-inner '><span class=\"hr-inner-style\"><\/span><\/span><\/div><br \/>\n<div  class='avia-slideshow av-av_slideshow-eed457ba97235b72f6f060999a135a29 avia-slideshow-no scaling av_slideshow avia-fade-slider  avia-builder-el-6  el_after_av_hr  el_before_av_hr  av-default-height-applied avia-slideshow-1'  data-size='no scaling'  data-lightbox_size='large'  data-animation='fade'  data-conditional_play=''  data-ids='7868,7867,7866,7865'  data-video_counter='0'  data-autoplay='true'  data-bg_slider='false'  data-slide_height=''  data-handle='av_slideshow'  data-interval='3'  data-class=' avia-builder-el-6  el_after_av_hr  el_before_av_hr '  data-extra_class=''  data-el_id=''  data-css_id=''  data-scroll_down=''  data-control_layout=''  data-custom_markup=''  data-perma_caption=''  data-autoplay_stopper=''  data-image_attachment=''  data-min_height='0px'  data-lazy_loading='disabled'  data-default-height='107.93650793651'  data-img_scrset=''  data-av-desktop-hide=''  data-av-medium-hide=''  data-av-small-hide=''  data-av-mini-hide=''  data-alb_description=''  data-id=''  data-custom_class=''  data-template_class=''  data-av_uid=''  data-sc_version='1.0'  data-heading_tag=''  data-heading_class=''   itemprop=\"image\" itemscope=\"itemscope\" itemtype=\"https:\/\/schema.org\/ImageObject\" ><ul class='avia-slideshow-inner ' style='padding-bottom: 107.93650793651%;'><li  class='avia-slideshow-slide av-av_slideshow-eed457ba97235b72f6f060999a135a29__0  slide-1 ' ><div data-rel='slideshow-1' class='avia-slide-wrap '   ><img decoding=\"async\" class=\"wp-image-16304 avia-img-lazy-loading-not-16304\"  src=\"https:\/\/alquezarbuenaventura.com\/wp-content\/uploads\/jardin-del-hortal-1.jpg\" width=\"567\" height=\"612\" title='jardin-del-hortal (1)' alt=''  itemprop=\"thumbnailUrl\" srcset=\"https:\/\/alquezarbuenaventura.com\/wp-content\/uploads\/jardin-del-hortal-1.jpg 567w, https:\/\/alquezarbuenaventura.com\/wp-content\/uploads\/jardin-del-hortal-1-278x300.jpg 278w, https:\/\/alquezarbuenaventura.com\/wp-content\/uploads\/jardin-del-hortal-1-450x486.jpg 450w\" sizes=\"(max-width: 567px) 100vw, 567px\" \/><\/div><\/li><li  class='avia-slideshow-slide av-av_slideshow-eed457ba97235b72f6f060999a135a29__1  slide-2 ' ><div data-rel='slideshow-1' class='avia-slide-wrap '   ><img decoding=\"async\" class=\"wp-image-16302 avia-img-lazy-loading-not-16302\"  src=\"https:\/\/alquezarbuenaventura.com\/wp-content\/uploads\/ap-treparris.jpg\" width=\"567\" height=\"612\" title='ap-treparris' alt=''  itemprop=\"thumbnailUrl\" srcset=\"https:\/\/alquezarbuenaventura.com\/wp-content\/uploads\/ap-treparris.jpg 567w, https:\/\/alquezarbuenaventura.com\/wp-content\/uploads\/ap-treparris-278x300.jpg 278w, https:\/\/alquezarbuenaventura.com\/wp-content\/uploads\/ap-treparris-450x486.jpg 450w\" sizes=\"(max-width: 567px) 100vw, 567px\" \/><\/div><\/li><li  class='avia-slideshow-slide av-av_slideshow-eed457ba97235b72f6f060999a135a29__2  slide-3 ' ><div data-rel='slideshow-1' class='avia-slide-wrap '   ><img decoding=\"async\" class=\"wp-image-16300 avia-img-lazy-loading-not-16300\"  src=\"https:\/\/alquezarbuenaventura.com\/wp-content\/uploads\/p-treparriscos-hortal-da-payuala-Alquezar.jpg\" width=\"567\" height=\"612\" title='p treparriscos-hortal da payuala- Alquezar' alt=''  itemprop=\"thumbnailUrl\" srcset=\"https:\/\/alquezarbuenaventura.com\/wp-content\/uploads\/p-treparriscos-hortal-da-payuala-Alquezar.jpg 567w, https:\/\/alquezarbuenaventura.com\/wp-content\/uploads\/p-treparriscos-hortal-da-payuala-Alquezar-278x300.jpg 278w, https:\/\/alquezarbuenaventura.com\/wp-content\/uploads\/p-treparriscos-hortal-da-payuala-Alquezar-450x486.jpg 450w\" sizes=\"(max-width: 567px) 100vw, 567px\" \/><\/div><\/li><li  class='avia-slideshow-slide av-av_slideshow-eed457ba97235b72f6f060999a135a29__3  slide-4 ' ><div data-rel='slideshow-1' class='avia-slide-wrap '   ><img decoding=\"async\" class=\"wp-image-16298 avia-img-lazy-loading-not-16298\"  src=\"https:\/\/alquezarbuenaventura.com\/wp-content\/uploads\/jardin-del-hortal2-1.jpg\" width=\"567\" height=\"612\" title='jardin-del-hortal2 (1)' alt=''  itemprop=\"thumbnailUrl\" srcset=\"https:\/\/alquezarbuenaventura.com\/wp-content\/uploads\/jardin-del-hortal2-1.jpg 567w, https:\/\/alquezarbuenaventura.com\/wp-content\/uploads\/jardin-del-hortal2-1-278x300.jpg 278w, https:\/\/alquezarbuenaventura.com\/wp-content\/uploads\/jardin-del-hortal2-1-450x486.jpg 450w\" sizes=\"(max-width: 567px) 100vw, 567px\" \/><\/div><\/li><\/ul><div class='avia-slideshow-arrows avia-slideshow-controls' ><a href='#prev' class='prev-slide ' aria-hidden='true' data-av_icon='\ue87c' data-av_iconfont='entypo-fontello'  tabindex='-1'>Previous<\/a><a href='#next' class='next-slide ' aria-hidden='true' data-av_icon='\ue87d' data-av_iconfont='entypo-fontello'  tabindex='-1'>Next<\/a><\/div><div class='avia-slideshow-dots avia-slideshow-controls'><a href='#1' class='goto-slide active' >1<\/a><a href='#2' class='goto-slide ' >2<\/a><a href='#3' class='goto-slide ' >3<\/a><a href='#4' class='goto-slide ' >4<\/a><\/div><\/div><br \/>\n<div  class='hr av-av_hr-7036307108800bfe489471e1c9c1d5a1 hr-short  avia-builder-el-7  el_after_av_slideshow  el_before_av_button  hr-right'><span class='hr-inner '><span class=\"hr-inner-style\"><\/span><\/span><\/div><br \/>\n<div  class='avia-button-wrap avia-button-right  avia-builder-el-8  el_after_av_hr  avia-builder-el-last ' ><a href='https:\/\/alquezarturismorural.wordpress.com\/' class='avia-button av-av_button-ebb93f3a9e37c73f89b74615de34e3fc avia-icon_select-yes-left-icon avia-size-large avia-position-right avia-color-theme-color-subtle' target=\"_blank\" rel=\"noopener noreferrer\"><span class='avia_button_icon avia_button_icon_left' aria-hidden='true' data-av_icon='\ue80b' data-av_iconfont='entypo-fontello'><\/span><span class='avia_iconbox_title' >Visita su Web<\/span><\/a><\/div><\/p><\/div>\n<style type=\"text\/css\" data-created_by=\"avia_inline_auto\" id=\"style-css-av-av_one_half-9c1d454dc06f7247226bc4e8f931daae\">\n.flex_column.av-av_one_half-9c1d454dc06f7247226bc4e8f931daae{\nborder-radius:0px 0px 0px 0px;\n-webkit-border-radius:0px 0px 0px 0px;\n-moz-border-radius:0px 0px 0px 0px;\n}\n<\/style>\n<div class='flex_column av-av_one_half-9c1d454dc06f7247226bc4e8f931daae av_one_half  avia-builder-el-9  el_after_av_one_half  avia-builder-el-last  flex_column_div av-zero-column-padding '   ><div  class='avia-icon-list-container av-av_iconlist-c9265973fe37925e1675fd541a8fb5d9  avia-builder-el-10  avia-builder-el-no-sibling '><ul class='avia-icon-list avia_animate_when_almost_visible avia-icon-list-left av-iconlist-big av-av_iconlist-c9265973fe37925e1675fd541a8fb5d9 avia-iconlist-animate'>\n<li><div class='iconlist_icon av-av_iconlist_item-d596de65be8ea4de00d4f0207df433ff avia-font-entypo-fontello'><span class='iconlist-char' aria-hidden='true' data-av_icon='\ue81f' data-av_iconfont='entypo-fontello'><\/span><\/div><article class=\"article-icon-entry \"  itemscope=\"itemscope\" itemtype=\"https:\/\/schema.org\/CreativeWork\" ><div class=\"iconlist_content_wrap\"><header class=\"entry-content-header\"><h4 class='av_iconlist_title iconlist_title  '  itemprop=\"headline\" >DESCRIPCION<\/h4><\/header><div class='iconlist_content '  itemprop=\"text\" ><p>Se trata de una vivienda de turismo rural en Alqu\u00e9zar. Dispone de dos estancias que re\u00fanen las comodidades de unas instalaciones accesibles para todo tipo de hu\u00e9spedes. Con terrazas, cocina, climatizaci\u00f3n limpia y silenciosa mediante un sistema de geotermia y un jard\u00edn de uso com\u00fan entre los almendros y olivos centenarios, con preciosas vistas al barranco y a la Colegiata.<\/p>\n<\/div><\/div><footer class=\"entry-footer\"><\/footer><\/article><div class=\"iconlist-timeline\"><\/div><\/li>\n<li><div class='iconlist_icon av-av_iconlist_item-c0b1b61df5915bb546117865fddafcc6 avia-font-entypo-fontello'><span class='iconlist-char' aria-hidden='true' data-av_icon='\ue827' data-av_iconfont='entypo-fontello'><\/span><\/div><article class=\"article-icon-entry \"  itemscope=\"itemscope\" itemtype=\"https:\/\/schema.org\/CreativeWork\" ><div class=\"iconlist_content_wrap\"><header class=\"entry-content-header\"><h4 class='av_iconlist_title iconlist_title  '  itemprop=\"headline\" >\u00bfCUANTO CUESTA?<\/h4><\/header><div class='iconlist_content '  itemprop=\"text\" ><p>2 PERSONAS :75 EUROS \/APARTAMENTO<\/p>\n<p>4 PERSONAS :100 EUROS\/APARTAMENTO<\/p>\n<\/div><\/div><footer class=\"entry-footer\"><\/footer><\/article><div class=\"iconlist-timeline\"><\/div><\/li>\n<li><div class='iconlist_icon av-av_iconlist_item-3698e561bf8f78df04d36e5f1cdae446 avia-font-entypo-fontello'><span class='iconlist-char' aria-hidden='true' data-av_icon='\ue821' data-av_iconfont='entypo-fontello'><\/span><\/div><article class=\"article-icon-entry \"  itemscope=\"itemscope\" itemtype=\"https:\/\/schema.org\/CreativeWork\" ><div class=\"iconlist_content_wrap\"><header class=\"entry-content-header\"><h4 class='av_iconlist_title iconlist_title  '  itemprop=\"headline\" >CAPACIDAD<\/h4><\/header><div class='iconlist_content '  itemprop=\"text\" ><p>La casa cuenta con dos apartamentos de 4 plazas cada uno. Total 8 plazas<\/p>\n<\/div><\/div><footer class=\"entry-footer\"><\/footer><\/article><div class=\"iconlist-timeline\"><\/div><\/li>\n<li><div class='iconlist_icon av-av_iconlist_item-2f69efd9f3c85a6151c8d194fd99e42f avia-font-entypo-fontello'><span class='iconlist-char' aria-hidden='true' data-av_icon='\ue82b' data-av_iconfont='entypo-fontello'><\/span><\/div><article class=\"article-icon-entry \"  itemscope=\"itemscope\" itemtype=\"https:\/\/schema.org\/CreativeWork\" ><div class=\"iconlist_content_wrap\"><header class=\"entry-content-header\"><h4 class='av_iconlist_title iconlist_title  '  itemprop=\"headline\" >TE GUSTARA POR...<\/h4><\/header><div class='iconlist_content '  itemprop=\"text\" ><p>La decoraci\u00f3n es bonita y toda la casa tiene un encanto especial por lo cuidado de cada detalle. Habitaci\u00f3n con una cama amplia y genial, cocina equipada con todo lo necesario, muy tranquilo, nada de ruidos, todo muy limpio y arreglado. Las vistas desde su jard\u00edn hacia el barranco y el pueblo m\u00e1gicas. Trato inmejorable por parte de sus propietarios,a destacar su amabilidad y su disposici\u00f3n en todo momento.<\/p>\n<\/div><\/div><footer class=\"entry-footer\"><\/footer><\/article><div class=\"iconlist-timeline\"><\/div><\/li>\n<li><div class='iconlist_icon av-av_iconlist_item-25ab24d6bc8e262b62fe6cc2965e4e23 avia-font-entypo-fontello'><span class='iconlist-char' aria-hidden='true' data-av_icon='\ue805' data-av_iconfont='entypo-fontello'><\/span><\/div><article class=\"article-icon-entry \"  itemscope=\"itemscope\" itemtype=\"https:\/\/schema.org\/CreativeWork\" ><div class=\"iconlist_content_wrap\"><header class=\"entry-content-header\"><h4 class='av_iconlist_title iconlist_title  '  itemprop=\"headline\" >Reservalo!<\/h4><\/header><div class='iconlist_content '  itemprop=\"text\" ><p>Llama al 617 960 690 o escribe un email: \u00a0nuriagrasa@hotmail.com<\/p>\n<\/div><\/div><footer class=\"entry-footer\"><\/footer><\/article><div class=\"iconlist-timeline\"><\/div><\/li>\n<\/ul><\/div><\/div>\n\n<\/div><\/div><\/div><!-- close content main div --><\/div><\/div>\n<style type=\"text\/css\" data-created_by=\"avia_inline_auto\" id=\"style-css-av-av_section-4115b7442378dd4915622b5b268e6f2f\">\n.avia-section.av-av_section-4115b7442378dd4915622b5b268e6f2f{\nbackground-color:#ffffff;\n}\n<\/style>\n<div id='about-us'  class='avia-section av-av_section-4115b7442378dd4915622b5b268e6f2f alternate_color avia-section-large avia-shadow  avia-builder-el-11  el_after_av_section  el_before_av_section  avia-bg-style-scroll container_wrap sidebar_right'  ><div class='container av-section-cont-open' ><div class='template-page content  av-content-small alpha units'><div class='post-entry post-entry-type-page post-entry-11550'><div class='entry-content-wrapper clearfix'>\n<div class='flex_column av-av_one_half-2a9015ff38129c418a3f2eafba3e9512 av_one_half  avia-builder-el-12  el_before_av_one_half  avia-builder-el-first  first flex_column_div '   ><section  class='av_textblock_section av-av_textblock-0366cc7376be6c9e82a3e9cc8987b64f'  itemscope=\"itemscope\" itemtype=\"https:\/\/schema.org\/CreativeWork\" ><div class='avia_textblock'  itemprop=\"text\" ><h2 style=\"text-align: right;\">La parra de Maribel. Alqu\u00e9zar<\/h2>\n<\/div><\/section><br \/>\n<div  class='hr av-av_hr-7036307108800bfe489471e1c9c1d5a1 hr-short  avia-builder-el-14  el_after_av_textblock  el_before_av_slideshow  hr-right'><span class='hr-inner '><span class=\"hr-inner-style\"><\/span><\/span><\/div><br \/>\n<div  class='avia-slideshow av-av_slideshow-215ba16fbd577a32ac72cde402fefd60 avia-slideshow-no scaling av_slideshow avia-slide-slider  avia-builder-el-15  el_after_av_hr  el_before_av_hr  av-default-height-applied avia-slideshow-2'  data-size='no scaling'  data-lightbox_size='large'  data-animation='slide'  data-conditional_play=''  data-ids='7251,7850,7849,7848,7847'  data-video_counter='0'  data-autoplay='true'  data-bg_slider='false'  data-slide_height=''  data-handle='av_slideshow'  data-interval='3'  data-class=' avia-builder-el-15  el_after_av_hr  el_before_av_hr '  data-extra_class=''  data-el_id=''  data-css_id=''  data-scroll_down=''  data-control_layout=''  data-custom_markup=''  data-perma_caption=''  data-autoplay_stopper=''  data-image_attachment=''  data-min_height='0px'  data-lazy_loading='disabled'  data-default-height='107.93650793651'  data-img_scrset=''  data-av-desktop-hide=''  data-av-medium-hide=''  data-av-small-hide=''  data-av-mini-hide=''  data-alb_description=''  data-id=''  data-custom_class=''  data-template_class=''  data-av_uid=''  data-sc_version='1.0'  data-heading_tag=''  data-heading_class=''   itemprop=\"image\" itemscope=\"itemscope\" itemtype=\"https:\/\/schema.org\/ImageObject\" ><ul class='avia-slideshow-inner ' style='padding-bottom: 107.93650793651%;'><li  class='avia-slideshow-slide av-av_slideshow-215ba16fbd577a32ac72cde402fefd60__1  slide-1 ' ><div data-rel='slideshow-2' class='avia-slide-wrap '   ><img decoding=\"async\" class=\"wp-image-16268 avia-img-lazy-loading-not-16268\"  src=\"https:\/\/alquezarbuenaventura.com\/wp-content\/uploads\/168306_la-parra-de-maribel_1374652964_o.jpg\" width=\"567\" height=\"612\" title='168306_la-parra-de-maribel_1374652964_o' alt=''  itemprop=\"thumbnailUrl\" srcset=\"https:\/\/alquezarbuenaventura.com\/wp-content\/uploads\/168306_la-parra-de-maribel_1374652964_o.jpg 567w, https:\/\/alquezarbuenaventura.com\/wp-content\/uploads\/168306_la-parra-de-maribel_1374652964_o-278x300.jpg 278w, https:\/\/alquezarbuenaventura.com\/wp-content\/uploads\/168306_la-parra-de-maribel_1374652964_o-450x486.jpg 450w\" sizes=\"(max-width: 567px) 100vw, 567px\" \/><\/div><\/li><li  class='avia-slideshow-slide av-av_slideshow-215ba16fbd577a32ac72cde402fefd60__2  slide-2 ' ><div data-rel='slideshow-2' class='avia-slide-wrap '   ><img decoding=\"async\" class=\"wp-image-16266 avia-img-lazy-loading-not-16266\"  src=\"https:\/\/alquezarbuenaventura.com\/wp-content\/uploads\/168306_la-parra-de-maribel_1374652448_o.jpg\" width=\"567\" height=\"612\" title='168306_la-parra-de-maribel_1374652448_o' alt=''  itemprop=\"thumbnailUrl\" srcset=\"https:\/\/alquezarbuenaventura.com\/wp-content\/uploads\/168306_la-parra-de-maribel_1374652448_o.jpg 567w, https:\/\/alquezarbuenaventura.com\/wp-content\/uploads\/168306_la-parra-de-maribel_1374652448_o-278x300.jpg 278w, https:\/\/alquezarbuenaventura.com\/wp-content\/uploads\/168306_la-parra-de-maribel_1374652448_o-450x486.jpg 450w\" sizes=\"(max-width: 567px) 100vw, 567px\" \/><\/div><\/li><li  class='avia-slideshow-slide av-av_slideshow-215ba16fbd577a32ac72cde402fefd60__3  slide-3 ' ><div data-rel='slideshow-2' class='avia-slide-wrap '   ><img decoding=\"async\" class=\"wp-image-16264 avia-img-lazy-loading-not-16264\"  src=\"https:\/\/alquezarbuenaventura.com\/wp-content\/uploads\/FOTO-4.jpg\" width=\"567\" height=\"612\" title='Hotel Maribel Alquezar' alt=''  itemprop=\"thumbnailUrl\" srcset=\"https:\/\/alquezarbuenaventura.com\/wp-content\/uploads\/FOTO-4.jpg 567w, https:\/\/alquezarbuenaventura.com\/wp-content\/uploads\/FOTO-4-278x300.jpg 278w, https:\/\/alquezarbuenaventura.com\/wp-content\/uploads\/FOTO-4-450x486.jpg 450w\" sizes=\"(max-width: 567px) 100vw, 567px\" \/><\/div><\/li><li  class='avia-slideshow-slide av-av_slideshow-215ba16fbd577a32ac72cde402fefd60__4  slide-4 ' ><div data-rel='slideshow-2' class='avia-slide-wrap '   ><img decoding=\"async\" class=\"wp-image-16262 avia-img-lazy-loading-not-16262\"  src=\"https:\/\/alquezarbuenaventura.com\/wp-content\/uploads\/PARRA.jpg\" width=\"567\" height=\"612\" title='PARRA de Maribel - Alquezar' alt=''  itemprop=\"thumbnailUrl\" srcset=\"https:\/\/alquezarbuenaventura.com\/wp-content\/uploads\/PARRA.jpg 567w, https:\/\/alquezarbuenaventura.com\/wp-content\/uploads\/PARRA-278x300.jpg 278w, https:\/\/alquezarbuenaventura.com\/wp-content\/uploads\/PARRA-450x486.jpg 450w\" sizes=\"(max-width: 567px) 100vw, 567px\" \/><\/div><\/li><\/ul><div class='avia-slideshow-arrows avia-slideshow-controls' ><a href='#prev' class='prev-slide ' aria-hidden='true' data-av_icon='\ue87c' data-av_iconfont='entypo-fontello'  tabindex='-1'>Previous<\/a><a href='#next' class='next-slide ' aria-hidden='true' data-av_icon='\ue87d' data-av_iconfont='entypo-fontello'  tabindex='-1'>Next<\/a><\/div><div class='avia-slideshow-dots avia-slideshow-controls'><a href='#1' class='goto-slide active' >1<\/a><a href='#2' class='goto-slide ' >2<\/a><a href='#3' class='goto-slide ' >3<\/a><a href='#4' class='goto-slide ' >4<\/a><\/div><\/div><br \/>\n<div  class='hr av-av_hr-7036307108800bfe489471e1c9c1d5a1 hr-short  avia-builder-el-16  el_after_av_slideshow  el_before_av_button  hr-right'><span class='hr-inner '><span class=\"hr-inner-style\"><\/span><\/span><\/div><br \/>\n<div  class='avia-button-wrap avia-button-right  avia-builder-el-17  el_after_av_hr  avia-builder-el-last ' ><a href='http:\/\/www.grupogervasio.com\/casa-rural-la-parra-de-maribel\/' class='avia-button av-av_button-73b6acb66e0dd16dc97592994059dd17 avia-icon_select-yes-left-icon avia-size-large avia-position-right avia-color-theme-color-subtle' target=\"_blank\" rel=\"noopener noreferrer\"><span class='avia_button_icon avia_button_icon_left' aria-hidden='true' data-av_icon='\ue80b' data-av_iconfont='entypo-fontello'><\/span><span class='avia_iconbox_title' >Visita su Web<\/span><\/a><\/div><\/p><\/div>\n<style type=\"text\/css\" data-created_by=\"avia_inline_auto\" id=\"style-css-av-av_one_half-9c1d454dc06f7247226bc4e8f931daae\">\n.flex_column.av-av_one_half-9c1d454dc06f7247226bc4e8f931daae{\nborder-radius:0px 0px 0px 0px;\n-webkit-border-radius:0px 0px 0px 0px;\n-moz-border-radius:0px 0px 0px 0px;\n}\n<\/style>\n<div class='flex_column av-av_one_half-9c1d454dc06f7247226bc4e8f931daae av_one_half  avia-builder-el-18  el_after_av_one_half  avia-builder-el-last  flex_column_div av-zero-column-padding '   ><p>\n<style type=\"text\/css\" data-created_by=\"avia_inline_auto\" id=\"style-css-av-av_hr-2cbb168f430c2703d7334a37c20dcc76\">\n#top .hr.hr-invisible.av-av_hr-2cbb168f430c2703d7334a37c20dcc76{\nheight:100px;\n}\n<\/style>\n<div  class='hr av-av_hr-2cbb168f430c2703d7334a37c20dcc76 hr-invisible  avia-builder-el-19  el_before_av_iconlist  avia-builder-el-first '><span class='hr-inner '><span class=\"hr-inner-style\"><\/span><\/span><\/div><br \/>\n<div  class='avia-icon-list-container av-av_iconlist-c9265973fe37925e1675fd541a8fb5d9  avia-builder-el-20  el_after_av_hr  avia-builder-el-last '><ul class='avia-icon-list avia_animate_when_almost_visible avia-icon-list-left av-iconlist-big av-av_iconlist-c9265973fe37925e1675fd541a8fb5d9 avia-iconlist-animate'>\n<li><div class='iconlist_icon av-av_iconlist_item-d596de65be8ea4de00d4f0207df433ff avia-font-entypo-fontello'><span class='iconlist-char' aria-hidden='true' data-av_icon='\ue81f' data-av_iconfont='entypo-fontello'><\/span><\/div><article class=\"article-icon-entry \"  itemscope=\"itemscope\" itemtype=\"https:\/\/schema.org\/CreativeWork\" ><div class=\"iconlist_content_wrap\"><header class=\"entry-content-header\"><h4 class='av_iconlist_title iconlist_title  '  itemprop=\"headline\" >DESCRIPCION<\/h4><\/header><div class='iconlist_content '  itemprop=\"text\" ><p>Un coqueto jard\u00edn da paso a la entrada privada de <strong>La Parra de Maribel<\/strong>, cuyo luminoso vestidor\u00a0 invita a los hu\u00e9spedes a sumergirse en un nuevo concepto de Turismo Rural. En el hall, una original escalera, vertebrada por una espl\u00e9ndida parra de forja elaborada a mano permite el c\u00f3modo acceso a las 3 plantas de la casa.<\/p>\n<\/div><\/div><footer class=\"entry-footer\"><\/footer><\/article><div class=\"iconlist-timeline\"><\/div><\/li>\n<li><div class='iconlist_icon av-av_iconlist_item-c0b1b61df5915bb546117865fddafcc6 avia-font-entypo-fontello'><span class='iconlist-char' aria-hidden='true' data-av_icon='\ue827' data-av_iconfont='entypo-fontello'><\/span><\/div><article class=\"article-icon-entry \"  itemscope=\"itemscope\" itemtype=\"https:\/\/schema.org\/CreativeWork\" ><div class=\"iconlist_content_wrap\"><header class=\"entry-content-header\"><h4 class='av_iconlist_title iconlist_title  '  itemprop=\"headline\" >\u00bfCUANTO CUESTA?<\/h4><\/header><div class='iconlist_content '  itemprop=\"text\" ><p>Temporada baja: 250\u20ac \/Temporada media:300\u20ac \/Temporada alta: 350\u20ac .Consultar semanas completas.<\/p>\n<\/div><\/div><footer class=\"entry-footer\"><\/footer><\/article><div class=\"iconlist-timeline\"><\/div><\/li>\n<li><div class='iconlist_icon av-av_iconlist_item-3698e561bf8f78df04d36e5f1cdae446 avia-font-entypo-fontello'><span class='iconlist-char' aria-hidden='true' data-av_icon='\ue821' data-av_iconfont='entypo-fontello'><\/span><\/div><article class=\"article-icon-entry \"  itemscope=\"itemscope\" itemtype=\"https:\/\/schema.org\/CreativeWork\" ><div class=\"iconlist_content_wrap\"><header class=\"entry-content-header\"><h4 class='av_iconlist_title iconlist_title  '  itemprop=\"headline\" >CAPACIDAD<\/h4><\/header><div class='iconlist_content '  itemprop=\"text\" ><p>La casa cuenta con 4 habitaciones. \u00a0Total 8 plazas<\/p>\n<\/div><\/div><footer class=\"entry-footer\"><\/footer><\/article><div class=\"iconlist-timeline\"><\/div><\/li>\n<li><div class='iconlist_icon av-av_iconlist_item-2f69efd9f3c85a6151c8d194fd99e42f avia-font-entypo-fontello'><span class='iconlist-char' aria-hidden='true' data-av_icon='\ue82b' data-av_iconfont='entypo-fontello'><\/span><\/div><article class=\"article-icon-entry \"  itemscope=\"itemscope\" itemtype=\"https:\/\/schema.org\/CreativeWork\" ><div class=\"iconlist_content_wrap\"><header class=\"entry-content-header\"><h4 class='av_iconlist_title iconlist_title  '  itemprop=\"headline\" >TE GUSTARA POR...<\/h4><\/header><div class='iconlist_content '  itemprop=\"text\" ><p>La Parra de Maribel es una villa impresionante decorada al estilo moderno y cuenta con una sala spa, ba\u00f1era de hidromasaje, sauna y terraza con vistas a las monta\u00f1as.<\/p>\n<p>Presenta una decoraci\u00f3n alegre y llamativa, con acabados de colores. Cuenta con 2 zonas de sal\u00f3n con TV de pantalla plana, reproductor de DVD, etc. Jard\u00edn y barbacoa.<\/p>\n<p>La cocina est\u00e1 equipada con microondas, nevera, tostadora, horno, cafetera y lavavajillas. Incluye conexi\u00f3n Wi-Fi gratuita.<\/p>\n<\/div><\/div><footer class=\"entry-footer\"><\/footer><\/article><div class=\"iconlist-timeline\"><\/div><\/li>\n<li><div class='iconlist_icon av-av_iconlist_item-25ab24d6bc8e262b62fe6cc2965e4e23 avia-font-entypo-fontello'><span class='iconlist-char' aria-hidden='true' data-av_icon='\ue805' data-av_iconfont='entypo-fontello'><\/span><\/div><article class=\"article-icon-entry \"  itemscope=\"itemscope\" itemtype=\"https:\/\/schema.org\/CreativeWork\" ><div class=\"iconlist_content_wrap\"><header class=\"entry-content-header\"><h4 class='av_iconlist_title iconlist_title  '  itemprop=\"headline\" >Reservalo!<\/h4><\/header><div class='iconlist_content '  itemprop=\"text\" ><p>Llama al 620 220 390 \u00a0o escribe un email a :<a href=\"mailto:info@grupogervasio.com\">info@grupogervasio.com<\/a><\/p>\n<\/div><\/div><footer class=\"entry-footer\"><\/footer><\/article><div class=\"iconlist-timeline\"><\/div><\/li>\n<\/ul><\/div><\/p><\/div>\n\n<\/div><\/div><\/div><!-- close content main div --><\/div><\/div><div id='about-us'  class='avia-section av-av_section-5ed245d3e1edc50ad4248185fc2bf457 alternate_color avia-section-large avia-shadow  avia-builder-el-21  el_after_av_section  el_before_av_section  avia-bg-style-scroll container_wrap sidebar_right'  ><div class='container av-section-cont-open' ><div class='template-page content  av-content-small alpha units'><div class='post-entry post-entry-type-page post-entry-11550'><div class='entry-content-wrapper clearfix'>\n<div class='flex_column av-av_one_half-2a9015ff38129c418a3f2eafba3e9512 av_one_half  avia-builder-el-22  el_before_av_one_half  avia-builder-el-first  first flex_column_div '   ><section  class='av_textblock_section av-av_textblock-0366cc7376be6c9e82a3e9cc8987b64f'  itemscope=\"itemscope\" itemtype=\"https:\/\/schema.org\/CreativeWork\" ><div class='avia_textblock'  itemprop=\"text\" ><h2 style=\"text-align: right;\">A Casa. Alqu\u00e9zar<\/h2>\n<\/div><\/section><br \/>\n<div  class='hr av-av_hr-7036307108800bfe489471e1c9c1d5a1 hr-short  avia-builder-el-24  el_after_av_textblock  el_before_av_slideshow  hr-right'><span class='hr-inner '><span class=\"hr-inner-style\"><\/span><\/span><\/div><br \/>\n<div  class='avia-slideshow av-av_slideshow-4f7b2b5f417e5e1a781935034c419496 avia-slideshow-no scaling av_slideshow avia-slide-slider  avia-builder-el-25  el_after_av_hr  el_before_av_hr  av-default-height-applied avia-slideshow-3'  data-size='no scaling'  data-lightbox_size='large'  data-animation='slide'  data-conditional_play=''  data-ids='7896'  data-video_counter='0'  data-autoplay='true'  data-bg_slider='false'  data-slide_height=''  data-handle='av_slideshow'  data-interval='5'  data-class=' avia-builder-el-25  el_after_av_hr  el_before_av_hr '  data-extra_class=''  data-el_id=''  data-css_id=''  data-scroll_down=''  data-control_layout=''  data-custom_markup=''  data-perma_caption=''  data-autoplay_stopper=''  data-image_attachment=''  data-min_height='0px'  data-lazy_loading='disabled'  data-default-height='107.93650793651'  data-img_scrset=''  data-av-desktop-hide=''  data-av-medium-hide=''  data-av-small-hide=''  data-av-mini-hide=''  data-alb_description=''  data-id=''  data-custom_class=''  data-template_class=''  data-av_uid=''  data-sc_version='1.0'  data-heading_tag=''  data-heading_class=''   itemprop=\"image\" itemscope=\"itemscope\" itemtype=\"https:\/\/schema.org\/ImageObject\" ><ul class='avia-slideshow-inner ' style='padding-bottom: 107.93650793651%;'><li  class='avia-slideshow-slide av-av_slideshow-4f7b2b5f417e5e1a781935034c419496__0  av-single-slide slide-1 ' ><div data-rel='slideshow-3' class='avia-slide-wrap '   ><img decoding=\"async\" class=\"wp-image-16358 avia-img-lazy-loading-not-16358\"  src=\"https:\/\/alquezarbuenaventura.com\/wp-content\/uploads\/a-casa-cocina-1.jpg\" width=\"567\" height=\"612\" title='A casa cocina' alt=''  itemprop=\"thumbnailUrl\" srcset=\"https:\/\/alquezarbuenaventura.com\/wp-content\/uploads\/a-casa-cocina-1.jpg 567w, https:\/\/alquezarbuenaventura.com\/wp-content\/uploads\/a-casa-cocina-1-278x300.jpg 278w, https:\/\/alquezarbuenaventura.com\/wp-content\/uploads\/a-casa-cocina-1-450x486.jpg 450w\" sizes=\"(max-width: 567px) 100vw, 567px\" \/><\/div><\/li><\/ul><\/div><br \/>\n<div  class='hr av-av_hr-7036307108800bfe489471e1c9c1d5a1 hr-short  avia-builder-el-26  el_after_av_slideshow  el_before_av_button  hr-right'><span class='hr-inner '><span class=\"hr-inner-style\"><\/span><\/span><\/div><br \/>\n<div  class='avia-button-wrap avia-button-right  avia-builder-el-27  el_after_av_hr  avia-builder-el-last ' ><a href='http:\/\/www.a-casa.eu\/es\/' class='avia-button av-av_button-66c04dab28d1ab7732f926cb5487659b avia-icon_select-yes-left-icon avia-size-large avia-position-right avia-color-theme-color-subtle' target=\"_blank\" rel=\"noopener noreferrer\"><span class='avia_button_icon avia_button_icon_left' aria-hidden='true' data-av_icon='\ue80b' data-av_iconfont='entypo-fontello'><\/span><span class='avia_iconbox_title' >Visita su Web<\/span><\/a><\/div><\/p><\/div>\n<style type=\"text\/css\" data-created_by=\"avia_inline_auto\" id=\"style-css-av-av_one_half-9c1d454dc06f7247226bc4e8f931daae\">\n.flex_column.av-av_one_half-9c1d454dc06f7247226bc4e8f931daae{\nborder-radius:0px 0px 0px 0px;\n-webkit-border-radius:0px 0px 0px 0px;\n-moz-border-radius:0px 0px 0px 0px;\n}\n<\/style>\n<div class='flex_column av-av_one_half-9c1d454dc06f7247226bc4e8f931daae av_one_half  avia-builder-el-28  el_after_av_one_half  avia-builder-el-last  flex_column_div av-zero-column-padding '   ><div  class='avia-icon-list-container av-av_iconlist-c9265973fe37925e1675fd541a8fb5d9  avia-builder-el-29  avia-builder-el-no-sibling '><ul class='avia-icon-list avia_animate_when_almost_visible avia-icon-list-left av-iconlist-big av-av_iconlist-c9265973fe37925e1675fd541a8fb5d9 avia-iconlist-animate'>\n<li><div class='iconlist_icon av-av_iconlist_item-d596de65be8ea4de00d4f0207df433ff avia-font-entypo-fontello'><span class='iconlist-char' aria-hidden='true' data-av_icon='\ue81f' data-av_iconfont='entypo-fontello'><\/span><\/div><article class=\"article-icon-entry \"  itemscope=\"itemscope\" itemtype=\"https:\/\/schema.org\/CreativeWork\" ><div class=\"iconlist_content_wrap\"><header class=\"entry-content-header\"><h4 class='av_iconlist_title iconlist_title  '  itemprop=\"headline\" >DESCRIPCION<\/h4><\/header><div class='iconlist_content '  itemprop=\"text\" ><p>Se trata de una casa de campo con estilo en Alqu\u00e9zar. Tiene una decoraci\u00f3n moderna con muebles de dise\u00f1o y una lujosa cocina de la marca Bulthaup. En la casa hay Wifi. La casa se calienta a trav\u00e9s de calefacci\u00f3n radiante y se enfr\u00eda por un sistema de aire acondicionado. Para ambos se usa energ\u00eda ecol\u00f3gica. Ubicada en una zona espectacular con vistas al pueblo medieval.<\/p>\n<\/div><\/div><footer class=\"entry-footer\"><\/footer><\/article><div class=\"iconlist-timeline\"><\/div><\/li>\n<li><div class='iconlist_icon av-av_iconlist_item-c0b1b61df5915bb546117865fddafcc6 avia-font-entypo-fontello'><span class='iconlist-char' aria-hidden='true' data-av_icon='\ue827' data-av_iconfont='entypo-fontello'><\/span><\/div><article class=\"article-icon-entry \"  itemscope=\"itemscope\" itemtype=\"https:\/\/schema.org\/CreativeWork\" ><div class=\"iconlist_content_wrap\"><header class=\"entry-content-header\"><h4 class='av_iconlist_title iconlist_title  '  itemprop=\"headline\" >\u00bfCUANTO CUESTA?<\/h4><\/header><div class='iconlist_content '  itemprop=\"text\" ><p>135 EUROS. Descuentos en temporada baja y por estancias de semana completa.<\/p>\n<\/div><\/div><footer class=\"entry-footer\"><\/footer><\/article><div class=\"iconlist-timeline\"><\/div><\/li>\n<li><div class='iconlist_icon av-av_iconlist_item-3698e561bf8f78df04d36e5f1cdae446 avia-font-entypo-fontello'><span class='iconlist-char' aria-hidden='true' data-av_icon='\ue821' data-av_iconfont='entypo-fontello'><\/span><\/div><article class=\"article-icon-entry \"  itemscope=\"itemscope\" itemtype=\"https:\/\/schema.org\/CreativeWork\" ><div class=\"iconlist_content_wrap\"><header class=\"entry-content-header\"><h4 class='av_iconlist_title iconlist_title  '  itemprop=\"headline\" >CAPACIDAD<\/h4><\/header><div class='iconlist_content '  itemprop=\"text\" ><p>La casa tiene capacidad para 6 personas.Posibilidad de 2 personas m\u00e1s en sofa cama.<\/p>\n<\/div><\/div><footer class=\"entry-footer\"><\/footer><\/article><div class=\"iconlist-timeline\"><\/div><\/li>\n<li><div class='iconlist_icon av-av_iconlist_item-2f69efd9f3c85a6151c8d194fd99e42f avia-font-entypo-fontello'><span class='iconlist-char' aria-hidden='true' data-av_icon='\ue82b' data-av_iconfont='entypo-fontello'><\/span><\/div><article class=\"article-icon-entry \"  itemscope=\"itemscope\" itemtype=\"https:\/\/schema.org\/CreativeWork\" ><div class=\"iconlist_content_wrap\"><header class=\"entry-content-header\"><h4 class='av_iconlist_title iconlist_title  '  itemprop=\"headline\" >TE GUSTARA POR...<\/h4><\/header><div class='iconlist_content '  itemprop=\"text\" ><p>A CASA ofrece mucha intimidad, unas vistas magn\u00edficas a la hermos\u00edsima naturaleza y es un lugar ideal de partida para descubrir el entorno.<\/p>\n<p>Alrededor de la casa, la terraza y el jard\u00edn brindan un lugar ideal para comer y disfrutar de las vistas.<\/p>\n<\/div><\/div><footer class=\"entry-footer\"><\/footer><\/article><div class=\"iconlist-timeline\"><\/div><\/li>\n<li><div class='iconlist_icon av-av_iconlist_item-25ab24d6bc8e262b62fe6cc2965e4e23 avia-font-entypo-fontello'><span class='iconlist-char' aria-hidden='true' data-av_icon='\ue805' data-av_iconfont='entypo-fontello'><\/span><\/div><article class=\"article-icon-entry \"  itemscope=\"itemscope\" itemtype=\"https:\/\/schema.org\/CreativeWork\" ><div class=\"iconlist_content_wrap\"><header class=\"entry-content-header\"><h4 class='av_iconlist_title iconlist_title  '  itemprop=\"headline\" >Reservalo!<\/h4><\/header><div class='iconlist_content '  itemprop=\"text\" ><p>Llama a (+34) 618 755 642 \u00a0o escribe un email: <a href=\"mailto:info@a-casa.eu\">info@a-casa.eu<\/a><\/p>\n<\/div><\/div><footer class=\"entry-footer\"><\/footer><\/article><div class=\"iconlist-timeline\"><\/div><\/li>\n<\/ul><\/div><\/div>\n\n<\/div><\/div><\/div><!-- close content main div --><\/div><\/div><div id='about-us'  class='avia-section av-av_section-5ed245d3e1edc50ad4248185fc2bf457 alternate_color avia-section-large avia-shadow  avia-builder-el-30  el_after_av_section  el_before_av_section  avia-bg-style-scroll container_wrap sidebar_right'  ><div class='container av-section-cont-open' ><div class='template-page content  av-content-small alpha units'><div class='post-entry post-entry-type-page post-entry-11550'><div class='entry-content-wrapper clearfix'>\n<div class='flex_column av-av_one_half-2a9015ff38129c418a3f2eafba3e9512 av_one_half  avia-builder-el-31  el_before_av_one_half  avia-builder-el-first  first flex_column_div '   ><section  class='av_textblock_section av-av_textblock-0366cc7376be6c9e82a3e9cc8987b64f'  itemscope=\"itemscope\" itemtype=\"https:\/\/schema.org\/CreativeWork\" ><div class='avia_textblock'  itemprop=\"text\" ><h2 style=\"text-align: right;\">Teresana. Alqu\u00e9zar<\/h2>\n<\/div><\/section><br \/>\n<div  class='hr av-av_hr-7036307108800bfe489471e1c9c1d5a1 hr-short  avia-builder-el-33  el_after_av_textblock  el_before_av_slideshow  hr-right'><span class='hr-inner '><span class=\"hr-inner-style\"><\/span><\/span><\/div><br \/>\n<div  class='avia-slideshow av-av_slideshow-4f7b2b5f417e5e1a781935034c419496 avia-slideshow-no scaling av_slideshow avia-slide-slider  avia-builder-el-34  el_after_av_hr  el_before_av_hr  av-default-height-applied avia-slideshow-4'  data-size='no scaling'  data-lightbox_size='large'  data-animation='slide'  data-conditional_play=''  data-ids='7896'  data-video_counter='0'  data-autoplay='true'  data-bg_slider='false'  data-slide_height=''  data-handle='av_slideshow'  data-interval='5'  data-class=' avia-builder-el-34  el_after_av_hr  el_before_av_hr '  data-extra_class=''  data-el_id=''  data-css_id=''  data-scroll_down=''  data-control_layout=''  data-custom_markup=''  data-perma_caption=''  data-autoplay_stopper=''  data-image_attachment=''  data-min_height='0px'  data-lazy_loading='disabled'  data-default-height='107.93650793651'  data-img_scrset=''  data-av-desktop-hide=''  data-av-medium-hide=''  data-av-small-hide=''  data-av-mini-hide=''  data-alb_description=''  data-id=''  data-custom_class=''  data-template_class=''  data-av_uid=''  data-sc_version='1.0'  data-heading_tag=''  data-heading_class=''   itemprop=\"image\" itemscope=\"itemscope\" itemtype=\"https:\/\/schema.org\/ImageObject\" ><ul class='avia-slideshow-inner ' style='padding-bottom: 107.93650793651%;'><li  class='avia-slideshow-slide av-av_slideshow-4f7b2b5f417e5e1a781935034c419496__0  av-single-slide slide-1 ' ><div data-rel='slideshow-4' class='avia-slide-wrap '   ><img decoding=\"async\" class=\"wp-image-16358 avia-img-lazy-loading-not-16358\"  src=\"https:\/\/alquezarbuenaventura.com\/wp-content\/uploads\/a-casa-cocina-1.jpg\" width=\"567\" height=\"612\" title='A casa cocina' alt=''  itemprop=\"thumbnailUrl\" srcset=\"https:\/\/alquezarbuenaventura.com\/wp-content\/uploads\/a-casa-cocina-1.jpg 567w, https:\/\/alquezarbuenaventura.com\/wp-content\/uploads\/a-casa-cocina-1-278x300.jpg 278w, https:\/\/alquezarbuenaventura.com\/wp-content\/uploads\/a-casa-cocina-1-450x486.jpg 450w\" sizes=\"(max-width: 567px) 100vw, 567px\" \/><\/div><\/li><\/ul><\/div><br \/>\n<div  class='hr av-av_hr-7036307108800bfe489471e1c9c1d5a1 hr-short  avia-builder-el-35  el_after_av_slideshow  el_before_av_button  hr-right'><span class='hr-inner '><span class=\"hr-inner-style\"><\/span><\/span><\/div><br \/>\n<div  class='avia-button-wrap avia-button-right  avia-builder-el-36  el_after_av_hr  avia-builder-el-last ' ><a href='http:\/\/alquezaralojamiento.es\/apartmentos\/apartamento-en-alquezar-standard' class='avia-button av-av_button-796ce63d8a6b5adc3579f94283f21c3f avia-icon_select-yes-left-icon avia-size-large avia-position-right avia-color-theme-color-subtle' target=\"_blank\" rel=\"noopener noreferrer\"><span class='avia_button_icon avia_button_icon_left' aria-hidden='true' data-av_icon='\ue80b' data-av_iconfont='entypo-fontello'><\/span><span class='avia_iconbox_title' >Visita su Web<\/span><\/a><\/div><\/p><\/div>\n<style type=\"text\/css\" data-created_by=\"avia_inline_auto\" id=\"style-css-av-av_one_half-9c1d454dc06f7247226bc4e8f931daae\">\n.flex_column.av-av_one_half-9c1d454dc06f7247226bc4e8f931daae{\nborder-radius:0px 0px 0px 0px;\n-webkit-border-radius:0px 0px 0px 0px;\n-moz-border-radius:0px 0px 0px 0px;\n}\n<\/style>\n<div class='flex_column av-av_one_half-9c1d454dc06f7247226bc4e8f931daae av_one_half  avia-builder-el-37  el_after_av_one_half  avia-builder-el-last  flex_column_div av-zero-column-padding '   ><div  class='avia-icon-list-container av-av_iconlist-c9265973fe37925e1675fd541a8fb5d9  avia-builder-el-38  avia-builder-el-no-sibling '><ul class='avia-icon-list avia_animate_when_almost_visible avia-icon-list-left av-iconlist-big av-av_iconlist-c9265973fe37925e1675fd541a8fb5d9 avia-iconlist-animate'>\n<li><div class='iconlist_icon av-av_iconlist_item-d596de65be8ea4de00d4f0207df433ff avia-font-entypo-fontello'><span class='iconlist-char' aria-hidden='true' data-av_icon='\ue81f' data-av_iconfont='entypo-fontello'><\/span><\/div><article class=\"article-icon-entry \"  itemscope=\"itemscope\" itemtype=\"https:\/\/schema.org\/CreativeWork\" ><div class=\"iconlist_content_wrap\"><header class=\"entry-content-header\"><h4 class='av_iconlist_title iconlist_title  '  itemprop=\"headline\" >DESCRIPCION<\/h4><\/header><div class='iconlist_content '  itemprop=\"text\" ><p>Los Apartamentos Teresana se encuentran en el parque natural de la Sierra y Ca\u00f1ones de Guara, en la pintoresca localidad de Alqu\u00e9zar. El establecimiento ofrece apartamentos con aire acondicionado.<\/p>\n<p>Todos los apartamentos disponen de una sala de estar con sof\u00e1 y TV v\u00eda sat\u00e9lite, una zona de cocina con lavavajillas, horno y lavadora, y ba\u00f1o con ba\u00f1era.<\/p>\n<\/div><\/div><footer class=\"entry-footer\"><\/footer><\/article><div class=\"iconlist-timeline\"><\/div><\/li>\n<li><div class='iconlist_icon av-av_iconlist_item-c0b1b61df5915bb546117865fddafcc6 avia-font-entypo-fontello'><span class='iconlist-char' aria-hidden='true' data-av_icon='\ue827' data-av_iconfont='entypo-fontello'><\/span><\/div><article class=\"article-icon-entry \"  itemscope=\"itemscope\" itemtype=\"https:\/\/schema.org\/CreativeWork\" ><div class=\"iconlist_content_wrap\"><header class=\"entry-content-header\"><h4 class='av_iconlist_title iconlist_title  '  itemprop=\"headline\" >\u00bfCUANTO CUESTA?<\/h4><\/header><div class='iconlist_content '  itemprop=\"text\" ><p>Apartamento Executive 73\u20ac, Standar 103\u20ac y Superior 113 \u20ac. Descuentos por estancias de semana completa.<\/p>\n<\/div><\/div><footer class=\"entry-footer\"><\/footer><\/article><div class=\"iconlist-timeline\"><\/div><\/li>\n<li><div class='iconlist_icon av-av_iconlist_item-3698e561bf8f78df04d36e5f1cdae446 avia-font-entypo-fontello'><span class='iconlist-char' aria-hidden='true' data-av_icon='\ue821' data-av_iconfont='entypo-fontello'><\/span><\/div><article class=\"article-icon-entry \"  itemscope=\"itemscope\" itemtype=\"https:\/\/schema.org\/CreativeWork\" ><div class=\"iconlist_content_wrap\"><header class=\"entry-content-header\"><h4 class='av_iconlist_title iconlist_title  '  itemprop=\"headline\" >CAPACIDAD<\/h4><\/header><div class='iconlist_content '  itemprop=\"text\" ><p>La casa tiene capacidad para 16 personas.<\/p>\n<\/div><\/div><footer class=\"entry-footer\"><\/footer><\/article><div class=\"iconlist-timeline\"><\/div><\/li>\n<li><div class='iconlist_icon av-av_iconlist_item-2f69efd9f3c85a6151c8d194fd99e42f avia-font-entypo-fontello'><span class='iconlist-char' aria-hidden='true' data-av_icon='\ue82b' data-av_iconfont='entypo-fontello'><\/span><\/div><article class=\"article-icon-entry \"  itemscope=\"itemscope\" itemtype=\"https:\/\/schema.org\/CreativeWork\" ><div class=\"iconlist_content_wrap\"><header class=\"entry-content-header\"><h4 class='av_iconlist_title iconlist_title  '  itemprop=\"headline\" >TE GUSTARA POR...<\/h4><\/header><div class='iconlist_content '  itemprop=\"text\" ><p>La casa es fant\u00e1stica, decorada con mucho encanto y \u00a0con todo lo necesario para sentirse a gusto (utensilios de cocina, lavadora, TV, toallas, mantas&#8230;) \u00a0Los \u00a0apartamentos est\u00e1n muy bien ubicado, en una calle con mucho encanto. La comunicaci\u00f3n y facilidades con las personas que gestionan el alojamiento son \u00a0inmejorables.<\/p>\n<\/div><\/div><footer class=\"entry-footer\"><\/footer><\/article><div class=\"iconlist-timeline\"><\/div><\/li>\n<li><div class='iconlist_icon av-av_iconlist_item-25ab24d6bc8e262b62fe6cc2965e4e23 avia-font-entypo-fontello'><span class='iconlist-char' aria-hidden='true' data-av_icon='\ue805' data-av_iconfont='entypo-fontello'><\/span><\/div><article class=\"article-icon-entry \"  itemscope=\"itemscope\" itemtype=\"https:\/\/schema.org\/CreativeWork\" ><div class=\"iconlist_content_wrap\"><header class=\"entry-content-header\"><h4 class='av_iconlist_title iconlist_title  '  itemprop=\"headline\" >Reservalo!<\/h4><\/header><div class='iconlist_content '  itemprop=\"text\" ><p>Llama a 650 203 939 o escribe un email a : reservas@alquezaralojamiento.es<\/p>\n<\/div><\/div><footer class=\"entry-footer\"><\/footer><\/article><div class=\"iconlist-timeline\"><\/div><\/li>\n<\/ul><\/div><\/div>\n\n<\/div><\/div><\/div><!-- close content main div --><\/div><\/div><div id='about-us'  class='avia-section av-av_section-5ed245d3e1edc50ad4248185fc2bf457 alternate_color avia-section-large avia-shadow  avia-builder-el-39  el_after_av_section  el_before_av_section  avia-bg-style-scroll container_wrap sidebar_right'  ><div class='container av-section-cont-open' ><div class='template-page content  av-content-small alpha units'><div class='post-entry post-entry-type-page post-entry-11550'><div class='entry-content-wrapper clearfix'>\n<div class='flex_column av-av_one_half-2a9015ff38129c418a3f2eafba3e9512 av_one_half  avia-builder-el-40  el_before_av_one_half  avia-builder-el-first  first flex_column_div '   ><section  class='av_textblock_section av-av_textblock-0366cc7376be6c9e82a3e9cc8987b64f'  itemscope=\"itemscope\" itemtype=\"https:\/\/schema.org\/CreativeWork\" ><div class='avia_textblock'  itemprop=\"text\" ><h2 style=\"text-align: right;\">Casa Vidal. Adahuesca<\/h2>\n<\/div><\/section><br \/>\n<div  class='hr av-av_hr-7036307108800bfe489471e1c9c1d5a1 hr-short  avia-builder-el-42  el_after_av_textblock  el_before_av_slideshow  hr-right'><span class='hr-inner '><span class=\"hr-inner-style\"><\/span><\/span><\/div><br \/>\n<div  class='avia-slideshow av-l44t1hdz-3e0bcff9a740c183535fa7e7a3a81a09 av-control-default avia-slideshow-no scaling av_slideshow avia-slide-slider  avia-builder-el-43  el_after_av_hr  el_before_av_hr  av-default-height-applied avia-slideshow-5'  data-size='no scaling'  data-lightbox_size='large'  data-animation='slide'  data-conditional_play=''  data-ids='7821,7822,7820'  data-video_counter='0'  data-autoplay='true'  data-bg_slider='false'  data-slide_height=''  data-handle='av_slideshow'  data-interval='5'  data-class=' avia-builder-el-43  el_after_av_hr  el_before_av_hr '  data-extra_class=''  data-el_id=''  data-css_id=''  data-scroll_down=''  data-control_layout='av-control-default'  data-custom_markup=''  data-perma_caption=''  data-autoplay_stopper=''  data-image_attachment=''  data-min_height='0px'  data-lazy_loading='disabled'  data-default-height='107.89889415482'  data-img_scrset=''  data-av-desktop-hide=''  data-av-medium-hide=''  data-av-small-hide=''  data-av-mini-hide=''  data-alb_description=''  data-id=''  data-custom_class=''  data-template_class=''  data-av_uid='av-l44t1hdz'  data-sc_version='1.0'  data-heading_tag=''  data-heading_class=''   itemprop=\"image\" itemscope=\"itemscope\" itemtype=\"https:\/\/schema.org\/ImageObject\" ><ul class='avia-slideshow-inner ' style='padding-bottom: 107.89889415482%;'><li  class='avia-slideshow-slide av-l44t1hdz-3e0bcff9a740c183535fa7e7a3a81a09__0  slide-1 ' ><div data-rel='slideshow-5' class='avia-slide-wrap '   ><img decoding=\"async\" class=\"wp-image-16214 avia-img-lazy-loading-not-16214\"  src=\"https:\/\/alquezarbuenaventura.com\/wp-content\/uploads\/cocinacasavidal.jpg\" width=\"633\" height=\"683\" title='Cocina Casa Vidal' alt=''  itemprop=\"thumbnailUrl\" srcset=\"https:\/\/alquezarbuenaventura.com\/wp-content\/uploads\/cocinacasavidal.jpg 633w, https:\/\/alquezarbuenaventura.com\/wp-content\/uploads\/cocinacasavidal-278x300.jpg 278w, https:\/\/alquezarbuenaventura.com\/wp-content\/uploads\/cocinacasavidal-450x486.jpg 450w\" sizes=\"(max-width: 633px) 100vw, 633px\" \/><\/div><\/li><li  class='avia-slideshow-slide av-l44t1hdz-3e0bcff9a740c183535fa7e7a3a81a09__1  slide-2 ' ><div data-rel='slideshow-5' class='avia-slide-wrap '   ><img decoding=\"async\" class=\"wp-image-16216 avia-img-lazy-loading-not-16216\"  src=\"https:\/\/alquezarbuenaventura.com\/wp-content\/uploads\/csaavidal1.jpg\" width=\"632\" height=\"683\" title='Casa Vidal Adahuesca' alt=''  itemprop=\"thumbnailUrl\" srcset=\"https:\/\/alquezarbuenaventura.com\/wp-content\/uploads\/csaavidal1.jpg 632w, https:\/\/alquezarbuenaventura.com\/wp-content\/uploads\/csaavidal1-278x300.jpg 278w, https:\/\/alquezarbuenaventura.com\/wp-content\/uploads\/csaavidal1-450x486.jpg 450w\" sizes=\"(max-width: 632px) 100vw, 632px\" \/><\/div><\/li><li  class='avia-slideshow-slide av-l44t1hdz-3e0bcff9a740c183535fa7e7a3a81a09__2  slide-3 ' ><div data-rel='slideshow-5' class='avia-slide-wrap '   ><img decoding=\"async\" class=\"wp-image-16212 avia-img-lazy-loading-not-16212\"  src=\"https:\/\/alquezarbuenaventura.com\/wp-content\/uploads\/habitacioncasavidal.jpg\" width=\"632\" height=\"683\" title='Habitacion Casa Vidal' alt=''  itemprop=\"thumbnailUrl\" srcset=\"https:\/\/alquezarbuenaventura.com\/wp-content\/uploads\/habitacioncasavidal.jpg 632w, https:\/\/alquezarbuenaventura.com\/wp-content\/uploads\/habitacioncasavidal-278x300.jpg 278w, https:\/\/alquezarbuenaventura.com\/wp-content\/uploads\/habitacioncasavidal-450x486.jpg 450w\" sizes=\"(max-width: 632px) 100vw, 632px\" \/><\/div><\/li><\/ul><div class='avia-slideshow-arrows avia-slideshow-controls' ><a href='#prev' class='prev-slide ' aria-hidden='true' data-av_icon='\ue87c' data-av_iconfont='entypo-fontello'  tabindex='-1'>Previous<\/a><a href='#next' class='next-slide ' aria-hidden='true' data-av_icon='\ue87d' data-av_iconfont='entypo-fontello'  tabindex='-1'>Next<\/a><\/div><div class='avia-slideshow-dots avia-slideshow-controls'><a href='#1' class='goto-slide active' >1<\/a><a href='#2' class='goto-slide ' >2<\/a><a href='#3' class='goto-slide ' >3<\/a><\/div><\/div><br \/>\n<div  class='hr av-av_hr-7036307108800bfe489471e1c9c1d5a1 hr-short  avia-builder-el-44  el_after_av_slideshow  el_before_av_button  hr-right'><span class='hr-inner '><span class=\"hr-inner-style\"><\/span><\/span><\/div><br \/>\n<div  class='avia-button-wrap avia-button-right  avia-builder-el-45  el_after_av_hr  avia-builder-el-last ' ><a href='http:\/\/www.apartamentoscasavidal.com\/' class='avia-button av-av_button-66c5b74b9c09cd31b59bd335020fbe84 avia-icon_select-yes-left-icon avia-size-large avia-position-right avia-color-theme-color-subtle' target=\"_blank\" rel=\"noopener noreferrer\"><span class='avia_button_icon avia_button_icon_left' aria-hidden='true' data-av_icon='\ue80b' data-av_iconfont='entypo-fontello'><\/span><span class='avia_iconbox_title' >Visita su Web<\/span><\/a><\/div><\/p><\/div>\n<style type=\"text\/css\" data-created_by=\"avia_inline_auto\" id=\"style-css-av-av_one_half-9c1d454dc06f7247226bc4e8f931daae\">\n.flex_column.av-av_one_half-9c1d454dc06f7247226bc4e8f931daae{\nborder-radius:0px 0px 0px 0px;\n-webkit-border-radius:0px 0px 0px 0px;\n-moz-border-radius:0px 0px 0px 0px;\n}\n<\/style>\n<div class='flex_column av-av_one_half-9c1d454dc06f7247226bc4e8f931daae av_one_half  avia-builder-el-46  el_after_av_one_half  avia-builder-el-last  flex_column_div av-zero-column-padding '   ><div  class='avia-icon-list-container av-av_iconlist-c9265973fe37925e1675fd541a8fb5d9  avia-builder-el-47  avia-builder-el-no-sibling '><ul class='avia-icon-list avia_animate_when_almost_visible avia-icon-list-left av-iconlist-big av-av_iconlist-c9265973fe37925e1675fd541a8fb5d9 avia-iconlist-animate'>\n<li><div class='iconlist_icon av-av_iconlist_item-d596de65be8ea4de00d4f0207df433ff avia-font-entypo-fontello'><span class='iconlist-char' aria-hidden='true' data-av_icon='\ue81f' data-av_iconfont='entypo-fontello'><\/span><\/div><article class=\"article-icon-entry \"  itemscope=\"itemscope\" itemtype=\"https:\/\/schema.org\/CreativeWork\" ><div class=\"iconlist_content_wrap\"><header class=\"entry-content-header\"><h4 class='av_iconlist_title iconlist_title  '  itemprop=\"headline\" >DESCRIPCION<\/h4><\/header><div class='iconlist_content '  itemprop=\"text\" ><p>Casa Vidal dispone de dos apartamentos de 50 m2 cada uno, con una distribuci\u00f3n similar. Cada uno de ellos cuenta con una habitaci\u00f3n doble, otra individual, un amplio espacio abierto de cocina sal\u00f3n (con un sof\u00e1 cama) y un cuarto de ba\u00f1o. Cuentan con capacidad para un m\u00e1ximo de 5 personas.<\/p>\n<p>En la parte baja hay un peque\u00f1o jard\u00edn con barbacoa del que pueden hacer uso si lo desean.<\/p>\n<\/div><\/div><footer class=\"entry-footer\"><\/footer><\/article><div class=\"iconlist-timeline\"><\/div><\/li>\n<li><div class='iconlist_icon av-av_iconlist_item-c0b1b61df5915bb546117865fddafcc6 avia-font-entypo-fontello'><span class='iconlist-char' aria-hidden='true' data-av_icon='\ue827' data-av_iconfont='entypo-fontello'><\/span><\/div><article class=\"article-icon-entry \"  itemscope=\"itemscope\" itemtype=\"https:\/\/schema.org\/CreativeWork\" ><div class=\"iconlist_content_wrap\"><header class=\"entry-content-header\"><h4 class='av_iconlist_title iconlist_title  '  itemprop=\"headline\" >\u00bfCUANTO CUESTA?<\/h4><\/header><div class='iconlist_content '  itemprop=\"text\" ><p>Temporada Baja 70\u20ac y Temporada Alta 90\u20ac.<\/p>\n<\/div><\/div><footer class=\"entry-footer\"><\/footer><\/article><div class=\"iconlist-timeline\"><\/div><\/li>\n<li><div class='iconlist_icon av-av_iconlist_item-3698e561bf8f78df04d36e5f1cdae446 avia-font-entypo-fontello'><span class='iconlist-char' aria-hidden='true' data-av_icon='\ue821' data-av_iconfont='entypo-fontello'><\/span><\/div><article class=\"article-icon-entry \"  itemscope=\"itemscope\" itemtype=\"https:\/\/schema.org\/CreativeWork\" ><div class=\"iconlist_content_wrap\"><header class=\"entry-content-header\"><h4 class='av_iconlist_title iconlist_title  '  itemprop=\"headline\" >CAPACIDAD<\/h4><\/header><div class='iconlist_content '  itemprop=\"text\" ><p>La casa tiene capacidad para 6 personas.Posibilidad de 2 personas m\u00e1s en sofa cama.<\/p>\n<\/div><\/div><footer class=\"entry-footer\"><\/footer><\/article><div class=\"iconlist-timeline\"><\/div><\/li>\n<li><div class='iconlist_icon av-av_iconlist_item-2f69efd9f3c85a6151c8d194fd99e42f avia-font-entypo-fontello'><span class='iconlist-char' aria-hidden='true' data-av_icon='\ue82b' data-av_iconfont='entypo-fontello'><\/span><\/div><article class=\"article-icon-entry \"  itemscope=\"itemscope\" itemtype=\"https:\/\/schema.org\/CreativeWork\" ><div class=\"iconlist_content_wrap\"><header class=\"entry-content-header\"><h4 class='av_iconlist_title iconlist_title  '  itemprop=\"headline\" >TE GUSTARA POR...<\/h4><\/header><div class='iconlist_content '  itemprop=\"text\" ><p>En casa Vidal os sentir\u00e9is como en casa. Cuenta con todas las comodidades, una decoraci\u00f3n con encanto y est\u00e1 en la ubicaci\u00f3n perfecta para descubrir todos los rincones de la Sierra de Guara<\/p>\n<p>Ya sea por la cuidada decoraci\u00f3n, como por la simpat\u00eda de Maria Cruz y Santiago o por el encanto especial de la peque\u00f1a villa de Adahuesca en la que nos encontramos\u2026<\/p>\n<p>no sabemos bien porqu\u00e9, pero todo aquel que se despide de la Casa Vidal lo hace pensando en volver\u2026<\/p>\n<\/div><\/div><footer class=\"entry-footer\"><\/footer><\/article><div class=\"iconlist-timeline\"><\/div><\/li>\n<li><div class='iconlist_icon av-av_iconlist_item-25ab24d6bc8e262b62fe6cc2965e4e23 avia-font-entypo-fontello'><span class='iconlist-char' aria-hidden='true' data-av_icon='\ue805' data-av_iconfont='entypo-fontello'><\/span><\/div><article class=\"article-icon-entry \"  itemscope=\"itemscope\" itemtype=\"https:\/\/schema.org\/CreativeWork\" ><div class=\"iconlist_content_wrap\"><header class=\"entry-content-header\"><h4 class='av_iconlist_title iconlist_title  '  itemprop=\"headline\" >Reservalo!<\/h4><\/header><div class='iconlist_content '  itemprop=\"text\" ><p><a class=\"fl r-imA2mNXa5HrA\" title=\"Llamar a trav\u00e9s de Hangouts\" data-number=\"+34974311934\" data-pstn-out-call-url=\"\" data-rtid=\"imA2mNXa5HrA\" data-ved=\"0ahUKEwjgyMCxw7XRAhVJiFQKHRMsDVAQkAgIlgEwDw\">Tel\u00e9fono 974 31 19 34<\/a>o.<\/p>\n<\/div><\/div><footer class=\"entry-footer\"><\/footer><\/article><div class=\"iconlist-timeline\"><\/div><\/li>\n<\/ul><\/div><\/div><\/div><\/div><\/div><!-- close content main div --><\/div><\/div><div id='about-us'  class='avia-section av-av_section-5ed245d3e1edc50ad4248185fc2bf457 alternate_color avia-section-large avia-shadow  avia-builder-el-48  el_after_av_section  el_before_av_section  avia-bg-style-scroll container_wrap sidebar_right'  ><div class='container av-section-cont-open' ><div class='template-page content  av-content-small alpha units'><div class='post-entry post-entry-type-page post-entry-11550'><div class='entry-content-wrapper clearfix'>\n<div class='flex_column av-av_one_half-2a9015ff38129c418a3f2eafba3e9512 av_one_half  avia-builder-el-49  el_before_av_one_half  avia-builder-el-first  first flex_column_div '   ><section  class='av_textblock_section av-av_textblock-0366cc7376be6c9e82a3e9cc8987b64f'  itemscope=\"itemscope\" itemtype=\"https:\/\/schema.org\/CreativeWork\" ><div class='avia_textblock'  itemprop=\"text\" ><h2 style=\"text-align: right;\">La Jayma del Arte. Asque<\/h2>\n<\/div><\/section><br \/>\n<div  class='hr av-av_hr-7036307108800bfe489471e1c9c1d5a1 hr-short  avia-builder-el-51  el_after_av_textblock  el_before_av_slideshow  hr-right'><span class='hr-inner '><span class=\"hr-inner-style\"><\/span><\/span><\/div><br \/>\n<div  class='avia-slideshow av-av_slideshow-4f7b2b5f417e5e1a781935034c419496 avia-slideshow-no scaling av_slideshow avia-slide-slider  avia-builder-el-52  el_after_av_hr  el_before_av_hr  av-default-height-applied avia-slideshow-6'  data-size='no scaling'  data-lightbox_size='large'  data-animation='slide'  data-conditional_play=''  data-ids='7896'  data-video_counter='0'  data-autoplay='true'  data-bg_slider='false'  data-slide_height=''  data-handle='av_slideshow'  data-interval='5'  data-class=' avia-builder-el-52  el_after_av_hr  el_before_av_hr '  data-extra_class=''  data-el_id=''  data-css_id=''  data-scroll_down=''  data-control_layout=''  data-custom_markup=''  data-perma_caption=''  data-autoplay_stopper=''  data-image_attachment=''  data-min_height='0px'  data-lazy_loading='disabled'  data-default-height='107.93650793651'  data-img_scrset=''  data-av-desktop-hide=''  data-av-medium-hide=''  data-av-small-hide=''  data-av-mini-hide=''  data-alb_description=''  data-id=''  data-custom_class=''  data-template_class=''  data-av_uid=''  data-sc_version='1.0'  data-heading_tag=''  data-heading_class=''   itemprop=\"image\" itemscope=\"itemscope\" itemtype=\"https:\/\/schema.org\/ImageObject\" ><ul class='avia-slideshow-inner ' style='padding-bottom: 107.93650793651%;'><li  class='avia-slideshow-slide av-av_slideshow-4f7b2b5f417e5e1a781935034c419496__0  av-single-slide slide-1 ' ><div data-rel='slideshow-6' class='avia-slide-wrap '   ><img decoding=\"async\" class=\"wp-image-16358 avia-img-lazy-loading-not-16358\"  src=\"https:\/\/alquezarbuenaventura.com\/wp-content\/uploads\/a-casa-cocina-1.jpg\" width=\"567\" height=\"612\" title='A casa cocina' alt=''  itemprop=\"thumbnailUrl\" srcset=\"https:\/\/alquezarbuenaventura.com\/wp-content\/uploads\/a-casa-cocina-1.jpg 567w, https:\/\/alquezarbuenaventura.com\/wp-content\/uploads\/a-casa-cocina-1-278x300.jpg 278w, https:\/\/alquezarbuenaventura.com\/wp-content\/uploads\/a-casa-cocina-1-450x486.jpg 450w\" sizes=\"(max-width: 567px) 100vw, 567px\" \/><\/div><\/li><\/ul><\/div><br \/>\n<div  class='hr av-av_hr-7036307108800bfe489471e1c9c1d5a1 hr-short  avia-builder-el-53  el_after_av_slideshow  el_before_av_button  hr-right'><span class='hr-inner '><span class=\"hr-inner-style\"><\/span><\/span><\/div><br \/>\n<div  class='avia-button-wrap avia-button-right  avia-builder-el-54  el_after_av_hr  avia-builder-el-last ' ><a href='https:\/\/www.facebook.com\/search\/top\/?q=la%20jayma%20del%20arte' class='avia-button av-av_button-1e43409062a799f4aff453b148d0edf4 avia-icon_select-yes-left-icon avia-size-large avia-position-right avia-color-theme-color-subtle' target=\"_blank\" rel=\"noopener noreferrer\"><span class='avia_button_icon avia_button_icon_left' aria-hidden='true' data-av_icon='\ue80b' data-av_iconfont='entypo-fontello'><\/span><span class='avia_iconbox_title' >Visita su Web<\/span><\/a><\/div><\/p><\/div>\n<style type=\"text\/css\" data-created_by=\"avia_inline_auto\" id=\"style-css-av-av_one_half-9c1d454dc06f7247226bc4e8f931daae\">\n.flex_column.av-av_one_half-9c1d454dc06f7247226bc4e8f931daae{\nborder-radius:0px 0px 0px 0px;\n-webkit-border-radius:0px 0px 0px 0px;\n-moz-border-radius:0px 0px 0px 0px;\n}\n<\/style>\n<div class='flex_column av-av_one_half-9c1d454dc06f7247226bc4e8f931daae av_one_half  avia-builder-el-55  el_after_av_one_half  avia-builder-el-last  flex_column_div av-zero-column-padding '   ><div  class='avia-icon-list-container av-av_iconlist-c9265973fe37925e1675fd541a8fb5d9  avia-builder-el-56  avia-builder-el-no-sibling '><ul class='avia-icon-list avia_animate_when_almost_visible avia-icon-list-left av-iconlist-big av-av_iconlist-c9265973fe37925e1675fd541a8fb5d9 avia-iconlist-animate'>\n<li><div class='iconlist_icon av-av_iconlist_item-d596de65be8ea4de00d4f0207df433ff avia-font-entypo-fontello'><span class='iconlist-char' aria-hidden='true' data-av_icon='\ue81f' data-av_iconfont='entypo-fontello'><\/span><\/div><article class=\"article-icon-entry \"  itemscope=\"itemscope\" itemtype=\"https:\/\/schema.org\/CreativeWork\" ><div class=\"iconlist_content_wrap\"><header class=\"entry-content-header\"><h4 class='av_iconlist_title iconlist_title  '  itemprop=\"headline\" >DESCRIPCION<\/h4><\/header><div class='iconlist_content '  itemprop=\"text\" ><p>La Jayma del Arte, cuenta con dos bungalows de madera independientes. Cada una de las caba\u00f1as tiene una capacidad de 6 personas y cuentan con un dormitorio principal, un dormitorio abuhardillado, una cocina-comedor y un ba\u00f1o completo con ducha. Disponen adem\u00e1s de una terraza exterior con vistas espectaculares a una zona de almendros y olivos milenarios. Ofrece WiFi gratuito, jard\u00edn y piscina al aire libre disponible durante todo el a\u00f1o.<\/p>\n<\/div><\/div><footer class=\"entry-footer\"><\/footer><\/article><div class=\"iconlist-timeline\"><\/div><\/li>\n<li><div class='iconlist_icon av-av_iconlist_item-c0b1b61df5915bb546117865fddafcc6 avia-font-entypo-fontello'><span class='iconlist-char' aria-hidden='true' data-av_icon='\ue827' data-av_iconfont='entypo-fontello'><\/span><\/div><article class=\"article-icon-entry \"  itemscope=\"itemscope\" itemtype=\"https:\/\/schema.org\/CreativeWork\" ><div class=\"iconlist_content_wrap\"><header class=\"entry-content-header\"><h4 class='av_iconlist_title iconlist_title  '  itemprop=\"headline\" >\u00bfCUANTO CUESTA?<\/h4><\/header><div class='iconlist_content '  itemprop=\"text\" ><p>De 60\u20ac-120\u20ac.<\/p>\n<\/div><\/div><footer class=\"entry-footer\"><\/footer><\/article><div class=\"iconlist-timeline\"><\/div><\/li>\n<li><div class='iconlist_icon av-av_iconlist_item-3698e561bf8f78df04d36e5f1cdae446 avia-font-entypo-fontello'><span class='iconlist-char' aria-hidden='true' data-av_icon='\ue821' data-av_iconfont='entypo-fontello'><\/span><\/div><article class=\"article-icon-entry \"  itemscope=\"itemscope\" itemtype=\"https:\/\/schema.org\/CreativeWork\" ><div class=\"iconlist_content_wrap\"><header class=\"entry-content-header\"><h4 class='av_iconlist_title iconlist_title  '  itemprop=\"headline\" >CAPACIDAD<\/h4><\/header><div class='iconlist_content '  itemprop=\"text\" ><p>La Jayma tiene capacidad para 20 personas.<\/p>\n<\/div><\/div><footer class=\"entry-footer\"><\/footer><\/article><div class=\"iconlist-timeline\"><\/div><\/li>\n<li><div class='iconlist_icon av-av_iconlist_item-2f69efd9f3c85a6151c8d194fd99e42f avia-font-entypo-fontello'><span class='iconlist-char' aria-hidden='true' data-av_icon='\ue82b' data-av_iconfont='entypo-fontello'><\/span><\/div><article class=\"article-icon-entry \"  itemscope=\"itemscope\" itemtype=\"https:\/\/schema.org\/CreativeWork\" ><div class=\"iconlist_content_wrap\"><header class=\"entry-content-header\"><h4 class='av_iconlist_title iconlist_title  '  itemprop=\"headline\" >TE GUSTARA POR...<\/h4><\/header><div class='iconlist_content '  itemprop=\"text\" ><p>La Jayma del Arte es un maravilloso complejo que se encuentra situado en un verdadero oasis dentro del Parque Natural de la Sierra y los Ca\u00f1ones de Guara, cuna del arte rupestre y de los descensos de los barrancos del r\u00edo Vero<\/p>\n<p>En la estupenda\u00a0terraza chill-out\u00a0el cliente podr\u00e1 disfrutar de la quietud mientras contempla en paisaje o mientras se da un chapuz\u00f3n en la piscina con vistas a la sierra.<\/p>\n<p>El complejo, se completa con el\u00a0restaurante\u00a0Jayma del Arte, un espacio original y diferente en un entorno natural para disfrutar de la exquisita comida casera con los sabores y aromas de aqu\u00ed y de all\u00e1.<\/p>\n<\/div><\/div><footer class=\"entry-footer\"><\/footer><\/article><div class=\"iconlist-timeline\"><\/div><\/li>\n<li><div class='iconlist_icon av-av_iconlist_item-25ab24d6bc8e262b62fe6cc2965e4e23 avia-font-entypo-fontello'><span class='iconlist-char' aria-hidden='true' data-av_icon='\ue805' data-av_iconfont='entypo-fontello'><\/span><\/div><article class=\"article-icon-entry \"  itemscope=\"itemscope\" itemtype=\"https:\/\/schema.org\/CreativeWork\" ><div class=\"iconlist_content_wrap\"><header class=\"entry-content-header\"><h4 class='av_iconlist_title iconlist_title  '  itemprop=\"headline\" >Reservalo!<\/h4><\/header><div class='iconlist_content '  itemprop=\"text\" ><p>Llama a 974 943 106 &#8211; 664 701 783 escribe un email: patriestebanr@gmail.com<\/p>\n<\/div><\/div><footer class=\"entry-footer\"><\/footer><\/article><div class=\"iconlist-timeline\"><\/div><\/li>\n<\/ul><\/div><\/div>\n<\/p>\n<\/div><\/div><\/div><!-- close content main div --><\/div><\/div><div id='about-us'  class='avia-section av-av_section-5ed245d3e1edc50ad4248185fc2bf457 alternate_color avia-section-large avia-shadow  avia-builder-el-57  el_after_av_section  el_before_av_section  avia-bg-style-scroll container_wrap sidebar_right'  ><div class='container av-section-cont-open' ><div class='template-page content  av-content-small alpha units'><div class='post-entry post-entry-type-page post-entry-11550'><div class='entry-content-wrapper clearfix'>\n<div class='flex_column av-av_one_half-2a9015ff38129c418a3f2eafba3e9512 av_one_half  avia-builder-el-58  el_before_av_one_half  avia-builder-el-first  first flex_column_div '   ><section  class='av_textblock_section av-av_textblock-0366cc7376be6c9e82a3e9cc8987b64f'  itemscope=\"itemscope\" itemtype=\"https:\/\/schema.org\/CreativeWork\" ><div class='avia_textblock'  itemprop=\"text\" ><h2 style=\"text-align: right;\">Apartamentos Vino Tinto. Adahuesca<\/h2>\n<\/div><\/section><br \/>\n<div  class='hr av-av_hr-7036307108800bfe489471e1c9c1d5a1 hr-short  avia-builder-el-60  el_after_av_textblock  el_before_av_slideshow  hr-right'><span class='hr-inner '><span class=\"hr-inner-style\"><\/span><\/span><\/div><br \/>\n<div  class='avia-slideshow av-av_slideshow-4f7b2b5f417e5e1a781935034c419496 avia-slideshow-no scaling av_slideshow avia-slide-slider  avia-builder-el-61  el_after_av_hr  el_before_av_hr  av-default-height-applied avia-slideshow-7'  data-size='no scaling'  data-lightbox_size='large'  data-animation='slide'  data-conditional_play=''  data-ids='7896'  data-video_counter='0'  data-autoplay='true'  data-bg_slider='false'  data-slide_height=''  data-handle='av_slideshow'  data-interval='5'  data-class=' avia-builder-el-61  el_after_av_hr  el_before_av_hr '  data-extra_class=''  data-el_id=''  data-css_id=''  data-scroll_down=''  data-control_layout=''  data-custom_markup=''  data-perma_caption=''  data-autoplay_stopper=''  data-image_attachment=''  data-min_height='0px'  data-lazy_loading='disabled'  data-default-height='107.93650793651'  data-img_scrset=''  data-av-desktop-hide=''  data-av-medium-hide=''  data-av-small-hide=''  data-av-mini-hide=''  data-alb_description=''  data-id=''  data-custom_class=''  data-template_class=''  data-av_uid=''  data-sc_version='1.0'  data-heading_tag=''  data-heading_class=''   itemprop=\"image\" itemscope=\"itemscope\" itemtype=\"https:\/\/schema.org\/ImageObject\" ><ul class='avia-slideshow-inner ' style='padding-bottom: 107.93650793651%;'><li  class='avia-slideshow-slide av-av_slideshow-4f7b2b5f417e5e1a781935034c419496__0  av-single-slide slide-1 ' ><div data-rel='slideshow-7' class='avia-slide-wrap '   ><img decoding=\"async\" class=\"wp-image-16358 avia-img-lazy-loading-not-16358\"  src=\"https:\/\/alquezarbuenaventura.com\/wp-content\/uploads\/a-casa-cocina-1.jpg\" width=\"567\" height=\"612\" title='A casa cocina' alt=''  itemprop=\"thumbnailUrl\" srcset=\"https:\/\/alquezarbuenaventura.com\/wp-content\/uploads\/a-casa-cocina-1.jpg 567w, https:\/\/alquezarbuenaventura.com\/wp-content\/uploads\/a-casa-cocina-1-278x300.jpg 278w, https:\/\/alquezarbuenaventura.com\/wp-content\/uploads\/a-casa-cocina-1-450x486.jpg 450w\" sizes=\"(max-width: 567px) 100vw, 567px\" \/><\/div><\/li><\/ul><\/div><br \/>\n<div  class='hr av-av_hr-7036307108800bfe489471e1c9c1d5a1 hr-short  avia-builder-el-62  el_after_av_slideshow  el_before_av_button  hr-right'><span class='hr-inner '><span class=\"hr-inner-style\"><\/span><\/span><\/div><br \/>\n<div  class='avia-button-wrap avia-button-right  avia-builder-el-63  el_after_av_hr  avia-builder-el-last ' ><a href='http:\/\/www.vinotintoapartamentos.com\/' class='avia-button av-av_button-f4e1b3a9c13e90ee928a47f4e49a3acb avia-icon_select-yes-left-icon avia-size-large avia-position-right avia-color-theme-color-subtle' target=\"_blank\" rel=\"noopener noreferrer\"><span class='avia_button_icon avia_button_icon_left' aria-hidden='true' data-av_icon='\ue80b' data-av_iconfont='entypo-fontello'><\/span><span class='avia_iconbox_title' >Visita su Web<\/span><\/a><\/div><\/p><\/div>\n<style type=\"text\/css\" data-created_by=\"avia_inline_auto\" id=\"style-css-av-av_one_half-9c1d454dc06f7247226bc4e8f931daae\">\n.flex_column.av-av_one_half-9c1d454dc06f7247226bc4e8f931daae{\nborder-radius:0px 0px 0px 0px;\n-webkit-border-radius:0px 0px 0px 0px;\n-moz-border-radius:0px 0px 0px 0px;\n}\n<\/style>\n<div class='flex_column av-av_one_half-9c1d454dc06f7247226bc4e8f931daae av_one_half  avia-builder-el-64  el_after_av_one_half  avia-builder-el-last  flex_column_div av-zero-column-padding '   ><div  class='avia-icon-list-container av-av_iconlist-c9265973fe37925e1675fd541a8fb5d9  avia-builder-el-65  avia-builder-el-no-sibling '><ul class='avia-icon-list avia_animate_when_almost_visible avia-icon-list-left av-iconlist-big av-av_iconlist-c9265973fe37925e1675fd541a8fb5d9 avia-iconlist-animate'>\n<li><div class='iconlist_icon av-av_iconlist_item-d596de65be8ea4de00d4f0207df433ff avia-font-entypo-fontello'><span class='iconlist-char' aria-hidden='true' data-av_icon='\ue81f' data-av_iconfont='entypo-fontello'><\/span><\/div><article class=\"article-icon-entry \"  itemscope=\"itemscope\" itemtype=\"https:\/\/schema.org\/CreativeWork\" ><div class=\"iconlist_content_wrap\"><header class=\"entry-content-header\"><h4 class='av_iconlist_title iconlist_title  '  itemprop=\"headline\" >DESCRIPCION<\/h4><\/header><div class='iconlist_content '  itemprop=\"text\" ><p class=\"heading__secondary\">Vino tinto ofrece 11 apartamentos de lujo con jacuzzi, vistas a la naturaleza, con mucha luz y sol, situados en la Plaza Mayor de Adahuesca, a 4 km de Alqu\u00e9zar. Disponen de uno, dos y tres dormitorios, todos con sof\u00e1 cama, con disponibilidad de 2 a 10 personas, cocina equipada, lavadora, televisi\u00f3n, aire acondicionado, jacuzzi, calefacci\u00f3n y wifi. Los visitantes podr\u00e1n aparcar en el parking p\u00fablico junto a la casa y adem\u00e1s encontrar\u00e1n un supermercado y servicios municipales como piscina, zona deportiva y juegos deportivos.<\/p>\n<\/div><\/div><footer class=\"entry-footer\"><\/footer><\/article><div class=\"iconlist-timeline\"><\/div><\/li>\n<li><div class='iconlist_icon av-av_iconlist_item-c0b1b61df5915bb546117865fddafcc6 avia-font-entypo-fontello'><span class='iconlist-char' aria-hidden='true' data-av_icon='\ue827' data-av_iconfont='entypo-fontello'><\/span><\/div><article class=\"article-icon-entry \"  itemscope=\"itemscope\" itemtype=\"https:\/\/schema.org\/CreativeWork\" ><div class=\"iconlist_content_wrap\"><header class=\"entry-content-header\"><h4 class='av_iconlist_title iconlist_title  '  itemprop=\"headline\" >\u00bfCUANTO CUESTA?<\/h4><\/header><div class='iconlist_content '  itemprop=\"text\" ><p>Desde 70\u20ac.<\/p>\n<\/div><\/div><footer class=\"entry-footer\"><\/footer><\/article><div class=\"iconlist-timeline\"><\/div><\/li>\n<li><div class='iconlist_icon av-av_iconlist_item-3698e561bf8f78df04d36e5f1cdae446 avia-font-entypo-fontello'><span class='iconlist-char' aria-hidden='true' data-av_icon='\ue821' data-av_iconfont='entypo-fontello'><\/span><\/div><article class=\"article-icon-entry \"  itemscope=\"itemscope\" itemtype=\"https:\/\/schema.org\/CreativeWork\" ><div class=\"iconlist_content_wrap\"><header class=\"entry-content-header\"><h4 class='av_iconlist_title iconlist_title  '  itemprop=\"headline\" >CAPACIDAD<\/h4><\/header><div class='iconlist_content '  itemprop=\"text\" ><p>11 apartamentos<\/p>\n<\/div><\/div><footer class=\"entry-footer\"><\/footer><\/article><div class=\"iconlist-timeline\"><\/div><\/li>\n<li><div class='iconlist_icon av-av_iconlist_item-2f69efd9f3c85a6151c8d194fd99e42f avia-font-entypo-fontello'><span class='iconlist-char' aria-hidden='true' data-av_icon='\ue82b' data-av_iconfont='entypo-fontello'><\/span><\/div><article class=\"article-icon-entry \"  itemscope=\"itemscope\" itemtype=\"https:\/\/schema.org\/CreativeWork\" ><div class=\"iconlist_content_wrap\"><header class=\"entry-content-header\"><h4 class='av_iconlist_title iconlist_title  '  itemprop=\"headline\" >TE GUSTARA POR...<\/h4><\/header><div class='iconlist_content '  itemprop=\"text\" ><p>Los apartamentos se distribuyen en una agradable casa de tres pisos situada en el centro de la Villa de Adahuesca.<\/p>\n<p>Cada uno est\u00e1 decorado de forma distinta, algunos entonan un aire \u00e9tnico y otros son m\u00e1s r\u00fasticos. Todos tienen una habitaci\u00f3n doble y un sof\u00e1-cama, por lo que cuatro personas pueden disfrutar de sus comodidades: cocina equipada, televisi\u00f3n, aire acondicionado, jacuzzi, calefacci\u00f3n central, y conexi\u00f3n wifi, entre otras.<\/p>\n<\/div><\/div><footer class=\"entry-footer\"><\/footer><\/article><div class=\"iconlist-timeline\"><\/div><\/li>\n<li><div class='iconlist_icon av-av_iconlist_item-25ab24d6bc8e262b62fe6cc2965e4e23 avia-font-entypo-fontello'><span class='iconlist-char' aria-hidden='true' data-av_icon='\ue805' data-av_iconfont='entypo-fontello'><\/span><\/div><article class=\"article-icon-entry \"  itemscope=\"itemscope\" itemtype=\"https:\/\/schema.org\/CreativeWork\" ><div class=\"iconlist_content_wrap\"><header class=\"entry-content-header\"><h4 class='av_iconlist_title iconlist_title  '  itemprop=\"headline\" >Reservalo!<\/h4><\/header><div class='iconlist_content '  itemprop=\"text\" ><p>Para m\u00e1s informaci\u00f3n, pueden escribirnos a info@vinotintoapartamentos.com o llamar al +34 636 576414 &#8211; 974 942530.<\/p>\n<\/div><\/div><footer class=\"entry-footer\"><\/footer><\/article><div class=\"iconlist-timeline\"><\/div><\/li>\n<\/ul><\/div><\/div>\n\n<\/div><\/div><\/div><!-- close content main div --><\/div><\/div><div id='about-us'  class='avia-section av-av_section-5ed245d3e1edc50ad4248185fc2bf457 alternate_color avia-section-large avia-shadow  avia-builder-el-66  el_after_av_section  el_before_av_section  avia-bg-style-scroll container_wrap sidebar_right'  ><div class='container av-section-cont-open' ><div class='template-page content  av-content-small alpha units'><div class='post-entry post-entry-type-page post-entry-11550'><div class='entry-content-wrapper clearfix'>\n<div class='flex_column av-av_one_half-2a9015ff38129c418a3f2eafba3e9512 av_one_half  avia-builder-el-67  el_before_av_one_half  avia-builder-el-first  first flex_column_div '   ><section  class='av_textblock_section av-av_textblock-0366cc7376be6c9e82a3e9cc8987b64f'  itemscope=\"itemscope\" itemtype=\"https:\/\/schema.org\/CreativeWork\" ><div class='avia_textblock'  itemprop=\"text\" ><h2 style=\"text-align: right;\">Casa Avellanas. Alqu\u00e9zar<\/h2>\n<\/div><\/section><br \/>\n<div  class='hr av-av_hr-7036307108800bfe489471e1c9c1d5a1 hr-short  avia-builder-el-69  el_after_av_textblock  el_before_av_slideshow  hr-right'><span class='hr-inner '><span class=\"hr-inner-style\"><\/span><\/span><\/div><br \/>\n<div  class='avia-slideshow av-av_slideshow-215ba16fbd577a32ac72cde402fefd60 avia-slideshow-no scaling av_slideshow avia-slide-slider  avia-builder-el-70  el_after_av_hr  el_before_av_hr  av-default-height-applied avia-slideshow-8'  data-size='no scaling'  data-lightbox_size='large'  data-animation='slide'  data-conditional_play=''  data-ids='7251,7850,7849,7848,7847'  data-video_counter='0'  data-autoplay='true'  data-bg_slider='false'  data-slide_height=''  data-handle='av_slideshow'  data-interval='3'  data-class=' avia-builder-el-70  el_after_av_hr  el_before_av_hr '  data-extra_class=''  data-el_id=''  data-css_id=''  data-scroll_down=''  data-control_layout=''  data-custom_markup=''  data-perma_caption=''  data-autoplay_stopper=''  data-image_attachment=''  data-min_height='0px'  data-lazy_loading='disabled'  data-default-height='107.93650793651'  data-img_scrset=''  data-av-desktop-hide=''  data-av-medium-hide=''  data-av-small-hide=''  data-av-mini-hide=''  data-alb_description=''  data-id=''  data-custom_class=''  data-template_class=''  data-av_uid=''  data-sc_version='1.0'  data-heading_tag=''  data-heading_class=''   itemprop=\"image\" itemscope=\"itemscope\" itemtype=\"https:\/\/schema.org\/ImageObject\" ><ul class='avia-slideshow-inner ' style='padding-bottom: 107.93650793651%;'><li  class='avia-slideshow-slide av-av_slideshow-215ba16fbd577a32ac72cde402fefd60__1  slide-1 ' ><div data-rel='slideshow-8' class='avia-slide-wrap '   ><img decoding=\"async\" class=\"wp-image-16268 avia-img-lazy-loading-not-16268\"  src=\"https:\/\/alquezarbuenaventura.com\/wp-content\/uploads\/168306_la-parra-de-maribel_1374652964_o.jpg\" width=\"567\" height=\"612\" title='168306_la-parra-de-maribel_1374652964_o' alt=''  itemprop=\"thumbnailUrl\" srcset=\"https:\/\/alquezarbuenaventura.com\/wp-content\/uploads\/168306_la-parra-de-maribel_1374652964_o.jpg 567w, https:\/\/alquezarbuenaventura.com\/wp-content\/uploads\/168306_la-parra-de-maribel_1374652964_o-278x300.jpg 278w, https:\/\/alquezarbuenaventura.com\/wp-content\/uploads\/168306_la-parra-de-maribel_1374652964_o-450x486.jpg 450w\" sizes=\"(max-width: 567px) 100vw, 567px\" \/><\/div><\/li><li  class='avia-slideshow-slide av-av_slideshow-215ba16fbd577a32ac72cde402fefd60__2  slide-2 ' ><div data-rel='slideshow-8' class='avia-slide-wrap '   ><img decoding=\"async\" class=\"wp-image-16266 avia-img-lazy-loading-not-16266\"  src=\"https:\/\/alquezarbuenaventura.com\/wp-content\/uploads\/168306_la-parra-de-maribel_1374652448_o.jpg\" width=\"567\" height=\"612\" title='168306_la-parra-de-maribel_1374652448_o' alt=''  itemprop=\"thumbnailUrl\" srcset=\"https:\/\/alquezarbuenaventura.com\/wp-content\/uploads\/168306_la-parra-de-maribel_1374652448_o.jpg 567w, https:\/\/alquezarbuenaventura.com\/wp-content\/uploads\/168306_la-parra-de-maribel_1374652448_o-278x300.jpg 278w, https:\/\/alquezarbuenaventura.com\/wp-content\/uploads\/168306_la-parra-de-maribel_1374652448_o-450x486.jpg 450w\" sizes=\"(max-width: 567px) 100vw, 567px\" \/><\/div><\/li><li  class='avia-slideshow-slide av-av_slideshow-215ba16fbd577a32ac72cde402fefd60__3  slide-3 ' ><div data-rel='slideshow-8' class='avia-slide-wrap '   ><img decoding=\"async\" class=\"wp-image-16264 avia-img-lazy-loading-not-16264\"  src=\"https:\/\/alquezarbuenaventura.com\/wp-content\/uploads\/FOTO-4.jpg\" width=\"567\" height=\"612\" title='Hotel Maribel Alquezar' alt=''  itemprop=\"thumbnailUrl\" srcset=\"https:\/\/alquezarbuenaventura.com\/wp-content\/uploads\/FOTO-4.jpg 567w, https:\/\/alquezarbuenaventura.com\/wp-content\/uploads\/FOTO-4-278x300.jpg 278w, https:\/\/alquezarbuenaventura.com\/wp-content\/uploads\/FOTO-4-450x486.jpg 450w\" sizes=\"(max-width: 567px) 100vw, 567px\" \/><\/div><\/li><li  class='avia-slideshow-slide av-av_slideshow-215ba16fbd577a32ac72cde402fefd60__4  slide-4 ' ><div data-rel='slideshow-8' class='avia-slide-wrap '   ><img decoding=\"async\" class=\"wp-image-16262 avia-img-lazy-loading-not-16262\"  src=\"https:\/\/alquezarbuenaventura.com\/wp-content\/uploads\/PARRA.jpg\" width=\"567\" height=\"612\" title='PARRA de Maribel - Alquezar' alt=''  itemprop=\"thumbnailUrl\" srcset=\"https:\/\/alquezarbuenaventura.com\/wp-content\/uploads\/PARRA.jpg 567w, https:\/\/alquezarbuenaventura.com\/wp-content\/uploads\/PARRA-278x300.jpg 278w, https:\/\/alquezarbuenaventura.com\/wp-content\/uploads\/PARRA-450x486.jpg 450w\" sizes=\"(max-width: 567px) 100vw, 567px\" \/><\/div><\/li><\/ul><div class='avia-slideshow-arrows avia-slideshow-controls' ><a href='#prev' class='prev-slide ' aria-hidden='true' data-av_icon='\ue87c' data-av_iconfont='entypo-fontello'  tabindex='-1'>Previous<\/a><a href='#next' class='next-slide ' aria-hidden='true' data-av_icon='\ue87d' data-av_iconfont='entypo-fontello'  tabindex='-1'>Next<\/a><\/div><div class='avia-slideshow-dots avia-slideshow-controls'><a href='#1' class='goto-slide active' >1<\/a><a href='#2' class='goto-slide ' >2<\/a><a href='#3' class='goto-slide ' >3<\/a><\/div><\/div><br \/>\n<div  class='hr av-av_hr-7036307108800bfe489471e1c9c1d5a1 hr-short  avia-builder-el-71  el_after_av_slideshow  el_before_av_button  hr-right'><span class='hr-inner '><span class=\"hr-inner-style\"><\/span><\/span><\/div><br \/>\n<div  class='avia-button-wrap avia-button-right  avia-builder-el-72  el_after_av_hr  avia-builder-el-last ' ><a href='http:\/\/www.casasalquezar.com\/casa-avellanas-2\/' class='avia-button av-av_button-d7d11fe0b16c5bf9026e6d98d967f33a avia-icon_select-yes-left-icon avia-size-large avia-position-right avia-color-theme-color-subtle' target=\"_blank\" rel=\"noopener noreferrer\"><span class='avia_button_icon avia_button_icon_left' aria-hidden='true' data-av_icon='\ue80b' data-av_iconfont='entypo-fontello'><\/span><span class='avia_iconbox_title' >Visita su Web<\/span><\/a><\/div><\/p><\/div>\n<style type=\"text\/css\" data-created_by=\"avia_inline_auto\" id=\"style-css-av-av_one_half-9c1d454dc06f7247226bc4e8f931daae\">\n.flex_column.av-av_one_half-9c1d454dc06f7247226bc4e8f931daae{\nborder-radius:0px 0px 0px 0px;\n-webkit-border-radius:0px 0px 0px 0px;\n-moz-border-radius:0px 0px 0px 0px;\n}\n<\/style>\n<div class='flex_column av-av_one_half-9c1d454dc06f7247226bc4e8f931daae av_one_half  avia-builder-el-73  el_after_av_one_half  avia-builder-el-last  flex_column_div av-zero-column-padding '   ><div  class='avia-icon-list-container av-av_iconlist-c9265973fe37925e1675fd541a8fb5d9  avia-builder-el-74  avia-builder-el-no-sibling '><ul class='avia-icon-list avia_animate_when_almost_visible avia-icon-list-left av-iconlist-big av-av_iconlist-c9265973fe37925e1675fd541a8fb5d9 avia-iconlist-animate'>\n<li><div class='iconlist_icon av-av_iconlist_item-d596de65be8ea4de00d4f0207df433ff avia-font-entypo-fontello'><span class='iconlist-char' aria-hidden='true' data-av_icon='\ue81f' data-av_iconfont='entypo-fontello'><\/span><\/div><article class=\"article-icon-entry \"  itemscope=\"itemscope\" itemtype=\"https:\/\/schema.org\/CreativeWork\" ><div class=\"iconlist_content_wrap\"><header class=\"entry-content-header\"><h4 class='av_iconlist_title iconlist_title  '  itemprop=\"headline\" >DESCRIPCION<\/h4><\/header><div class='iconlist_content '  itemprop=\"text\" ><p>Se trata de una preciosa casa rural en el centro del conjunto\u00a0hist\u00f3rico y art\u00edstico de la <strong>Villa de Alqu\u00e9zar<\/strong>.<\/p>\n<p><span style=\"line-height: 1.5;\">Ofrece una distribuci\u00f3n en cuatro plantas con zonas espaciosas para almacenaje de material deportivo, adem\u00e1s de contar con zona de lavander\u00eda en la primera planta<\/span><\/p>\n<p><span style=\"line-height: 1.5;\">En el segundo nivel se encuentra la sala de estar con televisi\u00f3n, amplio comedor y cocina completamente equipada.<\/span><\/p>\n<p>En la tercera y cuarta planta se encuentran distribuidas las cinco habitaciones y dos\u00a0ba\u00f1os (uno en cada planta).Wifi disponible.<\/p>\n<\/div><\/div><footer class=\"entry-footer\"><\/footer><\/article><div class=\"iconlist-timeline\"><\/div><\/li>\n<li><div class='iconlist_icon av-av_iconlist_item-7b1500eaae49536826c7a708f3d04e86 avia-font-entypo-fontello'><span class='iconlist-char' aria-hidden='true' data-av_icon='\ue80b' data-av_iconfont='entypo-fontello'><\/span><\/div><article class=\"article-icon-entry \"  itemscope=\"itemscope\" itemtype=\"https:\/\/schema.org\/CreativeWork\" ><div class=\"iconlist_content_wrap\"><header class=\"entry-content-header\"><h4 class='av_iconlist_title iconlist_title  '  itemprop=\"headline\" >CAPACIDAD<\/h4><\/header><div class='iconlist_content '  itemprop=\"text\" ><p>La casa dispone de 3 habitaciones dobles y 2 individuales.Total 8 plazas.<\/p>\n<\/div><\/div><footer class=\"entry-footer\"><\/footer><\/article><div class=\"iconlist-timeline\"><\/div><\/li>\n<li><div class='iconlist_icon av-av_iconlist_item-c0b1b61df5915bb546117865fddafcc6 avia-font-entypo-fontello'><span class='iconlist-char' aria-hidden='true' data-av_icon='\ue827' data-av_iconfont='entypo-fontello'><\/span><\/div><article class=\"article-icon-entry \"  itemscope=\"itemscope\" itemtype=\"https:\/\/schema.org\/CreativeWork\" ><div class=\"iconlist_content_wrap\"><header class=\"entry-content-header\"><h4 class='av_iconlist_title iconlist_title  '  itemprop=\"headline\" >\u00bfCUANTO CUESTA?<\/h4><\/header><div class='iconlist_content '  itemprop=\"text\" ><p>20\u20ac\/persona<\/p>\n<\/div><\/div><footer class=\"entry-footer\"><\/footer><\/article><div class=\"iconlist-timeline\"><\/div><\/li>\n<li><div class='iconlist_icon av-av_iconlist_item-2f69efd9f3c85a6151c8d194fd99e42f avia-font-entypo-fontello'><span class='iconlist-char' aria-hidden='true' data-av_icon='\ue82b' data-av_iconfont='entypo-fontello'><\/span><\/div><article class=\"article-icon-entry \"  itemscope=\"itemscope\" itemtype=\"https:\/\/schema.org\/CreativeWork\" ><div class=\"iconlist_content_wrap\"><header class=\"entry-content-header\"><h4 class='av_iconlist_title iconlist_title  '  itemprop=\"headline\" >TE GUSTARA POR...<\/h4><\/header><div class='iconlist_content '  itemprop=\"text\" ><p>Un autentico lujo despertarse y \u00a0disfrutar de preciosas vistas al <strong>Castillo-Colegiata<\/strong> desde todas sus plantas.Muy recomendable para grupos de amigos y familias.<\/p>\n<\/div><\/div><footer class=\"entry-footer\"><\/footer><\/article><div class=\"iconlist-timeline\"><\/div><\/li>\n<li><div class='iconlist_icon av-av_iconlist_item-25ab24d6bc8e262b62fe6cc2965e4e23 avia-font-entypo-fontello'><span class='iconlist-char' aria-hidden='true' data-av_icon='\ue805' data-av_iconfont='entypo-fontello'><\/span><\/div><article class=\"article-icon-entry \"  itemscope=\"itemscope\" itemtype=\"https:\/\/schema.org\/CreativeWork\" ><div class=\"iconlist_content_wrap\"><header class=\"entry-content-header\"><h4 class='av_iconlist_title iconlist_title  '  itemprop=\"headline\" >Reservalo!<\/h4><\/header><div class='iconlist_content '  itemprop=\"text\" ><p>Llama al 619 425 305 o escribe un email\u00a0<a href=\"mailto:casasalquezar@gmail.com\" target=\"_blank\" rel=\"noopener noreferrer\">casasalquezar@gmail.com<\/a><\/p>\n<\/div><\/div><footer class=\"entry-footer\"><\/footer><\/article><div class=\"iconlist-timeline\"><\/div><\/li>\n<\/ul><\/div><\/div>\n\n<\/div><\/div><\/div><!-- close content main div --><\/div><\/div><div id='about-us'  class='avia-section av-av_section-5ed245d3e1edc50ad4248185fc2bf457 alternate_color avia-section-large avia-shadow  avia-builder-el-75  el_after_av_section  el_before_av_section  avia-bg-style-scroll container_wrap sidebar_right'  ><div class='container av-section-cont-open' ><div class='template-page content  av-content-small alpha units'><div class='post-entry post-entry-type-page post-entry-11550'><div class='entry-content-wrapper clearfix'>\n<div class='flex_column av-av_one_half-2a9015ff38129c418a3f2eafba3e9512 av_one_half  avia-builder-el-76  el_before_av_one_half  avia-builder-el-first  first flex_column_div '   ><section  class='av_textblock_section av-av_textblock-0366cc7376be6c9e82a3e9cc8987b64f'  itemscope=\"itemscope\" itemtype=\"https:\/\/schema.org\/CreativeWork\" ><div class='avia_textblock'  itemprop=\"text\" ><h2 style=\"text-align: right;\">Casa Sampietro. Alqu\u00e9zar.<\/h2>\n<\/div><\/section><br \/>\n<div  class='hr av-av_hr-7036307108800bfe489471e1c9c1d5a1 hr-short  avia-builder-el-78  el_after_av_textblock  el_before_av_slideshow  hr-right'><span class='hr-inner '><span class=\"hr-inner-style\"><\/span><\/span><\/div><br \/>\n<div  class='avia-slideshow av-av_slideshow-215ba16fbd577a32ac72cde402fefd60 avia-slideshow-no scaling av_slideshow avia-slide-slider  avia-builder-el-79  el_after_av_hr  el_before_av_hr  av-default-height-applied avia-slideshow-9'  data-size='no scaling'  data-lightbox_size='large'  data-animation='slide'  data-conditional_play=''  data-ids='7251,7850,7849,7848,7847'  data-video_counter='0'  data-autoplay='true'  data-bg_slider='false'  data-slide_height=''  data-handle='av_slideshow'  data-interval='3'  data-class=' avia-builder-el-79  el_after_av_hr  el_before_av_hr '  data-extra_class=''  data-el_id=''  data-css_id=''  data-scroll_down=''  data-control_layout=''  data-custom_markup=''  data-perma_caption=''  data-autoplay_stopper=''  data-image_attachment=''  data-min_height='0px'  data-lazy_loading='disabled'  data-default-height='107.93650793651'  data-img_scrset=''  data-av-desktop-hide=''  data-av-medium-hide=''  data-av-small-hide=''  data-av-mini-hide=''  data-alb_description=''  data-id=''  data-custom_class=''  data-template_class=''  data-av_uid=''  data-sc_version='1.0'  data-heading_tag=''  data-heading_class=''   itemprop=\"image\" itemscope=\"itemscope\" itemtype=\"https:\/\/schema.org\/ImageObject\" ><ul class='avia-slideshow-inner ' style='padding-bottom: 107.93650793651%;'><li  class='avia-slideshow-slide av-av_slideshow-215ba16fbd577a32ac72cde402fefd60__1  slide-1 ' ><div data-rel='slideshow-9' class='avia-slide-wrap '   ><img decoding=\"async\" class=\"wp-image-16268 avia-img-lazy-loading-not-16268\"  src=\"https:\/\/alquezarbuenaventura.com\/wp-content\/uploads\/168306_la-parra-de-maribel_1374652964_o.jpg\" width=\"567\" height=\"612\" title='168306_la-parra-de-maribel_1374652964_o' alt=''  itemprop=\"thumbnailUrl\" srcset=\"https:\/\/alquezarbuenaventura.com\/wp-content\/uploads\/168306_la-parra-de-maribel_1374652964_o.jpg 567w, https:\/\/alquezarbuenaventura.com\/wp-content\/uploads\/168306_la-parra-de-maribel_1374652964_o-278x300.jpg 278w, https:\/\/alquezarbuenaventura.com\/wp-content\/uploads\/168306_la-parra-de-maribel_1374652964_o-450x486.jpg 450w\" sizes=\"(max-width: 567px) 100vw, 567px\" \/><\/div><\/li><li  class='avia-slideshow-slide av-av_slideshow-215ba16fbd577a32ac72cde402fefd60__2  slide-2 ' ><div data-rel='slideshow-9' class='avia-slide-wrap '   ><img decoding=\"async\" class=\"wp-image-16266 avia-img-lazy-loading-not-16266\"  src=\"https:\/\/alquezarbuenaventura.com\/wp-content\/uploads\/168306_la-parra-de-maribel_1374652448_o.jpg\" width=\"567\" height=\"612\" title='168306_la-parra-de-maribel_1374652448_o' alt=''  itemprop=\"thumbnailUrl\" srcset=\"https:\/\/alquezarbuenaventura.com\/wp-content\/uploads\/168306_la-parra-de-maribel_1374652448_o.jpg 567w, https:\/\/alquezarbuenaventura.com\/wp-content\/uploads\/168306_la-parra-de-maribel_1374652448_o-278x300.jpg 278w, https:\/\/alquezarbuenaventura.com\/wp-content\/uploads\/168306_la-parra-de-maribel_1374652448_o-450x486.jpg 450w\" sizes=\"(max-width: 567px) 100vw, 567px\" \/><\/div><\/li><li  class='avia-slideshow-slide av-av_slideshow-215ba16fbd577a32ac72cde402fefd60__3  slide-3 ' ><div data-rel='slideshow-9' class='avia-slide-wrap '   ><img decoding=\"async\" class=\"wp-image-16264 avia-img-lazy-loading-not-16264\"  src=\"https:\/\/alquezarbuenaventura.com\/wp-content\/uploads\/FOTO-4.jpg\" width=\"567\" height=\"612\" title='Hotel Maribel Alquezar' alt=''  itemprop=\"thumbnailUrl\" srcset=\"https:\/\/alquezarbuenaventura.com\/wp-content\/uploads\/FOTO-4.jpg 567w, https:\/\/alquezarbuenaventura.com\/wp-content\/uploads\/FOTO-4-278x300.jpg 278w, https:\/\/alquezarbuenaventura.com\/wp-content\/uploads\/FOTO-4-450x486.jpg 450w\" sizes=\"(max-width: 567px) 100vw, 567px\" \/><\/div><\/li><li  class='avia-slideshow-slide av-av_slideshow-215ba16fbd577a32ac72cde402fefd60__4  slide-4 ' ><div data-rel='slideshow-9' class='avia-slide-wrap '   ><img decoding=\"async\" class=\"wp-image-16262 avia-img-lazy-loading-not-16262\"  src=\"https:\/\/alquezarbuenaventura.com\/wp-content\/uploads\/PARRA.jpg\" width=\"567\" height=\"612\" title='PARRA de Maribel - Alquezar' alt=''  itemprop=\"thumbnailUrl\" srcset=\"https:\/\/alquezarbuenaventura.com\/wp-content\/uploads\/PARRA.jpg 567w, https:\/\/alquezarbuenaventura.com\/wp-content\/uploads\/PARRA-278x300.jpg 278w, https:\/\/alquezarbuenaventura.com\/wp-content\/uploads\/PARRA-450x486.jpg 450w\" sizes=\"(max-width: 567px) 100vw, 567px\" \/><\/div><\/li><\/ul><div class='avia-slideshow-arrows avia-slideshow-controls' ><a href='#prev' class='prev-slide ' aria-hidden='true' data-av_icon='\ue87c' data-av_iconfont='entypo-fontello'  tabindex='-1'>Previous<\/a><a href='#next' class='next-slide ' aria-hidden='true' data-av_icon='\ue87d' data-av_iconfont='entypo-fontello'  tabindex='-1'>Next<\/a><\/div><div class='avia-slideshow-dots avia-slideshow-controls'><a href='#1' class='goto-slide active' >1<\/a><a href='#2' class='goto-slide ' >2<\/a><\/div><\/div><br \/>\n<div  class='hr av-av_hr-7036307108800bfe489471e1c9c1d5a1 hr-short  avia-builder-el-80  el_after_av_slideshow  el_before_av_button  hr-right'><span class='hr-inner '><span class=\"hr-inner-style\"><\/span><\/span><\/div><br \/>\n<div  class='avia-button-wrap avia-button-right  avia-builder-el-81  el_after_av_hr  avia-builder-el-last ' ><a href='https:\/\/www.google.es\/maps\/place\/22145+Alqu%C3%A9zar,+Huesca\/@42.1722358,0.0242923,18z\/data=!3m1!4b1!4m5!3m4!1s0x12a78a3dbaf82e83:0x19e4094d537a5cc4!8m2!3d42.1730098!4d0.0253621' class='avia-button av-av_button-ad290e6ffedcbc5a245b1f97dffc8faa avia-icon_select-yes-left-icon avia-size-large avia-position-right avia-color-theme-color-subtle' target=\"_blank\" rel=\"noopener noreferrer\"><span class='avia_button_icon avia_button_icon_left' aria-hidden='true' data-av_icon='\ue80b' data-av_iconfont='entypo-fontello'><\/span><span class='avia_iconbox_title' >Como llegar<\/span><\/a><\/div><\/p><\/div>\n<style type=\"text\/css\" data-created_by=\"avia_inline_auto\" id=\"style-css-av-av_one_half-9c1d454dc06f7247226bc4e8f931daae\">\n.flex_column.av-av_one_half-9c1d454dc06f7247226bc4e8f931daae{\nborder-radius:0px 0px 0px 0px;\n-webkit-border-radius:0px 0px 0px 0px;\n-moz-border-radius:0px 0px 0px 0px;\n}\n<\/style>\n<div class='flex_column av-av_one_half-9c1d454dc06f7247226bc4e8f931daae av_one_half  avia-builder-el-82  el_after_av_one_half  avia-builder-el-last  flex_column_div av-zero-column-padding '   ><p><div  class='hr av-av_hr-7036307108800bfe489471e1c9c1d5a1 hr-short  avia-builder-el-83  el_before_av_iconlist  avia-builder-el-first  hr-right'><span class='hr-inner '><span class=\"hr-inner-style\"><\/span><\/span><\/div><br \/>\n<div  class='avia-icon-list-container av-av_iconlist-c9265973fe37925e1675fd541a8fb5d9  avia-builder-el-84  el_after_av_hr  avia-builder-el-last '><ul class='avia-icon-list avia_animate_when_almost_visible avia-icon-list-left av-iconlist-big av-av_iconlist-c9265973fe37925e1675fd541a8fb5d9 avia-iconlist-animate'>\n<li><div class='iconlist_icon av-av_iconlist_item-d596de65be8ea4de00d4f0207df433ff avia-font-entypo-fontello'><span class='iconlist-char' aria-hidden='true' data-av_icon='\ue81f' data-av_iconfont='entypo-fontello'><\/span><\/div><article class=\"article-icon-entry \"  itemscope=\"itemscope\" itemtype=\"https:\/\/schema.org\/CreativeWork\" ><div class=\"iconlist_content_wrap\"><header class=\"entry-content-header\"><h4 class='av_iconlist_title iconlist_title  '  itemprop=\"headline\" >DESCRIPCION<\/h4><\/header><div class='iconlist_content '  itemprop=\"text\" ><p>Se trata de una apartamento de Turismo Rural en Alqu\u00e9zar que \u00a0dispone de dos habitaciones dobles, una cocina-comedor con horno y microondas, TV de pantalla plana y ba\u00f1o completo. Adem\u00e1s, tiene una amplia terraza con barbacoa y vistas inmejorables al pueblo y la colegiata. La casa esta rehabilitada recientemente.<\/p>\n<\/div><\/div><footer class=\"entry-footer\"><\/footer><\/article><div class=\"iconlist-timeline\"><\/div><\/li>\n<li><div class='iconlist_icon av-av_iconlist_item-c0b1b61df5915bb546117865fddafcc6 avia-font-entypo-fontello'><span class='iconlist-char' aria-hidden='true' data-av_icon='\ue827' data-av_iconfont='entypo-fontello'><\/span><\/div><article class=\"article-icon-entry \"  itemscope=\"itemscope\" itemtype=\"https:\/\/schema.org\/CreativeWork\" ><div class=\"iconlist_content_wrap\"><header class=\"entry-content-header\"><h4 class='av_iconlist_title iconlist_title  '  itemprop=\"headline\" >\u00bfCUANTO CUESTA?<\/h4><\/header><div class='iconlist_content '  itemprop=\"text\" ><p>2 NOCHES :190 EUROS \/APARTAMENTO<\/p>\n<\/div><\/div><footer class=\"entry-footer\"><\/footer><\/article><div class=\"iconlist-timeline\"><\/div><\/li>\n<li><div class='iconlist_icon av-av_iconlist_item-3698e561bf8f78df04d36e5f1cdae446 avia-font-entypo-fontello'><span class='iconlist-char' aria-hidden='true' data-av_icon='\ue821' data-av_iconfont='entypo-fontello'><\/span><\/div><article class=\"article-icon-entry \"  itemscope=\"itemscope\" itemtype=\"https:\/\/schema.org\/CreativeWork\" ><div class=\"iconlist_content_wrap\"><header class=\"entry-content-header\"><h4 class='av_iconlist_title iconlist_title  '  itemprop=\"headline\" >CAPACIDAD<\/h4><\/header><div class='iconlist_content '  itemprop=\"text\" ><p>Apartamento: 4 plazas.<\/p>\n<\/div><\/div><footer class=\"entry-footer\"><\/footer><\/article><div class=\"iconlist-timeline\"><\/div><\/li>\n<li><div class='iconlist_icon av-av_iconlist_item-2f69efd9f3c85a6151c8d194fd99e42f avia-font-entypo-fontello'><span class='iconlist-char' aria-hidden='true' data-av_icon='\ue82b' data-av_iconfont='entypo-fontello'><\/span><\/div><article class=\"article-icon-entry \"  itemscope=\"itemscope\" itemtype=\"https:\/\/schema.org\/CreativeWork\" ><div class=\"iconlist_content_wrap\"><header class=\"entry-content-header\"><h4 class='av_iconlist_title iconlist_title  '  itemprop=\"headline\" >TE GUSTARA POR...<\/h4><\/header><div class='iconlist_content '  itemprop=\"text\" ><p>Las vistas desde su terraza \u00a0hacia el Conjunto Hist\u00f3rico de Alqu\u00e9zar son &#8220;M\u00c1GICAS\u201d. Trato inmejorable por parte de sus propietarios; su amabilidad y su disposici\u00f3n en todo momento.<\/p>\n<\/div><\/div><footer class=\"entry-footer\"><\/footer><\/article><div class=\"iconlist-timeline\"><\/div><\/li>\n<li><div class='iconlist_icon av-av_iconlist_item-25ab24d6bc8e262b62fe6cc2965e4e23 avia-font-entypo-fontello'><span class='iconlist-char' aria-hidden='true' data-av_icon='\ue805' data-av_iconfont='entypo-fontello'><\/span><\/div><article class=\"article-icon-entry \"  itemscope=\"itemscope\" itemtype=\"https:\/\/schema.org\/CreativeWork\" ><div class=\"iconlist_content_wrap\"><header class=\"entry-content-header\"><h4 class='av_iconlist_title iconlist_title  '  itemprop=\"headline\" >Reservalo!<\/h4><\/header><div class='iconlist_content '  itemprop=\"text\" ><p>Llama al 680 359 727 o escribe un email\u00a0<a href=\"mailto:rosiurfanel@gmail.com\" target=\"_blank\" rel=\"noopener noreferrer\">rosiurfanel@gmail.com<\/a><\/p>\n<\/div><\/div><footer class=\"entry-footer\"><\/footer><\/article><div class=\"iconlist-timeline\"><\/div><\/li>\n<\/ul><\/div><\/p><\/div>\n\n<\/div><\/div><\/div><!-- close content main div --><\/div><\/div><div id='about-us'  class='avia-section av-av_section-5ed245d3e1edc50ad4248185fc2bf457 alternate_color avia-section-large avia-shadow  avia-builder-el-85  el_after_av_section  el_before_av_section  avia-bg-style-scroll container_wrap sidebar_right'  ><div class='container av-section-cont-open' ><div class='template-page content  av-content-small alpha units'><div class='post-entry post-entry-type-page post-entry-11550'><div class='entry-content-wrapper clearfix'>\n<div class='flex_column av-av_one_half-2a9015ff38129c418a3f2eafba3e9512 av_one_half  avia-builder-el-86  el_before_av_one_half  avia-builder-el-first  first flex_column_div '   ><section  class='av_textblock_section av-av_textblock-0366cc7376be6c9e82a3e9cc8987b64f'  itemscope=\"itemscope\" itemtype=\"https:\/\/schema.org\/CreativeWork\" ><div class='avia_textblock'  itemprop=\"text\" ><h2 style=\"text-align: right;\">Casa Aurelia. Alqu\u00e9zar<\/h2>\n<\/div><\/section><br \/>\n<div  class='hr av-av_hr-7036307108800bfe489471e1c9c1d5a1 hr-short  avia-builder-el-88  el_after_av_textblock  el_before_av_slideshow  hr-right'><span class='hr-inner '><span class=\"hr-inner-style\"><\/span><\/span><\/div><br \/>\n<div  class='avia-slideshow av-av_slideshow-215ba16fbd577a32ac72cde402fefd60 avia-slideshow-no scaling av_slideshow avia-slide-slider  avia-builder-el-89  el_after_av_hr  el_before_av_hr  av-default-height-applied avia-slideshow-10'  data-size='no scaling'  data-lightbox_size='large'  data-animation='slide'  data-conditional_play=''  data-ids='7251,7850,7849,7848,7847'  data-video_counter='0'  data-autoplay='true'  data-bg_slider='false'  data-slide_height=''  data-handle='av_slideshow'  data-interval='3'  data-class=' avia-builder-el-89  el_after_av_hr  el_before_av_hr '  data-extra_class=''  data-el_id=''  data-css_id=''  data-scroll_down=''  data-control_layout=''  data-custom_markup=''  data-perma_caption=''  data-autoplay_stopper=''  data-image_attachment=''  data-min_height='0px'  data-lazy_loading='disabled'  data-default-height='107.93650793651'  data-img_scrset=''  data-av-desktop-hide=''  data-av-medium-hide=''  data-av-small-hide=''  data-av-mini-hide=''  data-alb_description=''  data-id=''  data-custom_class=''  data-template_class=''  data-av_uid=''  data-sc_version='1.0'  data-heading_tag=''  data-heading_class=''   itemprop=\"image\" itemscope=\"itemscope\" itemtype=\"https:\/\/schema.org\/ImageObject\" ><ul class='avia-slideshow-inner ' style='padding-bottom: 107.93650793651%;'><li  class='avia-slideshow-slide av-av_slideshow-215ba16fbd577a32ac72cde402fefd60__1  av-single-slide slide-1 ' ><div data-rel='slideshow-10' class='avia-slide-wrap '   ><img decoding=\"async\" class=\"wp-image-16268 avia-img-lazy-loading-not-16268\"  src=\"https:\/\/alquezarbuenaventura.com\/wp-content\/uploads\/168306_la-parra-de-maribel_1374652964_o.jpg\" width=\"567\" height=\"612\" title='168306_la-parra-de-maribel_1374652964_o' alt=''  itemprop=\"thumbnailUrl\" srcset=\"https:\/\/alquezarbuenaventura.com\/wp-content\/uploads\/168306_la-parra-de-maribel_1374652964_o.jpg 567w, https:\/\/alquezarbuenaventura.com\/wp-content\/uploads\/168306_la-parra-de-maribel_1374652964_o-278x300.jpg 278w, https:\/\/alquezarbuenaventura.com\/wp-content\/uploads\/168306_la-parra-de-maribel_1374652964_o-450x486.jpg 450w\" sizes=\"(max-width: 567px) 100vw, 567px\" \/><\/div><\/li><li  class='avia-slideshow-slide av-av_slideshow-215ba16fbd577a32ac72cde402fefd60__2  av-single-slide slide-2 ' ><div data-rel='slideshow-10' class='avia-slide-wrap '   ><img decoding=\"async\" class=\"wp-image-16266 avia-img-lazy-loading-not-16266\"  src=\"https:\/\/alquezarbuenaventura.com\/wp-content\/uploads\/168306_la-parra-de-maribel_1374652448_o.jpg\" width=\"567\" height=\"612\" title='168306_la-parra-de-maribel_1374652448_o' alt=''  itemprop=\"thumbnailUrl\" srcset=\"https:\/\/alquezarbuenaventura.com\/wp-content\/uploads\/168306_la-parra-de-maribel_1374652448_o.jpg 567w, https:\/\/alquezarbuenaventura.com\/wp-content\/uploads\/168306_la-parra-de-maribel_1374652448_o-278x300.jpg 278w, https:\/\/alquezarbuenaventura.com\/wp-content\/uploads\/168306_la-parra-de-maribel_1374652448_o-450x486.jpg 450w\" sizes=\"(max-width: 567px) 100vw, 567px\" \/><\/div><\/li><li  class='avia-slideshow-slide av-av_slideshow-215ba16fbd577a32ac72cde402fefd60__3  av-single-slide slide-3 ' ><div data-rel='slideshow-10' class='avia-slide-wrap '   ><img decoding=\"async\" class=\"wp-image-16264 avia-img-lazy-loading-not-16264\"  src=\"https:\/\/alquezarbuenaventura.com\/wp-content\/uploads\/FOTO-4.jpg\" width=\"567\" height=\"612\" title='Hotel Maribel Alquezar' alt=''  itemprop=\"thumbnailUrl\" srcset=\"https:\/\/alquezarbuenaventura.com\/wp-content\/uploads\/FOTO-4.jpg 567w, https:\/\/alquezarbuenaventura.com\/wp-content\/uploads\/FOTO-4-278x300.jpg 278w, https:\/\/alquezarbuenaventura.com\/wp-content\/uploads\/FOTO-4-450x486.jpg 450w\" sizes=\"(max-width: 567px) 100vw, 567px\" \/><\/div><\/li><li  class='avia-slideshow-slide av-av_slideshow-215ba16fbd577a32ac72cde402fefd60__4  av-single-slide slide-4 ' ><div data-rel='slideshow-10' class='avia-slide-wrap '   ><img decoding=\"async\" class=\"wp-image-16262 avia-img-lazy-loading-not-16262\"  src=\"https:\/\/alquezarbuenaventura.com\/wp-content\/uploads\/PARRA.jpg\" width=\"567\" height=\"612\" title='PARRA de Maribel - Alquezar' alt=''  itemprop=\"thumbnailUrl\" srcset=\"https:\/\/alquezarbuenaventura.com\/wp-content\/uploads\/PARRA.jpg 567w, https:\/\/alquezarbuenaventura.com\/wp-content\/uploads\/PARRA-278x300.jpg 278w, https:\/\/alquezarbuenaventura.com\/wp-content\/uploads\/PARRA-450x486.jpg 450w\" sizes=\"(max-width: 567px) 100vw, 567px\" \/><\/div><\/li><\/ul><\/div><br \/>\n<div  class='hr av-av_hr-7036307108800bfe489471e1c9c1d5a1 hr-short  avia-builder-el-90  el_after_av_slideshow  el_before_av_button  hr-right'><span class='hr-inner '><span class=\"hr-inner-style\"><\/span><\/span><\/div><br \/>\n<div  class='avia-button-wrap avia-button-right  avia-builder-el-91  el_after_av_hr  avia-builder-el-last ' ><a href='http:\/\/www.casaurelia.com\/' class='avia-button av-av_button-8b0a27c363ccbac2cca5ff7a35f0660f avia-icon_select-yes-left-icon avia-size-large avia-position-right avia-color-theme-color-subtle' target=\"_blank\" rel=\"noopener noreferrer\"><span class='avia_button_icon avia_button_icon_left' aria-hidden='true' data-av_icon='\ue80b' data-av_iconfont='entypo-fontello'><\/span><span class='avia_iconbox_title' >Visita su Web<\/span><\/a><\/div><\/p><\/div>\n<style type=\"text\/css\" data-created_by=\"avia_inline_auto\" id=\"style-css-av-av_one_half-9c1d454dc06f7247226bc4e8f931daae\">\n.flex_column.av-av_one_half-9c1d454dc06f7247226bc4e8f931daae{\nborder-radius:0px 0px 0px 0px;\n-webkit-border-radius:0px 0px 0px 0px;\n-moz-border-radius:0px 0px 0px 0px;\n}\n<\/style>\n<div class='flex_column av-av_one_half-9c1d454dc06f7247226bc4e8f931daae av_one_half  avia-builder-el-92  el_after_av_one_half  avia-builder-el-last  flex_column_div av-zero-column-padding '   ><div  class='avia-icon-list-container av-av_iconlist-c9265973fe37925e1675fd541a8fb5d9  avia-builder-el-93  avia-builder-el-no-sibling '><ul class='avia-icon-list avia_animate_when_almost_visible avia-icon-list-left av-iconlist-big av-av_iconlist-c9265973fe37925e1675fd541a8fb5d9 avia-iconlist-animate'>\n<li><div class='iconlist_icon av-av_iconlist_item-d596de65be8ea4de00d4f0207df433ff avia-font-entypo-fontello'><span class='iconlist-char' aria-hidden='true' data-av_icon='\ue81f' data-av_iconfont='entypo-fontello'><\/span><\/div><article class=\"article-icon-entry \"  itemscope=\"itemscope\" itemtype=\"https:\/\/schema.org\/CreativeWork\" ><div class=\"iconlist_content_wrap\"><header class=\"entry-content-header\"><h4 class='av_iconlist_title iconlist_title  '  itemprop=\"headline\" >DESCRIPCION<\/h4><\/header><div class='iconlist_content '  itemprop=\"text\" ><p>Los apartamentos Casa Aurelia se encuentran en el casco antiguo de la Villa medieval de Alqu\u00e9zar.<\/p>\n<p>Consta de seis apartamentos de 1, 2 y 3 habitaciones, completamente exteriores. Los apartamentos est\u00e1n totalmente equipados, para que los visitantes disfruten de la m\u00e1xima comodidad. Wi-fi incluido.<\/p>\n<\/div><\/div><footer class=\"entry-footer\"><\/footer><\/article><div class=\"iconlist-timeline\"><\/div><\/li>\n<li><div class='iconlist_icon av-av_iconlist_item-c0b1b61df5915bb546117865fddafcc6 avia-font-entypo-fontello'><span class='iconlist-char' aria-hidden='true' data-av_icon='\ue827' data-av_iconfont='entypo-fontello'><\/span><\/div><article class=\"article-icon-entry \"  itemscope=\"itemscope\" itemtype=\"https:\/\/schema.org\/CreativeWork\" ><div class=\"iconlist_content_wrap\"><header class=\"entry-content-header\"><h4 class='av_iconlist_title iconlist_title  '  itemprop=\"headline\" >\u00bfCUANTO CUESTA?<\/h4><\/header><div class='iconlist_content '  itemprop=\"text\" ><p>2-4 PERSONAS : 75 EUROS\/APARTAMENTO<\/p>\n<p>4 -6 PERSONAS : 86EUROS\/APARTAMENTO<\/p>\n<p>6 -8 PERSONAS :125 EUROS\/APARTAMENTO.<\/p>\n<p>DESCUENTOS ENTRE SEMANA Y SEMANAS COMPLETAS.<\/p>\n<\/div><\/div><footer class=\"entry-footer\"><\/footer><\/article><div class=\"iconlist-timeline\"><\/div><\/li>\n<li><div class='iconlist_icon av-av_iconlist_item-3698e561bf8f78df04d36e5f1cdae446 avia-font-entypo-fontello'><span class='iconlist-char' aria-hidden='true' data-av_icon='\ue821' data-av_iconfont='entypo-fontello'><\/span><\/div><article class=\"article-icon-entry \"  itemscope=\"itemscope\" itemtype=\"https:\/\/schema.org\/CreativeWork\" ><div class=\"iconlist_content_wrap\"><header class=\"entry-content-header\"><h4 class='av_iconlist_title iconlist_title  '  itemprop=\"headline\" >CAPACIDAD<\/h4><\/header><div class='iconlist_content '  itemprop=\"text\" ><p>La casa cuenta con seis apartamentos. Total 33 plazas<\/p>\n<\/div><\/div><footer class=\"entry-footer\"><\/footer><\/article><div class=\"iconlist-timeline\"><\/div><\/li>\n<li><div class='iconlist_icon av-av_iconlist_item-2f69efd9f3c85a6151c8d194fd99e42f avia-font-entypo-fontello'><span class='iconlist-char' aria-hidden='true' data-av_icon='\ue82b' data-av_iconfont='entypo-fontello'><\/span><\/div><article class=\"article-icon-entry \"  itemscope=\"itemscope\" itemtype=\"https:\/\/schema.org\/CreativeWork\" ><div class=\"iconlist_content_wrap\"><header class=\"entry-content-header\"><h4 class='av_iconlist_title iconlist_title  '  itemprop=\"headline\" >TE GUSTARA POR...<\/h4><\/header><div class='iconlist_content '  itemprop=\"text\" ><p>El alojamiento tiene una localizaci\u00f3n ideal. Es tranquilo pero en el casco urbano, lo que lo hace muy c\u00f3modo. Los apartamentos son bonitos, muy amplios, perfecto para familias y grupos de amigos y est\u00e1n perfectamente \u00a0equipados. Adem\u00e1s admiten animales de compa\u00f1\u00eda.<\/p>\n<\/div><\/div><footer class=\"entry-footer\"><\/footer><\/article><div class=\"iconlist-timeline\"><\/div><\/li>\n<li><div class='iconlist_icon av-av_iconlist_item-25ab24d6bc8e262b62fe6cc2965e4e23 avia-font-entypo-fontello'><span class='iconlist-char' aria-hidden='true' data-av_icon='\ue805' data-av_iconfont='entypo-fontello'><\/span><\/div><article class=\"article-icon-entry \"  itemscope=\"itemscope\" itemtype=\"https:\/\/schema.org\/CreativeWork\" ><div class=\"iconlist_content_wrap\"><header class=\"entry-content-header\"><h4 class='av_iconlist_title iconlist_title  '  itemprop=\"headline\" >Reservalo!<\/h4><\/header><div class='iconlist_content '  itemprop=\"text\" ><p>Llama al\u00a0651 903 799 o escribe un email\u00a0<a href=\"mailto:apartamentos@casaurelia.com\" target=\"_blank\" rel=\"noopener noreferrer\">apartamentos@casaurelia.com<\/a><\/p>\n<\/div><\/div><footer class=\"entry-footer\"><\/footer><\/article><div class=\"iconlist-timeline\"><\/div><\/li>\n<\/ul><\/div><\/div>\n\n<\/div><\/div><\/div><!-- close content main div --><\/div><\/div><div id='about-us'  class='avia-section av-av_section-5ed245d3e1edc50ad4248185fc2bf457 alternate_color avia-section-large avia-shadow  avia-builder-el-94  el_after_av_section  el_before_av_section  avia-bg-style-scroll container_wrap sidebar_right'  ><div class='container av-section-cont-open' ><div class='template-page content  av-content-small alpha units'><div class='post-entry post-entry-type-page post-entry-11550'><div class='entry-content-wrapper clearfix'>\n<div class='flex_column av-av_one_half-2a9015ff38129c418a3f2eafba3e9512 av_one_half  avia-builder-el-95  el_before_av_one_half  avia-builder-el-first  first flex_column_div '   ><section  class='av_textblock_section av-av_textblock-0366cc7376be6c9e82a3e9cc8987b64f'  itemscope=\"itemscope\" itemtype=\"https:\/\/schema.org\/CreativeWork\" ><div class='avia_textblock'  itemprop=\"text\" ><h2 style=\"text-align: right;\">\u00a0Turismo Rural San Gregorio. Alqu\u00e9zar<\/h2>\n<\/div><\/section><br \/>\n<div  class='hr av-av_hr-7036307108800bfe489471e1c9c1d5a1 hr-short  avia-builder-el-97  el_after_av_textblock  el_before_av_slideshow  hr-right'><span class='hr-inner '><span class=\"hr-inner-style\"><\/span><\/span><\/div><br \/>\n<div  class='avia-slideshow av-av_slideshow-215ba16fbd577a32ac72cde402fefd60 avia-slideshow-no scaling av_slideshow avia-slide-slider  avia-builder-el-98  el_after_av_hr  el_before_av_hr  av-default-height-applied avia-slideshow-11'  data-size='no scaling'  data-lightbox_size='large'  data-animation='slide'  data-conditional_play=''  data-ids='7251,7850,7849,7848,7847'  data-video_counter='0'  data-autoplay='true'  data-bg_slider='false'  data-slide_height=''  data-handle='av_slideshow'  data-interval='3'  data-class=' avia-builder-el-98  el_after_av_hr  el_before_av_hr '  data-extra_class=''  data-el_id=''  data-css_id=''  data-scroll_down=''  data-control_layout=''  data-custom_markup=''  data-perma_caption=''  data-autoplay_stopper=''  data-image_attachment=''  data-min_height='0px'  data-lazy_loading='disabled'  data-default-height='107.93650793651'  data-img_scrset=''  data-av-desktop-hide=''  data-av-medium-hide=''  data-av-small-hide=''  data-av-mini-hide=''  data-alb_description=''  data-id=''  data-custom_class=''  data-template_class=''  data-av_uid=''  data-sc_version='1.0'  data-heading_tag=''  data-heading_class=''   itemprop=\"image\" itemscope=\"itemscope\" itemtype=\"https:\/\/schema.org\/ImageObject\" ><ul class='avia-slideshow-inner ' style='padding-bottom: 107.93650793651%;'><li  class='avia-slideshow-slide av-av_slideshow-215ba16fbd577a32ac72cde402fefd60__1  slide-1 ' ><div data-rel='slideshow-11' class='avia-slide-wrap '   ><img decoding=\"async\" class=\"wp-image-16268 avia-img-lazy-loading-not-16268\"  src=\"https:\/\/alquezarbuenaventura.com\/wp-content\/uploads\/168306_la-parra-de-maribel_1374652964_o.jpg\" width=\"567\" height=\"612\" title='168306_la-parra-de-maribel_1374652964_o' alt=''  itemprop=\"thumbnailUrl\" srcset=\"https:\/\/alquezarbuenaventura.com\/wp-content\/uploads\/168306_la-parra-de-maribel_1374652964_o.jpg 567w, https:\/\/alquezarbuenaventura.com\/wp-content\/uploads\/168306_la-parra-de-maribel_1374652964_o-278x300.jpg 278w, https:\/\/alquezarbuenaventura.com\/wp-content\/uploads\/168306_la-parra-de-maribel_1374652964_o-450x486.jpg 450w\" sizes=\"(max-width: 567px) 100vw, 567px\" \/><\/div><\/li><li  class='avia-slideshow-slide av-av_slideshow-215ba16fbd577a32ac72cde402fefd60__2  slide-2 ' ><div data-rel='slideshow-11' class='avia-slide-wrap '   ><img decoding=\"async\" class=\"wp-image-16266 avia-img-lazy-loading-not-16266\"  src=\"https:\/\/alquezarbuenaventura.com\/wp-content\/uploads\/168306_la-parra-de-maribel_1374652448_o.jpg\" width=\"567\" height=\"612\" title='168306_la-parra-de-maribel_1374652448_o' alt=''  itemprop=\"thumbnailUrl\" srcset=\"https:\/\/alquezarbuenaventura.com\/wp-content\/uploads\/168306_la-parra-de-maribel_1374652448_o.jpg 567w, https:\/\/alquezarbuenaventura.com\/wp-content\/uploads\/168306_la-parra-de-maribel_1374652448_o-278x300.jpg 278w, https:\/\/alquezarbuenaventura.com\/wp-content\/uploads\/168306_la-parra-de-maribel_1374652448_o-450x486.jpg 450w\" sizes=\"(max-width: 567px) 100vw, 567px\" \/><\/div><\/li><li  class='avia-slideshow-slide av-av_slideshow-215ba16fbd577a32ac72cde402fefd60__3  slide-3 ' ><div data-rel='slideshow-11' class='avia-slide-wrap '   ><img decoding=\"async\" class=\"wp-image-16264 avia-img-lazy-loading-not-16264\"  src=\"https:\/\/alquezarbuenaventura.com\/wp-content\/uploads\/FOTO-4.jpg\" width=\"567\" height=\"612\" title='Hotel Maribel Alquezar' alt=''  itemprop=\"thumbnailUrl\" srcset=\"https:\/\/alquezarbuenaventura.com\/wp-content\/uploads\/FOTO-4.jpg 567w, https:\/\/alquezarbuenaventura.com\/wp-content\/uploads\/FOTO-4-278x300.jpg 278w, https:\/\/alquezarbuenaventura.com\/wp-content\/uploads\/FOTO-4-450x486.jpg 450w\" sizes=\"(max-width: 567px) 100vw, 567px\" \/><\/div><\/li><li  class='avia-slideshow-slide av-av_slideshow-215ba16fbd577a32ac72cde402fefd60__4  slide-4 ' ><div data-rel='slideshow-11' class='avia-slide-wrap '   ><img decoding=\"async\" class=\"wp-image-16262 avia-img-lazy-loading-not-16262\"  src=\"https:\/\/alquezarbuenaventura.com\/wp-content\/uploads\/PARRA.jpg\" width=\"567\" height=\"612\" title='PARRA de Maribel - Alquezar' alt=''  itemprop=\"thumbnailUrl\" srcset=\"https:\/\/alquezarbuenaventura.com\/wp-content\/uploads\/PARRA.jpg 567w, https:\/\/alquezarbuenaventura.com\/wp-content\/uploads\/PARRA-278x300.jpg 278w, https:\/\/alquezarbuenaventura.com\/wp-content\/uploads\/PARRA-450x486.jpg 450w\" sizes=\"(max-width: 567px) 100vw, 567px\" \/><\/div><\/li><\/ul><\/div><br \/>\n<div  class='hr av-av_hr-7036307108800bfe489471e1c9c1d5a1 hr-short  avia-builder-el-99  el_after_av_slideshow  el_before_av_button  hr-right'><span class='hr-inner '><span class=\"hr-inner-style\"><\/span><\/span><\/div><br \/>\n<div  class='avia-button-wrap avia-button-right  avia-builder-el-100  el_after_av_hr  avia-builder-el-last ' ><a href='http:\/\/www.sangregorioapartamentos.com\/' class='avia-button av-av_button-630e15c9a45795f4e904c6806b0f12f9 avia-icon_select-yes-left-icon avia-size-large avia-position-right avia-color-theme-color-subtle' target=\"_blank\" rel=\"noopener noreferrer\"><span class='avia_button_icon avia_button_icon_left' aria-hidden='true' data-av_icon='\ue80b' data-av_iconfont='entypo-fontello'><\/span><span class='avia_iconbox_title' >Visita su Web<\/span><\/a><\/div><\/p><\/div>\n<style type=\"text\/css\" data-created_by=\"avia_inline_auto\" id=\"style-css-av-av_one_half-9c1d454dc06f7247226bc4e8f931daae\">\n.flex_column.av-av_one_half-9c1d454dc06f7247226bc4e8f931daae{\nborder-radius:0px 0px 0px 0px;\n-webkit-border-radius:0px 0px 0px 0px;\n-moz-border-radius:0px 0px 0px 0px;\n}\n<\/style>\n<div class='flex_column av-av_one_half-9c1d454dc06f7247226bc4e8f931daae av_one_half  avia-builder-el-101  el_after_av_one_half  avia-builder-el-last  flex_column_div av-zero-column-padding '   ><div  class='avia-icon-list-container av-av_iconlist-c9265973fe37925e1675fd541a8fb5d9  avia-builder-el-102  avia-builder-el-no-sibling '><ul class='avia-icon-list avia_animate_when_almost_visible avia-icon-list-left av-iconlist-big av-av_iconlist-c9265973fe37925e1675fd541a8fb5d9 avia-iconlist-animate'>\n<li><div class='iconlist_icon av-av_iconlist_item-d596de65be8ea4de00d4f0207df433ff avia-font-entypo-fontello'><span class='iconlist-char' aria-hidden='true' data-av_icon='\ue81f' data-av_iconfont='entypo-fontello'><\/span><\/div><article class=\"article-icon-entry \"  itemscope=\"itemscope\" itemtype=\"https:\/\/schema.org\/CreativeWork\" ><div class=\"iconlist_content_wrap\"><header class=\"entry-content-header\"><h4 class='av_iconlist_title iconlist_title  '  itemprop=\"headline\" >DESCRIPCION<\/h4><\/header><div class='iconlist_content '  itemprop=\"text\" ><p>Bonitos apartamentos situados en el centro de la localidad medieval de <strong>Alqu\u00e9zar<\/strong>, en una casa de nueva construcci\u00f3n .<\/p>\n<p>Esta vivienda de turismo rural dispone de dos acogedores apartamentos, ambos exteriores, amplios y luminosos, con todas las comodidades para pasar una agradable estancia en el marco incomparable de la comarca del <strong>Somontano<\/strong> y al abrigo de la <strong>Sierra y Ca\u00f1ones de Guara<\/strong>.<\/p>\n<\/div><\/div><footer class=\"entry-footer\"><\/footer><\/article><div class=\"iconlist-timeline\"><\/div><\/li>\n<li><div class='iconlist_icon av-av_iconlist_item-3698e561bf8f78df04d36e5f1cdae446 avia-font-entypo-fontello'><span class='iconlist-char' aria-hidden='true' data-av_icon='\ue821' data-av_iconfont='entypo-fontello'><\/span><\/div><article class=\"article-icon-entry \"  itemscope=\"itemscope\" itemtype=\"https:\/\/schema.org\/CreativeWork\" ><div class=\"iconlist_content_wrap\"><header class=\"entry-content-header\"><h4 class='av_iconlist_title iconlist_title  '  itemprop=\"headline\" >CAPACIDAD<\/h4><\/header><div class='iconlist_content '  itemprop=\"text\" ><p>Dos apartamentos de cuatro plazas cada uno. Total 8 plazas.<\/p>\n<\/div><\/div><footer class=\"entry-footer\"><\/footer><\/article><div class=\"iconlist-timeline\"><\/div><\/li>\n<li><div class='iconlist_icon av-av_iconlist_item-13934271bfe4c3d41f87f4baae5c6557 avia-font-entypo-fontello'><span class='iconlist-char' aria-hidden='true' data-av_icon='\ue8ba' data-av_iconfont='entypo-fontello'><\/span><\/div><article class=\"article-icon-entry \"  itemscope=\"itemscope\" itemtype=\"https:\/\/schema.org\/CreativeWork\" ><div class=\"iconlist_content_wrap\"><header class=\"entry-content-header\"><h4 class='av_iconlist_title iconlist_title  '  itemprop=\"headline\" >\u00bfCUANTO CUESTA?<\/h4><\/header><div class='iconlist_content '  itemprop=\"text\" ><p class=\"pastillaTarifa\">APARTAMENTO 2 PERSONAS:\u00a0De 2 a 6 noches: desde 70\u20ac.<\/p>\n<p class=\"pastillaTarifa\">A partir de 7 noches: desde 60\u20ac<\/p>\n<p class=\"pastillaTarifa\">APARTAMENTO DE 3 A 4 PERSONAS: De 2 a 6 noches: desde 85\u20ac.<\/p>\n<p class=\"pastillaTarifa\">A partir de 7 noches: desde 75\u20ac<\/p>\n<\/div><\/div><footer class=\"entry-footer\"><\/footer><\/article><div class=\"iconlist-timeline\"><\/div><\/li>\n<li><div class='iconlist_icon av-av_iconlist_item-2f69efd9f3c85a6151c8d194fd99e42f avia-font-entypo-fontello'><span class='iconlist-char' aria-hidden='true' data-av_icon='\ue82b' data-av_iconfont='entypo-fontello'><\/span><\/div><article class=\"article-icon-entry \"  itemscope=\"itemscope\" itemtype=\"https:\/\/schema.org\/CreativeWork\" ><div class=\"iconlist_content_wrap\"><header class=\"entry-content-header\"><h4 class='av_iconlist_title iconlist_title  '  itemprop=\"headline\" >TE GUSTARA POR...<\/h4><\/header><div class='iconlist_content '  itemprop=\"text\" ><p><span style=\"font-weight: 400;\">La tranquilidad del alojamiento y su excelente ubicaci\u00f3n para visitar el pueblo y realizar muchas rutas cercanas y perfectamente indicadas.<\/span><\/p>\n<p><span style=\"font-weight: 400;\">Los apartamentos, de nueva construcci\u00f3n, cuentan con todo lo que puedas necesitar para una estancia agradable, adem\u00e1s de una cuidada decoraci\u00f3n y una bonita terraza con vistas.<\/span><\/p>\n<p><span style=\"font-weight: 400;\">La amabilidad de su propietario es excelente.<\/span><\/p>\n<\/div><\/div><footer class=\"entry-footer\"><\/footer><\/article><div class=\"iconlist-timeline\"><\/div><\/li>\n<li><div class='iconlist_icon av-av_iconlist_item-25ab24d6bc8e262b62fe6cc2965e4e23 avia-font-entypo-fontello'><span class='iconlist-char' aria-hidden='true' data-av_icon='\ue805' data-av_iconfont='entypo-fontello'><\/span><\/div><article class=\"article-icon-entry \"  itemscope=\"itemscope\" itemtype=\"https:\/\/schema.org\/CreativeWork\" ><div class=\"iconlist_content_wrap\"><header class=\"entry-content-header\"><h4 class='av_iconlist_title iconlist_title  '  itemprop=\"headline\" >Reservalo!<\/h4><\/header><div class='iconlist_content '  itemprop=\"text\" ><p>LLama al 616022306 o escribe un email a:\u00a0<a href=\"mailto:info@sangregorioapartamentos.com\">info@sangregorioapartamentos.com<\/a><\/p>\n<\/div><\/div><footer class=\"entry-footer\"><\/footer><\/article><div class=\"iconlist-timeline\"><\/div><\/li>\n<\/ul><\/div><\/div>\n\n<\/div><\/div><\/div><!-- close content main div --><\/div><\/div><div id='about-us'  class='avia-section av-av_section-5ed245d3e1edc50ad4248185fc2bf457 alternate_color avia-section-large avia-shadow  avia-builder-el-103  el_after_av_section  el_before_av_section  avia-bg-style-scroll container_wrap sidebar_right'  ><div class='container av-section-cont-open' ><div class='template-page content  av-content-small alpha units'><div class='post-entry post-entry-type-page post-entry-11550'><div class='entry-content-wrapper clearfix'>\n<div class='flex_column av-av_one_half-2a9015ff38129c418a3f2eafba3e9512 av_one_half  avia-builder-el-104  el_before_av_one_half  avia-builder-el-first  first flex_column_div '   ><section  class='av_textblock_section av-av_textblock-0366cc7376be6c9e82a3e9cc8987b64f'  itemscope=\"itemscope\" itemtype=\"https:\/\/schema.org\/CreativeWork\" ><div class='avia_textblock'  itemprop=\"text\" ><h2 style=\"text-align: right;\">\u00a0CASA FARANDOLAS. ALQU\u00c9ZAR<\/h2>\n<\/div><\/section><br \/>\n<div  class='hr av-av_hr-7036307108800bfe489471e1c9c1d5a1 hr-short  avia-builder-el-106  el_after_av_textblock  el_before_av_slideshow  hr-right'><span class='hr-inner '><span class=\"hr-inner-style\"><\/span><\/span><\/div><br \/>\n<br \/>\n<div  class='hr av-av_hr-7036307108800bfe489471e1c9c1d5a1 hr-short  avia-builder-el-108  el_after_av_slideshow  el_before_av_button  hr-right'><span class='hr-inner '><span class=\"hr-inner-style\"><\/span><\/span><\/div><br \/>\n<div  class='avia-button-wrap avia-button-right  avia-builder-el-109  el_after_av_hr  avia-builder-el-last ' ><a href='https:\/\/sites.google.com\/site\/casafarandolas\/' class='avia-button av-av_button-09b90f3cd861620faf81efe81e1b3faf avia-icon_select-yes-left-icon avia-size-large avia-position-right avia-color-theme-color-subtle' target=\"_blank\" rel=\"noopener noreferrer\"><span class='avia_button_icon avia_button_icon_left' aria-hidden='true' data-av_icon='\ue80b' data-av_iconfont='entypo-fontello'><\/span><span class='avia_iconbox_title' >Visita su Web<\/span><\/a><\/div><\/p><\/div>\n<style type=\"text\/css\" data-created_by=\"avia_inline_auto\" id=\"style-css-av-av_one_half-9c1d454dc06f7247226bc4e8f931daae\">\n.flex_column.av-av_one_half-9c1d454dc06f7247226bc4e8f931daae{\nborder-radius:0px 0px 0px 0px;\n-webkit-border-radius:0px 0px 0px 0px;\n-moz-border-radius:0px 0px 0px 0px;\n}\n<\/style>\n<div class='flex_column av-av_one_half-9c1d454dc06f7247226bc4e8f931daae av_one_half  avia-builder-el-110  el_after_av_one_half  avia-builder-el-last  flex_column_div av-zero-column-padding '   ><div  class='avia-icon-list-container av-av_iconlist-c9265973fe37925e1675fd541a8fb5d9  avia-builder-el-111  avia-builder-el-no-sibling '><ul class='avia-icon-list avia_animate_when_almost_visible avia-icon-list-left av-iconlist-big av-av_iconlist-c9265973fe37925e1675fd541a8fb5d9 avia-iconlist-animate'>\n<li><div class='iconlist_icon av-av_iconlist_item-d596de65be8ea4de00d4f0207df433ff avia-font-entypo-fontello'><span class='iconlist-char' aria-hidden='true' data-av_icon='\ue81f' data-av_iconfont='entypo-fontello'><\/span><\/div><article class=\"article-icon-entry \"  itemscope=\"itemscope\" itemtype=\"https:\/\/schema.org\/CreativeWork\" ><div class=\"iconlist_content_wrap\"><header class=\"entry-content-header\"><h4 class='av_iconlist_title iconlist_title  '  itemprop=\"headline\" >DESCRIPCION<\/h4><\/header><div class='iconlist_content '  itemprop=\"text\" ><p>Se trata de una vivienda de turismo rural que ocupa las 2 plantas m\u00e1s bajas de una antigua casa grande de pueblo en un rinc\u00f3n tranquilo de la Villa de Alqu\u00e9zar.<\/p>\n<\/div><\/div><footer class=\"entry-footer\"><\/footer><\/article><div class=\"iconlist-timeline\"><\/div><\/li>\n<li><div class='iconlist_icon av-av_iconlist_item-c0b1b61df5915bb546117865fddafcc6 avia-font-entypo-fontello'><span class='iconlist-char' aria-hidden='true' data-av_icon='\ue827' data-av_iconfont='entypo-fontello'><\/span><\/div><article class=\"article-icon-entry \"  itemscope=\"itemscope\" itemtype=\"https:\/\/schema.org\/CreativeWork\" ><div class=\"iconlist_content_wrap\"><header class=\"entry-content-header\"><h4 class='av_iconlist_title iconlist_title  '  itemprop=\"headline\" >\u00bfCUANTO CUESTA?<\/h4><\/header><div class='iconlist_content '  itemprop=\"text\" ><p>Desde 135\u20ac\/d\u00eda.<\/p>\n<\/div><\/div><footer class=\"entry-footer\"><\/footer><\/article><div class=\"iconlist-timeline\"><\/div><\/li>\n<li><div class='iconlist_icon av-av_iconlist_item-3698e561bf8f78df04d36e5f1cdae446 avia-font-entypo-fontello'><span class='iconlist-char' aria-hidden='true' data-av_icon='\ue821' data-av_iconfont='entypo-fontello'><\/span><\/div><article class=\"article-icon-entry \"  itemscope=\"itemscope\" itemtype=\"https:\/\/schema.org\/CreativeWork\" ><div class=\"iconlist_content_wrap\"><header class=\"entry-content-header\"><h4 class='av_iconlist_title iconlist_title  '  itemprop=\"headline\" >CAPACIDAD<\/h4><\/header><div class='iconlist_content '  itemprop=\"text\" ><p>La casa cuenta con 8 plazas.<\/p>\n<\/div><\/div><footer class=\"entry-footer\"><\/footer><\/article><div class=\"iconlist-timeline\"><\/div><\/li>\n<li><div class='iconlist_icon av-av_iconlist_item-2f69efd9f3c85a6151c8d194fd99e42f avia-font-entypo-fontello'><span class='iconlist-char' aria-hidden='true' data-av_icon='\ue82b' data-av_iconfont='entypo-fontello'><\/span><\/div><article class=\"article-icon-entry \"  itemscope=\"itemscope\" itemtype=\"https:\/\/schema.org\/CreativeWork\" ><div class=\"iconlist_content_wrap\"><header class=\"entry-content-header\"><h4 class='av_iconlist_title iconlist_title  '  itemprop=\"headline\" >TE GUSTARA POR...<\/h4><\/header><div class='iconlist_content '  itemprop=\"text\" ><p>La casa es muy bonita, ha sido rehabilitada respetando suelos de barro, muros de sillarejo, antiguas vigas de madera propias de la arquitectura dom\u00e9stica alquezrana&#8230;..espaciosa, tranquila y \u00a0perfecta para familias.<\/p>\n<\/div><\/div><footer class=\"entry-footer\"><\/footer><\/article><div class=\"iconlist-timeline\"><\/div><\/li>\n<li><div class='iconlist_icon av-av_iconlist_item-25ab24d6bc8e262b62fe6cc2965e4e23 avia-font-entypo-fontello'><span class='iconlist-char' aria-hidden='true' data-av_icon='\ue805' data-av_iconfont='entypo-fontello'><\/span><\/div><article class=\"article-icon-entry \"  itemscope=\"itemscope\" itemtype=\"https:\/\/schema.org\/CreativeWork\" ><div class=\"iconlist_content_wrap\"><header class=\"entry-content-header\"><h4 class='av_iconlist_title iconlist_title  '  itemprop=\"headline\" >Reservalo!<\/h4><\/header><div class='iconlist_content '  itemprop=\"text\" ><p>Llama al\u00a0650 630 189 \/\u00a0644 244 123 o escribe un email\u00a0<a href=\"mailto:hugo.pattyn@gmail.com\" target=\"_blank\" rel=\"noopener noreferrer\">hugo.pattyn@gmail.com<\/a><\/p>\n<\/div><\/div><footer class=\"entry-footer\"><\/footer><\/article><div class=\"iconlist-timeline\"><\/div><\/li>\n<\/ul><\/div><\/div>\n\n<\/div><\/div><\/div><!-- close content main div --><\/div><\/div><div id='about-us'  class='avia-section av-av_section-5ed245d3e1edc50ad4248185fc2bf457 alternate_color avia-section-large avia-shadow  avia-builder-el-112  el_after_av_section  el_before_av_section  avia-bg-style-scroll container_wrap sidebar_right'  ><div class='container av-section-cont-open' ><div class='template-page content  av-content-small alpha units'><div class='post-entry post-entry-type-page post-entry-11550'><div class='entry-content-wrapper clearfix'>\n<div class='flex_column av-av_one_half-2a9015ff38129c418a3f2eafba3e9512 av_one_half  avia-builder-el-113  el_before_av_one_half  avia-builder-el-first  first flex_column_div '   ><section  class='av_textblock_section av-av_textblock-0366cc7376be6c9e82a3e9cc8987b64f'  itemscope=\"itemscope\" itemtype=\"https:\/\/schema.org\/CreativeWork\" ><div class='avia_textblock'  itemprop=\"text\" ><h2 style=\"text-align: right;\">Carmen de Arnas. Colungo<\/h2>\n<\/div><\/section><br \/>\n<div  class='hr av-av_hr-7036307108800bfe489471e1c9c1d5a1 hr-short  avia-builder-el-115  el_after_av_textblock  el_before_av_slideshow  hr-right'><span class='hr-inner '><span class=\"hr-inner-style\"><\/span><\/span><\/div><br \/>\n<div  class='avia-slideshow av-av_slideshow-47612b1078f05eaea62f06e03c12a546 avia-slideshow-masonry av_slideshow avia-slide-slider  avia-builder-el-116  el_after_av_hr  el_before_av_hr  av-default-height-applied avia-slideshow-13'  data-size='masonry'  data-lightbox_size='large'  data-animation='slide'  data-conditional_play=''  data-ids='7811,7810,7809'  data-video_counter='0'  data-autoplay='true'  data-bg_slider='false'  data-slide_height=''  data-handle='av_slideshow'  data-interval='3'  data-class=' avia-builder-el-116  el_after_av_hr  el_before_av_hr '  data-extra_class=''  data-el_id=''  data-css_id=''  data-scroll_down=''  data-control_layout=''  data-custom_markup=''  data-perma_caption=''  data-autoplay_stopper=''  data-image_attachment=''  data-min_height='0px'  data-lazy_loading='disabled'  data-default-height='108.12883435583'  data-img_scrset=''  data-av-desktop-hide=''  data-av-medium-hide=''  data-av-small-hide=''  data-av-mini-hide=''  data-alb_description=''  data-id=''  data-custom_class=''  data-template_class=''  data-av_uid=''  data-sc_version='1.0'  data-heading_tag=''  data-heading_class=''   itemprop=\"image\" itemscope=\"itemscope\" itemtype=\"https:\/\/schema.org\/ImageObject\" ><ul class='avia-slideshow-inner ' style='padding-bottom: 108.12883435583%;'><li  class='avia-slideshow-slide av-av_slideshow-47612b1078f05eaea62f06e03c12a546__0  slide-1 ' ><div data-rel='slideshow-13' class='avia-slide-wrap '   ><img decoding=\"async\" class=\"wp-image-16194 avia-img-lazy-loading-not-16194\"  src=\"https:\/\/alquezarbuenaventura.com\/wp-content\/uploads\/turismoruralconencanto1-652x705.jpg\" width=\"652\" height=\"705\" title='Turismo rural con encanto 1 - Alquezar' alt=''  itemprop=\"thumbnailUrl\" srcset=\"https:\/\/alquezarbuenaventura.com\/wp-content\/uploads\/turismoruralconencanto1-652x705.jpg 652w, https:\/\/alquezarbuenaventura.com\/wp-content\/uploads\/turismoruralconencanto1-278x300.jpg 278w, https:\/\/alquezarbuenaventura.com\/wp-content\/uploads\/turismoruralconencanto1-450x486.jpg 450w, https:\/\/alquezarbuenaventura.com\/wp-content\/uploads\/turismoruralconencanto1.jpg 720w\" sizes=\"(max-width: 652px) 100vw, 652px\" \/><\/div><\/li><li  class='avia-slideshow-slide av-av_slideshow-47612b1078f05eaea62f06e03c12a546__1  slide-2 ' ><div data-rel='slideshow-13' class='avia-slide-wrap '   ><img decoding=\"async\" class=\"wp-image-16192 avia-img-lazy-loading-not-16192\"  src=\"https:\/\/alquezarbuenaventura.com\/wp-content\/uploads\/casaruralconencanto3-705x653.jpg\" width=\"705\" height=\"653\" title='Casa rural con encanto - Alquezar' alt=''  itemprop=\"thumbnailUrl\" srcset=\"https:\/\/alquezarbuenaventura.com\/wp-content\/uploads\/casaruralconencanto3-705x653.jpg 705w, https:\/\/alquezarbuenaventura.com\/wp-content\/uploads\/casaruralconencanto3-300x278.jpg 300w, https:\/\/alquezarbuenaventura.com\/wp-content\/uploads\/casaruralconencanto3-450x417.jpg 450w, https:\/\/alquezarbuenaventura.com\/wp-content\/uploads\/casaruralconencanto3.jpg 733w\" sizes=\"(max-width: 705px) 100vw, 705px\" \/><\/div><\/li><li  class='avia-slideshow-slide av-av_slideshow-47612b1078f05eaea62f06e03c12a546__2  slide-3 ' ><div data-rel='slideshow-13' class='avia-slide-wrap '   ><img decoding=\"async\" class=\"wp-image-16190 avia-img-lazy-loading-not-16190\"  src=\"https:\/\/alquezarbuenaventura.com\/wp-content\/uploads\/colungo3-705x653.jpg\" width=\"705\" height=\"653\" title='Casa Rural Colungo - Carmen de Arnas' alt=''  itemprop=\"thumbnailUrl\" srcset=\"https:\/\/alquezarbuenaventura.com\/wp-content\/uploads\/colungo3-705x653.jpg 705w, https:\/\/alquezarbuenaventura.com\/wp-content\/uploads\/colungo3-300x278.jpg 300w, https:\/\/alquezarbuenaventura.com\/wp-content\/uploads\/colungo3-450x417.jpg 450w, https:\/\/alquezarbuenaventura.com\/wp-content\/uploads\/colungo3.jpg 839w\" sizes=\"(max-width: 705px) 100vw, 705px\" \/><\/div><\/li><\/ul><div class='avia-slideshow-arrows avia-slideshow-controls' ><a href='#prev' class='prev-slide ' aria-hidden='true' data-av_icon='\ue87c' data-av_iconfont='entypo-fontello'  tabindex='-1'>Previous<\/a><a href='#next' class='next-slide ' aria-hidden='true' data-av_icon='\ue87d' data-av_iconfont='entypo-fontello'  tabindex='-1'>Next<\/a><\/div><div class='avia-slideshow-dots avia-slideshow-controls'><a href='#1' class='goto-slide active' >1<\/a><a href='#2' class='goto-slide ' >2<\/a><a href='#3' class='goto-slide ' >3<\/a><\/div><\/div><br \/>\n<div  class='hr av-av_hr-7036307108800bfe489471e1c9c1d5a1 hr-short  avia-builder-el-117  el_after_av_slideshow  el_before_av_button  hr-right'><span class='hr-inner '><span class=\"hr-inner-style\"><\/span><\/span><\/div><br \/>\n<div  class='avia-button-wrap avia-button-right  avia-builder-el-118  el_after_av_hr  avia-builder-el-last ' ><a href='http:\/\/www.casaruralconencanto.es\/' class='avia-button av-av_button-21e41a9bd72100e8c7771dc67c66689e avia-icon_select-yes-left-icon avia-size-large avia-position-right avia-color-theme-color-subtle' target=\"_blank\" rel=\"noopener noreferrer\"><span class='avia_button_icon avia_button_icon_left' aria-hidden='true' data-av_icon='\ue80b' data-av_iconfont='entypo-fontello'><\/span><span class='avia_iconbox_title' >Visita su Web<\/span><\/a><\/div><\/p><\/div>\n<style type=\"text\/css\" data-created_by=\"avia_inline_auto\" id=\"style-css-av-av_one_half-9c1d454dc06f7247226bc4e8f931daae\">\n.flex_column.av-av_one_half-9c1d454dc06f7247226bc4e8f931daae{\nborder-radius:0px 0px 0px 0px;\n-webkit-border-radius:0px 0px 0px 0px;\n-moz-border-radius:0px 0px 0px 0px;\n}\n<\/style>\n<div class='flex_column av-av_one_half-9c1d454dc06f7247226bc4e8f931daae av_one_half  avia-builder-el-119  el_after_av_one_half  avia-builder-el-last  flex_column_div av-zero-column-padding '   ><div  class='avia-icon-list-container av-av_iconlist-c9265973fe37925e1675fd541a8fb5d9  avia-builder-el-120  avia-builder-el-no-sibling '><ul class='avia-icon-list avia_animate_when_almost_visible avia-icon-list-left av-iconlist-big av-av_iconlist-c9265973fe37925e1675fd541a8fb5d9 avia-iconlist-animate'>\n<li><div class='iconlist_icon av-av_iconlist_item-d596de65be8ea4de00d4f0207df433ff avia-font-entypo-fontello'><span class='iconlist-char' aria-hidden='true' data-av_icon='\ue81f' data-av_iconfont='entypo-fontello'><\/span><\/div><article class=\"article-icon-entry \"  itemscope=\"itemscope\" itemtype=\"https:\/\/schema.org\/CreativeWork\" ><div class=\"iconlist_content_wrap\"><header class=\"entry-content-header\"><h4 class='av_iconlist_title iconlist_title  '  itemprop=\"headline\" >DESCRIPCION<\/h4><\/header><div class='iconlist_content '  itemprop=\"text\" ><p>Casa rural con encanto, ideal para compartir unos d\u00edas con la familia o amigos. Situada en Colungo,\u00a0Carmen de Arnas es un cuento rom\u00e1ntico, un sitio creado especialmente para disfrutar.<\/p>\n<\/div><\/div><footer class=\"entry-footer\"><\/footer><\/article><div class=\"iconlist-timeline\"><\/div><\/li>\n<li><div class='iconlist_icon av-av_iconlist_item-3698e561bf8f78df04d36e5f1cdae446 avia-font-entypo-fontello'><span class='iconlist-char' aria-hidden='true' data-av_icon='\ue821' data-av_iconfont='entypo-fontello'><\/span><\/div><article class=\"article-icon-entry \"  itemscope=\"itemscope\" itemtype=\"https:\/\/schema.org\/CreativeWork\" ><div class=\"iconlist_content_wrap\"><header class=\"entry-content-header\"><h4 class='av_iconlist_title iconlist_title  '  itemprop=\"headline\" >CAPACIDAD<\/h4><\/header><div class='iconlist_content '  itemprop=\"text\" ><p>La casa cuenta con tres estancias entre \u00a04 \u00a0y 6 plazas cada una. Total 12 plazas<\/p>\n<\/div><\/div><footer class=\"entry-footer\"><\/footer><\/article><div class=\"iconlist-timeline\"><\/div><\/li>\n<li><div class='iconlist_icon av-av_iconlist_item-c0b1b61df5915bb546117865fddafcc6 avia-font-entypo-fontello'><span class='iconlist-char' aria-hidden='true' data-av_icon='\ue827' data-av_iconfont='entypo-fontello'><\/span><\/div><article class=\"article-icon-entry \"  itemscope=\"itemscope\" itemtype=\"https:\/\/schema.org\/CreativeWork\" ><div class=\"iconlist_content_wrap\"><header class=\"entry-content-header\"><h4 class='av_iconlist_title iconlist_title  '  itemprop=\"headline\" >\u00bfCUANTO CUESTA?<\/h4><\/header><div class='iconlist_content '  itemprop=\"text\" ><p><strong>ESTANCIA BLANCA y AMARILLA<\/strong><br \/>\nHasta 2 adultos y 1 ni\u00f1o: 100\u20ac\/d\u00eda<\/p>\n<p><strong>ESTANCIA AZUL<\/strong><br \/>\nHasta 4 adultos y 2 ni\u00f1os: 120\u20ac\/d\u00eda<br \/>\n25% descuentro de Lunes a jueves<\/p>\n<p>S\u00f3lo parejas:<\/p>\n<ul>\n<li>75\u20ac\/noche habitaci\u00f3n peque\u00f1a<\/li>\n<li>90\u20ac\/noche habitaci\u00f3n grande.<\/li>\n<\/ul>\n<\/div><\/div><footer class=\"entry-footer\"><\/footer><\/article><div class=\"iconlist-timeline\"><\/div><\/li>\n<li><div class='iconlist_icon av-av_iconlist_item-2f69efd9f3c85a6151c8d194fd99e42f avia-font-entypo-fontello'><span class='iconlist-char' aria-hidden='true' data-av_icon='\ue82b' data-av_iconfont='entypo-fontello'><\/span><\/div><article class=\"article-icon-entry \"  itemscope=\"itemscope\" itemtype=\"https:\/\/schema.org\/CreativeWork\" ><div class=\"iconlist_content_wrap\"><header class=\"entry-content-header\"><h4 class='av_iconlist_title iconlist_title  '  itemprop=\"headline\" >TE GUSTARA POR...<\/h4><\/header><div class='iconlist_content '  itemprop=\"text\" ><p>La casa es un delicioso museo de antig\u00fcedades, bien equipada y con una terraza estupenda para desayunar y ver los paisajes.<\/p>\n<p>La casa es preciosa, rehabilitada respetando su arquitectura original y con todo tipo de detalle para encontrarte a gusto. El pueblo es genial, peque\u00f1ito y muy tranquilo, ideal y perfecto para desconectar.<\/p>\n<\/div><\/div><footer class=\"entry-footer\"><\/footer><\/article><div class=\"iconlist-timeline\"><\/div><\/li>\n<li><div class='iconlist_icon av-av_iconlist_item-25ab24d6bc8e262b62fe6cc2965e4e23 avia-font-entypo-fontello'><span class='iconlist-char' aria-hidden='true' data-av_icon='\ue805' data-av_iconfont='entypo-fontello'><\/span><\/div><article class=\"article-icon-entry \"  itemscope=\"itemscope\" itemtype=\"https:\/\/schema.org\/CreativeWork\" ><div class=\"iconlist_content_wrap\"><header class=\"entry-content-header\"><h4 class='av_iconlist_title iconlist_title  '  itemprop=\"headline\" >Reservalo!<\/h4><\/header><div class='iconlist_content '  itemprop=\"text\" ><p>Llama al 619 959 292 escribe un email a:\u00a0<a href=\"mailto:casaruralencanto@gmail.com\">casaruralencanto@gmail.com<\/a><\/p>\n<\/div><\/div><footer class=\"entry-footer\"><\/footer><\/article><div class=\"iconlist-timeline\"><\/div><\/li>\n<\/ul><\/div><\/div>\n\n<\/div><\/div><\/div><!-- close content main div --><\/div><\/div><div id='about-us'  class='avia-section av-av_section-5ed245d3e1edc50ad4248185fc2bf457 alternate_color avia-section-large avia-shadow  avia-builder-el-121  el_after_av_section  el_before_av_section  avia-bg-style-scroll container_wrap sidebar_right'  ><div class='container av-section-cont-open' ><div class='template-page content  av-content-small alpha units'><div class='post-entry post-entry-type-page post-entry-11550'><div class='entry-content-wrapper clearfix'>\n<div class='flex_column av-av_one_half-2a9015ff38129c418a3f2eafba3e9512 av_one_half  avia-builder-el-122  el_before_av_one_half  avia-builder-el-first  first flex_column_div '   ><section  class='av_textblock_section av-av_textblock-0366cc7376be6c9e82a3e9cc8987b64f'  itemscope=\"itemscope\" itemtype=\"https:\/\/schema.org\/CreativeWork\" ><div class='avia_textblock'  itemprop=\"text\" ><h2 style=\"text-align: right;\">Isabel y Angel. Alqu\u00e9zar<\/h2>\n<\/div><\/section><br \/>\n<div  class='hr av-av_hr-7036307108800bfe489471e1c9c1d5a1 hr-short  avia-builder-el-124  el_after_av_textblock  el_before_av_slideshow  hr-right'><span class='hr-inner '><span class=\"hr-inner-style\"><\/span><\/span><\/div><br \/>\n<br \/>\n<div  class='hr av-av_hr-7036307108800bfe489471e1c9c1d5a1 hr-short  avia-builder-el-126  el_after_av_slideshow  el_before_av_button  hr-right'><span class='hr-inner '><span class=\"hr-inner-style\"><\/span><\/span><\/div><br \/>\n<div  class='avia-button-wrap avia-button-right  avia-builder-el-127  el_after_av_hr  avia-builder-el-last ' ><a href='https:\/\/www.google.es\/maps\/dir\/\/++Pilaseras,+s%2Fn,+22145+Alqu%C3%A9zar\/@42.1715694,-0.0469189,12z\/data=!3m1!4b1' class='avia-button av-av_button-3a6f17bf1ab22b43feec321c9eb89b16 avia-icon_select-yes-left-icon avia-size-large avia-position-right avia-color-theme-color-subtle' target=\"_blank\" rel=\"noopener noreferrer\"><span class='avia_button_icon avia_button_icon_left' aria-hidden='true' data-av_icon='\ue80b' data-av_iconfont='entypo-fontello'><\/span><span class='avia_iconbox_title' >Como llegar<\/span><\/a><\/div><\/p><\/div>\n<style type=\"text\/css\" data-created_by=\"avia_inline_auto\" id=\"style-css-av-av_one_half-9c1d454dc06f7247226bc4e8f931daae\">\n.flex_column.av-av_one_half-9c1d454dc06f7247226bc4e8f931daae{\nborder-radius:0px 0px 0px 0px;\n-webkit-border-radius:0px 0px 0px 0px;\n-moz-border-radius:0px 0px 0px 0px;\n}\n<\/style>\n<div class='flex_column av-av_one_half-9c1d454dc06f7247226bc4e8f931daae av_one_half  avia-builder-el-128  el_after_av_one_half  avia-builder-el-last  flex_column_div av-zero-column-padding '   ><div  class='avia-icon-list-container av-av_iconlist-c9265973fe37925e1675fd541a8fb5d9  avia-builder-el-129  avia-builder-el-no-sibling '><ul class='avia-icon-list avia_animate_when_almost_visible avia-icon-list-left av-iconlist-big av-av_iconlist-c9265973fe37925e1675fd541a8fb5d9 avia-iconlist-animate'>\n<li><div class='iconlist_icon av-av_iconlist_item-d596de65be8ea4de00d4f0207df433ff avia-font-entypo-fontello'><span class='iconlist-char' aria-hidden='true' data-av_icon='\ue81f' data-av_iconfont='entypo-fontello'><\/span><\/div><article class=\"article-icon-entry \"  itemscope=\"itemscope\" itemtype=\"https:\/\/schema.org\/CreativeWork\" ><div class=\"iconlist_content_wrap\"><header class=\"entry-content-header\"><h4 class='av_iconlist_title iconlist_title  '  itemprop=\"headline\" >DESCRIPCION<\/h4><\/header><div class='iconlist_content '  itemprop=\"text\" ><p><span class=\"sub-txt\">Apartamento en Alqu\u00e9zar ubicado en la entrada del municipio,\u00a0<\/span>\u00a0consta de recibidor, cocina-comedor, dos habitaciones, una de ellas con cama de matrimonio de 1,50 y un ba\u00f1o.\u00a0La cocina esta totalmente equipada \u00a0y dispone de calefacci\u00f3n y aire acondicionado, ascensor \u00a0y conexi\u00f3n WIFI.<\/p>\n<\/div><\/div><footer class=\"entry-footer\"><\/footer><\/article><div class=\"iconlist-timeline\"><\/div><\/li>\n<li><div class='iconlist_icon av-av_iconlist_item-3698e561bf8f78df04d36e5f1cdae446 avia-font-entypo-fontello'><span class='iconlist-char' aria-hidden='true' data-av_icon='\ue821' data-av_iconfont='entypo-fontello'><\/span><\/div><article class=\"article-icon-entry \"  itemscope=\"itemscope\" itemtype=\"https:\/\/schema.org\/CreativeWork\" ><div class=\"iconlist_content_wrap\"><header class=\"entry-content-header\"><h4 class='av_iconlist_title iconlist_title  '  itemprop=\"headline\" >CAPACIDAD<\/h4><\/header><div class='iconlist_content '  itemprop=\"text\" ><p>La casa tiene 5 plazas.Posibilidad 2 plazas extra en sofa cama.Total \u00a07 plazas<\/p>\n<\/div><\/div><footer class=\"entry-footer\"><\/footer><\/article><div class=\"iconlist-timeline\"><\/div><\/li>\n<li><div class='iconlist_icon av-av_iconlist_item-c0b1b61df5915bb546117865fddafcc6 avia-font-entypo-fontello'><span class='iconlist-char' aria-hidden='true' data-av_icon='\ue827' data-av_iconfont='entypo-fontello'><\/span><\/div><article class=\"article-icon-entry \"  itemscope=\"itemscope\" itemtype=\"https:\/\/schema.org\/CreativeWork\" ><div class=\"iconlist_content_wrap\"><header class=\"entry-content-header\"><h4 class='av_iconlist_title iconlist_title  '  itemprop=\"headline\" >\u00bfCUANTO CUESTA?<\/h4><\/header><div class='iconlist_content '  itemprop=\"text\" ><p>20\u20ac\/pax<\/p>\n<\/div><\/div><footer class=\"entry-footer\"><\/footer><\/article><div class=\"iconlist-timeline\"><\/div><\/li>\n<li><div class='iconlist_icon av-av_iconlist_item-c11775ddcc1eb48206fb1c80dc8bf4cf avia-font-entypo-fontello'><span class='iconlist-char' aria-hidden='true' data-av_icon='\ue800' data-av_iconfont='entypo-fontello'><\/span><\/div><article class=\"article-icon-entry \"  itemscope=\"itemscope\" itemtype=\"https:\/\/schema.org\/CreativeWork\" ><div class=\"iconlist_content_wrap\"><header class=\"entry-content-header\"><h4 class='av_iconlist_title iconlist_title  '  itemprop=\"headline\" >TE GUSTAR\u00c1 POR...<\/h4><\/header><div class='iconlist_content '  itemprop=\"text\" ><p>La localizaci\u00f3n del inmueble y la amabilidad de los due\u00f1os.<\/p>\n<\/div><\/div><footer class=\"entry-footer\"><\/footer><\/article><div class=\"iconlist-timeline\"><\/div><\/li>\n<li><div class='iconlist_icon av-av_iconlist_item-25ab24d6bc8e262b62fe6cc2965e4e23 avia-font-entypo-fontello'><span class='iconlist-char' aria-hidden='true' data-av_icon='\ue805' data-av_iconfont='entypo-fontello'><\/span><\/div><article class=\"article-icon-entry \"  itemscope=\"itemscope\" itemtype=\"https:\/\/schema.org\/CreativeWork\" ><div class=\"iconlist_content_wrap\"><header class=\"entry-content-header\"><h4 class='av_iconlist_title iconlist_title  '  itemprop=\"headline\" >Reservalo!<\/h4><\/header><div class='iconlist_content '  itemprop=\"text\" ><p>Llama al 974 318 267 o escribe un email a: sierra.alquezar@hotmail.com<\/p>\n<\/div><\/div><footer class=\"entry-footer\"><\/footer><\/article><div class=\"iconlist-timeline\"><\/div><\/li>\n<\/ul><\/div><\/div>\n\n<\/div><\/div><\/div><!-- close content main div --><\/div><\/div><div id='about-us'  class='avia-section av-av_section-5ed245d3e1edc50ad4248185fc2bf457 alternate_color avia-section-large avia-shadow  avia-builder-el-130  el_after_av_section  el_before_av_section  avia-bg-style-scroll container_wrap sidebar_right'  ><div class='container av-section-cont-open' ><div class='template-page content  av-content-small alpha units'><div class='post-entry post-entry-type-page post-entry-11550'><div class='entry-content-wrapper clearfix'>\n<div class='flex_column av-av_one_half-2a9015ff38129c418a3f2eafba3e9512 av_one_half  avia-builder-el-131  el_before_av_one_half  avia-builder-el-first  first flex_column_div '   ><section  class='av_textblock_section av-av_textblock-0366cc7376be6c9e82a3e9cc8987b64f'  itemscope=\"itemscope\" itemtype=\"https:\/\/schema.org\/CreativeWork\" ><div class='avia_textblock'  itemprop=\"text\" ><h2 style=\"text-align: right;\">Casa Os Arregueses. Alqu\u00e9zar<\/h2>\n<\/div><\/section><br \/>\n<div  class='hr av-av_hr-7036307108800bfe489471e1c9c1d5a1 hr-short  avia-builder-el-133  el_after_av_textblock  el_before_av_slideshow  hr-right'><span class='hr-inner '><span class=\"hr-inner-style\"><\/span><\/span><\/div><br \/>\n<br \/>\n<div  class='hr av-av_hr-7036307108800bfe489471e1c9c1d5a1 hr-short  avia-builder-el-135  el_after_av_slideshow  el_before_av_button  hr-right'><span class='hr-inner '><span class=\"hr-inner-style\"><\/span><\/span><\/div><br \/>\n<div  class='avia-button-wrap avia-button-right  avia-builder-el-136  el_after_av_hr  avia-builder-el-last ' ><a href='http:\/\/www.casaosarregueses.es\/' class='avia-button av-av_button-477ce62a934dd88928a1ac2ab286a56d avia-icon_select-yes-left-icon avia-size-large avia-position-right avia-color-theme-color-subtle' target=\"_blank\" rel=\"noopener noreferrer\"><span class='avia_button_icon avia_button_icon_left' aria-hidden='true' data-av_icon='\ue80b' data-av_iconfont='entypo-fontello'><\/span><span class='avia_iconbox_title' >Visita su Web<\/span><\/a><\/div><\/p><\/div>\n<style type=\"text\/css\" data-created_by=\"avia_inline_auto\" id=\"style-css-av-av_one_half-9c1d454dc06f7247226bc4e8f931daae\">\n.flex_column.av-av_one_half-9c1d454dc06f7247226bc4e8f931daae{\nborder-radius:0px 0px 0px 0px;\n-webkit-border-radius:0px 0px 0px 0px;\n-moz-border-radius:0px 0px 0px 0px;\n}\n<\/style>\n<div class='flex_column av-av_one_half-9c1d454dc06f7247226bc4e8f931daae av_one_half  avia-builder-el-137  el_after_av_one_half  avia-builder-el-last  flex_column_div av-zero-column-padding '   ><div  class='avia-icon-list-container av-av_iconlist-c9265973fe37925e1675fd541a8fb5d9  avia-builder-el-138  avia-builder-el-no-sibling '><ul class='avia-icon-list avia_animate_when_almost_visible avia-icon-list-left av-iconlist-big av-av_iconlist-c9265973fe37925e1675fd541a8fb5d9 avia-iconlist-animate'>\n<li><div class='iconlist_icon av-av_iconlist_item-d596de65be8ea4de00d4f0207df433ff avia-font-entypo-fontello'><span class='iconlist-char' aria-hidden='true' data-av_icon='\ue81f' data-av_iconfont='entypo-fontello'><\/span><\/div><article class=\"article-icon-entry \"  itemscope=\"itemscope\" itemtype=\"https:\/\/schema.org\/CreativeWork\" ><div class=\"iconlist_content_wrap\"><header class=\"entry-content-header\"><h4 class='av_iconlist_title iconlist_title  '  itemprop=\"headline\" >DESCRIPCION<\/h4><\/header><div class='iconlist_content '  itemprop=\"text\" ><p>Se trata de una vivienda de turismo rural que dispone de dos apartamentos\u00a0en la localidad medieval de Alqu\u00e9zar. Ofrece apartamentos con terraza privada.<\/p>\n<p>Los apartamentos cuentan con suelo de madera y sala de estar con chimenea, sof\u00e1 y TV. La zona de cocina incluye lavadora, horno y microondas. El ba\u00f1o dispone de ba\u00f1era o ducha y secador de pelo.<\/p>\n<\/div><\/div><footer class=\"entry-footer\"><\/footer><\/article><div class=\"iconlist-timeline\"><\/div><\/li>\n<li><div class='iconlist_icon av-av_iconlist_item-3698e561bf8f78df04d36e5f1cdae446 avia-font-entypo-fontello'><span class='iconlist-char' aria-hidden='true' data-av_icon='\ue821' data-av_iconfont='entypo-fontello'><\/span><\/div><article class=\"article-icon-entry \"  itemscope=\"itemscope\" itemtype=\"https:\/\/schema.org\/CreativeWork\" ><div class=\"iconlist_content_wrap\"><header class=\"entry-content-header\"><h4 class='av_iconlist_title iconlist_title  '  itemprop=\"headline\" >CAPACIDAD<\/h4><\/header><div class='iconlist_content '  itemprop=\"text\" ><p>La casa cuenta con dos apartamentos de 6 plazas cada uno. Total 12 plazas<\/p>\n<\/div><\/div><footer class=\"entry-footer\"><\/footer><\/article><div class=\"iconlist-timeline\"><\/div><\/li>\n<li><div class='iconlist_icon av-av_iconlist_item-c0b1b61df5915bb546117865fddafcc6 avia-font-entypo-fontello'><span class='iconlist-char' aria-hidden='true' data-av_icon='\ue827' data-av_iconfont='entypo-fontello'><\/span><\/div><article class=\"article-icon-entry \"  itemscope=\"itemscope\" itemtype=\"https:\/\/schema.org\/CreativeWork\" ><div class=\"iconlist_content_wrap\"><header class=\"entry-content-header\"><h4 class='av_iconlist_title iconlist_title  '  itemprop=\"headline\" >\u00bfCUANTO CUESTA?<\/h4><\/header><div class='iconlist_content '  itemprop=\"text\" ><p>TEMPORADA BAJA: 110\u20ac\/apartamento<\/p>\n<p>TEMPORADA ALTA: 120\u20ac\/apartamento<\/p>\n<\/div><\/div><footer class=\"entry-footer\"><\/footer><\/article><div class=\"iconlist-timeline\"><\/div><\/li>\n<li><div class='iconlist_icon av-av_iconlist_item-2f69efd9f3c85a6151c8d194fd99e42f avia-font-entypo-fontello'><span class='iconlist-char' aria-hidden='true' data-av_icon='\ue82b' data-av_iconfont='entypo-fontello'><\/span><\/div><article class=\"article-icon-entry \"  itemscope=\"itemscope\" itemtype=\"https:\/\/schema.org\/CreativeWork\" ><div class=\"iconlist_content_wrap\"><header class=\"entry-content-header\"><h4 class='av_iconlist_title iconlist_title  '  itemprop=\"headline\" >TE GUSTARA POR...<\/h4><\/header><div class='iconlist_content '  itemprop=\"text\" ><p>Empezando por el enclave del apartamento, unas vistas magn\u00edficas. Es muy c\u00e1lido y luminoso en sus zonas comunes, y podemos destacar tambi\u00e9n la sencillez pero a la vez confortabilidad del espacio. Dispone de parking para 4 veh\u00edculos. Un lugar ideal para descansar despu\u00e9s de un d\u00eda de recorridos por los ca\u00f1ones o el precioso pueblo de Alqu\u00e9zar.<\/p>\n<\/div><\/div><footer class=\"entry-footer\"><\/footer><\/article><div class=\"iconlist-timeline\"><\/div><\/li>\n<li><div class='iconlist_icon av-av_iconlist_item-25ab24d6bc8e262b62fe6cc2965e4e23 avia-font-entypo-fontello'><span class='iconlist-char' aria-hidden='true' data-av_icon='\ue805' data-av_iconfont='entypo-fontello'><\/span><\/div><article class=\"article-icon-entry \"  itemscope=\"itemscope\" itemtype=\"https:\/\/schema.org\/CreativeWork\" ><div class=\"iconlist_content_wrap\"><header class=\"entry-content-header\"><h4 class='av_iconlist_title iconlist_title  '  itemprop=\"headline\" >Reservalo!<\/h4><\/header><div class='iconlist_content '  itemprop=\"text\" ><p>Llama al 646 287 402 o escribe un email a:\u00a0<a href=\"mailto:informacion@casaosarregueses.es\">info@casaosarregueses.es<\/a><\/p>\n<\/div><\/div><footer class=\"entry-footer\"><\/footer><\/article><div class=\"iconlist-timeline\"><\/div><\/li>\n<\/ul><\/div><\/div>\n\n<\/div><\/div><\/div><!-- close content main div --><\/div><\/div><div id='about-us'  class='avia-section av-av_section-5ed245d3e1edc50ad4248185fc2bf457 alternate_color avia-section-large avia-shadow  avia-builder-el-139  el_after_av_section  el_before_av_section  avia-bg-style-scroll container_wrap sidebar_right'  ><div class='container av-section-cont-open' ><div class='template-page content  av-content-small alpha units'><div class='post-entry post-entry-type-page post-entry-11550'><div class='entry-content-wrapper clearfix'>\n<div class='flex_column av-av_one_half-2a9015ff38129c418a3f2eafba3e9512 av_one_half  avia-builder-el-140  el_before_av_one_half  avia-builder-el-first  first flex_column_div '   ><section  class='av_textblock_section av-av_textblock-0366cc7376be6c9e82a3e9cc8987b64f'  itemscope=\"itemscope\" itemtype=\"https:\/\/schema.org\/CreativeWork\" ><div class='avia_textblock'  itemprop=\"text\" ><h2 style=\"text-align: right;\">Casa Domper. Salas Altas<\/h2>\n<\/div><\/section><br \/>\n<div  class='hr av-av_hr-7036307108800bfe489471e1c9c1d5a1 hr-short  avia-builder-el-142  el_after_av_textblock  el_before_av_slideshow  hr-right'><span class='hr-inner '><span class=\"hr-inner-style\"><\/span><\/span><\/div><br \/>\n<br \/>\n<div  class='hr av-av_hr-7036307108800bfe489471e1c9c1d5a1 hr-short  avia-builder-el-144  el_after_av_slideshow  el_before_av_button  hr-right'><span class='hr-inner '><span class=\"hr-inner-style\"><\/span><\/span><\/div><br \/>\n<div  class='avia-button-wrap avia-button-right  avia-builder-el-145  el_after_av_hr  avia-builder-el-last ' ><a href='https:\/\/www.google.es\/maps\/dir\/\/Salas+Altas\/@42.1158422,0.0017164,12z\/data=!3m1!4b1!4m8!4m7!1m0!1m5!1m1!1s0x12a788d4fdd6442b:0x80da4f8241fed2c7!2m2!1d0.0717569!2d42.1158635' class='avia-button av-av_button-4895cf9e9699819667cc648cf029d75b avia-icon_select-yes-left-icon avia-size-large avia-position-right avia-color-theme-color-subtle' target=\"_blank\" rel=\"noopener noreferrer\"><span class='avia_button_icon avia_button_icon_left' aria-hidden='true' data-av_icon='\ue80b' data-av_iconfont='entypo-fontello'><\/span><span class='avia_iconbox_title' >Como llegar<\/span><\/a><\/div><\/p><\/div>\n<style type=\"text\/css\" data-created_by=\"avia_inline_auto\" id=\"style-css-av-av_one_half-9c1d454dc06f7247226bc4e8f931daae\">\n.flex_column.av-av_one_half-9c1d454dc06f7247226bc4e8f931daae{\nborder-radius:0px 0px 0px 0px;\n-webkit-border-radius:0px 0px 0px 0px;\n-moz-border-radius:0px 0px 0px 0px;\n}\n<\/style>\n<div class='flex_column av-av_one_half-9c1d454dc06f7247226bc4e8f931daae av_one_half  avia-builder-el-146  el_after_av_one_half  avia-builder-el-last  flex_column_div av-zero-column-padding '   ><div  class='avia-icon-list-container av-av_iconlist-c9265973fe37925e1675fd541a8fb5d9  avia-builder-el-147  avia-builder-el-no-sibling '><ul class='avia-icon-list avia_animate_when_almost_visible avia-icon-list-left av-iconlist-big av-av_iconlist-c9265973fe37925e1675fd541a8fb5d9 avia-iconlist-animate'>\n<li><div class='iconlist_icon av-av_iconlist_item-d596de65be8ea4de00d4f0207df433ff avia-font-entypo-fontello'><span class='iconlist-char' aria-hidden='true' data-av_icon='\ue81f' data-av_iconfont='entypo-fontello'><\/span><\/div><article class=\"article-icon-entry \"  itemscope=\"itemscope\" itemtype=\"https:\/\/schema.org\/CreativeWork\" ><div class=\"iconlist_content_wrap\"><header class=\"entry-content-header\"><h4 class='av_iconlist_title iconlist_title  '  itemprop=\"headline\" >DESCRIPCION<\/h4><\/header><div class='iconlist_content '  itemprop=\"text\" ><p>Antigua y gran casa rehabilitada en la Sierra de Guara. Por su gran capacidad es ideal para encuentros familiares y\/o grupos de amigos. La casa es de \u00fanico alquiler. Tiene un jard\u00edn privado de 2.000 m2 con posibilidades para hacer barbacoas, tomar el sol, jugar a futbol etc.<\/p>\n<\/div><\/div><footer class=\"entry-footer\"><\/footer><\/article><div class=\"iconlist-timeline\"><\/div><\/li>\n<li><div class='iconlist_icon av-av_iconlist_item-3698e561bf8f78df04d36e5f1cdae446 avia-font-entypo-fontello'><span class='iconlist-char' aria-hidden='true' data-av_icon='\ue821' data-av_iconfont='entypo-fontello'><\/span><\/div><article class=\"article-icon-entry \"  itemscope=\"itemscope\" itemtype=\"https:\/\/schema.org\/CreativeWork\" ><div class=\"iconlist_content_wrap\"><header class=\"entry-content-header\"><h4 class='av_iconlist_title iconlist_title  '  itemprop=\"headline\" >CAPACIDAD<\/h4><\/header><div class='iconlist_content '  itemprop=\"text\" ><p>La casa cuenta con ocho habitaciones. Total 20 plazas.<\/p>\n<\/div><\/div><footer class=\"entry-footer\"><\/footer><\/article><div class=\"iconlist-timeline\"><\/div><\/li>\n<li><div class='iconlist_icon av-av_iconlist_item-c0b1b61df5915bb546117865fddafcc6 avia-font-entypo-fontello'><span class='iconlist-char' aria-hidden='true' data-av_icon='\ue827' data-av_iconfont='entypo-fontello'><\/span><\/div><article class=\"article-icon-entry \"  itemscope=\"itemscope\" itemtype=\"https:\/\/schema.org\/CreativeWork\" ><div class=\"iconlist_content_wrap\"><header class=\"entry-content-header\"><h4 class='av_iconlist_title iconlist_title  '  itemprop=\"headline\" >\u00bfCUANTO CUESTA?<\/h4><\/header><div class='iconlist_content '  itemprop=\"text\" ><p>Desde 19\u20ac por persona.<\/p>\n<\/div><\/div><footer class=\"entry-footer\"><\/footer><\/article><div class=\"iconlist-timeline\"><\/div><\/li>\n<li><div class='iconlist_icon av-av_iconlist_item-2f69efd9f3c85a6151c8d194fd99e42f avia-font-entypo-fontello'><span class='iconlist-char' aria-hidden='true' data-av_icon='\ue82b' data-av_iconfont='entypo-fontello'><\/span><\/div><article class=\"article-icon-entry \"  itemscope=\"itemscope\" itemtype=\"https:\/\/schema.org\/CreativeWork\" ><div class=\"iconlist_content_wrap\"><header class=\"entry-content-header\"><h4 class='av_iconlist_title iconlist_title  '  itemprop=\"headline\" >TE GUSTARA POR...<\/h4><\/header><div class='iconlist_content '  itemprop=\"text\" ><p>Empezando por su jard\u00edn donde hay una segunda cocina completa.<\/p>\n<p>Tiene una sala de juegos y una bodega habilitada como zona de m\u00fasica, relax, encuentro con amigos&#8230;<\/p>\n<p>Propietarios encantadores que os aconsejaran sobre las actividades de la zona.<\/p>\n<\/div><\/div><footer class=\"entry-footer\"><\/footer><\/article><div class=\"iconlist-timeline\"><\/div><\/li>\n<li><div class='iconlist_icon av-av_iconlist_item-25ab24d6bc8e262b62fe6cc2965e4e23 avia-font-entypo-fontello'><span class='iconlist-char' aria-hidden='true' data-av_icon='\ue805' data-av_iconfont='entypo-fontello'><\/span><\/div><article class=\"article-icon-entry \"  itemscope=\"itemscope\" itemtype=\"https:\/\/schema.org\/CreativeWork\" ><div class=\"iconlist_content_wrap\"><header class=\"entry-content-header\"><h4 class='av_iconlist_title iconlist_title  '  itemprop=\"headline\" >Reservalo!<\/h4><\/header><div class='iconlist_content '  itemprop=\"text\" ><p>Llama al 635 556 495 escribe un email a<strong>\u00a0<\/strong><a href=\"mailto:casadomper@gmail.com\" target=\"_blank\" rel=\"noopener noreferrer\">casadomper@gmail.com<\/a><\/p>\n<\/div><\/div><footer class=\"entry-footer\"><\/footer><\/article><div class=\"iconlist-timeline\"><\/div><\/li>\n<\/ul><\/div><\/div>\n\n<\/div><\/div><\/div><!-- close content main div --><\/div><\/div><div id='about-us'  class='avia-section av-av_section-5ed245d3e1edc50ad4248185fc2bf457 alternate_color avia-section-large avia-shadow  avia-builder-el-148  el_after_av_section  el_before_av_section  avia-bg-style-scroll container_wrap sidebar_right'  ><div class='container av-section-cont-open' ><div class='template-page content  av-content-small alpha units'><div class='post-entry post-entry-type-page post-entry-11550'><div class='entry-content-wrapper clearfix'>\n<div class='flex_column av-av_one_half-2a9015ff38129c418a3f2eafba3e9512 av_one_half  avia-builder-el-149  el_before_av_one_half  avia-builder-el-first  first flex_column_div '   ><section  class='av_textblock_section av-av_textblock-0366cc7376be6c9e82a3e9cc8987b64f'  itemscope=\"itemscope\" itemtype=\"https:\/\/schema.org\/CreativeWork\" ><div class='avia_textblock'  itemprop=\"text\" ><h2 style=\"text-align: right;\">Porches de Guara. Radiquero<\/h2>\n<\/div><\/section><br \/>\n<div  class='hr av-av_hr-7036307108800bfe489471e1c9c1d5a1 hr-short  avia-builder-el-151  el_after_av_textblock  el_before_av_slideshow  hr-right'><span class='hr-inner '><span class=\"hr-inner-style\"><\/span><\/span><\/div><br \/>\n<br \/>\n<div  class='hr av-av_hr-7036307108800bfe489471e1c9c1d5a1 hr-short  avia-builder-el-153  el_after_av_slideshow  el_before_av_button  hr-right'><span class='hr-inner '><span class=\"hr-inner-style\"><\/span><\/span><\/div><br \/>\n<div  class='avia-button-wrap avia-button-right  avia-builder-el-154  el_after_av_hr  avia-builder-el-last ' ><a href='https:\/\/www.google.es\/maps\/dir\/\/Apartamentos+Porches+De+Guara,+Calle+Porches,+Radiquero\/@42.1723353,-0.0743028,12z\/data=!3m1!4b1!4m8!4m7!1m0!1m5!1m1!1s0xd5875f404a5f931:0x384186027333dbe!2m2!1d-0.0042623!2d42.1723566' class='avia-button av-av_button-ca075f42e2ad27c7810592874f6b2887 avia-icon_select-yes-left-icon avia-size-large avia-position-right avia-color-theme-color-subtle' target=\"_blank\" rel=\"noopener noreferrer\"><span class='avia_button_icon avia_button_icon_left' aria-hidden='true' data-av_icon='\ue80b' data-av_iconfont='entypo-fontello'><\/span><span class='avia_iconbox_title' >Como llegar<\/span><\/a><\/div><\/p><\/div>\n<style type=\"text\/css\" data-created_by=\"avia_inline_auto\" id=\"style-css-av-av_one_half-9c1d454dc06f7247226bc4e8f931daae\">\n.flex_column.av-av_one_half-9c1d454dc06f7247226bc4e8f931daae{\nborder-radius:0px 0px 0px 0px;\n-webkit-border-radius:0px 0px 0px 0px;\n-moz-border-radius:0px 0px 0px 0px;\n}\n<\/style>\n<div class='flex_column av-av_one_half-9c1d454dc06f7247226bc4e8f931daae av_one_half  avia-builder-el-155  el_after_av_one_half  avia-builder-el-last  flex_column_div av-zero-column-padding '   ><p>\n<style type=\"text\/css\" data-created_by=\"avia_inline_auto\" id=\"style-css-av-av_hr-879f897e0c774200876c570ccbab0ca7\">\n#top .hr.hr-invisible.av-av_hr-879f897e0c774200876c570ccbab0ca7{\nheight:70px;\n}\n<\/style>\n<div  class='hr av-av_hr-879f897e0c774200876c570ccbab0ca7 hr-invisible  avia-builder-el-156  el_before_av_iconlist  avia-builder-el-first '><span class='hr-inner '><span class=\"hr-inner-style\"><\/span><\/span><\/div><br \/>\n<div  class='avia-icon-list-container av-av_iconlist-c9265973fe37925e1675fd541a8fb5d9  avia-builder-el-157  el_after_av_hr  avia-builder-el-last '><ul class='avia-icon-list avia_animate_when_almost_visible avia-icon-list-left av-iconlist-big av-av_iconlist-c9265973fe37925e1675fd541a8fb5d9 avia-iconlist-animate'>\n<li><div class='iconlist_icon av-av_iconlist_item-d596de65be8ea4de00d4f0207df433ff avia-font-entypo-fontello'><span class='iconlist-char' aria-hidden='true' data-av_icon='\ue81f' data-av_iconfont='entypo-fontello'><\/span><\/div><article class=\"article-icon-entry \"  itemscope=\"itemscope\" itemtype=\"https:\/\/schema.org\/CreativeWork\" ><div class=\"iconlist_content_wrap\"><header class=\"entry-content-header\"><h4 class='av_iconlist_title iconlist_title  '  itemprop=\"headline\" >DESCRIPCION<\/h4><\/header><div class='iconlist_content '  itemprop=\"text\" ><p>Estos apartamentos cuentan con todo el encanto rural de una casa tradicional y de los paisajes m\u00e1s bellos de la Sierra de Guara.<\/p>\n<p>Se sit\u00faan en Radiquero, un tranquilo pueblo de 60 habitantes perteneciente al Ayuntamiento de Alqu\u00e9zar.<\/p>\n<p>En un edificio antiguo, completamente rehabilitado, se encuentran tres apartamentos.<\/p>\n<\/div><\/div><footer class=\"entry-footer\"><\/footer><\/article><div class=\"iconlist-timeline\"><\/div><\/li>\n<li><div class='iconlist_icon av-av_iconlist_item-3698e561bf8f78df04d36e5f1cdae446 avia-font-entypo-fontello'><span class='iconlist-char' aria-hidden='true' data-av_icon='\ue821' data-av_iconfont='entypo-fontello'><\/span><\/div><article class=\"article-icon-entry \"  itemscope=\"itemscope\" itemtype=\"https:\/\/schema.org\/CreativeWork\" ><div class=\"iconlist_content_wrap\"><header class=\"entry-content-header\"><h4 class='av_iconlist_title iconlist_title  '  itemprop=\"headline\" >CAPACIDAD<\/h4><\/header><div class='iconlist_content '  itemprop=\"text\" ><p>La casa cuenta con tres apartamentos. Total 18 plazas.<\/p>\n<\/div><\/div><footer class=\"entry-footer\"><\/footer><\/article><div class=\"iconlist-timeline\"><\/div><\/li>\n<li><div class='iconlist_icon av-av_iconlist_item-c0b1b61df5915bb546117865fddafcc6 avia-font-entypo-fontello'><span class='iconlist-char' aria-hidden='true' data-av_icon='\ue827' data-av_iconfont='entypo-fontello'><\/span><\/div><article class=\"article-icon-entry \"  itemscope=\"itemscope\" itemtype=\"https:\/\/schema.org\/CreativeWork\" ><div class=\"iconlist_content_wrap\"><header class=\"entry-content-header\"><h4 class='av_iconlist_title iconlist_title  '  itemprop=\"headline\" >\u00bfCUANTO CUESTA?<\/h4><\/header><div class='iconlist_content '  itemprop=\"text\" ><p>Precio por apartamento: 100\u20ac\/noche<\/p>\n<\/div><\/div><footer class=\"entry-footer\"><\/footer><\/article><div class=\"iconlist-timeline\"><\/div><\/li>\n<li><div class='iconlist_icon av-av_iconlist_item-2f69efd9f3c85a6151c8d194fd99e42f avia-font-entypo-fontello'><span class='iconlist-char' aria-hidden='true' data-av_icon='\ue82b' data-av_iconfont='entypo-fontello'><\/span><\/div><article class=\"article-icon-entry \"  itemscope=\"itemscope\" itemtype=\"https:\/\/schema.org\/CreativeWork\" ><div class=\"iconlist_content_wrap\"><header class=\"entry-content-header\"><h4 class='av_iconlist_title iconlist_title  '  itemprop=\"headline\" >TE GUSTARA POR...<\/h4><\/header><div class='iconlist_content '  itemprop=\"text\" ><p>Decoraci\u00f3n con un estilo propio, llena de personalidad y encanto.<\/p>\n<p>Espacio ajardinado y su bodega con barbacoa.<\/p>\n<\/div><\/div><footer class=\"entry-footer\"><\/footer><\/article><div class=\"iconlist-timeline\"><\/div><\/li>\n<li><div class='iconlist_icon av-av_iconlist_item-25ab24d6bc8e262b62fe6cc2965e4e23 avia-font-entypo-fontello'><span class='iconlist-char' aria-hidden='true' data-av_icon='\ue805' data-av_iconfont='entypo-fontello'><\/span><\/div><article class=\"article-icon-entry \"  itemscope=\"itemscope\" itemtype=\"https:\/\/schema.org\/CreativeWork\" ><div class=\"iconlist_content_wrap\"><header class=\"entry-content-header\"><h4 class='av_iconlist_title iconlist_title  '  itemprop=\"headline\" >Reservalo!<\/h4><\/header><div class='iconlist_content '  itemprop=\"text\" ><p>Llama al 678 978 559 o escribe un email a\u00a0info@porchesdeguara.com<\/p>\n<\/div><\/div><footer class=\"entry-footer\"><\/footer><\/article><div class=\"iconlist-timeline\"><\/div><\/li>\n<\/ul><\/div><\/p><\/div>\n\n<\/div><\/div><\/div><!-- close content main div --><\/div><\/div><div id='about-us'  class='avia-section av-av_section-5ed245d3e1edc50ad4248185fc2bf457 alternate_color avia-section-large avia-shadow  avia-builder-el-158  el_after_av_section  el_before_av_section  avia-bg-style-scroll container_wrap sidebar_right'  ><div class='container av-section-cont-open' ><div class='template-page content  av-content-small alpha units'><div class='post-entry post-entry-type-page post-entry-11550'><div class='entry-content-wrapper clearfix'>\n<div class='flex_column av-av_one_half-2a9015ff38129c418a3f2eafba3e9512 av_one_half  avia-builder-el-159  el_before_av_one_half  avia-builder-el-first  first flex_column_div '   ><section  class='av_textblock_section av-av_textblock-0366cc7376be6c9e82a3e9cc8987b64f'  itemscope=\"itemscope\" itemtype=\"https:\/\/schema.org\/CreativeWork\" ><div class='avia_textblock'  itemprop=\"text\" ><h2 style=\"text-align: right;\">\u00a0Hotel Castillo. Alqu\u00e9zar<\/h2>\n<\/div><\/section><br \/>\n<div  class='hr av-av_hr-7036307108800bfe489471e1c9c1d5a1 hr-short  avia-builder-el-161  el_after_av_textblock  el_before_av_slideshow  hr-right'><span class='hr-inner '><span class=\"hr-inner-style\"><\/span><\/span><\/div><br \/>\n<br \/>\n<div  class='hr av-av_hr-7036307108800bfe489471e1c9c1d5a1 hr-short  avia-builder-el-163  el_after_av_slideshow  el_before_av_button  hr-right'><span class='hr-inner '><span class=\"hr-inner-style\"><\/span><\/span><\/div><br \/>\n<div  class='avia-button-wrap avia-button-right  avia-builder-el-164  el_after_av_hr  avia-builder-el-last ' ><a href='http:\/\/www.hotelcastilloalquezar.com\/' class='avia-button av-av_button-ee19994938d13a166e28b11677ed049c avia-icon_select-yes-left-icon avia-size-large avia-position-right avia-color-theme-color-subtle' target=\"_blank\" rel=\"noopener noreferrer\"><span class='avia_button_icon avia_button_icon_left' aria-hidden='true' data-av_icon='\ue80b' data-av_iconfont='entypo-fontello'><\/span><span class='avia_iconbox_title' >Visita su Web<\/span><\/a><\/div><\/p><\/div>\n<style type=\"text\/css\" data-created_by=\"avia_inline_auto\" id=\"style-css-av-av_one_half-9c1d454dc06f7247226bc4e8f931daae\">\n.flex_column.av-av_one_half-9c1d454dc06f7247226bc4e8f931daae{\nborder-radius:0px 0px 0px 0px;\n-webkit-border-radius:0px 0px 0px 0px;\n-moz-border-radius:0px 0px 0px 0px;\n}\n<\/style>\n<div class='flex_column av-av_one_half-9c1d454dc06f7247226bc4e8f931daae av_one_half  avia-builder-el-165  el_after_av_one_half  avia-builder-el-last  flex_column_div av-zero-column-padding '   ><div  class='avia-icon-list-container av-av_iconlist-c9265973fe37925e1675fd541a8fb5d9  avia-builder-el-166  avia-builder-el-no-sibling '><ul class='avia-icon-list avia_animate_when_almost_visible avia-icon-list-left av-iconlist-big av-av_iconlist-c9265973fe37925e1675fd541a8fb5d9 avia-iconlist-animate'>\n<li><div class='iconlist_icon av-av_iconlist_item-d596de65be8ea4de00d4f0207df433ff avia-font-entypo-fontello'><span class='iconlist-char' aria-hidden='true' data-av_icon='\ue81f' data-av_iconfont='entypo-fontello'><\/span><\/div><article class=\"article-icon-entry \"  itemscope=\"itemscope\" itemtype=\"https:\/\/schema.org\/CreativeWork\" ><div class=\"iconlist_content_wrap\"><header class=\"entry-content-header\"><h4 class='av_iconlist_title iconlist_title  '  itemprop=\"headline\" >DESCRIPCION<\/h4><\/header><div class='iconlist_content '  itemprop=\"text\" ><p>El <span class=\"bold\">Hotel est\u00e1\u00a0<\/span>situado en el coraz\u00f3n de la pintoresca villa medieval de <span class=\"bold\">Alqu\u00e9zar<\/span>, cuenta con las vistas panor\u00e1micas m\u00e1s espectaculares de la villa.\u00a0Este acogedor e inigualable hotel familiar, elegante y de impecable estilo, en el que se conjuga la t\u00edpica arquitectura en piedra y madera de la \u00e9poca a la que pertenece, con la exquisita y moderna decoraci\u00f3n de sus habitaciones inundadas de luz natural y luminosidad, ofrece el m\u00e1ximo confort a sus hu\u00e9spedes.<\/p>\n<\/div><\/div><footer class=\"entry-footer\"><\/footer><\/article><div class=\"iconlist-timeline\"><\/div><\/li>\n<li><div class='iconlist_icon av-av_iconlist_item-3698e561bf8f78df04d36e5f1cdae446 avia-font-entypo-fontello'><span class='iconlist-char' aria-hidden='true' data-av_icon='\ue821' data-av_iconfont='entypo-fontello'><\/span><\/div><article class=\"article-icon-entry \"  itemscope=\"itemscope\" itemtype=\"https:\/\/schema.org\/CreativeWork\" ><div class=\"iconlist_content_wrap\"><header class=\"entry-content-header\"><h4 class='av_iconlist_title iconlist_title  '  itemprop=\"headline\" >CAPACIDAD<\/h4><\/header><div class='iconlist_content '  itemprop=\"text\" ><p>El hotel tiene 8 habitaciones dobles.<\/p>\n<\/div><\/div><footer class=\"entry-footer\"><\/footer><\/article><div class=\"iconlist-timeline\"><\/div><\/li>\n<li><div class='iconlist_icon av-av_iconlist_item-c0b1b61df5915bb546117865fddafcc6 avia-font-entypo-fontello'><span class='iconlist-char' aria-hidden='true' data-av_icon='\ue827' data-av_iconfont='entypo-fontello'><\/span><\/div><article class=\"article-icon-entry \"  itemscope=\"itemscope\" itemtype=\"https:\/\/schema.org\/CreativeWork\" ><div class=\"iconlist_content_wrap\"><header class=\"entry-content-header\"><h4 class='av_iconlist_title iconlist_title  '  itemprop=\"headline\" >\u00bfCUANTO CUESTA?<\/h4><\/header><div class='iconlist_content '  itemprop=\"text\" ><p>De 77\u20ac a 110\u20ac\/habitaci\u00f3n. Desayunos. 7.5\u20ac\/pax.<\/p>\n<\/div><\/div><footer class=\"entry-footer\"><\/footer><\/article><div class=\"iconlist-timeline\"><\/div><\/li>\n<li><div class='iconlist_icon av-av_iconlist_item-2f69efd9f3c85a6151c8d194fd99e42f avia-font-entypo-fontello'><span class='iconlist-char' aria-hidden='true' data-av_icon='\ue82b' data-av_iconfont='entypo-fontello'><\/span><\/div><article class=\"article-icon-entry \"  itemscope=\"itemscope\" itemtype=\"https:\/\/schema.org\/CreativeWork\" ><div class=\"iconlist_content_wrap\"><header class=\"entry-content-header\"><h4 class='av_iconlist_title iconlist_title  '  itemprop=\"headline\" >TE GUSTARA POR...<\/h4><\/header><div class='iconlist_content '  itemprop=\"text\" ><p>Su ambiente c\u00e1lido y rom\u00e1ntico. Sus habitaciones decoradas con gusto exquisito y m\u00e1ximo confort, donde el estilo moderno, r\u00fastico y cl\u00e1sico combinan a la perfecci\u00f3n. La decoraci\u00f3n de cada estancia la hace diferente de las dem\u00e1s, cada detalle ha sido cuidado con especial inter\u00e9s. Su nombre hace referencia a distintas variedades de oliva de la zona.Los desayunos complet\u00edsimos y deliciosos.Trato familiar, atenci\u00f3n inmejorable por parte de los due\u00f1os.<\/p>\n<\/div><\/div><footer class=\"entry-footer\"><\/footer><\/article><div class=\"iconlist-timeline\"><\/div><\/li>\n<li><div class='iconlist_icon av-av_iconlist_item-25ab24d6bc8e262b62fe6cc2965e4e23 avia-font-entypo-fontello'><span class='iconlist-char' aria-hidden='true' data-av_icon='\ue805' data-av_iconfont='entypo-fontello'><\/span><\/div><article class=\"article-icon-entry \"  itemscope=\"itemscope\" itemtype=\"https:\/\/schema.org\/CreativeWork\" ><div class=\"iconlist_content_wrap\"><header class=\"entry-content-header\"><h4 class='av_iconlist_title iconlist_title  '  itemprop=\"headline\" >Reservalo!<\/h4><\/header><div class='iconlist_content '  itemprop=\"text\" ><p>Llama al 34 974 942 565 o escribe un email a:\u00a0<span class=\"texto12ptBlanco\"><a href=\"mailto:info@hotelcastilloalquezar.com\">info@hotelcastilloalquezar.com<\/a><\/span><\/p>\n<\/div><\/div><footer class=\"entry-footer\"><\/footer><\/article><div class=\"iconlist-timeline\"><\/div><\/li>\n<\/ul><\/div><\/div>\n\n<\/div><\/div><\/div><!-- close content main div --><\/div><\/div><div id='about-us'  class='avia-section av-av_section-5ed245d3e1edc50ad4248185fc2bf457 alternate_color avia-section-large avia-shadow  avia-builder-el-167  el_after_av_section  el_before_av_section  avia-bg-style-scroll container_wrap sidebar_right'  ><div class='container av-section-cont-open' ><div class='template-page content  av-content-small alpha units'><div class='post-entry post-entry-type-page post-entry-11550'><div class='entry-content-wrapper clearfix'>\n<div class='flex_column av-av_one_half-2a9015ff38129c418a3f2eafba3e9512 av_one_half  avia-builder-el-168  el_before_av_one_half  avia-builder-el-first  first flex_column_div '   ><section  class='av_textblock_section av-av_textblock-0366cc7376be6c9e82a3e9cc8987b64f'  itemscope=\"itemscope\" itemtype=\"https:\/\/schema.org\/CreativeWork\" ><div class='avia_textblock'  itemprop=\"text\" ><h2 style=\"text-align: right;\">Hotel Maribel. Alqu\u00e9zar<\/h2>\n<\/div><\/section><br \/>\n<div  class='hr av-av_hr-7036307108800bfe489471e1c9c1d5a1 hr-short  avia-builder-el-170  el_after_av_textblock  el_before_av_slideshow  hr-right'><span class='hr-inner '><span class=\"hr-inner-style\"><\/span><\/span><\/div><br \/>\n<br \/>\n<div  class='hr av-av_hr-7036307108800bfe489471e1c9c1d5a1 hr-short  avia-builder-el-172  el_after_av_slideshow  el_before_av_button  hr-right'><span class='hr-inner '><span class=\"hr-inner-style\"><\/span><\/span><\/div><br \/>\n<div  class='avia-button-wrap avia-button-right  avia-builder-el-173  el_after_av_hr  avia-builder-el-last ' ><a href='https:\/\/alquezarturismorural.wordpress.com\/' class='avia-button av-av_button-ebb93f3a9e37c73f89b74615de34e3fc avia-icon_select-yes-left-icon avia-size-large avia-position-right avia-color-theme-color-subtle' target=\"_blank\" rel=\"noopener noreferrer\"><span class='avia_button_icon avia_button_icon_left' aria-hidden='true' data-av_icon='\ue80b' data-av_iconfont='entypo-fontello'><\/span><span class='avia_iconbox_title' >Visita su Web<\/span><\/a><\/div><\/p><\/div>\n<style type=\"text\/css\" data-created_by=\"avia_inline_auto\" id=\"style-css-av-av_one_half-9c1d454dc06f7247226bc4e8f931daae\">\n.flex_column.av-av_one_half-9c1d454dc06f7247226bc4e8f931daae{\nborder-radius:0px 0px 0px 0px;\n-webkit-border-radius:0px 0px 0px 0px;\n-moz-border-radius:0px 0px 0px 0px;\n}\n<\/style>\n<div class='flex_column av-av_one_half-9c1d454dc06f7247226bc4e8f931daae av_one_half  avia-builder-el-174  el_after_av_one_half  avia-builder-el-last  flex_column_div av-zero-column-padding '   ><div  class='avia-icon-list-container av-av_iconlist-c9265973fe37925e1675fd541a8fb5d9  avia-builder-el-175  avia-builder-el-no-sibling '><ul class='avia-icon-list avia_animate_when_almost_visible avia-icon-list-left av-iconlist-big av-av_iconlist-c9265973fe37925e1675fd541a8fb5d9 avia-iconlist-animate'>\n<li><div class='iconlist_icon av-av_iconlist_item-d596de65be8ea4de00d4f0207df433ff avia-font-entypo-fontello'><span class='iconlist-char' aria-hidden='true' data-av_icon='\ue81f' data-av_iconfont='entypo-fontello'><\/span><\/div><article class=\"article-icon-entry \"  itemscope=\"itemscope\" itemtype=\"https:\/\/schema.org\/CreativeWork\" ><div class=\"iconlist_content_wrap\"><header class=\"entry-content-header\"><h4 class='av_iconlist_title iconlist_title  '  itemprop=\"headline\" >DESCRIPCION<\/h4><\/header><div class='iconlist_content '  itemprop=\"text\" ><p>El Hotel Boutique Maribel se encuentra en \u00a0pleno centro de la villa de Alqu\u00e9zar.<\/p>\n<p>Las habitaciones del Maribel son amplias, disponen de aire acondicionado y combinan el dise\u00f1o cl\u00e1sico y el moderno. Todas tienen una zona de estar independiente, TV v\u00eda sat\u00e9lite y balc\u00f3n privado.<\/p>\n<p>En el comedor se sirve un desayuno casero diario. El restaurante del hotel, el Casa Gervasio, sirve comida tradicional de Arag\u00f3n y cuenta con una bonita terraza.<\/p>\n<p>Dispone de parking.<\/p>\n<\/div><\/div><footer class=\"entry-footer\"><\/footer><\/article><div class=\"iconlist-timeline\"><\/div><\/li>\n<li><div class='iconlist_icon av-av_iconlist_item-3698e561bf8f78df04d36e5f1cdae446 avia-font-entypo-fontello'><span class='iconlist-char' aria-hidden='true' data-av_icon='\ue821' data-av_iconfont='entypo-fontello'><\/span><\/div><article class=\"article-icon-entry \"  itemscope=\"itemscope\" itemtype=\"https:\/\/schema.org\/CreativeWork\" ><div class=\"iconlist_content_wrap\"><header class=\"entry-content-header\"><h4 class='av_iconlist_title iconlist_title  '  itemprop=\"headline\" >CAPACIDAD<\/h4><\/header><div class='iconlist_content '  itemprop=\"text\" ><p>La casa cuenta con dos apartamentos de 9 habitaciones. Total 18 plazas.<\/p>\n<\/div><\/div><footer class=\"entry-footer\"><\/footer><\/article><div class=\"iconlist-timeline\"><\/div><\/li>\n<li><div class='iconlist_icon av-av_iconlist_item-c0b1b61df5915bb546117865fddafcc6 avia-font-entypo-fontello'><span class='iconlist-char' aria-hidden='true' data-av_icon='\ue827' data-av_iconfont='entypo-fontello'><\/span><\/div><article class=\"article-icon-entry \"  itemscope=\"itemscope\" itemtype=\"https:\/\/schema.org\/CreativeWork\" ><div class=\"iconlist_content_wrap\"><header class=\"entry-content-header\"><h4 class='av_iconlist_title iconlist_title  '  itemprop=\"headline\" >\u00bfCUANTO CUESTA?<\/h4><\/header><div class='iconlist_content '  itemprop=\"text\" ><p>120 a 150\u20ac\/habitaci\u00f3n.Seg\u00fan temporada.<\/p>\n<\/div><\/div><footer class=\"entry-footer\"><\/footer><\/article><div class=\"iconlist-timeline\"><\/div><\/li>\n<li><div class='iconlist_icon av-av_iconlist_item-2f69efd9f3c85a6151c8d194fd99e42f avia-font-entypo-fontello'><span class='iconlist-char' aria-hidden='true' data-av_icon='\ue82b' data-av_iconfont='entypo-fontello'><\/span><\/div><article class=\"article-icon-entry \"  itemscope=\"itemscope\" itemtype=\"https:\/\/schema.org\/CreativeWork\" ><div class=\"iconlist_content_wrap\"><header class=\"entry-content-header\"><h4 class='av_iconlist_title iconlist_title  '  itemprop=\"headline\" >TE GUSTARA POR...<\/h4><\/header><div class='iconlist_content '  itemprop=\"text\" ><p>Destaca por su exquisita decoraci\u00f3n y arquitectura interior ,las f\u00e1bricas antiguas de techos de revolt\u00f3n, envigados bocelados y los entarimados macizos de maderas nobles, recrean la nobleza acogedora de este hotel.\u00a0Todas las habitaciones son exteriores y est\u00e1n equipadas con calefacci\u00f3n y aire acondicionado. Disponen de TV plasma, tel\u00e9fono y conexi\u00f3n wifi, minibar, jacuzzi hidromasaje dos plazas, secador de pelo, albornoz y almohadas de lectura.<\/p>\n<\/div><\/div><footer class=\"entry-footer\"><\/footer><\/article><div class=\"iconlist-timeline\"><\/div><\/li>\n<li><div class='iconlist_icon av-av_iconlist_item-25ab24d6bc8e262b62fe6cc2965e4e23 avia-font-entypo-fontello'><span class='iconlist-char' aria-hidden='true' data-av_icon='\ue805' data-av_iconfont='entypo-fontello'><\/span><\/div><article class=\"article-icon-entry \"  itemscope=\"itemscope\" itemtype=\"https:\/\/schema.org\/CreativeWork\" ><div class=\"iconlist_content_wrap\"><header class=\"entry-content-header\"><h4 class='av_iconlist_title iconlist_title  '  itemprop=\"headline\" >Reservalo!<\/h4><\/header><div class='iconlist_content '  itemprop=\"text\" ><p>Llama al 620 220 390 \u00a0o escribe un email a :<a href=\"mailto:info@grupogervasio.com\">info@grupogervasio.com<\/a><\/p>\n<\/div><\/div><footer class=\"entry-footer\"><\/footer><\/article><div class=\"iconlist-timeline\"><\/div><\/li>\n<\/ul><\/div><\/div>\n\n<\/div><\/div><\/div><!-- close content main div --><\/div><\/div><div id='about-us'  class='avia-section av-av_section-5ed245d3e1edc50ad4248185fc2bf457 alternate_color avia-section-large avia-shadow  avia-builder-el-176  el_after_av_section  el_before_av_section  avia-bg-style-scroll container_wrap sidebar_right'  ><div class='container av-section-cont-open' ><div class='template-page content  av-content-small alpha units'><div class='post-entry post-entry-type-page post-entry-11550'><div class='entry-content-wrapper clearfix'>\n<div class='flex_column av-av_one_half-2a9015ff38129c418a3f2eafba3e9512 av_one_half  avia-builder-el-177  el_before_av_one_half  avia-builder-el-first  first flex_column_div '   ><section  class='av_textblock_section av-av_textblock-0366cc7376be6c9e82a3e9cc8987b64f'  itemscope=\"itemscope\" itemtype=\"https:\/\/schema.org\/CreativeWork\" ><div class='avia_textblock'  itemprop=\"text\" ><h2 style=\"text-align: right;\">Hotel Villa de Alqu\u00e9zar<\/h2>\n<\/div><\/section><br \/>\n<div  class='hr av-av_hr-7036307108800bfe489471e1c9c1d5a1 hr-short  avia-builder-el-179  el_after_av_textblock  el_before_av_slideshow  hr-right'><span class='hr-inner '><span class=\"hr-inner-style\"><\/span><\/span><\/div><br \/>\n<br \/>\n<div  class='hr av-av_hr-7036307108800bfe489471e1c9c1d5a1 hr-short  avia-builder-el-181  el_after_av_slideshow  el_before_av_button  hr-right'><span class='hr-inner '><span class=\"hr-inner-style\"><\/span><\/span><\/div><br \/>\n<div  class='avia-button-wrap avia-button-right  avia-builder-el-182  el_after_av_hr  avia-builder-el-last ' ><a href='http:\/\/www.villadealquezar.com\/' class='avia-button av-av_button-3f466a0f368e140c251c29143b687a68 avia-icon_select-yes-left-icon avia-size-large avia-position-right avia-color-theme-color-subtle' target=\"_blank\" rel=\"noopener noreferrer\"><span class='avia_button_icon avia_button_icon_left' aria-hidden='true' data-av_icon='\ue80b' data-av_iconfont='entypo-fontello'><\/span><span class='avia_iconbox_title' >Visita su Web<\/span><\/a><\/div><\/p><\/div>\n<style type=\"text\/css\" data-created_by=\"avia_inline_auto\" id=\"style-css-av-av_one_half-9c1d454dc06f7247226bc4e8f931daae\">\n.flex_column.av-av_one_half-9c1d454dc06f7247226bc4e8f931daae{\nborder-radius:0px 0px 0px 0px;\n-webkit-border-radius:0px 0px 0px 0px;\n-moz-border-radius:0px 0px 0px 0px;\n}\n<\/style>\n<div class='flex_column av-av_one_half-9c1d454dc06f7247226bc4e8f931daae av_one_half  avia-builder-el-183  el_after_av_one_half  avia-builder-el-last  flex_column_div av-zero-column-padding '   ><div  class='avia-icon-list-container av-av_iconlist-c9265973fe37925e1675fd541a8fb5d9  avia-builder-el-184  avia-builder-el-no-sibling '><ul class='avia-icon-list avia_animate_when_almost_visible avia-icon-list-left av-iconlist-big av-av_iconlist-c9265973fe37925e1675fd541a8fb5d9 avia-iconlist-animate'>\n<li><div class='iconlist_icon av-av_iconlist_item-d596de65be8ea4de00d4f0207df433ff avia-font-entypo-fontello'><span class='iconlist-char' aria-hidden='true' data-av_icon='\ue81f' data-av_iconfont='entypo-fontello'><\/span><\/div><article class=\"article-icon-entry \"  itemscope=\"itemscope\" itemtype=\"https:\/\/schema.org\/CreativeWork\" ><div class=\"iconlist_content_wrap\"><header class=\"entry-content-header\"><h4 class='av_iconlist_title iconlist_title  '  itemprop=\"headline\" >DESCRIPCION<\/h4><\/header><div class='iconlist_content '  itemprop=\"text\" ><p>El Hotel Villa de Alqu\u00e9zar se encuentra en la localidad medieval de Alqu\u00e9zar. El hotel cuenta con jardines, terraza y conexi\u00f3n Wi-Fi.<\/p>\n<p>Las habitaciones del Villa de Alqu\u00e9zar son amplias y disponen de TV v\u00eda sat\u00e9lite, aire acondicionado y ba\u00f1o privado.Tambi\u00e9n cuenta con bar cafeter\u00eda, sal\u00f3n, piscina, spa y aparcamiento gratuito.<\/p>\n<\/div><\/div><footer class=\"entry-footer\"><\/footer><\/article><div class=\"iconlist-timeline\"><\/div><\/li>\n<li><div class='iconlist_icon av-av_iconlist_item-3698e561bf8f78df04d36e5f1cdae446 avia-font-entypo-fontello'><span class='iconlist-char' aria-hidden='true' data-av_icon='\ue821' data-av_iconfont='entypo-fontello'><\/span><\/div><article class=\"article-icon-entry \"  itemscope=\"itemscope\" itemtype=\"https:\/\/schema.org\/CreativeWork\" ><div class=\"iconlist_content_wrap\"><header class=\"entry-content-header\"><h4 class='av_iconlist_title iconlist_title  '  itemprop=\"headline\" >CAPACIDAD<\/h4><\/header><div class='iconlist_content '  itemprop=\"text\" ><p>El hotel cuenta con 33 habitaciones,15 de las cuales son dobles sin terraza, 11 con terraza\u00a0y 8\u00a0especiales.<\/p>\n<\/div><\/div><footer class=\"entry-footer\"><\/footer><\/article><div class=\"iconlist-timeline\"><\/div><\/li>\n<li><div class='iconlist_icon av-av_iconlist_item-c0b1b61df5915bb546117865fddafcc6 avia-font-entypo-fontello'><span class='iconlist-char' aria-hidden='true' data-av_icon='\ue827' data-av_iconfont='entypo-fontello'><\/span><\/div><article class=\"article-icon-entry \"  itemscope=\"itemscope\" itemtype=\"https:\/\/schema.org\/CreativeWork\" ><div class=\"iconlist_content_wrap\"><header class=\"entry-content-header\"><h4 class='av_iconlist_title iconlist_title  '  itemprop=\"headline\" >\u00bfCUANTO CUESTA?<\/h4><\/header><div class='iconlist_content '  itemprop=\"text\" ><p>Habitaciones de 72 a 120 euros.<\/p>\n<\/div><\/div><footer class=\"entry-footer\"><\/footer><\/article><div class=\"iconlist-timeline\"><\/div><\/li>\n<li><div class='iconlist_icon av-av_iconlist_item-2f69efd9f3c85a6151c8d194fd99e42f avia-font-entypo-fontello'><span class='iconlist-char' aria-hidden='true' data-av_icon='\ue82b' data-av_iconfont='entypo-fontello'><\/span><\/div><article class=\"article-icon-entry \"  itemscope=\"itemscope\" itemtype=\"https:\/\/schema.org\/CreativeWork\" ><div class=\"iconlist_content_wrap\"><header class=\"entry-content-header\"><h4 class='av_iconlist_title iconlist_title  '  itemprop=\"headline\" >TE GUSTARA POR...<\/h4><\/header><div class='iconlist_content '  itemprop=\"text\" ><p>La ubicaci\u00f3n excelente. Las vistas preciosas desde las habitaciones con balc\u00f3n . Los desayunos ricos y variados con \u00a0productos del pais. Piscina y parking para los clientes gratuito.<\/p>\n<\/div><\/div><footer class=\"entry-footer\"><\/footer><\/article><div class=\"iconlist-timeline\"><\/div><\/li>\n<li><div class='iconlist_icon av-av_iconlist_item-25ab24d6bc8e262b62fe6cc2965e4e23 avia-font-entypo-fontello'><span class='iconlist-char' aria-hidden='true' data-av_icon='\ue805' data-av_iconfont='entypo-fontello'><\/span><\/div><article class=\"article-icon-entry \"  itemscope=\"itemscope\" itemtype=\"https:\/\/schema.org\/CreativeWork\" ><div class=\"iconlist_content_wrap\"><header class=\"entry-content-header\"><h4 class='av_iconlist_title iconlist_title  '  itemprop=\"headline\" >Reservalo!<\/h4><\/header><div class='iconlist_content '  itemprop=\"text\" ><p>Llama al 974 318 416 o escribe un email a :\u00a0info@villadealquezar.com<\/p>\n<\/div><\/div><footer class=\"entry-footer\"><\/footer><\/article><div class=\"iconlist-timeline\"><\/div><\/li>\n<\/ul><\/div><\/div>\n\n<\/div><\/div><\/div><!-- close content main div --><\/div><\/div><div id='about-us'  class='avia-section av-av_section-5ed245d3e1edc50ad4248185fc2bf457 alternate_color avia-section-large avia-shadow  avia-builder-el-185  el_after_av_section  el_before_av_section  avia-bg-style-scroll container_wrap sidebar_right'  ><div class='container av-section-cont-open' ><div class='template-page content  av-content-small alpha units'><div class='post-entry post-entry-type-page post-entry-11550'><div class='entry-content-wrapper clearfix'>\n<div class='flex_column av-av_one_half-2a9015ff38129c418a3f2eafba3e9512 av_one_half  avia-builder-el-186  el_before_av_one_half  avia-builder-el-first  first flex_column_div '   ><section  class='av_textblock_section av-av_textblock-0366cc7376be6c9e82a3e9cc8987b64f'  itemscope=\"itemscope\" itemtype=\"https:\/\/schema.org\/CreativeWork\" ><div class='avia_textblock'  itemprop=\"text\" ><h2 style=\"text-align: right;\">Alodia. Alqu\u00e9zar<\/h2>\n<\/div><\/section><br \/>\n<div  class='hr av-av_hr-7036307108800bfe489471e1c9c1d5a1 hr-short  avia-builder-el-188  el_after_av_textblock  el_before_av_slideshow  hr-right'><span class='hr-inner '><span class=\"hr-inner-style\"><\/span><\/span><\/div><br \/>\n<br \/>\n<div  class='hr av-av_hr-7036307108800bfe489471e1c9c1d5a1 hr-short  avia-builder-el-190  el_after_av_slideshow  el_before_av_button  hr-right'><span class='hr-inner '><span class=\"hr-inner-style\"><\/span><\/span><\/div><br \/>\n<div  class='avia-button-wrap avia-button-right  avia-builder-el-191  el_after_av_hr  avia-builder-el-last ' ><a href='http:\/\/www.casa-alodia.com\/' class='avia-button av-av_button-4ccbfa14144c2d5eaf0cb58a36b664c2 avia-icon_select-yes-left-icon avia-size-large avia-position-right avia-color-theme-color-subtle' target=\"_blank\" rel=\"noopener noreferrer\"><span class='avia_button_icon avia_button_icon_left' aria-hidden='true' data-av_icon='\ue80b' data-av_iconfont='entypo-fontello'><\/span><span class='avia_iconbox_title' >Visita su Web<\/span><\/a><\/div><\/p><\/div>\n<style type=\"text\/css\" data-created_by=\"avia_inline_auto\" id=\"style-css-av-av_one_half-9c1d454dc06f7247226bc4e8f931daae\">\n.flex_column.av-av_one_half-9c1d454dc06f7247226bc4e8f931daae{\nborder-radius:0px 0px 0px 0px;\n-webkit-border-radius:0px 0px 0px 0px;\n-moz-border-radius:0px 0px 0px 0px;\n}\n<\/style>\n<div class='flex_column av-av_one_half-9c1d454dc06f7247226bc4e8f931daae av_one_half  avia-builder-el-192  el_after_av_one_half  avia-builder-el-last  flex_column_div av-zero-column-padding '   ><div  class='avia-icon-list-container av-av_iconlist-c9265973fe37925e1675fd541a8fb5d9  avia-builder-el-193  avia-builder-el-no-sibling '><ul class='avia-icon-list avia_animate_when_almost_visible avia-icon-list-left av-iconlist-big av-av_iconlist-c9265973fe37925e1675fd541a8fb5d9 avia-iconlist-animate'>\n<li><div class='iconlist_icon av-av_iconlist_item-d596de65be8ea4de00d4f0207df433ff avia-font-entypo-fontello'><span class='iconlist-char' aria-hidden='true' data-av_icon='\ue81f' data-av_iconfont='entypo-fontello'><\/span><\/div><article class=\"article-icon-entry \"  itemscope=\"itemscope\" itemtype=\"https:\/\/schema.org\/CreativeWork\" ><div class=\"iconlist_content_wrap\"><header class=\"entry-content-header\"><h4 class='av_iconlist_title iconlist_title  '  itemprop=\"headline\" >DESCRIPCION<\/h4><\/header><div class='iconlist_content '  itemprop=\"text\" ><p>Casa Alodia consta de dos edificios: En el situado en la <strong>c\/ San Gregorio<\/strong>, se encuentran olivo y almendro, perfecta para dos parejas o para una familia con ni\u00f1os. Sus habitaciones han sido decoradas con ventanas de alabastro, suelos de m\u00e1rmol sin pulir,\u2026 Ese mismo estilo sigue el edificio de la <strong>c\/ Arrabal<\/strong>, en sus cuatro habitaciones, boj, madro\u00f1o, juncal y encina, estas dos \u00faltimas con terraza. Cada detalle en Alodia guarda motivos inspirados en los \u00e1rboles que dan nombre a sus habitaciones con detalles realizados artesanalmente.<\/p>\n<p>Las habitaciones son luminosas y amplias y cuentan con ba\u00f1o privado y TV de pantalla plana. La mayor\u00eda de las habitaciones tienen vistas a la localidad medieval de Alqu\u00e9zar.\u00a0El desayuno puede servirse en las habitaciones o en la sala de estar com\u00fan del hotel.<\/p>\n<\/div><\/div><footer class=\"entry-footer\"><\/footer><\/article><div class=\"iconlist-timeline\"><\/div><\/li>\n<li><div class='iconlist_icon av-av_iconlist_item-3698e561bf8f78df04d36e5f1cdae446 avia-font-entypo-fontello'><span class='iconlist-char' aria-hidden='true' data-av_icon='\ue821' data-av_iconfont='entypo-fontello'><\/span><\/div><article class=\"article-icon-entry \"  itemscope=\"itemscope\" itemtype=\"https:\/\/schema.org\/CreativeWork\" ><div class=\"iconlist_content_wrap\"><header class=\"entry-content-header\"><h4 class='av_iconlist_title iconlist_title  '  itemprop=\"headline\" >CAPACIDAD<\/h4><\/header><div class='iconlist_content '  itemprop=\"text\" ><p>Cuenta con 6 habitaciones . Posibilidad de supletorias.<\/p>\n<\/div><\/div><footer class=\"entry-footer\"><\/footer><\/article><div class=\"iconlist-timeline\"><\/div><\/li>\n<li><div class='iconlist_icon av-av_iconlist_item-c0b1b61df5915bb546117865fddafcc6 avia-font-entypo-fontello'><span class='iconlist-char' aria-hidden='true' data-av_icon='\ue827' data-av_iconfont='entypo-fontello'><\/span><\/div><article class=\"article-icon-entry \"  itemscope=\"itemscope\" itemtype=\"https:\/\/schema.org\/CreativeWork\" ><div class=\"iconlist_content_wrap\"><header class=\"entry-content-header\"><h4 class='av_iconlist_title iconlist_title  '  itemprop=\"headline\" >\u00bfCUANTO CUESTA?<\/h4><\/header><div class='iconlist_content '  itemprop=\"text\" ><p>Habitaciones de 95 a 135 euros.<\/p>\n<\/div><\/div><footer class=\"entry-footer\"><\/footer><\/article><div class=\"iconlist-timeline\"><\/div><\/li>\n<li><div class='iconlist_icon av-av_iconlist_item-2f69efd9f3c85a6151c8d194fd99e42f avia-font-entypo-fontello'><span class='iconlist-char' aria-hidden='true' data-av_icon='\ue82b' data-av_iconfont='entypo-fontello'><\/span><\/div><article class=\"article-icon-entry \"  itemscope=\"itemscope\" itemtype=\"https:\/\/schema.org\/CreativeWork\" ><div class=\"iconlist_content_wrap\"><header class=\"entry-content-header\"><h4 class='av_iconlist_title iconlist_title  '  itemprop=\"headline\" >TE GUSTARA POR...<\/h4><\/header><div class='iconlist_content '  itemprop=\"text\" ><p>Por su decoraci\u00f3n con mucho gusto y peque\u00f1os detalles. Las vistas de las habitaciones son preciosas, sobre todo para los amantes de los amaneceres. Muy c\u00f3modo y tranquilo. Desayunos de calidad.<\/p>\n<\/div><\/div><footer class=\"entry-footer\"><\/footer><\/article><div class=\"iconlist-timeline\"><\/div><\/li>\n<li><div class='iconlist_icon av-av_iconlist_item-25ab24d6bc8e262b62fe6cc2965e4e23 avia-font-entypo-fontello'><span class='iconlist-char' aria-hidden='true' data-av_icon='\ue805' data-av_iconfont='entypo-fontello'><\/span><\/div><article class=\"article-icon-entry \"  itemscope=\"itemscope\" itemtype=\"https:\/\/schema.org\/CreativeWork\" ><div class=\"iconlist_content_wrap\"><header class=\"entry-content-header\"><h4 class='av_iconlist_title iconlist_title  '  itemprop=\"headline\" >Reservalo!<\/h4><\/header><div class='iconlist_content '  itemprop=\"text\" ><p>Llama al 626351816 o escribe un email a eva@casa-alodia.com<\/p>\n<\/div><\/div><footer class=\"entry-footer\"><\/footer><\/article><div class=\"iconlist-timeline\"><\/div><\/li>\n<\/ul><\/div><\/div>\n\n<\/div><\/div><\/div><!-- close content main div --><\/div><\/div><div id='about-us'  class='avia-section av-av_section-5ed245d3e1edc50ad4248185fc2bf457 alternate_color avia-section-large avia-shadow  avia-builder-el-194  el_after_av_section  el_before_av_section  avia-bg-style-scroll container_wrap sidebar_right'  ><div class='container av-section-cont-open' ><div class='template-page content  av-content-small alpha units'><div class='post-entry post-entry-type-page post-entry-11550'><div class='entry-content-wrapper clearfix'>\n<div class='flex_column av-av_one_half-2a9015ff38129c418a3f2eafba3e9512 av_one_half  avia-builder-el-195  el_before_av_one_half  avia-builder-el-first  first flex_column_div '   ><section  class='av_textblock_section av-av_textblock-0366cc7376be6c9e82a3e9cc8987b64f'  itemscope=\"itemscope\" itemtype=\"https:\/\/schema.org\/CreativeWork\" ><div class='avia_textblock'  itemprop=\"text\" ><h2 style=\"text-align: right;\">Jabonero. Alqu\u00e9zar<\/h2>\n<\/div><\/section><br \/>\n<div  class='hr av-av_hr-7036307108800bfe489471e1c9c1d5a1 hr-short  avia-builder-el-197  el_after_av_textblock  el_before_av_slideshow  hr-right'><span class='hr-inner '><span class=\"hr-inner-style\"><\/span><\/span><\/div><br \/>\n<br \/>\n<div  class='hr av-av_hr-7036307108800bfe489471e1c9c1d5a1 hr-short  avia-builder-el-199  el_after_av_slideshow  el_before_av_button  hr-right'><span class='hr-inner '><span class=\"hr-inner-style\"><\/span><\/span><\/div><br \/>\n<div  class='avia-button-wrap avia-button-right  avia-builder-el-200  el_after_av_hr  avia-builder-el-last ' ><a href='https:\/\/www.facebook.com\/CASA-Jabonero-1578491692406737\/' class='avia-button av-av_button-795e8c9bb01b1b1174e781a2d18b5079 avia-icon_select-yes-left-icon avia-size-large avia-position-right avia-color-theme-color-subtle' target=\"_blank\" rel=\"noopener noreferrer\"><span class='avia_button_icon avia_button_icon_left' aria-hidden='true' data-av_icon='\ue80b' data-av_iconfont='entypo-fontello'><\/span><span class='avia_iconbox_title' >Visita su Web<\/span><\/a><\/div><\/p><\/div>\n<style type=\"text\/css\" data-created_by=\"avia_inline_auto\" id=\"style-css-av-av_one_half-9c1d454dc06f7247226bc4e8f931daae\">\n.flex_column.av-av_one_half-9c1d454dc06f7247226bc4e8f931daae{\nborder-radius:0px 0px 0px 0px;\n-webkit-border-radius:0px 0px 0px 0px;\n-moz-border-radius:0px 0px 0px 0px;\n}\n<\/style>\n<div class='flex_column av-av_one_half-9c1d454dc06f7247226bc4e8f931daae av_one_half  avia-builder-el-201  el_after_av_one_half  avia-builder-el-last  flex_column_div av-zero-column-padding '   ><div  class='avia-icon-list-container av-av_iconlist-c9265973fe37925e1675fd541a8fb5d9  avia-builder-el-202  avia-builder-el-no-sibling '><ul class='avia-icon-list avia_animate_when_almost_visible avia-icon-list-left av-iconlist-big av-av_iconlist-c9265973fe37925e1675fd541a8fb5d9 avia-iconlist-animate'>\n<li><div class='iconlist_icon av-av_iconlist_item-d596de65be8ea4de00d4f0207df433ff avia-font-entypo-fontello'><span class='iconlist-char' aria-hidden='true' data-av_icon='\ue81f' data-av_iconfont='entypo-fontello'><\/span><\/div><article class=\"article-icon-entry \"  itemscope=\"itemscope\" itemtype=\"https:\/\/schema.org\/CreativeWork\" ><div class=\"iconlist_content_wrap\"><header class=\"entry-content-header\"><h4 class='av_iconlist_title iconlist_title  '  itemprop=\"headline\" >DESCRIPCION<\/h4><\/header><div class='iconlist_content '  itemprop=\"text\" ><p>La Casa Jabonero ofrece alojamiento en pleno centro de la Villa de Alqu\u00e9zar. Dispone de bar y restaurante y ofrece conexi\u00f3n WiFi y tiene un aparcamiento privado gratuito.<\/p>\n<p>Todas las habitaciones tienen TV de pantalla plana y ba\u00f1o privado con ba\u00f1era o ducha.<\/p>\n<\/div><\/div><footer class=\"entry-footer\"><\/footer><\/article><div class=\"iconlist-timeline\"><\/div><\/li>\n<li><div class='iconlist_icon av-av_iconlist_item-3698e561bf8f78df04d36e5f1cdae446 avia-font-entypo-fontello'><span class='iconlist-char' aria-hidden='true' data-av_icon='\ue821' data-av_iconfont='entypo-fontello'><\/span><\/div><article class=\"article-icon-entry \"  itemscope=\"itemscope\" itemtype=\"https:\/\/schema.org\/CreativeWork\" ><div class=\"iconlist_content_wrap\"><header class=\"entry-content-header\"><h4 class='av_iconlist_title iconlist_title  '  itemprop=\"headline\" >CAPACIDAD<\/h4><\/header><div class='iconlist_content '  itemprop=\"text\" ><p>La casa cuenta con seis habitaciones. Total 12 plazas. Posibilidad de a\u00f1adir camas supletorias.<\/p>\n<\/div><\/div><footer class=\"entry-footer\"><\/footer><\/article><div class=\"iconlist-timeline\"><\/div><\/li>\n<li><div class='iconlist_icon av-av_iconlist_item-c0b1b61df5915bb546117865fddafcc6 avia-font-entypo-fontello'><span class='iconlist-char' aria-hidden='true' data-av_icon='\ue827' data-av_iconfont='entypo-fontello'><\/span><\/div><article class=\"article-icon-entry \"  itemscope=\"itemscope\" itemtype=\"https:\/\/schema.org\/CreativeWork\" ><div class=\"iconlist_content_wrap\"><header class=\"entry-content-header\"><h4 class='av_iconlist_title iconlist_title  '  itemprop=\"headline\" >\u00bfCUANTO CUESTA?<\/h4><\/header><div class='iconlist_content '  itemprop=\"text\" ><p>Habitaciones de 60\u20ac y 80\u20ac\/dia<\/p>\n<\/div><\/div><footer class=\"entry-footer\"><\/footer><\/article><div class=\"iconlist-timeline\"><\/div><\/li>\n<li><div class='iconlist_icon av-av_iconlist_item-2f69efd9f3c85a6151c8d194fd99e42f avia-font-entypo-fontello'><span class='iconlist-char' aria-hidden='true' data-av_icon='\ue82b' data-av_iconfont='entypo-fontello'><\/span><\/div><article class=\"article-icon-entry \"  itemscope=\"itemscope\" itemtype=\"https:\/\/schema.org\/CreativeWork\" ><div class=\"iconlist_content_wrap\"><header class=\"entry-content-header\"><h4 class='av_iconlist_title iconlist_title  '  itemprop=\"headline\" >TE GUSTARA POR...<\/h4><\/header><div class='iconlist_content '  itemprop=\"text\" ><div class=\"review_item_review_content\">\n<p class=\"review_pos\">La decoraci\u00f3n del establecimiento, la ubicaci\u00f3n, el desayuno, el trato familiar y la amabilidad por parte de los due\u00f1os \u00a0que te hacen sentir como en casa.<\/p>\n<\/div>\n<div class=\"destination-review-item\"><\/div>\n<\/div><\/div><footer class=\"entry-footer\"><\/footer><\/article><div class=\"iconlist-timeline\"><\/div><\/li>\n<li><div class='iconlist_icon av-av_iconlist_item-eb030586b76f9bf1c8b550041a1c6247 avia-font-entypo-fontello'><span class='iconlist-char' aria-hidden='true' data-av_icon='\ue800' data-av_iconfont='entypo-fontello'><\/span><\/div><article class=\"article-icon-entry \"  itemscope=\"itemscope\" itemtype=\"https:\/\/schema.org\/CreativeWork\" ><div class=\"iconlist_content_wrap\"><header class=\"entry-content-header\"><h4 class='av_iconlist_title iconlist_title  '  itemprop=\"headline\" >RESERVARLO!<\/h4><\/header><div class='iconlist_content '  itemprop=\"text\" ><p>Tel\u00e9fonos \u00a0974 318 908 &#8211; 630 067 616<\/p>\n<\/div><\/div><footer class=\"entry-footer\"><\/footer><\/article><div class=\"iconlist-timeline\"><\/div><\/li>\n<\/ul><\/div><\/div>\n\n<\/div><\/div><\/div><!-- close content main div --><\/div><\/div><div id='about-us'  class='avia-section av-av_section-5ed245d3e1edc50ad4248185fc2bf457 alternate_color avia-section-large avia-shadow  avia-builder-el-203  el_after_av_section  el_before_av_section  avia-bg-style-scroll container_wrap sidebar_right'  ><div class='container av-section-cont-open' ><div class='template-page content  av-content-small alpha units'><div class='post-entry post-entry-type-page post-entry-11550'><div class='entry-content-wrapper clearfix'>\n<div class='flex_column av-av_one_half-2a9015ff38129c418a3f2eafba3e9512 av_one_half  avia-builder-el-204  el_before_av_one_half  avia-builder-el-first  first flex_column_div '   ><section  class='av_textblock_section av-av_textblock-0366cc7376be6c9e82a3e9cc8987b64f'  itemscope=\"itemscope\" itemtype=\"https:\/\/schema.org\/CreativeWork\" ><div class='avia_textblock'  itemprop=\"text\" ><h2 style=\"text-align: right;\">Espartero. Alqu\u00e9zar<\/h2>\n<\/div><\/section><br \/>\n<div  class='hr av-av_hr-7036307108800bfe489471e1c9c1d5a1 hr-short  avia-builder-el-206  el_after_av_textblock  el_before_av_slideshow  hr-right'><span class='hr-inner '><span class=\"hr-inner-style\"><\/span><\/span><\/div><br \/>\n<br \/>\n<div  class='hr av-av_hr-7036307108800bfe489471e1c9c1d5a1 hr-short  avia-builder-el-208  el_after_av_slideshow  el_before_av_button  hr-right'><span class='hr-inner '><span class=\"hr-inner-style\"><\/span><\/span><\/div><br \/>\n<div  class='avia-button-wrap avia-button-right  avia-builder-el-209  el_after_av_hr  avia-builder-el-last ' ><a href='https:\/\/www.google.es\/maps\/dir\/\/Plaza+Rafael+Ayerbe,+22145+Alqu%C3%A9zar,+Huesca\/@42.1727986,0.0173323,15z\/data=!4m8!4m7!1m0!1m5!1m1!1s0x12a78a399adb228b:0xb1559a0485c04a2!2m2!1d0.0260871!2d42.1727989' class='avia-button av-av_button-765c768ab2406887ed4ce799a50657f2 avia-icon_select-yes-left-icon avia-size-large avia-position-right avia-color-theme-color-subtle' target=\"_blank\" rel=\"noopener noreferrer\"><span class='avia_button_icon avia_button_icon_left' aria-hidden='true' data-av_icon='\ue80b' data-av_iconfont='entypo-fontello'><\/span><span class='avia_iconbox_title' >Como llegar<\/span><\/a><\/div><\/p><\/div>\n<style type=\"text\/css\" data-created_by=\"avia_inline_auto\" id=\"style-css-av-av_one_half-9c1d454dc06f7247226bc4e8f931daae\">\n.flex_column.av-av_one_half-9c1d454dc06f7247226bc4e8f931daae{\nborder-radius:0px 0px 0px 0px;\n-webkit-border-radius:0px 0px 0px 0px;\n-moz-border-radius:0px 0px 0px 0px;\n}\n<\/style>\n<div class='flex_column av-av_one_half-9c1d454dc06f7247226bc4e8f931daae av_one_half  avia-builder-el-210  el_after_av_one_half  avia-builder-el-last  flex_column_div av-zero-column-padding '   ><p>\n<style type=\"text\/css\" data-created_by=\"avia_inline_auto\" id=\"style-css-av-av_hr-f87de431e4814c4da3da6bd1a5c3784c\">\n#top .hr.hr-invisible.av-av_hr-f87de431e4814c4da3da6bd1a5c3784c{\nheight:50px;\n}\n<\/style>\n<div  class='hr av-av_hr-f87de431e4814c4da3da6bd1a5c3784c hr-invisible  avia-builder-el-211  el_before_av_iconlist  avia-builder-el-first '><span class='hr-inner '><span class=\"hr-inner-style\"><\/span><\/span><\/div><br \/>\n<div  class='avia-icon-list-container av-av_iconlist-c9265973fe37925e1675fd541a8fb5d9  avia-builder-el-212  el_after_av_hr  avia-builder-el-last '><ul class='avia-icon-list avia_animate_when_almost_visible avia-icon-list-left av-iconlist-big av-av_iconlist-c9265973fe37925e1675fd541a8fb5d9 avia-iconlist-animate'>\n<li><div class='iconlist_icon av-av_iconlist_item-d596de65be8ea4de00d4f0207df433ff avia-font-entypo-fontello'><span class='iconlist-char' aria-hidden='true' data-av_icon='\ue81f' data-av_iconfont='entypo-fontello'><\/span><\/div><article class=\"article-icon-entry \"  itemscope=\"itemscope\" itemtype=\"https:\/\/schema.org\/CreativeWork\" ><div class=\"iconlist_content_wrap\"><header class=\"entry-content-header\"><h4 class='av_iconlist_title iconlist_title  '  itemprop=\"headline\" >DESCRIPCION<\/h4><\/header><div class='iconlist_content '  itemprop=\"text\" ><p>Se trata de una vivienda de turismo rural ubicada en pleno coraz\u00f3n de la villa de \u00a0Alqu\u00e9zar. La casa tiene dos habitaciones dobles con ba\u00f1o.<\/p>\n<\/div><\/div><footer class=\"entry-footer\"><\/footer><\/article><div class=\"iconlist-timeline\"><\/div><\/li>\n<li><div class='iconlist_icon av-av_iconlist_item-3698e561bf8f78df04d36e5f1cdae446 avia-font-entypo-fontello'><span class='iconlist-char' aria-hidden='true' data-av_icon='\ue821' data-av_iconfont='entypo-fontello'><\/span><\/div><article class=\"article-icon-entry \"  itemscope=\"itemscope\" itemtype=\"https:\/\/schema.org\/CreativeWork\" ><div class=\"iconlist_content_wrap\"><header class=\"entry-content-header\"><h4 class='av_iconlist_title iconlist_title  '  itemprop=\"headline\" >CAPACIDAD<\/h4><\/header><div class='iconlist_content '  itemprop=\"text\" ><p>La casa cuenta con dos habitaciones dobles, con posibilidad de cama supletoria. Total 5 plazas.<\/p>\n<\/div><\/div><footer class=\"entry-footer\"><\/footer><\/article><div class=\"iconlist-timeline\"><\/div><\/li>\n<li><div class='iconlist_icon av-av_iconlist_item-c0b1b61df5915bb546117865fddafcc6 avia-font-entypo-fontello'><span class='iconlist-char' aria-hidden='true' data-av_icon='\ue827' data-av_iconfont='entypo-fontello'><\/span><\/div><article class=\"article-icon-entry \"  itemscope=\"itemscope\" itemtype=\"https:\/\/schema.org\/CreativeWork\" ><div class=\"iconlist_content_wrap\"><header class=\"entry-content-header\"><h4 class='av_iconlist_title iconlist_title  '  itemprop=\"headline\" >\u00bfCUANTO CUESTA?<\/h4><\/header><div class='iconlist_content '  itemprop=\"text\" ><p>36\u20ac\/habitaci\u00f3n.<\/p>\n<\/div><\/div><footer class=\"entry-footer\"><\/footer><\/article><div class=\"iconlist-timeline\"><\/div><\/li>\n<li><div class='iconlist_icon av-av_iconlist_item-2f69efd9f3c85a6151c8d194fd99e42f avia-font-entypo-fontello'><span class='iconlist-char' aria-hidden='true' data-av_icon='\ue82b' data-av_iconfont='entypo-fontello'><\/span><\/div><article class=\"article-icon-entry \"  itemscope=\"itemscope\" itemtype=\"https:\/\/schema.org\/CreativeWork\" ><div class=\"iconlist_content_wrap\"><header class=\"entry-content-header\"><h4 class='av_iconlist_title iconlist_title  '  itemprop=\"headline\" >TE GUSTARA POR...<\/h4><\/header><div class='iconlist_content '  itemprop=\"text\" ><p>La bonita decoraci\u00f3n de la vivienda y su limpieza. Su ubicaci\u00f3n en la plaza mayor, uno de los rincones m\u00e1s bonitos \u00a0de Alqu\u00e9zar y el trato amable de sus due\u00f1os.<\/p>\n<\/div><\/div><footer class=\"entry-footer\"><\/footer><\/article><div class=\"iconlist-timeline\"><\/div><\/li>\n<li><div class='iconlist_icon av-av_iconlist_item-25ab24d6bc8e262b62fe6cc2965e4e23 avia-font-entypo-fontello'><span class='iconlist-char' aria-hidden='true' data-av_icon='\ue805' data-av_iconfont='entypo-fontello'><\/span><\/div><article class=\"article-icon-entry \"  itemscope=\"itemscope\" itemtype=\"https:\/\/schema.org\/CreativeWork\" ><div class=\"iconlist_content_wrap\"><header class=\"entry-content-header\"><h4 class='av_iconlist_title iconlist_title  '  itemprop=\"headline\" >Reservalo!<\/h4><\/header><div class='iconlist_content '  itemprop=\"text\" ><p>Llama al tel\u00e9fono 974 318 071.<\/p>\n<\/div><\/div><footer class=\"entry-footer\"><\/footer><\/article><div class=\"iconlist-timeline\"><\/div><\/li>\n<\/ul><\/div><\/p><\/div>\n\n<\/div><\/div><\/div><!-- close content main div --><\/div><\/div><div id='about-us'  class='avia-section av-av_section-5ed245d3e1edc50ad4248185fc2bf457 alternate_color avia-section-large avia-shadow  avia-builder-el-213  el_after_av_section  el_before_av_section  avia-bg-style-scroll container_wrap sidebar_right'  ><div class='container av-section-cont-open' ><div class='template-page content  av-content-small alpha units'><div class='post-entry post-entry-type-page post-entry-11550'><div class='entry-content-wrapper clearfix'>\n<div class='flex_column av-av_one_half-2a9015ff38129c418a3f2eafba3e9512 av_one_half  avia-builder-el-214  el_before_av_one_half  avia-builder-el-first  first flex_column_div '   ><section  class='av_textblock_section av-av_textblock-0366cc7376be6c9e82a3e9cc8987b64f'  itemscope=\"itemscope\" itemtype=\"https:\/\/schema.org\/CreativeWork\" ><div class='avia_textblock'  itemprop=\"text\" ><h2 style=\"text-align: right;\">Castellazo. Alqu\u00e9zar<\/h2>\n<\/div><\/section><br \/>\n<div  class='hr av-av_hr-7036307108800bfe489471e1c9c1d5a1 hr-short  avia-builder-el-216  el_after_av_textblock  el_before_av_slideshow  hr-right'><span class='hr-inner '><span class=\"hr-inner-style\"><\/span><\/span><\/div><br \/>\n<br \/>\n<div  class='hr av-av_hr-7036307108800bfe489471e1c9c1d5a1 hr-short  avia-builder-el-218  el_after_av_slideshow  el_before_av_button  hr-right'><span class='hr-inner '><span class=\"hr-inner-style\"><\/span><\/span><\/div><br \/>\n<div  class='avia-button-wrap avia-button-right  avia-builder-el-219  el_after_av_hr  avia-builder-el-last ' ><a href='https:\/\/www.google.es\/maps\/dir\/\/Calle+San+Gregorio,+22145+Alqu%C3%A9zar,+Huesca\/@42.1729715,0.0161981,15z\/data=!3m1!4b1!4m8!4m7!1m0!1m5!1m1!1s0x12a78a39723c9beb:0x12cf3278fa8e6ea7!2m2!1d0.0249529!2d42.1729718' class='avia-button av-av_button-327718230ba8a84c49a97fc7755ad1ea avia-icon_select-yes-left-icon avia-size-large avia-position-right avia-color-theme-color-subtle' target=\"_blank\" rel=\"noopener noreferrer\"><span class='avia_button_icon avia_button_icon_left' aria-hidden='true' data-av_icon='\ue80b' data-av_iconfont='entypo-fontello'><\/span><span class='avia_iconbox_title' >Como llegar<\/span><\/a><\/div><\/p><\/div>\n<style type=\"text\/css\" data-created_by=\"avia_inline_auto\" id=\"style-css-av-av_one_half-9c1d454dc06f7247226bc4e8f931daae\">\n.flex_column.av-av_one_half-9c1d454dc06f7247226bc4e8f931daae{\nborder-radius:0px 0px 0px 0px;\n-webkit-border-radius:0px 0px 0px 0px;\n-moz-border-radius:0px 0px 0px 0px;\n}\n<\/style>\n<div class='flex_column av-av_one_half-9c1d454dc06f7247226bc4e8f931daae av_one_half  avia-builder-el-220  el_after_av_one_half  avia-builder-el-last  flex_column_div av-zero-column-padding '   ><div  class='avia-icon-list-container av-av_iconlist-c9265973fe37925e1675fd541a8fb5d9  avia-builder-el-221  avia-builder-el-no-sibling '><ul class='avia-icon-list avia_animate_when_almost_visible avia-icon-list-left av-iconlist-big av-av_iconlist-c9265973fe37925e1675fd541a8fb5d9 avia-iconlist-animate'>\n<li><div class='iconlist_icon av-av_iconlist_item-d596de65be8ea4de00d4f0207df433ff avia-font-entypo-fontello'><span class='iconlist-char' aria-hidden='true' data-av_icon='\ue81f' data-av_iconfont='entypo-fontello'><\/span><\/div><article class=\"article-icon-entry \"  itemscope=\"itemscope\" itemtype=\"https:\/\/schema.org\/CreativeWork\" ><div class=\"iconlist_content_wrap\"><header class=\"entry-content-header\"><h4 class='av_iconlist_title iconlist_title  '  itemprop=\"headline\" >DESCRIPCION<\/h4><\/header><div class='iconlist_content '  itemprop=\"text\" ><p>Se trata de \u00a0una vivienda \u00a0de \u00a0turismo rural que dispone de habitaciones en el pueblo de \u00a0Alqu\u00e9zar. Consta de tres habitaciones con un ba\u00f1o compartido.<\/p>\n<\/div><\/div><footer class=\"entry-footer\"><\/footer><\/article><div class=\"iconlist-timeline\"><\/div><\/li>\n<li><div class='iconlist_icon av-av_iconlist_item-3698e561bf8f78df04d36e5f1cdae446 avia-font-entypo-fontello'><span class='iconlist-char' aria-hidden='true' data-av_icon='\ue821' data-av_iconfont='entypo-fontello'><\/span><\/div><article class=\"article-icon-entry \"  itemscope=\"itemscope\" itemtype=\"https:\/\/schema.org\/CreativeWork\" ><div class=\"iconlist_content_wrap\"><header class=\"entry-content-header\"><h4 class='av_iconlist_title iconlist_title  '  itemprop=\"headline\" >CAPACIDAD<\/h4><\/header><div class='iconlist_content '  itemprop=\"text\" ><p>La casa cuenta con tres habitaciones de 2 plazas cada una. Posibilidad de a\u00f1adir una cama supletoria. Total 7 plazas.<\/p>\n<\/div><\/div><footer class=\"entry-footer\"><\/footer><\/article><div class=\"iconlist-timeline\"><\/div><\/li>\n<li><div class='iconlist_icon av-av_iconlist_item-c0b1b61df5915bb546117865fddafcc6 avia-font-entypo-fontello'><span class='iconlist-char' aria-hidden='true' data-av_icon='\ue827' data-av_iconfont='entypo-fontello'><\/span><\/div><article class=\"article-icon-entry \"  itemscope=\"itemscope\" itemtype=\"https:\/\/schema.org\/CreativeWork\" ><div class=\"iconlist_content_wrap\"><header class=\"entry-content-header\"><h4 class='av_iconlist_title iconlist_title  '  itemprop=\"headline\" >\u00bfCUANTO CUESTA?<\/h4><\/header><div class='iconlist_content '  itemprop=\"text\" ><p>La habitaci\u00f3n cuesta 30 euros. Desayuno no incluido.<\/p>\n<\/div><\/div><footer class=\"entry-footer\"><\/footer><\/article><div class=\"iconlist-timeline\"><\/div><\/li>\n<li><div class='iconlist_icon av-av_iconlist_item-2f69efd9f3c85a6151c8d194fd99e42f avia-font-entypo-fontello'><span class='iconlist-char' aria-hidden='true' data-av_icon='\ue82b' data-av_iconfont='entypo-fontello'><\/span><\/div><article class=\"article-icon-entry \"  itemscope=\"itemscope\" itemtype=\"https:\/\/schema.org\/CreativeWork\" ><div class=\"iconlist_content_wrap\"><header class=\"entry-content-header\"><h4 class='av_iconlist_title iconlist_title  '  itemprop=\"headline\" >TE GUSTARA POR...<\/h4><\/header><div class='iconlist_content '  itemprop=\"text\" ><p>Su buena situaci\u00f3n, en una zona tranquila dentro el casco historico de \u00a0Alqu\u00e9zar con un parking propio. Trato del personal excelente. Instalaciones sencillas pero muy correctas y limpias. El ba\u00f1o es a compartir, muy recomendable para grupos o familias.<\/p>\n<\/div><\/div><footer class=\"entry-footer\"><\/footer><\/article><div class=\"iconlist-timeline\"><\/div><\/li>\n<li><div class='iconlist_icon av-av_iconlist_item-25ab24d6bc8e262b62fe6cc2965e4e23 avia-font-entypo-fontello'><span class='iconlist-char' aria-hidden='true' data-av_icon='\ue805' data-av_iconfont='entypo-fontello'><\/span><\/div><article class=\"article-icon-entry \"  itemscope=\"itemscope\" itemtype=\"https:\/\/schema.org\/CreativeWork\" ><div class=\"iconlist_content_wrap\"><header class=\"entry-content-header\"><h4 class='av_iconlist_title iconlist_title  '  itemprop=\"headline\" >Reservalo!<\/h4><\/header><div class='iconlist_content '  itemprop=\"text\" ><p>Llama al 974 318 903.<\/p>\n<\/div><\/div><footer class=\"entry-footer\"><\/footer><\/article><div class=\"iconlist-timeline\"><\/div><\/li>\n<\/ul><\/div><\/div>\n\n<\/div><\/div><\/div><!-- close content main div --><\/div><\/div><div id='about-us'  class='avia-section av-av_section-5ed245d3e1edc50ad4248185fc2bf457 alternate_color avia-section-large avia-shadow  avia-builder-el-222  el_after_av_section  el_before_av_section  avia-bg-style-scroll container_wrap sidebar_right'  ><div class='container av-section-cont-open' ><div class='template-page content  av-content-small alpha units'><div class='post-entry post-entry-type-page post-entry-11550'><div class='entry-content-wrapper clearfix'>\n<div class='flex_column av-av_one_half-2a9015ff38129c418a3f2eafba3e9512 av_one_half  avia-builder-el-223  el_before_av_one_half  avia-builder-el-first  first flex_column_div '   ><section  class='av_textblock_section av-av_textblock-0366cc7376be6c9e82a3e9cc8987b64f'  itemscope=\"itemscope\" itemtype=\"https:\/\/schema.org\/CreativeWork\" ><div class='avia_textblock'  itemprop=\"text\" ><h2 style=\"text-align: right;\">Era Capell\u00e1n. Colungo<\/h2>\n<\/div><\/section><br \/>\n<div  class='hr av-av_hr-7036307108800bfe489471e1c9c1d5a1 hr-short  avia-builder-el-225  el_after_av_textblock  el_before_av_slideshow  hr-right'><span class='hr-inner '><span class=\"hr-inner-style\"><\/span><\/span><\/div><br \/>\n<br \/>\n<div  class='hr av-av_hr-7036307108800bfe489471e1c9c1d5a1 hr-short  avia-builder-el-227  el_after_av_slideshow  el_before_av_button  hr-right'><span class='hr-inner '><span class=\"hr-inner-style\"><\/span><\/span><\/div><br \/>\n<div  class='avia-button-wrap avia-button-right  avia-builder-el-228  el_after_av_hr  avia-builder-el-last ' ><a href='http:\/\/www.laeradecasacapellan.com\/' class='avia-button av-av_button-1d50bd0cba10e67b5bdc7e45a90086c2 avia-icon_select-yes-left-icon avia-size-large avia-position-right avia-color-theme-color-subtle' target=\"_blank\" rel=\"noopener noreferrer\"><span class='avia_button_icon avia_button_icon_left' aria-hidden='true' data-av_icon='\ue80b' data-av_iconfont='entypo-fontello'><\/span><span class='avia_iconbox_title' >Visita su Web<\/span><\/a><\/div><\/p><\/div>\n<style type=\"text\/css\" data-created_by=\"avia_inline_auto\" id=\"style-css-av-av_one_half-9c1d454dc06f7247226bc4e8f931daae\">\n.flex_column.av-av_one_half-9c1d454dc06f7247226bc4e8f931daae{\nborder-radius:0px 0px 0px 0px;\n-webkit-border-radius:0px 0px 0px 0px;\n-moz-border-radius:0px 0px 0px 0px;\n}\n<\/style>\n<div class='flex_column av-av_one_half-9c1d454dc06f7247226bc4e8f931daae av_one_half  avia-builder-el-229  el_after_av_one_half  avia-builder-el-last  flex_column_div av-zero-column-padding '   ><div  class='avia-icon-list-container av-av_iconlist-c9265973fe37925e1675fd541a8fb5d9  avia-builder-el-230  avia-builder-el-no-sibling '><ul class='avia-icon-list avia_animate_when_almost_visible avia-icon-list-left av-iconlist-big av-av_iconlist-c9265973fe37925e1675fd541a8fb5d9 avia-iconlist-animate'>\n<li><div class='iconlist_icon av-av_iconlist_item-d596de65be8ea4de00d4f0207df433ff avia-font-entypo-fontello'><span class='iconlist-char' aria-hidden='true' data-av_icon='\ue81f' data-av_iconfont='entypo-fontello'><\/span><\/div><article class=\"article-icon-entry \"  itemscope=\"itemscope\" itemtype=\"https:\/\/schema.org\/CreativeWork\" ><div class=\"iconlist_content_wrap\"><header class=\"entry-content-header\"><h4 class='av_iconlist_title iconlist_title  '  itemprop=\"headline\" >DESCRIPCION<\/h4><\/header><div class='iconlist_content '  itemprop=\"text\" ><p>La Era de Casa Capellan ofrece habitaciones con ba\u00f1o privado en una casa de campo. Est\u00e1 en la tranquila localidad de Colungo, a escasos kilometros de Alqu\u00e9zar, en el Parque Natural de la Sierra y los Ca\u00f1ones de Guara.<\/p>\n<p>Las habitaciones presentan tejidos de colores vivos y acabados en madera. Todas tienen aire acondicionado, calefacci\u00f3n, TV y art\u00edculos de aseo gratuitos.<\/p>\n<\/div><\/div><footer class=\"entry-footer\"><\/footer><\/article><div class=\"iconlist-timeline\"><\/div><\/li>\n<li><div class='iconlist_icon av-av_iconlist_item-3698e561bf8f78df04d36e5f1cdae446 avia-font-entypo-fontello'><span class='iconlist-char' aria-hidden='true' data-av_icon='\ue821' data-av_iconfont='entypo-fontello'><\/span><\/div><article class=\"article-icon-entry \"  itemscope=\"itemscope\" itemtype=\"https:\/\/schema.org\/CreativeWork\" ><div class=\"iconlist_content_wrap\"><header class=\"entry-content-header\"><h4 class='av_iconlist_title iconlist_title  '  itemprop=\"headline\" >CAPACIDAD<\/h4><\/header><div class='iconlist_content '  itemprop=\"text\" ><p>La casa cuenta con 7 habitaciones. Total 18 plazas<\/p>\n<\/div><\/div><footer class=\"entry-footer\"><\/footer><\/article><div class=\"iconlist-timeline\"><\/div><\/li>\n<li><div class='iconlist_icon av-av_iconlist_item-c0b1b61df5915bb546117865fddafcc6 avia-font-entypo-fontello'><span class='iconlist-char' aria-hidden='true' data-av_icon='\ue827' data-av_iconfont='entypo-fontello'><\/span><\/div><article class=\"article-icon-entry \"  itemscope=\"itemscope\" itemtype=\"https:\/\/schema.org\/CreativeWork\" ><div class=\"iconlist_content_wrap\"><header class=\"entry-content-header\"><h4 class='av_iconlist_title iconlist_title  '  itemprop=\"headline\" >\u00bfCUANTO CUESTA?<\/h4><\/header><div class='iconlist_content '  itemprop=\"text\" ><p>HABITACION DOBLE: 40\u20ac T.B y 45\u20ac T.A.<\/p>\n<p>HABITACION TRIPLE: 53\u20ac T.B y 60\u20ac T.A.<\/p>\n<p><span style=\"line-height: 1.5;\">HABITACION CUATRUPLE: 60\u20ac T.B y 70\u20ac T.A.<\/span><\/p>\n<p><span style=\"line-height: 1.5;\">CASA ENTERA: 260\u20ac T.B y 350\u20ac T.A.<\/span><\/p>\n<\/div><\/div><footer class=\"entry-footer\"><\/footer><\/article><div class=\"iconlist-timeline\"><\/div><\/li>\n<li><div class='iconlist_icon av-av_iconlist_item-2f69efd9f3c85a6151c8d194fd99e42f avia-font-entypo-fontello'><span class='iconlist-char' aria-hidden='true' data-av_icon='\ue82b' data-av_iconfont='entypo-fontello'><\/span><\/div><article class=\"article-icon-entry \"  itemscope=\"itemscope\" itemtype=\"https:\/\/schema.org\/CreativeWork\" ><div class=\"iconlist_content_wrap\"><header class=\"entry-content-header\"><h4 class='av_iconlist_title iconlist_title  '  itemprop=\"headline\" >TE GUSTARA POR...<\/h4><\/header><div class='iconlist_content '  itemprop=\"text\" ><p>La Casa dispone de sal\u00f3n com\u00fan con sof\u00e1s, chimenea y TV. Tambi\u00e9n hay una terraza con vistas excelentes a la campi\u00f1a y las monta\u00f1as de los alrededores.<\/p>\n<p>La casa alberga el restaurante &#8220;La Olla&#8221;, que sirve cocina local. Adem\u00e1s, los hu\u00e9spedes pod\u00e9is hacer uso de la cocina com\u00fan con microondas, nevera y lavadora.<\/p>\n<\/div><\/div><footer class=\"entry-footer\"><\/footer><\/article><div class=\"iconlist-timeline\"><\/div><\/li>\n<li><div class='iconlist_icon av-av_iconlist_item-25ab24d6bc8e262b62fe6cc2965e4e23 avia-font-entypo-fontello'><span class='iconlist-char' aria-hidden='true' data-av_icon='\ue805' data-av_iconfont='entypo-fontello'><\/span><\/div><article class=\"article-icon-entry \"  itemscope=\"itemscope\" itemtype=\"https:\/\/schema.org\/CreativeWork\" ><div class=\"iconlist_content_wrap\"><header class=\"entry-content-header\"><h4 class='av_iconlist_title iconlist_title  '  itemprop=\"headline\" >Reservalo!<\/h4><\/header><div class='iconlist_content '  itemprop=\"text\" ><p>Llama al 974 318 193 o por email :laeradecasacapellan@hotmail.com<\/p>\n<\/div><\/div><footer class=\"entry-footer\"><\/footer><\/article><div class=\"iconlist-timeline\"><\/div><\/li>\n<\/ul><\/div><\/div>\n\n<\/div><\/div><\/div><!-- close content main div --><\/div><\/div><div id='about-us'  class='avia-section av-av_section-5ed245d3e1edc50ad4248185fc2bf457 alternate_color avia-section-large avia-shadow  avia-builder-el-231  el_after_av_section  el_before_av_section  avia-bg-style-scroll container_wrap sidebar_right'  ><div class='container av-section-cont-open' ><div class='template-page content  av-content-small alpha units'><div class='post-entry post-entry-type-page post-entry-11550'><div class='entry-content-wrapper clearfix'>\n<div class='flex_column av-av_one_half-2a9015ff38129c418a3f2eafba3e9512 av_one_half  avia-builder-el-232  el_before_av_one_half  avia-builder-el-first  first flex_column_div '   ><section  class='av_textblock_section av-av_textblock-0366cc7376be6c9e82a3e9cc8987b64f'  itemscope=\"itemscope\" itemtype=\"https:\/\/schema.org\/CreativeWork\" ><div class='avia_textblock'  itemprop=\"text\" ><h2 style=\"text-align: right;\">Escuela Refugio Alqu\u00e9zar<\/h2>\n<\/div><\/section><br \/>\n<div  class='hr av-av_hr-7036307108800bfe489471e1c9c1d5a1 hr-short  avia-builder-el-234  el_after_av_textblock  el_before_av_slideshow  hr-right'><span class='hr-inner '><span class=\"hr-inner-style\"><\/span><\/span><\/div><br \/>\n<div  class='avia-slideshow av-av_slideshow-eed457ba97235b72f6f060999a135a29 avia-slideshow-no scaling av_slideshow avia-fade-slider  avia-builder-el-235  el_after_av_hr  el_before_av_hr  av-default-height-applied avia-slideshow-26'  data-size='no scaling'  data-lightbox_size='large'  data-animation='fade'  data-conditional_play=''  data-ids='7868,7867,7866,7865'  data-video_counter='0'  data-autoplay='true'  data-bg_slider='false'  data-slide_height=''  data-handle='av_slideshow'  data-interval='3'  data-class=' avia-builder-el-235  el_after_av_hr  el_before_av_hr '  data-extra_class=''  data-el_id=''  data-css_id=''  data-scroll_down=''  data-control_layout=''  data-custom_markup=''  data-perma_caption=''  data-autoplay_stopper=''  data-image_attachment=''  data-min_height='0px'  data-lazy_loading='disabled'  data-default-height='107.93650793651'  data-img_scrset=''  data-av-desktop-hide=''  data-av-medium-hide=''  data-av-small-hide=''  data-av-mini-hide=''  data-alb_description=''  data-id=''  data-custom_class=''  data-template_class=''  data-av_uid=''  data-sc_version='1.0'  data-heading_tag=''  data-heading_class=''   itemprop=\"image\" itemscope=\"itemscope\" itemtype=\"https:\/\/schema.org\/ImageObject\" ><ul class='avia-slideshow-inner ' style='padding-bottom: 107.93650793651%;'><li  class='avia-slideshow-slide av-av_slideshow-eed457ba97235b72f6f060999a135a29__0  slide-1 ' ><div data-rel='slideshow-26' class='avia-slide-wrap '   ><img decoding=\"async\" class=\"wp-image-16304 avia-img-lazy-loading-not-16304\"  src=\"https:\/\/alquezarbuenaventura.com\/wp-content\/uploads\/jardin-del-hortal-1.jpg\" width=\"567\" height=\"612\" title='jardin-del-hortal (1)' alt=''  itemprop=\"thumbnailUrl\" srcset=\"https:\/\/alquezarbuenaventura.com\/wp-content\/uploads\/jardin-del-hortal-1.jpg 567w, https:\/\/alquezarbuenaventura.com\/wp-content\/uploads\/jardin-del-hortal-1-278x300.jpg 278w, https:\/\/alquezarbuenaventura.com\/wp-content\/uploads\/jardin-del-hortal-1-450x486.jpg 450w\" sizes=\"(max-width: 567px) 100vw, 567px\" \/><\/div><\/li><li  class='avia-slideshow-slide av-av_slideshow-eed457ba97235b72f6f060999a135a29__1  slide-2 ' ><div data-rel='slideshow-26' class='avia-slide-wrap '   ><img decoding=\"async\" class=\"wp-image-16302 avia-img-lazy-loading-not-16302\"  src=\"https:\/\/alquezarbuenaventura.com\/wp-content\/uploads\/ap-treparris.jpg\" width=\"567\" height=\"612\" title='ap-treparris' alt=''  itemprop=\"thumbnailUrl\" srcset=\"https:\/\/alquezarbuenaventura.com\/wp-content\/uploads\/ap-treparris.jpg 567w, https:\/\/alquezarbuenaventura.com\/wp-content\/uploads\/ap-treparris-278x300.jpg 278w, https:\/\/alquezarbuenaventura.com\/wp-content\/uploads\/ap-treparris-450x486.jpg 450w\" sizes=\"(max-width: 567px) 100vw, 567px\" \/><\/div><\/li><li  class='avia-slideshow-slide av-av_slideshow-eed457ba97235b72f6f060999a135a29__2  slide-3 ' ><div data-rel='slideshow-26' class='avia-slide-wrap '   ><img decoding=\"async\" class=\"wp-image-16300 avia-img-lazy-loading-not-16300\"  src=\"https:\/\/alquezarbuenaventura.com\/wp-content\/uploads\/p-treparriscos-hortal-da-payuala-Alquezar.jpg\" width=\"567\" height=\"612\" title='p treparriscos-hortal da payuala- Alquezar' alt=''  itemprop=\"thumbnailUrl\" srcset=\"https:\/\/alquezarbuenaventura.com\/wp-content\/uploads\/p-treparriscos-hortal-da-payuala-Alquezar.jpg 567w, https:\/\/alquezarbuenaventura.com\/wp-content\/uploads\/p-treparriscos-hortal-da-payuala-Alquezar-278x300.jpg 278w, https:\/\/alquezarbuenaventura.com\/wp-content\/uploads\/p-treparriscos-hortal-da-payuala-Alquezar-450x486.jpg 450w\" sizes=\"(max-width: 567px) 100vw, 567px\" \/><\/div><\/li><li  class='avia-slideshow-slide av-av_slideshow-eed457ba97235b72f6f060999a135a29__3  slide-4 ' ><div data-rel='slideshow-26' class='avia-slide-wrap '   ><img decoding=\"async\" class=\"wp-image-16298 avia-img-lazy-loading-not-16298\"  src=\"https:\/\/alquezarbuenaventura.com\/wp-content\/uploads\/jardin-del-hortal2-1.jpg\" width=\"567\" height=\"612\" title='jardin-del-hortal2 (1)' alt=''  itemprop=\"thumbnailUrl\" srcset=\"https:\/\/alquezarbuenaventura.com\/wp-content\/uploads\/jardin-del-hortal2-1.jpg 567w, https:\/\/alquezarbuenaventura.com\/wp-content\/uploads\/jardin-del-hortal2-1-278x300.jpg 278w, https:\/\/alquezarbuenaventura.com\/wp-content\/uploads\/jardin-del-hortal2-1-450x486.jpg 450w\" sizes=\"(max-width: 567px) 100vw, 567px\" \/><\/div><\/li><\/ul><div class='avia-slideshow-arrows avia-slideshow-controls' ><a href='#prev' class='prev-slide ' aria-hidden='true' data-av_icon='\ue87c' data-av_iconfont='entypo-fontello'  tabindex='-1'>Previous<\/a><a href='#next' class='next-slide ' aria-hidden='true' data-av_icon='\ue87d' data-av_iconfont='entypo-fontello'  tabindex='-1'>Next<\/a><\/div><div class='avia-slideshow-dots avia-slideshow-controls'><a href='#1' class='goto-slide active' >1<\/a><a href='#2' class='goto-slide ' >2<\/a><a href='#3' class='goto-slide ' >3<\/a><a href='#4' class='goto-slide ' >4<\/a><\/div><\/div><br \/>\n<div  class='hr av-av_hr-7036307108800bfe489471e1c9c1d5a1 hr-short  avia-builder-el-236  el_after_av_slideshow  el_before_av_button  hr-right'><span class='hr-inner '><span class=\"hr-inner-style\"><\/span><\/span><\/div><br \/>\n<div  class='avia-button-wrap avia-button-right  avia-builder-el-237  el_after_av_hr  avia-builder-el-last ' ><a href='http:\/\/escuelarefugioalquezar.com\/' class='avia-button av-av_button-63b10a272847d9add882617a23d2bb53 avia-icon_select-yes-left-icon avia-size-large avia-position-right avia-color-theme-color-subtle' target=\"_blank\" rel=\"noopener noreferrer\"><span class='avia_button_icon avia_button_icon_left' aria-hidden='true' data-av_icon='\ue80b' data-av_iconfont='entypo-fontello'><\/span><span class='avia_iconbox_title' >Visita su Web<\/span><\/a><\/div><\/p><\/div>\n<style type=\"text\/css\" data-created_by=\"avia_inline_auto\" id=\"style-css-av-av_one_half-9c1d454dc06f7247226bc4e8f931daae\">\n.flex_column.av-av_one_half-9c1d454dc06f7247226bc4e8f931daae{\nborder-radius:0px 0px 0px 0px;\n-webkit-border-radius:0px 0px 0px 0px;\n-moz-border-radius:0px 0px 0px 0px;\n}\n<\/style>\n<div class='flex_column av-av_one_half-9c1d454dc06f7247226bc4e8f931daae av_one_half  avia-builder-el-238  el_after_av_one_half  avia-builder-el-last  flex_column_div av-zero-column-padding '   ><div  class='avia-icon-list-container av-av_iconlist-c9265973fe37925e1675fd541a8fb5d9  avia-builder-el-239  avia-builder-el-no-sibling '><ul class='avia-icon-list avia_animate_when_almost_visible avia-icon-list-left av-iconlist-big av-av_iconlist-c9265973fe37925e1675fd541a8fb5d9 avia-iconlist-animate'>\n<li><div class='iconlist_icon av-av_iconlist_item-d596de65be8ea4de00d4f0207df433ff avia-font-entypo-fontello'><span class='iconlist-char' aria-hidden='true' data-av_icon='\ue81f' data-av_iconfont='entypo-fontello'><\/span><\/div><article class=\"article-icon-entry \"  itemscope=\"itemscope\" itemtype=\"https:\/\/schema.org\/CreativeWork\" ><div class=\"iconlist_content_wrap\"><header class=\"entry-content-header\"><h4 class='av_iconlist_title iconlist_title  '  itemprop=\"headline\" >DESCRIPCION<\/h4><\/header><div class='iconlist_content '  itemprop=\"text\" ><p>Se trata de un albergue-refugio de monta\u00f1a, \u00a0con capacidad para grandes grupos y que dispone de todas las comodidades necesarias en cuanto alojamiento y manutenci\u00f3n. Cuenta con una terraza con vistas al barranco y la Colegiata.<\/p>\n<\/div><\/div><footer class=\"entry-footer\"><\/footer><\/article><div class=\"iconlist-timeline\"><\/div><\/li>\n<li><div class='iconlist_icon av-av_iconlist_item-c0b1b61df5915bb546117865fddafcc6 avia-font-entypo-fontello'><span class='iconlist-char' aria-hidden='true' data-av_icon='\ue827' data-av_iconfont='entypo-fontello'><\/span><\/div><article class=\"article-icon-entry \"  itemscope=\"itemscope\" itemtype=\"https:\/\/schema.org\/CreativeWork\" ><div class=\"iconlist_content_wrap\"><header class=\"entry-content-header\"><h4 class='av_iconlist_title iconlist_title  '  itemprop=\"headline\" >\u00bfCUANTO CUESTA?<\/h4><\/header><div class='iconlist_content '  itemprop=\"text\" ><p>Menores de 14 a\u00f1os: 9.90\u20ac<\/p>\n<p>Mayores de 14 a\u00f1os: 16:60\u20ac .Descuentos para federados<\/p>\n<\/div><\/div><footer class=\"entry-footer\"><\/footer><\/article><div class=\"iconlist-timeline\"><\/div><\/li>\n<li><div class='iconlist_icon av-av_iconlist_item-3698e561bf8f78df04d36e5f1cdae446 avia-font-entypo-fontello'><span class='iconlist-char' aria-hidden='true' data-av_icon='\ue821' data-av_iconfont='entypo-fontello'><\/span><\/div><article class=\"article-icon-entry \"  itemscope=\"itemscope\" itemtype=\"https:\/\/schema.org\/CreativeWork\" ><div class=\"iconlist_content_wrap\"><header class=\"entry-content-header\"><h4 class='av_iconlist_title iconlist_title  '  itemprop=\"headline\" >CAPACIDAD<\/h4><\/header><div class='iconlist_content '  itemprop=\"text\" ><p>El albergue cuenta con habitaciones equipadas con s\u00e1banas, mantas y toallas.Estas habitaciones son de tres, cinco, y ocho plazas en literas independientes . Total 75 plazas<\/p>\n<\/div><\/div><footer class=\"entry-footer\"><\/footer><\/article><div class=\"iconlist-timeline\"><\/div><\/li>\n<li><div class='iconlist_icon av-av_iconlist_item-2f69efd9f3c85a6151c8d194fd99e42f avia-font-entypo-fontello'><span class='iconlist-char' aria-hidden='true' data-av_icon='\ue82b' data-av_iconfont='entypo-fontello'><\/span><\/div><article class=\"article-icon-entry \"  itemscope=\"itemscope\" itemtype=\"https:\/\/schema.org\/CreativeWork\" ><div class=\"iconlist_content_wrap\"><header class=\"entry-content-header\"><h4 class='av_iconlist_title iconlist_title  '  itemprop=\"headline\" >TE GUSTARA POR...<\/h4><\/header><div class='iconlist_content '  itemprop=\"text\" ><p>La Escuela-Refugio de Alqu\u00e9zar ademas del servicio de alojamiento disponde de roc\u00f3dromo , \u00a0gimnasio, la biblioteca y espacios formativos que cuentan con el material audiovisual necesario para impartir clases. Los desayunos, comidas y cenas pueden disfrutarse en el comedor y los momentos de descanso en la cafeter\u00eda.<\/p>\n<\/div><\/div><footer class=\"entry-footer\"><\/footer><\/article><div class=\"iconlist-timeline\"><\/div><\/li>\n<li><div class='iconlist_icon av-av_iconlist_item-25ab24d6bc8e262b62fe6cc2965e4e23 avia-font-entypo-fontello'><span class='iconlist-char' aria-hidden='true' data-av_icon='\ue805' data-av_iconfont='entypo-fontello'><\/span><\/div><article class=\"article-icon-entry \"  itemscope=\"itemscope\" itemtype=\"https:\/\/schema.org\/CreativeWork\" ><div class=\"iconlist_content_wrap\"><header class=\"entry-content-header\"><h4 class='av_iconlist_title iconlist_title  '  itemprop=\"headline\" >Reservalo!<\/h4><\/header><div class='iconlist_content '  itemprop=\"text\" ><p>Llama al 974 318 966 o escribe un email \u00a0era@prames.com.<\/p>\n<\/div><\/div><footer class=\"entry-footer\"><\/footer><\/article><div class=\"iconlist-timeline\"><\/div><\/li>\n<\/ul><\/div><\/div>\n\n<\/div><\/div><\/div><!-- close content main div --><\/div><\/div><div id='about-us'  class='avia-section av-av_section-5ed245d3e1edc50ad4248185fc2bf457 alternate_color avia-section-large avia-shadow  avia-builder-el-240  el_after_av_section  avia-builder-el-last  avia-bg-style-scroll container_wrap sidebar_right'  ><div class='container av-section-cont-open' ><div class='template-page content  av-content-small alpha units'><div class='post-entry post-entry-type-page post-entry-11550'><div class='entry-content-wrapper clearfix'>\n<div class='flex_column av-av_one_half-2a9015ff38129c418a3f2eafba3e9512 av_one_half  avia-builder-el-241  el_before_av_one_half  avia-builder-el-first  first flex_column_div '   ><section  class='av_textblock_section av-av_textblock-0366cc7376be6c9e82a3e9cc8987b64f'  itemscope=\"itemscope\" itemtype=\"https:\/\/schema.org\/CreativeWork\" ><div class='avia_textblock'  itemprop=\"text\" ><h2 style=\"text-align: right;\">Camping Alqu\u00e9zar<\/h2>\n<\/div><\/section><br \/>\n<div  class='hr av-av_hr-7036307108800bfe489471e1c9c1d5a1 hr-short  avia-builder-el-243  el_after_av_textblock  el_before_av_slideshow  hr-right'><span class='hr-inner '><span class=\"hr-inner-style\"><\/span><\/span><\/div><br \/>\n<br \/>\n<div  class='hr av-av_hr-7036307108800bfe489471e1c9c1d5a1 hr-short  avia-builder-el-245  el_after_av_slideshow  el_before_av_button  hr-right'><span class='hr-inner '><span class=\"hr-inner-style\"><\/span><\/span><\/div><br \/>\n<div  class='avia-button-wrap avia-button-right  avia-builder-el-246  el_after_av_hr  avia-builder-el-last ' ><a href='http:\/\/www.campingalquezar.com\/' class='avia-button av-av_button-b1df153b079ab05b6384477c6e979e59 avia-icon_select-yes-left-icon avia-size-large avia-position-right avia-color-theme-color-subtle' target=\"_blank\" rel=\"noopener noreferrer\"><span class='avia_button_icon avia_button_icon_left' aria-hidden='true' data-av_icon='\ue80b' data-av_iconfont='entypo-fontello'><\/span><span class='avia_iconbox_title' >Visita su Web<\/span><\/a><\/div><\/p><\/div>\n<style type=\"text\/css\" data-created_by=\"avia_inline_auto\" id=\"style-css-av-av_one_half-9c1d454dc06f7247226bc4e8f931daae\">\n.flex_column.av-av_one_half-9c1d454dc06f7247226bc4e8f931daae{\nborder-radius:0px 0px 0px 0px;\n-webkit-border-radius:0px 0px 0px 0px;\n-moz-border-radius:0px 0px 0px 0px;\n}\n<\/style>\n<div class='flex_column av-av_one_half-9c1d454dc06f7247226bc4e8f931daae av_one_half  avia-builder-el-247  el_after_av_one_half  avia-builder-el-last  flex_column_div av-zero-column-padding '   ><div  class='avia-icon-list-container av-av_iconlist-c9265973fe37925e1675fd541a8fb5d9  avia-builder-el-248  avia-builder-el-no-sibling '><ul class='avia-icon-list avia_animate_when_almost_visible avia-icon-list-left av-iconlist-big av-av_iconlist-c9265973fe37925e1675fd541a8fb5d9 avia-iconlist-animate'>\n<li><div class='iconlist_icon av-av_iconlist_item-d596de65be8ea4de00d4f0207df433ff avia-font-entypo-fontello'><span class='iconlist-char' aria-hidden='true' data-av_icon='\ue81f' data-av_iconfont='entypo-fontello'><\/span><\/div><article class=\"article-icon-entry \"  itemscope=\"itemscope\" itemtype=\"https:\/\/schema.org\/CreativeWork\" ><div class=\"iconlist_content_wrap\"><header class=\"entry-content-header\"><h4 class='av_iconlist_title iconlist_title  '  itemprop=\"headline\" >DESCRIPCION<\/h4><\/header><div class='iconlist_content '  itemprop=\"text\" ><p>Camping Alqu\u00e9zar dispone de amplias parcelas, La mayor\u00eda de ellas est\u00e1n equipadas con instalaci\u00f3n el\u00e9ctrica (max. 1.100 W).<\/p>\n<p>El camping dispone adem\u00e1s de: zona wi-fi, barbacoas (para carb\u00f3n vegetal), merendero, duchas al aire libre, ba\u00f1os para minusv\u00e1lidos y beb\u00e9s, fregaderos, as\u00ed como de lavadora y secadora.Y adem\u00e1s no cierra en todo el a\u00f1o!<\/p>\n<\/div><\/div><footer class=\"entry-footer\"><\/footer><\/article><div class=\"iconlist-timeline\"><\/div><\/li>\n<li><div class='iconlist_icon av-av_iconlist_item-741dab48a705b61e4926b15b3ee7e43d avia-font-entypo-fontello'><span class='iconlist-char' aria-hidden='true' data-av_icon='\ue804' data-av_iconfont='entypo-fontello'><\/span><\/div><article class=\"article-icon-entry \"  itemscope=\"itemscope\" itemtype=\"https:\/\/schema.org\/CreativeWork\" ><div class=\"iconlist_content_wrap\"><header class=\"entry-content-header\"><h4 class='av_iconlist_title iconlist_title  '  itemprop=\"headline\" >\u00bfCUANTO CUESTA?<\/h4><\/header><div class='iconlist_content '  itemprop=\"text\" ><p>Desde 5.80\u20ac por persona y tienda 5.50\u20ac<\/p>\n<\/div><\/div><footer class=\"entry-footer\"><\/footer><\/article><div class=\"iconlist-timeline\"><\/div><\/li>\n<li><div class='iconlist_icon av-av_iconlist_item-3698e561bf8f78df04d36e5f1cdae446 avia-font-entypo-fontello'><span class='iconlist-char' aria-hidden='true' data-av_icon='\ue821' data-av_iconfont='entypo-fontello'><\/span><\/div><article class=\"article-icon-entry \"  itemscope=\"itemscope\" itemtype=\"https:\/\/schema.org\/CreativeWork\" ><div class=\"iconlist_content_wrap\"><header class=\"entry-content-header\"><h4 class='av_iconlist_title iconlist_title  '  itemprop=\"headline\" >CAPACIDAD<\/h4><\/header><div class='iconlist_content '  itemprop=\"text\" ><p>La casa cuenta con 100 parcelas. Tambi\u00e9n dispone de bungalows y mobilhomes.<\/p>\n<\/div><\/div><footer class=\"entry-footer\"><\/footer><\/article><div class=\"iconlist-timeline\"><\/div><\/li>\n<li><div class='iconlist_icon av-av_iconlist_item-2f69efd9f3c85a6151c8d194fd99e42f avia-font-entypo-fontello'><span class='iconlist-char' aria-hidden='true' data-av_icon='\ue82b' data-av_iconfont='entypo-fontello'><\/span><\/div><article class=\"article-icon-entry \"  itemscope=\"itemscope\" itemtype=\"https:\/\/schema.org\/CreativeWork\" ><div class=\"iconlist_content_wrap\"><header class=\"entry-content-header\"><h4 class='av_iconlist_title iconlist_title  '  itemprop=\"headline\" >TE GUSTARA POR...<\/h4><\/header><div class='iconlist_content '  itemprop=\"text\" ><p>Esta construido en el interior de un bosque de encinas y olivos milenarios. \u00a0un lugar donde se respira naturaleza y tranquilidad.<\/p>\n<\/div><\/div><footer class=\"entry-footer\"><\/footer><\/article><div class=\"iconlist-timeline\"><\/div><\/li>\n<li><div class='iconlist_icon av-av_iconlist_item-25ab24d6bc8e262b62fe6cc2965e4e23 avia-font-entypo-fontello'><span class='iconlist-char' aria-hidden='true' data-av_icon='\ue805' data-av_iconfont='entypo-fontello'><\/span><\/div><article class=\"article-icon-entry \"  itemscope=\"itemscope\" itemtype=\"https:\/\/schema.org\/CreativeWork\" ><div class=\"iconlist_content_wrap\"><header class=\"entry-content-header\"><h4 class='av_iconlist_title iconlist_title  '  itemprop=\"headline\" >Reservalo!<\/h4><\/header><div class='iconlist_content '  itemprop=\"text\" ><p>Llama al \u00a0974 318 300 o escribe un email a: camping@alquezar.com<\/p>\n<\/div><\/div><footer class=\"entry-footer\"><\/footer><\/article><div class=\"iconlist-timeline\"><\/div><\/li>\n<\/ul><\/div><\/div>\n<\/div><\/div><\/div><!-- close content main div --><\/div><\/div><div id='after_section_28'  class='main_color av_default_container_wrap container_wrap sidebar_right'  ><div class='container av-section-cont-open' ><div class='template-page content  av-content-small alpha units'><div class='post-entry post-entry-type-page post-entry-11550'><div class='entry-content-wrapper clearfix'>\n","protected":false},"excerpt":{"rendered":"","protected":false},"author":1,"featured_media":0,"parent":0,"menu_order":0,"comment_status":"closed","ping_status":"closed","template":"","meta":{"footnotes":""},"aioseo_notices":[],"_links":{"self":[{"href":"https:\/\/alquezarbuenaventura.com\/en\/wp-json\/wp\/v2\/pages\/11550"}],"collection":[{"href":"https:\/\/alquezarbuenaventura.com\/en\/wp-json\/wp\/v2\/pages"}],"about":[{"href":"https:\/\/alquezarbuenaventura.com\/en\/wp-json\/wp\/v2\/types\/page"}],"author":[{"embeddable":true,"href":"https:\/\/alquezarbuenaventura.com\/en\/wp-json\/wp\/v2\/users\/1"}],"replies":[{"embeddable":true,"href":"https:\/\/alquezarbuenaventura.com\/en\/wp-json\/wp\/v2\/comments?post=11550"}],"version-history":[{"count":0,"href":"https:\/\/alquezarbuenaventura.com\/en\/wp-json\/wp\/v2\/pages\/11550\/revisions"}],"wp:attachment":[{"href":"https:\/\/alquezarbuenaventura.com\/en\/wp-json\/wp\/v2\/media?parent=11550"}],"curies":[{"name":"wp","href":"https:\/\/api.w.org\/{rel}","templated":true}]}}